{"id":114,"date":"2017-09-19T08:50:23","date_gmt":"2017-09-19T07:50:23","guid":{"rendered":"http:\/\/www.teatrecondal.cat\/?page_id=114"},"modified":"2026-03-11T13:02:48","modified_gmt":"2026-03-11T12:02:48","slug":"el-teatro","status":"publish","type":"page","link":"https:\/\/www.teatrecondal.cat\/es\/el-teatro\/","title":{"rendered":"El teatro"},"content":{"rendered":"\n<div class=\"wp-block-cover alignfull has-custom-content-position is-position-bottom-left hero hero_01\" style=\"min-height:500px;aspect-ratio:unset;\"><img loading=\"lazy\" decoding=\"async\" width=\"2048\" height=\"1363\" class=\"wp-block-cover__image-background wp-image-5234\" alt=\"\" src=\"https:\/\/www.teatrecondal.cat\/wp-content\/uploads\/sites\/3\/2025\/02\/45_Teatre-Condal_\u00a9StudioRuano_240613-8115_w.jpg\" style=\"object-position:52% 90%\" data-object-fit=\"cover\" data-object-position=\"52% 90%\" srcset=\"https:\/\/www.teatrecondal.cat\/wp-content\/uploads\/sites\/3\/2025\/02\/45_Teatre-Condal_\u00a9StudioRuano_240613-8115_w.jpg 2048w, https:\/\/www.teatrecondal.cat\/wp-content\/uploads\/sites\/3\/2025\/02\/45_Teatre-Condal_\u00a9StudioRuano_240613-8115_w-300x200.jpg 300w, https:\/\/www.teatrecondal.cat\/wp-content\/uploads\/sites\/3\/2025\/02\/45_Teatre-Condal_\u00a9StudioRuano_240613-8115_w-1124x748.jpg 1124w, https:\/\/www.teatrecondal.cat\/wp-content\/uploads\/sites\/3\/2025\/02\/45_Teatre-Condal_\u00a9StudioRuano_240613-8115_w-800x532.jpg 800w, https:\/\/www.teatrecondal.cat\/wp-content\/uploads\/sites\/3\/2025\/02\/45_Teatre-Condal_\u00a9StudioRuano_240613-8115_w-1536x1022.jpg 1536w, https:\/\/www.teatrecondal.cat\/wp-content\/uploads\/sites\/3\/2025\/02\/45_Teatre-Condal_\u00a9StudioRuano_240613-8115_w-1500x998.jpg 1500w\" sizes=\"auto, (max-width: 2048px) 100vw, 2048px\" \/><span aria-hidden=\"true\" class=\"wp-block-cover__background has-background-dim-40 has-background-dim wp-block-cover__gradient-background has-background-gradient has-diagonal-secondary-gradient-gradient-background\" style=\"background-color:#3d3b3d\"><\/span><div class=\"wp-block-cover__inner-container is-layout-flow wp-block-cover-is-layout-flow\"><h1 style=\"text-transform:uppercase;\" class=\"has-text-align-center wp-block-post-title has-text-color has-background-color has-huge-font-size\">El teatro<\/h1><\/div><\/div>\n\n\n\n<div class=\"internal-nav-container\">\n\n<div data-sticky-container class=\" internal-nav \">  \n        <div class=\"sticky\" data-sticky data-top-anchor=\"intro:top\" data-btm-anchor=\"footer:bottom:bottom\" data-sticky-on=\"small\" data-margin-top=\"5\">\n\n\n\n<div id=\"internal-nav-block_27785c67e0911c593bb623535d2452ca\" class=\"row expanded\">\n  <div class=\"columns \">          \n\n                <nav class=\"internal-nav right hide-on-init\" role=\"complementary\"><ul class=\"menu\" data-magellan data-offset=\"140\"><li class=\"menu-text\"><svg class=\"icon tiny\" viewBox=\"0 0 60 60\"><use xlink:href=\"#arrow-down-45\"><\/use><\/svg>                        <\/li><li><a href=\"#historia\">Hist\u00f2ria<\/a><\/li><li><a href=\"#direccio\">Direcci\u00f3 art\u00edstica<\/a><\/li><li><a href=\"#consell\">Consell de p\u00fablics<\/a><\/li><li><a href=\"#espais\">espais<\/a><\/li><li><a href=\"#oficina\">Oficina t\u00e8cnica<\/a><\/li><li><a href=\"#patrocinadors\">Patrocinadors<\/a><\/li><li><a href=\"#accessibilitat\">Accesibilitat<\/a><\/li><li><a href=\"#sostenibilitat\">Sostenibilitat<\/a><\/li><li><a href=\"#contacte\">Contacte<\/a><\/li><button id=\"internal-nav_close\" class=\"show-for-small-only\"><svg class=\"icon small white\" viewBox=\"0 0 60 60\"><use xlink:href=\"#chevron-down\"><\/use><\/svg><\/button><\/ul><\/nav>                \n            \n        \n  \n\n<\/div>\n<\/div>\n\n  <\/div> <!-- sticky -->\n<\/div> <!-- data-sticky-container -->\n\n<\/div> <!-- internal-nav-container -->\n\n\n<div id=\"intro\" class=\"wp-block-group block-section is-content-justification-center is-nowrap is-layout-flex wp-container-core-group-is-layout-23441af8 wp-block-group-is-layout-flex\">\n<div class=\"wp-block-columns is-layout-flex wp-container-core-columns-is-layout-28f84493 wp-block-columns-is-layout-flex\">\n<div class=\"wp-block-column is-layout-constrained wp-container-core-column-is-layout-6ec501fb wp-block-column-is-layout-constrained\">\n<p class=\"has-text-align-center has-medium-font-size\" id=\"intro\">Entretenimiento de calidad que compagina la comedia<br>y el musical con los grandes espect\u00e1culos.<\/p>\n<\/div>\n<\/div>\n<\/div>\n\n\n\n<div id=\"historia\" class=\"wp-block-group block-section is-layout-constrained wp-container-core-group-is-layout-9da16794 wp-block-group-is-layout-constrained\">\n<h2 class=\"wp-block-heading has-primary-color has-text-color has-xx-large-font-size\" style=\"text-transform:uppercase\"> Historia<\/h2>\n\n\n\n<p>Fundado en 1903 por los hermanos de origen italiano Onofri, el <strong>Teatro Condal<\/strong> anim\u00f3 durante d\u00e9cadas las noches del Paralelo hasta que fue reconvertido en sala cinematogr\u00e1fica a lo largo de los a\u00f1os sesenta y setenta.<\/p>\n\n\n\n<p>El a\u00f1o 1983, sus propietarios lo transformaron de manera definitiva en un espacio de exhibici\u00f3n teatral y pocos a\u00f1os m\u00e1s tarde, el 1992, el Grupo Focus asumi\u00f3 la gesti\u00f3n. Desde entonces, Foco ha impulsado una l\u00ednea de programaci\u00f3n basada fundamentalmente en la comedia, dirigida al gran p\u00fablico, que nunca perd\u00eda de vista la calidad de las propuestas.<\/p>\n\n\n\n<p>Durante m\u00e1s de medio siglo, las mejores compa\u00f1\u00edas y los mejores actores y actrices han pasado por este m\u00edtico escenario del Paral\u00b7lel, que ha acogido obras de gran \u00e9xito como <em>La Jaula de las Locas<\/em>, <em><em>\u00a1Mamaa\u00e1!<\/em>&nbsp;<\/em> y <em>Matar al Presidente<\/em>, protagonizadas por la pareja Paco Mor\u00e1n \u2013 Joan Pera, <em>Pol\u00edticamente incorrecto<\/em>, <em> La cena de los idiotas<\/em>, <em>\u00d3scar, una maleta, dos maletas, tres maletas<\/em> y <em>Enfermo Imaginario<\/em>, entre otras comedias de \u00e9xito. Entre otras producciones hist\u00f3ricas del Grup Focus en este teatro se encuentran las Amistades Peligrosas y Hermanos de Sangre.<\/p>\n\n\n\n<p>Sin perder el esp\u00edritu de esta l\u00ednea art\u00edstica, basada en ofrecer un entretenimiento de calidad dirigido a un p\u00fablico lo m\u00e1s amplio posible, y con la voluntad de compaginar la presencia de la comedia con el musical y el gran espect\u00e1culo, desde la temporada 2018-2019, se conf\u00eda la direcci\u00f3n art\u00edstica del <strong>Condal<\/strong> a Daniel Angl\u00e8s, reconocido actor, cantante, director y productor de musicales.<\/p>\n\n\n\n<p>El <strong>Teatro Condal<\/strong> recibe el apoyo de las siguientes instituciones: Generalitat de Catalu\u00f1a (Departamento de Cultura), ICEC (Instituto Catal\u00e1n de las Empresas Culturales), Ayuntamiento de Barcelona (Instituto de Cultura), INAEM (Gobierno de Espa\u00f1a, Ministerio de Cultura), Uni\u00f3n Europea (Fondo Europeo Next Generation); Catalu\u00f1a.<\/p>\n<\/div>\n\n\n\n<div id=\"direccio\" class=\"wp-block-group block-section is-layout-constrained wp-container-core-group-is-layout-9da16794 wp-block-group-is-layout-constrained\">\n<h2 class=\"wp-block-heading has-primary-color has-text-color has-xx-large-font-size\" style=\"text-transform:uppercase\"> Direcci\u00f3n art\u00edstica<\/h2>\n\n\n\n<div class=\"wp-block-columns is-layout-flex wp-container-core-columns-is-layout-28f84493 wp-block-columns-is-layout-flex\">\n<div class=\"wp-block-column is-layout-flow wp-block-column-is-layout-flow\" style=\"flex-basis:33.33%\">\n<h2 class=\"wp-block-heading has-x-large-font-size\" style=\"text-transform:uppercase\"><strong>Daniel Angl\u00e8s<\/strong><\/h2>\n\n\n\n<p class=\"has-medium-font-size\"> Director art\u00edstico<\/p>\n<\/div>\n\n\n\n<div class=\"wp-block-column is-layout-flow wp-block-column-is-layout-flow\" style=\"flex-basis:66.66%\">\n<figure class=\"wp-block-image alignright size-full\"><img loading=\"lazy\" decoding=\"async\" width=\"781\" height=\"439\" src=\"https:\/\/www.teatrecondal.cat\/wp-content\/uploads\/sites\/3\/2023\/05\/daniel-angles-director-artistic-teatre-condal-barcelona-1-1.jpg\" alt=\"\" class=\"wp-image-4570\" srcset=\"https:\/\/www.teatrecondal.cat\/wp-content\/uploads\/sites\/3\/2023\/05\/daniel-angles-director-artistic-teatre-condal-barcelona-1-1.jpg 781w, https:\/\/www.teatrecondal.cat\/wp-content\/uploads\/sites\/3\/2023\/05\/daniel-angles-director-artistic-teatre-condal-barcelona-1-1-300x169.jpg 300w\" sizes=\"auto, (max-width: 781px) 100vw, 781px\" \/><\/figure>\n<\/div>\n<\/div>\n\n\n\n<div class=\"wp-block-columns is-layout-flex wp-container-core-columns-is-layout-0c0b91ec wp-block-columns-is-layout-flex\">\n<div class=\"wp-block-column is-layout-flow wp-block-column-is-layout-flow\">\n<p>Es un actor, cantante y director con una larga trayectoria de \u00e9xitos que empez\u00f3 a los 18 a\u00f1os, debutante precisamente al escenario del Teatro Condal, que dirige desde el a\u00f1o 2018. Vinculado profesionalmente al teatro musical desde entonces, ha desarrollado trabajos en diferentes \u00e1mbitos. Compagina la direcci\u00f3n art\u00edstica de este teatro con la direcci\u00f3n de la escuela AULAS &#8211; Artes Esc\u00e9nicas, que fund\u00f3 el 2003<\/p>\n\n\n\n<p>Actualmente, es el director art\u00edstico del programa <em>Euf\u00f2ria&nbsp;<\/em> de TV3\/Veranda, colaborador del programa de radio <em>Versi\u00f3 Rac1<\/em>&nbsp;con Toni Clap\u00e9s y su \u00faltimo proyecto como director es el m\u00edtico musical&nbsp;<em>Golfus&nbsp;de Roma<\/em>, de Stephen&nbsp;Sondheim. Esta temporada tambi\u00e9n ha adaptado al castellano la comedia&nbsp;<em>Pl\u00e1tanos,&nbsp;Cacahuetes&nbsp;y&nbsp;Lo&nbsp;Que Lo&nbsp;Viento&nbsp;Se&nbsp;Llev\u00f3<\/em> Ha protagonizado, entre otros, los musicales <em>El somni de Mozart (Tamino), Rent (Mark Cohen), Notre Dame de Par\u00eds (Gringoire),&nbsp;&nbsp;Hedwig &amp; el cent\u00edmetro cabreado (Hedwig), Merrily we roll along (Charlie), Aquests cinc anys (Jamie), Fun Home (Bruce) i els espectacles en solitari Lluny de Broadway, Punto de Roc\u00edo i Can\u00e7ons Inesperades.<\/em> Tambi\u00e9n ha realizado manchas de direcci\u00f3n, int\u00e9rprete, creaci\u00f3n y producci\u00f3n art\u00edstica en todos los espect\u00e1culos de la compa\u00f1\u00eda independiente El Musical M\u00e1s Peque\u00f1o desde su creaci\u00f3n, en 1996, con la que ha ganado cinco Premios Butaca y un Premio Sebasti\u00e0 Guasch<\/p>\n<\/div>\n\n\n\n<div class=\"wp-block-column is-layout-flow wp-block-column-is-layout-flow\">\n<p>Como director, ha ganado el Premio de la Critica a Mejor Musical con <em>Fun Home<\/em> y <em>Por encima de fe todas las cosas<\/em>. Otros trabajos destacados son <em>Rent<\/em>, <em>Carousel En Concierto<\/em>, <em>Ac\u00fastico Broadway, <em>Estos cinco a\u00f1os<\/em>, Merrily we roll along y <em>El sue\u00f1o de Mozart<\/em><\/em>.<\/p>\n\n\n\n<p>Como productor art\u00edstico, destacan<br>Broadway A Cappella, <em>Anti\u00f3pera de las olvidadas, Domvs, Hasta las&#8230; Navidades, Vintage, <em>El tiempo que no tendremos<\/em>, &lt; em&gt;Todo lo que no nos dijimos<\/em>&nbsp; y <em><em>Por si no volvemos a vernos<\/em><\/em>, entre otros.<\/p>\n\n\n\n<p>Ha estado director de casting a numerosos musicales de gran formato, a Madrid y Barcelona, y director residente de las grandes producciones <em>Mamma Mia!, La Bella y la Bestia y Los Miserables.<\/em><\/p>\n\n\n\n<p>Ha realizado muchas adaptaciones al catal\u00e1n y al castellano, tanto de letras como de textos.<\/p>\n\n\n\n<p>Ha doblado, entre otros, el personaje de&nbsp;Quasimodo&nbsp;en las canciones de la pel\u00edcula El Jorobado de&nbsp;Notre&nbsp;Dame&nbsp;de Disney.<\/p>\n<\/div>\n<\/div>\n<\/div>\n\n\n\n<div id=\"consell\" class=\"wp-block-group block-section is-layout-constrained wp-block-group-is-layout-constrained\">\n<h2 class=\"wp-block-heading has-primary-color has-text-color has-xx-large-font-size\" style=\"text-transform:uppercase\">consejo de p\u00fablicos<\/h2>\n\n\n\n<div class=\"wp-block-columns is-layout-flex wp-container-core-columns-is-layout-28f84493 wp-block-columns-is-layout-flex\">\n<div class=\"wp-block-column is-layout-flow wp-block-column-is-layout-flow\">\n<p>Durante la temporada 2023-24, hemos puesto en marcha el Consejo de P\u00fablicos del Teatro Condal, integrado por espectadoras y espectadores activos que participan voluntariamente del d\u00eda a d\u00eda de nuestra sala, con ganas de aportar ideas, visiones y opiniones, de embajadores y de colaborar en su din\u00e1mica.<\/p>\n\n\n\n<p>Es la traslaci\u00f3n al Teatro Condal del principal objetivo del <a href=\"https:\/\/www.congresespectadorsbcn.org\/\">Congreso de Espectadores<\/a>: dar voz a los p\u00fablicos y conocer de cerca sus deseos.<\/p>\n\n\n\n<p>El Consejo de P\u00fablicos est\u00e1 integrado por 6 espectadores del teatro y por Daniel Angl\u00e8s, director art\u00edstico del Teatre Condal. \u00bfQuieres conocer qui\u00e9nes son los espectadores que forman parte del Consejo de P\u00fablicos? Aqu\u00ed los tienes: <a href=\"https:\/\/www.focus.cat\/es\/espectador\/nuria-clos\/\" target=\"_blank\" rel=\"noreferrer noopener\">N\u00faria Clos<\/a>, <a href=\"https:\/\/www.focus.cat\/es\/espectador\/bel-montoya\/\" target=\"_blank\" rel=\"noreferrer noopener\">Bel Montoya<\/a>, <a href=\"https:\/\/www.focus.cat\/es\/espectador\/ferran-nonell\/\" target=\"_blank\" rel=\"noreferrer noopener\">Ferran Nonell<\/a>, <a href=\"https:\/\/www.focus.cat\/es\/espectador\/monica-mussons\/\" target=\"_blank\" rel=\"noreferrer noopener\">M\u00f2nica Mussons<\/a>, <a href=\"https:\/\/www.focus.cat\/es\/espectador\/eloi-nortes\/\" target=\"_blank\" rel=\"noreferrer noopener\">Eloi Nortes<\/a>, y <a href=\"https:\/\/www.focus.cat\/es\/espectador\/dani-rodriguez-millan\/\" target=\"_blank\" rel=\"noreferrer noopener\">Dani Rodr\u00edguez Mill\u00e1n<\/a>.<\/p>\n<\/div>\n\n\n\n<div class=\"wp-block-column is-layout-flow wp-block-column-is-layout-flow\">\n<figure class=\"wp-block-image size-full\"><img loading=\"lazy\" decoding=\"async\" width=\"1200\" height=\"900\" src=\"https:\/\/www.teatrecondal.cat\/wp-content\/uploads\/sites\/3\/2025\/11\/WhatsApp-Image-2025-11-03-at-12.10.33-edited-2.jpeg\" alt=\"\" class=\"wp-image-5505\" srcset=\"https:\/\/www.teatrecondal.cat\/wp-content\/uploads\/sites\/3\/2025\/11\/WhatsApp-Image-2025-11-03-at-12.10.33-edited-2.jpeg 1200w, https:\/\/www.teatrecondal.cat\/wp-content\/uploads\/sites\/3\/2025\/11\/WhatsApp-Image-2025-11-03-at-12.10.33-edited-2-300x225.jpeg 300w, https:\/\/www.teatrecondal.cat\/wp-content\/uploads\/sites\/3\/2025\/11\/WhatsApp-Image-2025-11-03-at-12.10.33-edited-2-1124x843.jpeg 1124w, https:\/\/www.teatrecondal.cat\/wp-content\/uploads\/sites\/3\/2025\/11\/WhatsApp-Image-2025-11-03-at-12.10.33-edited-2-800x600.jpeg 800w\" sizes=\"auto, (max-width: 1200px) 100vw, 1200px\" \/><\/figure>\n<\/div>\n<\/div>\n<\/div>\n\n\n\n<div id=\"espais\" class=\"wp-block-group block-section is-layout-constrained wp-container-core-group-is-layout-9da16794 wp-block-group-is-layout-constrained\">\n<h2 class=\"wp-block-heading has-primary-color has-text-color has-xx-large-font-size\" style=\"text-transform:uppercase\">Espacios<\/h2>\n\n\n\n<div class=\"wp-block-group is-content-justification-left is-layout-constrained wp-container-core-group-is-layout-0e0a5664 wp-block-group-is-layout-constrained\">\n<div class=\"wp-block-group alignfull no-mobile-lateral-padding is-layout-flow wp-container-core-group-is-layout-b3ce9772 wp-block-group-is-layout-flow\" style=\"padding-top:0;padding-right:0;padding-bottom:0;padding-left:0\">\n<div class=\"wp-block-media-text alignwide has-media-on-the-right is-stacked-on-mobile is-vertically-aligned-center\" style=\"grid-template-columns:auto 49%\"><div class=\"wp-block-media-text__content\">\n<h2 class=\"wp-block-heading has-large-font-size\" id=\"fusce-porttitor-a-mi-at-suscipit-facilisis-dolo\">Teatro<\/h2>\n\n\n\n<p style=\"font-size:18px\">El Condal ha vivido una remodelaci\u00f3n integral. Se ha realizado una fuerte inversi\u00f3n t\u00e9cnica para dotarlo con el mejor equipo de sonido del pa\u00eds y de una nueva iluminaci\u00f3n que ayudar\u00e1 a interactuar con los sentidos de una manera m\u00e1s pr\u00f3xima.<\/p>\n\n\n\n<h2 class=\"wp-block-heading has-large-font-size\" id=\"fusce-porttitor-a-mi-at-suscipit-facilisis-dolo\">Club<\/h2>\n\n\n\n<p style=\"font-size:18px\">La zona del bar del Teatro Condal es el Club, que cuenta con un escenario que transforma el espacio y lo convierte en un punto de atenci\u00f3n altamente art\u00edstico y pr\u00f3ximo. Estos espect\u00e1culos de peque\u00f1o formato tienen un aforo m\u00e1ximo de 50 personas.<\/p>\n<\/div><figure class=\"wp-block-media-text__media\"><img loading=\"lazy\" decoding=\"async\" width=\"781\" height=\"522\" src=\"https:\/\/www.teatrecondal.cat\/wp-content\/uploads\/sites\/3\/2023\/05\/onyric-teatre-musical-condal-barcelona-1-1.jpg\" alt=\"\" class=\"wp-image-4572 size-full\" srcset=\"https:\/\/www.teatrecondal.cat\/wp-content\/uploads\/sites\/3\/2023\/05\/onyric-teatre-musical-condal-barcelona-1-1.jpg 781w, https:\/\/www.teatrecondal.cat\/wp-content\/uploads\/sites\/3\/2023\/05\/onyric-teatre-musical-condal-barcelona-1-1-300x201.jpg 300w\" sizes=\"auto, (max-width: 781px) 100vw, 781px\" \/><\/figure><\/div>\n\n\n\n<div class=\"wp-block-media-text alignwide is-stacked-on-mobile is-vertically-aligned-center\" style=\"grid-template-columns:49% auto\"><figure class=\"wp-block-media-text__media\"><img loading=\"lazy\" decoding=\"async\" width=\"1124\" height=\"748\" src=\"https:\/\/www.teatrecondal.cat\/wp-content\/uploads\/sites\/3\/2025\/02\/Golfus-de-Roma_Estreno_FOCUS_\u00a9MarioWurzburger_DavidRuano_051022_6947-1124x748.jpg\" alt=\"\" class=\"wp-image-5236 size-full\" srcset=\"https:\/\/www.teatrecondal.cat\/wp-content\/uploads\/sites\/3\/2025\/02\/Golfus-de-Roma_Estreno_FOCUS_\u00a9MarioWurzburger_DavidRuano_051022_6947-1124x748.jpg 1124w, https:\/\/www.teatrecondal.cat\/wp-content\/uploads\/sites\/3\/2025\/02\/Golfus-de-Roma_Estreno_FOCUS_\u00a9MarioWurzburger_DavidRuano_051022_6947-300x200.jpg 300w, https:\/\/www.teatrecondal.cat\/wp-content\/uploads\/sites\/3\/2025\/02\/Golfus-de-Roma_Estreno_FOCUS_\u00a9MarioWurzburger_DavidRuano_051022_6947-800x532.jpg 800w, https:\/\/www.teatrecondal.cat\/wp-content\/uploads\/sites\/3\/2025\/02\/Golfus-de-Roma_Estreno_FOCUS_\u00a9MarioWurzburger_DavidRuano_051022_6947-1536x1022.jpg 1536w, https:\/\/www.teatrecondal.cat\/wp-content\/uploads\/sites\/3\/2025\/02\/Golfus-de-Roma_Estreno_FOCUS_\u00a9MarioWurzburger_DavidRuano_051022_6947-2048x1363.jpg 2048w, https:\/\/www.teatrecondal.cat\/wp-content\/uploads\/sites\/3\/2025\/02\/Golfus-de-Roma_Estreno_FOCUS_\u00a9MarioWurzburger_DavidRuano_051022_6947-1500x998.jpg 1500w\" sizes=\"auto, (max-width: 1124px) 100vw, 1124px\" \/><\/figure><div class=\"wp-block-media-text__content\">\n<h2 class=\"wp-block-heading has-large-font-size\" id=\"fusce-porttitor-a-mi-at-suscipit-facilisis-dolo\"><strong>Caracter\u00edsticas<\/strong><\/h2>\n\n\n\n<p><strong>Aforo<\/strong><br>Total: 699<br><br><strong>Relaci\u00f3n p\u00fablico\/escena<\/strong><br>Teatro con distribuci\u00f3n del tipo \u00abitaliana\u00bb<\/p>\n\n\n\n<h2 class=\"wp-block-heading has-large-font-size\" id=\"fusce-porttitor-a-mi-at-suscipit-facilisis-dolo\"> Dimensiones de la sala<\/h2>\n\n\n\n<p>Ancho m\u00e1ximo: 24,6m<br><br>Fondo desde la boca: 25,2m<br><br>Altura m\u00e1xima: 9m<\/p>\n\n\n\n<h2 class=\"wp-block-heading has-large-font-size\" id=\"fusce-porttitor-a-mi-at-suscipit-facilisis-dolo\"><strong>Alquiler del espacio<\/strong><\/h2>\n\n\n\n<p>Para recibir m\u00e1s informaci\u00f3n sobre las caracter\u00edsticas del espacio, la disponibilidad de fechas y las tarifas de alquiler pod\u00e9is contactar con:<\/p>\n\n\n\n<p><br><strong>Irene Hernandez<\/strong><br>Tel. 93 309 75 38<br><a href=\"mailto:ihernandez@focus.cat\">ihernandez@focus.cat<\/a><\/p>\n<\/div><\/div>\n\n\n\n<div class=\"wp-block-media-text alignwide has-media-on-the-right is-stacked-on-mobile is-vertically-aligned-center\" style=\"grid-template-columns:auto 49%\"><div class=\"wp-block-media-text__content\">\n<h2 class=\"wp-block-heading has-large-font-size\" id=\"fusce-porttitor-a-mi-at-suscipit-facilisis-dolo\">Servicios<\/h2>\n\n\n\n<p><strong>Cafeter\u00eda<\/strong><\/p>\n\n\n\n<p style=\"font-size:18px\">El Teatro Condal dispone de servicio de cafeter\u00eda con acceso directo desde el vest\u00edbulo del teatro. La cafeter\u00eda estar\u00e1 abierta desde un hora antes del comienzo de la representaci\u00f3n hasta el inicio del espect\u00e1culo..<\/p>\n<\/div><figure class=\"wp-block-media-text__media\"><img loading=\"lazy\" decoding=\"async\" width=\"1124\" height=\"748\" src=\"https:\/\/www.teatrecondal.cat\/wp-content\/uploads\/sites\/3\/2025\/02\/22_Teatre-Condal_\u00a9StudioRuano_240613-8143_w-1124x748.jpg\" alt=\"\" class=\"wp-image-5232 size-full\" srcset=\"https:\/\/www.teatrecondal.cat\/wp-content\/uploads\/sites\/3\/2025\/02\/22_Teatre-Condal_\u00a9StudioRuano_240613-8143_w-1124x748.jpg 1124w, https:\/\/www.teatrecondal.cat\/wp-content\/uploads\/sites\/3\/2025\/02\/22_Teatre-Condal_\u00a9StudioRuano_240613-8143_w-300x200.jpg 300w, https:\/\/www.teatrecondal.cat\/wp-content\/uploads\/sites\/3\/2025\/02\/22_Teatre-Condal_\u00a9StudioRuano_240613-8143_w-800x532.jpg 800w, https:\/\/www.teatrecondal.cat\/wp-content\/uploads\/sites\/3\/2025\/02\/22_Teatre-Condal_\u00a9StudioRuano_240613-8143_w-1536x1022.jpg 1536w, https:\/\/www.teatrecondal.cat\/wp-content\/uploads\/sites\/3\/2025\/02\/22_Teatre-Condal_\u00a9StudioRuano_240613-8143_w-1500x998.jpg 1500w, https:\/\/www.teatrecondal.cat\/wp-content\/uploads\/sites\/3\/2025\/02\/22_Teatre-Condal_\u00a9StudioRuano_240613-8143_w.jpg 2048w\" sizes=\"auto, (max-width: 1124px) 100vw, 1124px\" \/><\/figure><\/div>\n<\/div>\n<\/div>\n<\/div>\n\n\n\n<div id=\"oficina\" class=\"wp-block-group block-section is-layout-constrained wp-container-core-group-is-layout-9da16794 wp-block-group-is-layout-constrained\">\n<h2 class=\"wp-block-heading has-primary-color has-text-color has-xx-large-font-size\" style=\"text-transform:uppercase\">Oficina T\u00e9cnica<\/h2>\n\n\n\n<div class=\"wp-block-columns is-layout-flex wp-container-core-columns-is-layout-c4788e2e wp-block-columns-is-layout-flex\">\n<div class=\"wp-block-column is-layout-flow wp-block-column-is-layout-flow\">\n<p class=\"has-medium-font-size\">Si necesita informaci\u00f3n sobre las caracter\u00edsticas t\u00e9cnicas del Teatro Condal, puede ponerse en contacto con la oficina t\u00e9cnica:<\/p>\n\n\n\n<div class=\"wp-block-group is-vertical is-layout-flex wp-container-core-group-is-layout-187baabe wp-block-group-is-layout-flex\">\n\n<a href=\"tel:933015504\" target=\"_self\" id=\"button-block_5b84ad18981884b61ba79d5297b87e4d\" class=\"button black default hollow add-icon-on-left\">\n93 442 31 32<svg class=\"icon\" viewBox=\"0 0 60 60\"><use xlink:href=\"#phone\"><\/use><\/svg>\n\n<\/a>\n\n\n\n<a href=\"https:\/\/www.teatrecondal.cat\/wp-content\/uploads\/sites\/3\/2024\/02\/CONDAL_dossier-tecnic-2024-CAT.pdf\" target=\"_self\" id=\"button-block_751b7d4ba510bbd1a3ece952814b0ece\" class=\"button black default default add-icon-on-left\">\nDescargar ficha t\u00e9cnica<svg class=\"icon\" viewBox=\"0 0 60 60\"><use xlink:href=\"#download\"><\/use><\/svg>\n\n<\/a><\/div>\n<\/div>\n\n\n\n<div class=\"wp-block-column is-layout-flow wp-block-column-is-layout-flow\">\n<div class=\"wp-block-group is-layout-constrained wp-container-core-group-is-layout-7fca5b48 wp-block-group-is-layout-constrained\">\n<h3 class=\"wp-block-heading\"> Director de la oficina t\u00e9cnica<\/h3>\n\n\n\n<p>Moi Cuenca<br><a href=\"mailto:mcuenca@focus.cat\">mcuenca@focus.cat<\/a><br>Tel. 93 309 75 38<\/p>\n<\/div>\n\n\n\n<div class=\"wp-block-group is-layout-constrained wp-container-core-group-is-layout-7fca5b48 wp-block-group-is-layout-constrained\">\n<h3 class=\"wp-block-heading\">Jefe t\u00e9cnico del teatro<\/h3>\n\n\n\n<p>Aleix Arbon\u00e9s<br><a href=\"mailto:aarbones@teatrecondal.cat\">aarbones@teatrecondal.cat<\/a><\/p>\n<\/div>\n<\/div>\n<\/div>\n<\/div>\n\n\n\n<div id=\"patrocinadors\" class=\"wp-block-group block-section is-layout-flow wp-block-group-is-layout-flow\">\n<h2 class=\"wp-block-heading has-primary-color has-text-color has-xx-large-font-size\" style=\"text-transform:uppercase\">Patrocinadores<\/h2>\n\n\n\n<h3 class=\"wp-block-heading\"> \u00bfFORM\u00c1IS PARTE DE UNA EMPRESA COMPROMETIDA CON LA CULTURA?<\/h3>\n\n\n\n<p>El Teatre Condal ofrece la posibilidad de patrocinar el conjunto de su programaci\u00f3n anual o alguno de sus espect\u00e1culos de forma individualizada.<\/p>\n\n\n\n<p>De esta manera, las empresas pueden asociar su imagen corporativa a la trayectoria del teatro y al mismo tiempo disfrutar de un amplio programa de contraprestaciones.<br>Para m\u00e1s informaci\u00f3n y elaboraci\u00f3n de una propuesta adecuada a sus necesidades se puede poner en contacto con:<\/p>\n\n\n\n<p><strong>Fabyan Salvador<\/strong><br><a href=\"mailto:fsalvador@grupfocus.cat\">fsalvador@grupfocus.cat<\/a><br>Tel. 93 309 75 38<\/p>\n\n\n\n<h4 class=\"wp-block-heading\">Patrocinador principal<\/h4>\n\n\n\n<div id=\"logos-block_24e29511bb198bf3afa8aebf0bb3df5f\" class=\"logos\">\n\n <div class=\"logos-clientes clearfix\">\n       \n            <div class=\"row align-left \">\n                                                              <a href=\"https:\/\/www.estrelladamm.com\/\" target=\"_blank\" class=\"no-external-link\">\n                                  <div class=\"logo-container\">\n                   \n                    <div class=\"caption\"><\/div>\n                    <img decoding=\"async\" class=\"\" src=\"https:\/\/www.teatrecondal.cat\/wp-content\/uploads\/sites\/3\/2025\/08\/Manual_Estrella_page-0010-300x129.png\" alt=\"\">\n                <\/div>\n                                         <\/a>\n                                               <\/div>\n        \n    <\/div>\n    \n<\/div>\n\n\n<h4 class=\"wp-block-heading\">Empresas patrocinadoras<\/h4>\n\n\n\n<div id=\"logos-block_a074197efeabafa7123f6990abc48d71\" class=\"logos\">\n\n <div class=\"logos-clientes clearfix\">\n       \n            <div class=\"row align-left \">\n                                                              <a href=\"https:\/\/www.halconviajes.com\/\" target=\"_blank\" class=\"no-external-link\">\n                                  <div class=\"logo-container\">\n                   \n                    <div class=\"caption\"><\/div>\n                    <img decoding=\"async\" class=\"\" src=\"https:\/\/www.teatrecondal.cat\/wp-content\/uploads\/sites\/3\/2025\/08\/HV_bn_horizontal_cat-01-300x128.jpg\" alt=\"\">\n                <\/div>\n                                         <\/a>\n                                                                                 <a href=\"https:\/\/docat.cat\/es\/inicio\/\" target=\"_blank\" class=\"no-external-link\">\n                                  <div class=\"logo-container\">\n                   \n                    <div class=\"caption\"><\/div>\n                    <img decoding=\"async\" class=\"\" src=\"https:\/\/www.teatrecondal.cat\/wp-content\/uploads\/sites\/3\/2021\/07\/logo-DO-PNG-vector-300x117.png\" alt=\"\">\n                <\/div>\n                                         <\/a>\n                                                                                 <a href=\"https:\/\/www.rowenta.es\/\" target=\"_blank\" class=\"no-external-link\">\n                                  <div class=\"logo-container\">\n                   \n                    <div class=\"caption\"><\/div>\n                    <img decoding=\"async\" class=\"\" src=\"https:\/\/www.teatrecondal.cat\/wp-content\/uploads\/sites\/3\/2023\/11\/rowenta-1-logo-png-transparentyi-300x56.png\" alt=\"\">\n                <\/div>\n                                         <\/a>\n                                                                                 <a href=\"https:\/\/www.coca-cola.com\/es\/es\" target=\"_blank\" class=\"no-external-link\">\n                                  <div class=\"logo-container\">\n                   \n                    <div class=\"caption\"><\/div>\n                    <img decoding=\"async\" class=\"\" src=\"https:\/\/www.teatrecondal.cat\/wp-content\/uploads\/sites\/3\/2023\/05\/cocacola-REF-300x109-1.png\" alt=\"\">\n                <\/div>\n                                         <\/a>\n                                               <\/div>\n        \n    <\/div>\n    \n<\/div>\n\n\n<h4 class=\"wp-block-heading\">Medio de comunicaci\u00f3n oficial<\/h4>\n\n\n\n<div id=\"logos-block_3eda92b0c1c54b384fcc4d76dd5eb91d\" class=\"logos\">\n\n <div class=\"logos-clientes clearfix\">\n       \n            <div class=\"row align-left \">\n                                                              <a href=\"https:\/\/www.elperiodico.com\/es\/\" target=\"_blank\" class=\"no-external-link\">\n                                  <div class=\"logo-container\">\n                   \n                    <div class=\"caption\"><\/div>\n                    <img decoding=\"async\" class=\"\" src=\"https:\/\/www.teatrecondal.cat\/wp-content\/uploads\/sites\/3\/2023\/11\/logo-periodico-resized.png\" alt=\"\">\n                <\/div>\n                                         <\/a>\n                                               <\/div>\n        \n    <\/div>\n    \n<\/div>\n\n\n<h4 class=\"wp-block-heading\">Partner tecnol\u00f3gico<\/h4>\n\n\n\n<div id=\"logos-block_67b503cce88f99569312326a695e6157\" class=\"logos\">\n\n <div class=\"logos-clientes clearfix\">\n       \n            <div class=\"row align-left \">\n                                                              <a href=\"https:\/\/www.telefonica.es\/es\/\" target=\"_blank\" class=\"no-external-link\">\n                                  <div class=\"logo-container\">\n                   \n                    <div class=\"caption\"><\/div>\n                    <img decoding=\"async\" class=\"\" src=\"https:\/\/www.teatrecondal.cat\/wp-content\/uploads\/sites\/3\/2025\/08\/descarga-300x72.png\" alt=\"\">\n                <\/div>\n                                         <\/a>\n                                               <\/div>\n        \n    <\/div>\n    \n<\/div>\n\n\n<h4 class=\"wp-block-heading\"> Con colaboraci\u00f3n de<\/h4>\n\n\n\n<div id=\"logos-block_5c2b140cc907b93f20bf4b10ead48f33\" class=\"logos\">\n\n <div class=\"logos-clientes clearfix\">\n       \n            <div class=\"row align-left \">\n                                                              <a href=\"https:\/\/www.montibello.com\/esp\/\" target=\"_blank\" class=\"no-external-link\">\n                                  <div class=\"logo-container\">\n                   \n                    <div class=\"caption\"><\/div>\n                    <img decoding=\"async\" class=\"\" src=\"https:\/\/www.teatrecondal.cat\/wp-content\/uploads\/sites\/3\/2023\/05\/montibello.png\" alt=\"\">\n                <\/div>\n                                         <\/a>\n                                                                                 <a href=\"https:\/\/www.montibello.com\/esp\/\" target=\"_blank\" class=\"no-external-link\">\n                                  <div class=\"logo-container\">\n                   \n                    <div class=\"caption\"><\/div>\n                    <img decoding=\"async\" class=\"\" src=\"https:\/\/www.teatrecondal.cat\/wp-content\/uploads\/sites\/3\/2024\/02\/Mikakus_Barcelona_logo-bk_150x@2x.png\" alt=\"\">\n                <\/div>\n                                         <\/a>\n                                                                                 <a href=\"https:\/\/www.puntoblanco.com\/\" target=\"_blank\" class=\"no-external-link\">\n                                  <div class=\"logo-container\">\n                   \n                    <div class=\"caption\"><\/div>\n                    <img decoding=\"async\" class=\"\" src=\"https:\/\/www.teatrecondal.cat\/wp-content\/uploads\/sites\/3\/2023\/05\/punto-blanco.jpg\" alt=\"\">\n                <\/div>\n                                         <\/a>\n                                                                                 <a href=\"https:\/\/colors-up.com\/\" target=\"_blank\" class=\"no-external-link\">\n                                  <div class=\"logo-container\">\n                   \n                    <div class=\"caption\"><\/div>\n                    <img decoding=\"async\" class=\"\" src=\"https:\/\/www.teatrecondal.cat\/wp-content\/uploads\/sites\/3\/2025\/08\/images.png\" alt=\"\">\n                <\/div>\n                                         <\/a>\n                                                                                 <a href=\"https:\/\/teatroaccesible.com\/ca\/\" target=\"_blank\" class=\"no-external-link\">\n                                  <div class=\"logo-container\">\n                   \n                    <div class=\"caption\"><\/div>\n                    <img decoding=\"async\" class=\"\" src=\"https:\/\/www.teatrecondal.cat\/wp-content\/uploads\/sites\/3\/2023\/05\/LogoCompletoTA-300x90-1.png\" alt=\"\">\n                <\/div>\n                                         <\/a>\n                                                                                 <a href=\"https:\/\/aules.net\/es\/\" target=\"_blank\" class=\"no-external-link\">\n                                  <div class=\"logo-container\">\n                   \n                    <div class=\"caption\"><\/div>\n                    <img decoding=\"async\" class=\"\" src=\"https:\/\/www.teatrecondal.cat\/wp-content\/uploads\/sites\/3\/2023\/05\/LOGO_CERCLE-212x300.png\" alt=\"\">\n                <\/div>\n                                         <\/a>\n                                                                                 <a href=\"https:\/\/www.renfe.com\/es\/es\" target=\"_blank\" class=\"no-external-link\">\n                                  <div class=\"logo-container\">\n                   \n                    <div class=\"caption\"><\/div>\n                    <img decoding=\"async\" class=\"\" src=\"https:\/\/www.teatrecondal.cat\/wp-content\/uploads\/sites\/3\/2023\/05\/thumbnail_Logo-Renfe_R_2425-300x113-1.png\" alt=\"\">\n                <\/div>\n                                         <\/a>\n                                               <\/div>\n        \n    <\/div>\n    \n<\/div>\n\n\n<h4 class=\"wp-block-heading\">Instituciones<\/h4>\n\n\n\n<div id=\"logos-block_1f8de07ecbab3dfd304618d645b028c1\" class=\"logos instituciones\">\n\n <div class=\"logos-clientes clearfix\">\n       \n            <div class=\"row align-left \">\n                                                      <div class=\"logo-container\">\n                   \n                    <div class=\"caption\"><\/div>\n                    <img decoding=\"async\" class=\"\" src=\"https:\/\/www.teatrecondal.cat\/wp-content\/uploads\/sites\/3\/2025\/02\/icec-300x54.png\" alt=\"\">\n                <\/div>\n                                                                       <div class=\"logo-container\">\n                   \n                    <div class=\"caption\"><\/div>\n                    <img decoding=\"async\" class=\"\" src=\"https:\/\/www.teatrecondal.cat\/wp-content\/uploads\/sites\/3\/2025\/02\/gencat_color-300x98.png\" alt=\"\">\n                <\/div>\n                                                                       <div class=\"logo-container\">\n                   \n                    <div class=\"caption\"><\/div>\n                    <img decoding=\"async\" class=\"\" src=\"https:\/\/www.teatrecondal.cat\/wp-content\/uploads\/sites\/3\/2023\/05\/ajuntament-de-barcelona-limes_reduides-15_rgb-770x288-3-300x112.png\" alt=\"\">\n                <\/div>\n                                                                       <div class=\"logo-container\">\n                   \n                    <div class=\"caption\"><\/div>\n                    <img decoding=\"async\" class=\"\" src=\"https:\/\/www.teatrecondal.cat\/wp-content\/uploads\/sites\/3\/2023\/10\/Sin-titulo-1.png\" alt=\"\">\n                <\/div>\n                                                                       <div class=\"logo-container\">\n                   \n                    <div class=\"caption\"><\/div>\n                    <img decoding=\"async\" class=\"\" src=\"https:\/\/www.teatrecondal.cat\/wp-content\/uploads\/sites\/3\/2023\/11\/INAEM-02-CAJETIN-ROJO-300x53.png\" alt=\"\">\n                <\/div>\n                                                                       <div class=\"logo-container\">\n                   \n                    <div class=\"caption\"><\/div>\n                    <img decoding=\"async\" class=\"\" src=\"https:\/\/www.teatrecondal.cat\/wp-content\/uploads\/sites\/3\/2023\/10\/Logo-PRTR-tres-lineas_COLOR-300x169.png\" alt=\"\">\n                <\/div>\n                                                                       <div class=\"logo-container\">\n                   \n                    <div class=\"caption\"><\/div>\n                    <img decoding=\"async\" class=\"\" src=\"https:\/\/www.teatrecondal.cat\/wp-content\/uploads\/sites\/3\/2023\/05\/thumbnail_image002.png\" alt=\"\">\n                <\/div>\n                                             <\/div>\n        \n    <\/div>\n    \n<\/div><\/div>\n\n\n\n<div id=\"accessibilitat\" class=\"wp-block-group block-section is-layout-constrained wp-block-group-is-layout-constrained\">\n<div id=\"accessibilitat\" class=\"wp-block-group block-section is-layout-constrained wp-block-group-is-layout-constrained\">\n<h2 class=\"wp-block-heading has-primary-color has-text-color has-xx-large-font-size\" id=\"accessibilitat\" style=\"text-transform:uppercase\">Accesibilidad<\/h2>\n\n\n\n<div class=\"wp-block-group is-nowrap is-layout-flex wp-container-core-group-is-layout-6c531013 wp-block-group-is-layout-flex\">\n\n<div class=\"icon-circle black solid default\">\n<svg class=\"icon\" viewBox=\"0 0 60 60\"><use xlink:href=\"#accessible\"><\/use><\/svg><\/div>\n\n\n\n<h3 class=\"wp-block-heading\"> Atenci\u00f3n especial y accesos para personas con movilidad reducida<\/h3>\n<\/div>\n\n\n\n<p>Accesos y ba\u00f1os adaptados para personas con movilidad reducida.<br>Para comprar un asiento de movilidad reducida, por favor llamen a la taquilla del teatro y efect\u00faen la reserva. El mismo d\u00eda de la funci\u00f3n podr\u00e1n pagarla hasta media hora antes del inicio.<\/p>\n\n\n\n<div class=\"wp-block-group is-nowrap is-layout-flex wp-container-core-group-is-layout-6c531013 wp-block-group-is-layout-flex\">\n\n<div class=\"icon-circle black solid default\">\n<svg class=\"icon\" viewBox=\"0 0 60 60\"><use xlink:href=\"#hearing\"><\/use><\/svg><\/div>\n\n\n\n<h3 class=\"wp-block-heading\">Atenci\u00f3n especial para personas con diversidades auditivas<\/h3>\n<\/div>\n\n\n\n<p>El teatro cuenta con la instalaci\u00f3n de un bucle magn\u00e9tico que permite mejorar la experiencia a las personas con disminuci\u00f3n auditiva.<br>El personal de sala les proporcionar\u00e1 el servicio y cualquier informaci\u00f3n complementaria que necesite.<\/p>\n\n\n\n<div class=\"wp-block-group is-nowrap is-layout-flex wp-container-core-group-is-layout-6c531013 wp-block-group-is-layout-flex\">\n\n<div class=\"icon-circle black solid default\">\n<svg class=\"icon\" viewBox=\"0 0 60 60\"><use xlink:href=\"#closed-captioning\"><\/use><\/svg><\/div>\n\n\n\n<h3 class=\"wp-block-heading\"><strong>Servicio de subtitulaci\u00f3n<\/strong><\/h3>\n<\/div>\n\n\n\n<p>Este servicio se ofrece para el p\u00fablico con graves dificultades de audici\u00f3n y\/o para subtitular en catal\u00e1n espect\u00e1culos en otro idioma. El p\u00fablico podr\u00e1 seguir la funci\u00f3n sin perder el argumento y la acci\u00f3n.<br>El personal de sala les proporcionar\u00e1 cualquier informaci\u00f3n complementaria que necesiten.<br>Este sistema de subtitulaci\u00f3n en directo se ofrece en funciones concretas de la temporada y se anuncian en la programaci\u00f3n.<\/p>\n\n\n\n<div class=\"wp-block-group is-nowrap is-layout-flex wp-container-core-group-is-layout-6c531013 wp-block-group-is-layout-flex\">\n\n<div class=\"icon-circle black solid default\">\n<svg class=\"icon\" viewBox=\"0 0 60 60\"><use xlink:href=\"#audio-description\"><\/use><\/svg><\/div>\n\n\n\n<h3 class=\"wp-block-heading\"><strong>Servicio de audiodescripci\u00f3n<\/strong><\/h3>\n<\/div>\n\n\n\n<p>El teatro realizar\u00e1 una serie de funciones de cada espect\u00e1culo con la adaptaci\u00f3n de audiodescripci\u00f3n.<br>Este sistema de audiodescripci\u00f3n en directo se ofrece en funciones concretas de la temporada y se anuncian en la programaci\u00f3n.<\/p>\n<\/div>\n<\/div>\n\n\n\n<div id=\"sostenibilitat\" class=\"wp-block-group block-section is-layout-constrained wp-container-core-group-is-layout-346627ba wp-block-group-is-layout-constrained\">\n<h2 class=\"wp-block-heading has-primary-color has-text-color has-xx-large-font-size\" style=\"text-transform:uppercase\"><strong>Sostenibilidad<\/strong><\/h2>\n\n\n\n<p>En el Teatre Condal estamos comprometidos con la protecci\u00f3n del medio ambiente. Desc\u00e1rgate m\u00e1s informaci\u00f3n sobre el Distintivo de garant\u00eda de calidad ambiental para conocer las pr\u00e1cticas sostenibles que hemos implantado, y descubre c\u00f3mo puedes unirte para promover un futuro m\u00e1s verde.<\/p>\n\n\n\n<div class=\"wp-block-group is-vertical is-layout-flex wp-container-core-group-is-layout-fe9cc265 wp-block-group-is-layout-flex\">\n<div class=\"wp-block-columns is-layout-flex wp-container-core-columns-is-layout-28f84493 wp-block-columns-is-layout-flex\">\n<div class=\"wp-block-column is-layout-flow wp-block-column-is-layout-flow\">\n<figure class=\"wp-block-image size-full is-resized\"><img loading=\"lazy\" decoding=\"async\" width=\"788\" height=\"253\" src=\"https:\/\/www.teatrecondal.cat\/wp-content\/uploads\/sites\/3\/2024\/08\/Dgqa_Horitzontal_CAT_COLOR-1.jpg\" alt=\"\" class=\"wp-image-5102\" style=\"width:380px;height:auto\" srcset=\"https:\/\/www.teatrecondal.cat\/wp-content\/uploads\/sites\/3\/2024\/08\/Dgqa_Horitzontal_CAT_COLOR-1.jpg 788w, https:\/\/www.teatrecondal.cat\/wp-content\/uploads\/sites\/3\/2024\/08\/Dgqa_Horitzontal_CAT_COLOR-1-300x96.jpg 300w\" sizes=\"auto, (max-width: 788px) 100vw, 788px\" \/><\/figure>\n<\/div>\n<\/div>\n\n\n\n\n<a href=\"https:\/\/www.teatrecondal.cat\/wp-content\/uploads\/sites\/3\/2024\/03\/Inf-Distintiu-ambiental-amb-explicacio-Condal.pdf\" target=\"_self\" id=\"button-block_c3c12fe133f108b51662136d95e24e63\" class=\"button black default default add-icon-on-left\">\nBuenas pr\u00e1cticas de sostenibilidad<svg class=\"icon\" viewBox=\"0 0 60 60\"><use xlink:href=\"#download\"><\/use><\/svg>\n\n<\/a>\n\n\n\n<a href=\"https:\/\/www.teatrecondal.cat\/wp-content\/uploads\/sites\/3\/2024\/08\/Certificat-Condal.pdf\" target=\"_self\" id=\"button-block_b9380ff4e9340aa725576cab0047d877\" class=\"button default default default add-icon-on-left\">\nDistintivo de garant\u00eda de calidad ambiental<svg class=\"icon\" viewBox=\"0 0 60 60\"><use xlink:href=\"#download\"><\/use><\/svg>\n\n<\/a><\/div>\n<\/div>\n\n\n\n<div id=\"contacte\" class=\"wp-block-group block-section is-layout-constrained wp-container-core-group-is-layout-9da16794 wp-block-group-is-layout-constrained\">\n<h2 class=\"wp-block-heading has-primary-color has-text-color has-xx-large-font-size\" style=\"text-transform:uppercase\">Contacto<\/h2>\n\n\n\n<div class=\"wp-block-group is-layout-constrained wp-container-core-group-is-layout-9da16794 wp-block-group-is-layout-constrained\">\n<h3 class=\"wp-block-heading has-x-large-font-size\" style=\"text-transform:uppercase\">Como llegar<\/h3>\n\n\n\n<div class=\"wp-block-columns is-layout-flex wp-container-core-columns-is-layout-c4788e2e wp-block-columns-is-layout-flex\">\n<div class=\"wp-block-column is-layout-flow wp-block-column-is-layout-flow\">\n<p class=\"has-medium-font-size\">Av. del Paral\u00b7lel, 91<br>08004 Barcelona<\/p>\n\n\n\n<div class=\"wp-block-group is-vertical is-layout-flex wp-container-core-group-is-layout-187baabe wp-block-group-is-layout-flex\">\n\n<a href=\"https:\/\/goo.gl\/maps\/EwRU73LY84JRJx3N9\" target=\"_self\" id=\"button-block_5b9df62ffc29e52b3d0f992a9b30b443\" class=\"button black default clear add-icon-on-left\">\nver mapa<svg class=\"icon\" viewBox=\"0 0 60 60\"><use xlink:href=\"#location\"><\/use><\/svg>\n\n<\/a><\/div>\n<\/div>\n\n\n\n<div class=\"wp-block-column is-layout-flow wp-block-column-is-layout-flow\">\n<div class=\"wp-block-group is-layout-constrained wp-container-core-group-is-layout-e0082cf6 wp-block-group-is-layout-constrained\">\n<h3 class=\"wp-block-heading\">Metro<\/h3>\n\n\n\n<p>L2 Paral\u00b7lel<br>L3 Poble Sec<\/p>\n<\/div>\n\n\n\n<div class=\"wp-block-group is-layout-constrained wp-container-core-group-is-layout-e0082cf6 wp-block-group-is-layout-constrained\">\n<h3 class=\"wp-block-heading\">Bus<\/h3>\n\n\n\n<p>D20, V11, 121<\/p>\n<\/div>\n\n\n\n<div class=\"wp-block-group is-layout-constrained wp-container-core-group-is-layout-e0082cf6 wp-block-group-is-layout-constrained\">\n<h3 class=\"wp-block-heading\">Nit Bus<\/h3>\n\n\n\n<p>N0 i N6<\/p>\n<\/div>\n<\/div>\n\n\n\n<div class=\"wp-block-column is-layout-flow wp-block-column-is-layout-flow\">\n<h3 class=\"wp-block-heading\"> Aparcamientos<\/h3>\n\n\n\n<p><strong>Parking Apolo<\/strong><br>Av. del Paral\u00b7lel, 57-59<br>2,50\u20ac la hora IVA incluido presentando la entrada del espect\u00e1culo<\/p>\n\n\n\n<p><strong>PArking Borrell<\/strong><br>Carrer del Compte Borrell, 26<\/p>\n\n\n\n<p><strong>Aparcament Ol\u00edmpic<\/strong><br>Av. del Paral\u00b7lel, 106<\/p>\n<\/div>\n<\/div>\n<\/div>\n\n\n\n<div class=\"wp-block-group is-layout-constrained wp-container-core-group-is-layout-9da16794 wp-block-group-is-layout-constrained\">\n<h3 class=\"wp-block-heading has-x-large-font-size\" style=\"text-transform:uppercase\">Departamentos<\/h3>\n\n\n\n<div class=\"wp-block-columns is-layout-flex wp-container-core-columns-is-layout-c4788e2e wp-block-columns-is-layout-flex\">\n<div class=\"wp-block-column is-layout-flow wp-block-column-is-layout-flow\"><\/div>\n\n\n\n<div class=\"wp-block-column is-layout-flow wp-block-column-is-layout-flow\">\n<div class=\"wp-block-group is-layout-constrained wp-container-core-group-is-layout-e0082cf6 wp-block-group-is-layout-constrained\">\n<h3 class=\"wp-block-heading\">Informaci\u00f3n General<\/h3>\n\n\n\n<p>Taquilla (Horario de tarde): 93 301 55 04<br><a href=\"mailto:info@teatrecondal.cat\">info@teatrecondal.cat<\/a><br>Abiertas de martes a viernes de 17.30 h, cuando exista funci\u00f3n, hasta la hora de inicio del espect\u00e1culo<br>S\u00e1bados y Domingos, a partir de las 16:30 h hasta la hora de inicio del espect\u00e1culo<br>Horario de atenci\u00f3n telef\u00f3nica: por la tarde, los d\u00edas de funci\u00f3n.<\/p>\n\n\n\n<p>* <em>Las entradas compradas en taquilla tambi\u00e9n incluyen gastos de gesti\u00f3n<\/em><\/p>\n<\/div>\n\n\n\n<div class=\"wp-block-group is-layout-constrained wp-container-core-group-is-layout-e0082cf6 wp-block-group-is-layout-constrained\">\n<h3 class=\"wp-block-heading\">Jefe de sala<\/h3>\n\n\n\n<p>N\u00e9stor Gonz\u00e1lez<\/p>\n<\/div>\n\n\n\n<div class=\"wp-block-group is-layout-constrained wp-container-core-group-is-layout-e0082cf6 wp-block-group-is-layout-constrained\">\n<h3 class=\"wp-block-heading\">Servicios a empresas<\/h3>\n\n\n\n<p>Irene Hern\u00e1ndez<br><a href=\"mailto:ihernandez@focus.cat\">ihernandez@focus.cat<\/a><br>Tel. 93 309 75 38<\/p>\n<\/div>\n<\/div>\n\n\n\n<div class=\"wp-block-column is-layout-flow wp-block-column-is-layout-flow\">\n<div class=\"wp-block-group is-layout-constrained wp-container-core-group-is-layout-e0082cf6 wp-block-group-is-layout-constrained\">\n<h3 class=\"wp-block-heading\">Departamento de prensa<\/h3>\n\n\n\n<p><a href=\"mailto:premsa@focus.cat\">premsa@focus.cat<\/a><br>Tel. 93 309 75 38<\/p>\n\n\n\n\n<a href=\"https:\/\/www.focus.cat\/teatre\/#premsa\" target=\"_self\" id=\"button-block_34084f15f49c7f19657ac450e70466ba\" class=\"button black small default\">\nSala de Prensa\n\n<\/a><\/div>\n\n\n\n<div class=\"wp-block-group is-layout-constrained wp-container-core-group-is-layout-e0082cf6 wp-block-group-is-layout-constrained\">\n<h3 class=\"wp-block-heading\">Condal internacional<\/h3>\n\n\n\n<p><a href=\"mailto:international@focus.cat\">international@focus.cat<\/a><br>Tel. +34 93 309 75 38<\/p>\n<\/div>\n<\/div>\n<\/div>\n<\/div>\n<\/div>\n","protected":false},"excerpt":{"rendered":"<p>Entretenimiento de calidad que compagina la comediay el musical con los grandes espect\u00e1culos. Historia Fundado en 1903 por los hermanos de origen italiano Onofri, el Teatro Condal anim\u00f3 durante d\u00e9cadas las noches del Paralelo hasta que fue reconvertido en sala cinematogr\u00e1fica a lo largo de los a\u00f1os sesenta y setenta. El a\u00f1o 1983, sus propietarios<a class=\"excerpt-read-more\" href=\"https:\/\/www.teatrecondal.cat\/es\/el-teatro\/\" title=\"ReadEl teatro\"> &#8230; Leer m\u00e1s<\/a><\/p>\n","protected":false},"author":1,"featured_media":0,"parent":0,"menu_order":0,"comment_status":"closed","ping_status":"closed","template":"","meta":{"_acf_changed":false,"footnotes":""},"class_list":["post-114","page","type-page","status-publish","hentry"],"acf":{"page_description":""},"yoast_head":"<!-- This site is optimized with the Yoast SEO plugin v27.5 - https:\/\/yoast.com\/product\/yoast-seo-wordpress\/ -->\n<title>El teatro - Teatre Condal<\/title>\n<meta name=\"robots\" content=\"index, follow, max-snippet:-1, max-image-preview:large, max-video-preview:-1\" \/>\n<link rel=\"canonical\" href=\"https:\/\/www.teatrecondal.cat\/es\/el-teatro\/\" \/>\n<meta name=\"twitter:label1\" content=\"Tiempo de lectura\" \/>\n\t<meta name=\"twitter:data1\" content=\"10 minutos\" \/>\n<script type=\"application\/ld+json\" class=\"yoast-schema-graph\">{\"@context\":\"https:\\\/\\\/schema.org\",\"@graph\":[{\"@type\":\"WebPage\",\"@id\":\"https:\\\/\\\/www.teatrecondal.cat\\\/es\\\/el-teatro\\\/\",\"url\":\"https:\\\/\\\/www.teatrecondal.cat\\\/es\\\/el-teatro\\\/\",\"name\":\"El teatro - Teatre Condal\",\"isPartOf\":{\"@id\":\"https:\\\/\\\/www.teatrecondal.cat\\\/es\\\/#website\"},\"primaryImageOfPage\":{\"@id\":\"https:\\\/\\\/www.teatrecondal.cat\\\/es\\\/el-teatro\\\/#primaryimage\"},\"image\":{\"@id\":\"https:\\\/\\\/www.teatrecondal.cat\\\/es\\\/el-teatro\\\/#primaryimage\"},\"thumbnailUrl\":\"https:\\\/\\\/www.teatrecondal.cat\\\/wp-content\\\/uploads\\\/sites\\\/3\\\/2023\\\/05\\\/daniel-angles-director-artistic-teatre-condal-barcelona-1-1.jpg\",\"datePublished\":\"2017-09-19T07:50:23+00:00\",\"dateModified\":\"2026-03-11T12:02:48+00:00\",\"breadcrumb\":{\"@id\":\"https:\\\/\\\/www.teatrecondal.cat\\\/es\\\/el-teatro\\\/#breadcrumb\"},\"inLanguage\":\"es\",\"potentialAction\":[{\"@type\":\"ReadAction\",\"target\":[\"https:\\\/\\\/www.teatrecondal.cat\\\/es\\\/el-teatro\\\/\"]}]},{\"@type\":\"ImageObject\",\"inLanguage\":\"es\",\"@id\":\"https:\\\/\\\/www.teatrecondal.cat\\\/es\\\/el-teatro\\\/#primaryimage\",\"url\":\"https:\\\/\\\/www.teatrecondal.cat\\\/wp-content\\\/uploads\\\/sites\\\/3\\\/2023\\\/05\\\/daniel-angles-director-artistic-teatre-condal-barcelona-1-1.jpg\",\"contentUrl\":\"https:\\\/\\\/www.teatrecondal.cat\\\/wp-content\\\/uploads\\\/sites\\\/3\\\/2023\\\/05\\\/daniel-angles-director-artistic-teatre-condal-barcelona-1-1.jpg\"},{\"@type\":\"BreadcrumbList\",\"@id\":\"https:\\\/\\\/www.teatrecondal.cat\\\/es\\\/el-teatro\\\/#breadcrumb\",\"itemListElement\":[{\"@type\":\"ListItem\",\"position\":1,\"name\":\"Inici\",\"item\":\"https:\\\/\\\/www.teatrecondal.cat\\\/es\\\/\"},{\"@type\":\"ListItem\",\"position\":2,\"name\":\"El teatro\"}]},{\"@type\":\"WebSite\",\"@id\":\"https:\\\/\\\/www.teatrecondal.cat\\\/es\\\/#website\",\"url\":\"https:\\\/\\\/www.teatrecondal.cat\\\/es\\\/\",\"name\":\"Teatre Condal\",\"description\":\"\",\"publisher\":{\"@id\":\"https:\\\/\\\/www.teatrecondal.cat\\\/es\\\/#organization\"},\"potentialAction\":[{\"@type\":\"SearchAction\",\"target\":{\"@type\":\"EntryPoint\",\"urlTemplate\":\"https:\\\/\\\/www.teatrecondal.cat\\\/es\\\/?s={search_term_string}\"},\"query-input\":{\"@type\":\"PropertyValueSpecification\",\"valueRequired\":true,\"valueName\":\"search_term_string\"}}],\"inLanguage\":\"es\"},{\"@type\":\"Organization\",\"@id\":\"https:\\\/\\\/www.teatrecondal.cat\\\/es\\\/#organization\",\"name\":\"Teatre Condal\",\"url\":\"https:\\\/\\\/www.teatrecondal.cat\\\/es\\\/\",\"logo\":{\"@type\":\"ImageObject\",\"inLanguage\":\"es\",\"@id\":\"https:\\\/\\\/www.teatrecondal.cat\\\/es\\\/#\\\/schema\\\/logo\\\/image\\\/\",\"url\":\"https:\\\/\\\/www.teatrecondal.cat\\\/wp-content\\\/uploads\\\/sites\\\/3\\\/2017\\\/09\\\/teatre-condal-logo.svg\",\"contentUrl\":\"https:\\\/\\\/www.teatrecondal.cat\\\/wp-content\\\/uploads\\\/sites\\\/3\\\/2017\\\/09\\\/teatre-condal-logo.svg\",\"width\":1,\"height\":1,\"caption\":\"Teatre Condal\"},\"image\":{\"@id\":\"https:\\\/\\\/www.teatrecondal.cat\\\/es\\\/#\\\/schema\\\/logo\\\/image\\\/\"},\"sameAs\":[\"http:\\\/\\\/www.facebook.com\\\/TeatreCondal\",\"https:\\\/\\\/x.com\\\/Teatre_Condal\",\"http:\\\/\\\/instagram.com\\\/teatre_condal\",\"http:\\\/\\\/www.youtube.com\\\/user\\\/TeatreCondal\"]}]}<\/script>\n<!-- \/ Yoast SEO plugin. -->","yoast_head_json":{"title":"El teatro - Teatre Condal","robots":{"index":"index","follow":"follow","max-snippet":"max-snippet:-1","max-image-preview":"max-image-preview:large","max-video-preview":"max-video-preview:-1"},"canonical":"https:\/\/www.teatrecondal.cat\/es\/el-teatro\/","twitter_misc":{"Tiempo de lectura":"10 minutos"},"schema":{"@context":"https:\/\/schema.org","@graph":[{"@type":"WebPage","@id":"https:\/\/www.teatrecondal.cat\/es\/el-teatro\/","url":"https:\/\/www.teatrecondal.cat\/es\/el-teatro\/","name":"El teatro - Teatre Condal","isPartOf":{"@id":"https:\/\/www.teatrecondal.cat\/es\/#website"},"primaryImageOfPage":{"@id":"https:\/\/www.teatrecondal.cat\/es\/el-teatro\/#primaryimage"},"image":{"@id":"https:\/\/www.teatrecondal.cat\/es\/el-teatro\/#primaryimage"},"thumbnailUrl":"https:\/\/www.teatrecondal.cat\/wp-content\/uploads\/sites\/3\/2023\/05\/daniel-angles-director-artistic-teatre-condal-barcelona-1-1.jpg","datePublished":"2017-09-19T07:50:23+00:00","dateModified":"2026-03-11T12:02:48+00:00","breadcrumb":{"@id":"https:\/\/www.teatrecondal.cat\/es\/el-teatro\/#breadcrumb"},"inLanguage":"es","potentialAction":[{"@type":"ReadAction","target":["https:\/\/www.teatrecondal.cat\/es\/el-teatro\/"]}]},{"@type":"ImageObject","inLanguage":"es","@id":"https:\/\/www.teatrecondal.cat\/es\/el-teatro\/#primaryimage","url":"https:\/\/www.teatrecondal.cat\/wp-content\/uploads\/sites\/3\/2023\/05\/daniel-angles-director-artistic-teatre-condal-barcelona-1-1.jpg","contentUrl":"https:\/\/www.teatrecondal.cat\/wp-content\/uploads\/sites\/3\/2023\/05\/daniel-angles-director-artistic-teatre-condal-barcelona-1-1.jpg"},{"@type":"BreadcrumbList","@id":"https:\/\/www.teatrecondal.cat\/es\/el-teatro\/#breadcrumb","itemListElement":[{"@type":"ListItem","position":1,"name":"Inici","item":"https:\/\/www.teatrecondal.cat\/es\/"},{"@type":"ListItem","position":2,"name":"El teatro"}]},{"@type":"WebSite","@id":"https:\/\/www.teatrecondal.cat\/es\/#website","url":"https:\/\/www.teatrecondal.cat\/es\/","name":"Teatre Condal","description":"","publisher":{"@id":"https:\/\/www.teatrecondal.cat\/es\/#organization"},"potentialAction":[{"@type":"SearchAction","target":{"@type":"EntryPoint","urlTemplate":"https:\/\/www.teatrecondal.cat\/es\/?s={search_term_string}"},"query-input":{"@type":"PropertyValueSpecification","valueRequired":true,"valueName":"search_term_string"}}],"inLanguage":"es"},{"@type":"Organization","@id":"https:\/\/www.teatrecondal.cat\/es\/#organization","name":"Teatre Condal","url":"https:\/\/www.teatrecondal.cat\/es\/","logo":{"@type":"ImageObject","inLanguage":"es","@id":"https:\/\/www.teatrecondal.cat\/es\/#\/schema\/logo\/image\/","url":"https:\/\/www.teatrecondal.cat\/wp-content\/uploads\/sites\/3\/2017\/09\/teatre-condal-logo.svg","contentUrl":"https:\/\/www.teatrecondal.cat\/wp-content\/uploads\/sites\/3\/2017\/09\/teatre-condal-logo.svg","width":1,"height":1,"caption":"Teatre Condal"},"image":{"@id":"https:\/\/www.teatrecondal.cat\/es\/#\/schema\/logo\/image\/"},"sameAs":["http:\/\/www.facebook.com\/TeatreCondal","https:\/\/x.com\/Teatre_Condal","http:\/\/instagram.com\/teatre_condal","http:\/\/www.youtube.com\/user\/TeatreCondal"]}]}},"_links":{"self":[{"href":"https:\/\/www.teatrecondal.cat\/es\/wp-json\/wp\/v2\/pages\/114","targetHints":{"allow":["GET"]}}],"collection":[{"href":"https:\/\/www.teatrecondal.cat\/es\/wp-json\/wp\/v2\/pages"}],"about":[{"href":"https:\/\/www.teatrecondal.cat\/es\/wp-json\/wp\/v2\/types\/page"}],"author":[{"embeddable":true,"href":"https:\/\/www.teatrecondal.cat\/es\/wp-json\/wp\/v2\/users\/1"}],"replies":[{"embeddable":true,"href":"https:\/\/www.teatrecondal.cat\/es\/wp-json\/wp\/v2\/comments?post=114"}],"version-history":[{"count":0,"href":"https:\/\/www.teatrecondal.cat\/es\/wp-json\/wp\/v2\/pages\/114\/revisions"}],"wp:attachment":[{"href":"https:\/\/www.teatrecondal.cat\/es\/wp-json\/wp\/v2\/media?parent=114"}],"curies":[{"name":"wp","href":"https:\/\/api.w.org\/{rel}","templated":true}]}}