{"id":5480,"date":"2025-10-15T16:01:53","date_gmt":"2025-10-15T14:01:53","guid":{"rendered":"https:\/\/www.teatrecondal.cat\/?post_type=ex&#038;p=5480"},"modified":"2025-10-23T10:57:20","modified_gmt":"2025-10-23T08:57:20","slug":"nauta","status":"publish","type":"ex","link":"https:\/\/www.teatrecondal.cat\/es\/ex\/nauta\/","title":{"rendered":"Nauta"},"content":{"rendered":"","protected":false},"excerpt":{"rendered":"","protected":false},"author":2,"featured_media":0,"comment_status":"closed","ping_status":"closed","template":"","class_list":["post-5480","ex","type-ex","status-publish","hentry","season-2025-26"],"acf":{"txt_synopsis":"<p><strong>El nuevo espect\u00e1culo de Cor de Teatre presentado en primicia. Una fusi\u00f3n \u00fanica entre m\u00fasica y futurismo en 4 \u00fanicas funciones.<\/strong> <\/p>\r\n<p>Una joven es la \u00fanica oportunidad para salvar a una sociedad mediocre, dominada por la tecnolog\u00eda, el consumismo y el individualismo. <br \/>Nauta huye. <br \/>Tiene una pesadilla. <br \/>Despierta. <\/p>\r\n<p>En <em>Nauta<\/em>, <strong>Cor de Teatre<\/strong> nos lleva a un viaje sensorial con grandes piezas musicales interpretadas en directo, con instrumentos virtuales y proyecciones futuristas. <br \/>\u00bfQu\u00e9 nos depara el futuro? <\/p>\r\n<p><br \/><\/p>","main_buy_link":"https:\/\/tickets.oneboxtds.com\/teatrecondal\/events\/49122?hl=es-ES","main_buy_links":"[\"https:\/\/tickets.oneboxtds.com\/teatrecondal\/events\/49122?hl=es-ES\"]","group_buy_link":"","show_language":"Espect\u00e1culo sin texto hablado","show_duration":"65","show_start_date":"20251114000000","show_end_date":"20251116000000","show_sort_date":"20251114000000","txt_custom_show_dates":"del 14 al 16 de noviembre de 2025 ","show_disciplines":"1","show_ultimes_funcions":false,"hide_tarifes_especials":false,"show_properament":false,"txt_additional_info":"Recomendado a partir de 12 a\u00f1os","txt_present":"","show_season":[97],"txt_season":"[\"2025\/26\"]","txt_cycle":"","txt_claim":"Un viaje sensorial con grandes piezas musicales interpretadas en directo por el coro de teatro, con instrumentos virtuales y proyecciones futuristas. \u00bfQu\u00e9 nos depara el futuro?","txt_cast_excerpt":"","txt_cast":"Autor\u00eda: <strong>David Costa y Franc Aleu<\/strong><br \/>M\u00fasica y letras: <strong>Monteverdi, Purcell, Rameau, H\u00e4ndel, Scarlatti, Haydn, Mozart, Grieg, Mahler y Leont\u00f3vich<br \/><\/strong>Arreglos musicales: <strong>Dani L\u00f3pez Pradas<\/strong><br \/><br \/>Direcci\u00f3n:<strong> David Costa y Franc Aleu<\/strong><br \/>Coreograf\u00eda: <strong>Leo Castro y Blai Costa<\/strong><br \/>Direcci\u00f3n musical: <strong>David Costa<\/strong><br \/>Escenograf\u00eda: <strong>Franc Aleu<\/strong><br \/>Vestuario: <strong>T X U Studio \u2013 Joana Poulastrou y Chu Uroz<\/strong><br \/>Iluminaci\u00f3n: <strong>August Viladomat \u201cGutty\u201d<\/strong><br \/>Espacio sonoro: <strong>Dani L\u00f3pez Pradas<\/strong><br \/>Creaci\u00f3n de v\u00eddeo: <strong>Franc Aleu<\/strong><br \/>Caracterizaci\u00f3n: <strong>Nio Roca y S\u00f3nia Hern\u00e1ndez<\/strong><br \/><br \/>Coro de teatro<br \/>Sopranos: <strong>Sara Costa (Nauta) y Martina Maj\u00f3<\/strong><br \/>Mezzosopranos: <strong>Sara G\u00f3mez y Nat\u00e0lia Menci\u00f3<br \/><\/strong>Contraltos: <strong>Mariona Call\u00eds (Falso Dios) y Nuri Hern\u00e0ndez<\/strong><br \/>Tenores: <strong>Jordi Forcadell, Nasi Marco y Mart\u00ed Serrallonga<\/strong><br \/>Bar\u00edtonos: <strong>Gerard Capdevila y Aleix Fern\u00e0ndez<\/strong><br \/>Bajos: <strong>Llu\u00eds Gratac\u00f3s y Joan Rigat<br \/><\/strong><br \/>Direcci\u00f3n de producci\u00f3n: <strong>David Costa<\/strong><br \/>Producci\u00f3n ejecutiva: <strong>Lloren\u00e7 G\u00f3mez<\/strong><br \/>Direcci\u00f3n t\u00e9cnica: <strong>Joan Carles Ros \u201cRosky<\/strong>\u201d<br \/>Dise\u00f1o y programaci\u00f3n t\u00e9cnica: <strong>Marc Aleu<\/strong><br \/>Producci\u00f3n sonora inmersiva: <strong>Panxii Badii<\/strong><br \/><br \/>T\u00e9cnico de sonido: <strong>Abdon Compta<\/strong><br \/>T\u00e9cnico de audiovisuales: <strong>Marc Aleu<\/strong><br \/>Jefe t\u00e9cnico del teatro: <strong>Jordi Ballb\u00e9<\/strong><br \/>T\u00e9cnicos del teatro: <strong>Aleix Arbon\u00e8s y V\u00edctor Bartolom\u00e9<br \/><br \/><\/strong>Construcci\u00f3n de la escenograf\u00eda: <strong>Moreno Metalls y Llu\u00eds Nadal \u201cKoko\u201d<\/strong><br \/>Confecci\u00f3n del vestuario: <strong>In\u00e9s Manche\u00f1o, Antonia P\u00e9rez y Jorge Trinidad<br \/><br \/><\/strong>Marketing y comunicaci\u00f3n: <strong>Eva Ojalvo<\/strong><br \/>Marketing y comunicaci\u00f3n del teatro: <strong>Focus<\/strong><br \/>Reportaje fotogr\u00e1fico: <strong>Pol Naranjo y Nio Roca<\/strong><br \/>Dise\u00f1o gr\u00e1fico: <strong>Estudi Oliver Gr\u00e0fic<br \/><\/strong><br \/>Con el apoyo de <strong>ICEC, Diputaci\u00f3n de Girona, Ayuntamiento de Banyoles y Fundaci\u00f3n Llu\u00eds Coromina<br \/><\/strong>Distribuci\u00f3n: <strong>Somf\u00f2nics<\/strong><br \/>Es una coproducci\u00f3n de <strong>Somf\u00f2nics, El Canal\u2013Centro de Creaci\u00f3n de Artes Esc\u00e9nicas Salt\/Girona y Temporada Alta<br \/><\/strong>","txt_reviews":"","hashtag":"Nauta","have_promo":"","slogan":"","id_exhibicio":2346,"id_versio":1834,"id_local":3,"txt_seo_desc":"","data_images":"[{\"localizer\":\"V3SLIDE\",\"url\":\"media\/ftgalslide\/v3\/3170E\/01_086_00059366\/1.jpg\",\"thumb_url\":\"media\/ftgalslide\/v3\/3170E\/01_086_00059366\/1_thumb.jpg\",\"title\":\"Nauta - Teatre Condal\",\"description\":\"nauta al teatre condal\",\"copyright\":\"https:\/\/youtu.be\/QXEf0qygYig\",\"order\":11},{\"localizer\":\"V3SLIDE\",\"url\":\"media\/ftgalslide\/v3\/3170E\/01_086_00059367\/2.jpg\",\"thumb_url\":\"media\/ftgalslide\/v3\/3170E\/01_086_00059367\/2_thumb.jpg\",\"title\":\"Nauta - Teatre Condal\",\"description\":\"nauta al teatre condal\",\"copyright\":\"\",\"order\":12},{\"localizer\":\"V3SLIDE\",\"url\":\"media\/ftgalslide\/v3\/3170E\/01_086_00059368\/3.jpg\",\"thumb_url\":\"media\/ftgalslide\/v3\/3170E\/01_086_00059368\/3_thumb.jpg\",\"title\":\"Nauta - Teatre Condal\",\"description\":\"nauta al teatre condal\",\"copyright\":\"\",\"order\":13},{\"localizer\":\"V4PORTADAWIDE\",\"url\":\"media\/ver\/port\/wide\/v4\/3170E\/01_091_00059391\/PORTADA_0_nauta.jpg\",\"thumb_url\":\"\",\"title\":\"Nauta - Teatre Condal\",\"description\":\"nauta al teatre condal\",\"copyright\":\"\",\"order\":16},{\"localizer\":\"V4PORTADAWIDEMOBILE\",\"url\":\"media\/ver\/port\/wide\/mobile\/v4\/3170E\/01_092_00059392\/PORTADA_MOBILE_nauta.jpg\",\"thumb_url\":\"\",\"title\":\"Nauta - Teatre Condal\",\"description\":\"nauta al teatre condal\",\"copyright\":\"\",\"order\":17},{\"localizer\":\"V4CARTELL\",\"url\":\"media\/ver\/cartell\/v4\/3170E\/01_089_00059393\/CARTELL_WEB_nauta.jpg\",\"thumb_url\":\"\",\"title\":\"Nauta - Teatre Condal\",\"description\":\"nauta al teatre condal\",\"copyright\":\"\",\"order\":18},{\"localizer\":\"V4PORTADA\",\"url\":\"media\/ver\/port\/v4\/3170E\/01_090_00059394\/PORTADA_1_nauta.jpg\",\"thumb_url\":\"\",\"title\":\"Nauta - Teatre Condal\",\"description\":\"nauta al teatre condal\",\"copyright\":\"\",\"order\":19}]","material__texto_intro":"","data_material":null,"data_gallery":"","data_discounts":"[]","contract_is_open":false,"in_tour":false},"yoast_head":"<!-- This site is optimized with the Yoast SEO plugin v27.5 - https:\/\/yoast.com\/product\/yoast-seo-wordpress\/ -->\n<title>Nauta - Teatre Condal<\/title>\n<meta name=\"robots\" content=\"index, follow, max-snippet:-1, max-image-preview:large, max-video-preview:-1\" \/>\n<link rel=\"canonical\" href=\"https:\/\/www.teatrecondal.cat\/es\/ex\/nauta\/\" \/>\n<script type=\"application\/ld+json\" class=\"yoast-schema-graph\">{\"@context\":\"https:\\\/\\\/schema.org\",\"@graph\":[{\"@type\":\"WebPage\",\"@id\":\"https:\\\/\\\/www.teatrecondal.cat\\\/es\\\/ex\\\/nauta\\\/\",\"url\":\"https:\\\/\\\/www.teatrecondal.cat\\\/es\\\/ex\\\/nauta\\\/\",\"name\":\"Nauta - Teatre Condal\",\"isPartOf\":{\"@id\":\"https:\\\/\\\/www.teatrecondal.cat\\\/es\\\/#website\"},\"datePublished\":\"2025-10-15T14:01:53+00:00\",\"dateModified\":\"2025-10-23T08:57:20+00:00\",\"breadcrumb\":{\"@id\":\"https:\\\/\\\/www.teatrecondal.cat\\\/es\\\/ex\\\/nauta\\\/#breadcrumb\"},\"inLanguage\":\"es\",\"potentialAction\":[{\"@type\":\"ReadAction\",\"target\":[\"https:\\\/\\\/www.teatrecondal.cat\\\/es\\\/ex\\\/nauta\\\/\"]}]},{\"@type\":\"BreadcrumbList\",\"@id\":\"https:\\\/\\\/www.teatrecondal.cat\\\/es\\\/ex\\\/nauta\\\/#breadcrumb\",\"itemListElement\":[{\"@type\":\"ListItem\",\"position\":1,\"name\":\"Inici\",\"item\":\"https:\\\/\\\/www.teatrecondal.cat\\\/es\\\/\"},{\"@type\":\"ListItem\",\"position\":2,\"name\":\"Espectacles\",\"item\":\"https:\\\/\\\/www.teatrecondal.cat\\\/es\\\/ex\\\/\"},{\"@type\":\"ListItem\",\"position\":3,\"name\":\"Nauta\"}]},{\"@type\":\"WebSite\",\"@id\":\"https:\\\/\\\/www.teatrecondal.cat\\\/es\\\/#website\",\"url\":\"https:\\\/\\\/www.teatrecondal.cat\\\/es\\\/\",\"name\":\"Teatre Condal\",\"description\":\"\",\"publisher\":{\"@id\":\"https:\\\/\\\/www.teatrecondal.cat\\\/es\\\/#organization\"},\"potentialAction\":[{\"@type\":\"SearchAction\",\"target\":{\"@type\":\"EntryPoint\",\"urlTemplate\":\"https:\\\/\\\/www.teatrecondal.cat\\\/es\\\/?s={search_term_string}\"},\"query-input\":{\"@type\":\"PropertyValueSpecification\",\"valueRequired\":true,\"valueName\":\"search_term_string\"}}],\"inLanguage\":\"es\"},{\"@type\":\"Organization\",\"@id\":\"https:\\\/\\\/www.teatrecondal.cat\\\/es\\\/#organization\",\"name\":\"Teatre Condal\",\"url\":\"https:\\\/\\\/www.teatrecondal.cat\\\/es\\\/\",\"logo\":{\"@type\":\"ImageObject\",\"inLanguage\":\"es\",\"@id\":\"https:\\\/\\\/www.teatrecondal.cat\\\/es\\\/#\\\/schema\\\/logo\\\/image\\\/\",\"url\":\"https:\\\/\\\/www.teatrecondal.cat\\\/wp-content\\\/uploads\\\/sites\\\/3\\\/2017\\\/09\\\/teatre-condal-logo.svg\",\"contentUrl\":\"https:\\\/\\\/www.teatrecondal.cat\\\/wp-content\\\/uploads\\\/sites\\\/3\\\/2017\\\/09\\\/teatre-condal-logo.svg\",\"width\":1,\"height\":1,\"caption\":\"Teatre Condal\"},\"image\":{\"@id\":\"https:\\\/\\\/www.teatrecondal.cat\\\/es\\\/#\\\/schema\\\/logo\\\/image\\\/\"},\"sameAs\":[\"http:\\\/\\\/www.facebook.com\\\/TeatreCondal\",\"https:\\\/\\\/x.com\\\/Teatre_Condal\",\"http:\\\/\\\/instagram.com\\\/teatre_condal\",\"http:\\\/\\\/www.youtube.com\\\/user\\\/TeatreCondal\"]}]}<\/script>\n<!-- \/ Yoast SEO plugin. -->","yoast_head_json":{"title":"Nauta - Teatre Condal","robots":{"index":"index","follow":"follow","max-snippet":"max-snippet:-1","max-image-preview":"max-image-preview:large","max-video-preview":"max-video-preview:-1"},"canonical":"https:\/\/www.teatrecondal.cat\/es\/ex\/nauta\/","schema":{"@context":"https:\/\/schema.org","@graph":[{"@type":"WebPage","@id":"https:\/\/www.teatrecondal.cat\/es\/ex\/nauta\/","url":"https:\/\/www.teatrecondal.cat\/es\/ex\/nauta\/","name":"Nauta - Teatre Condal","isPartOf":{"@id":"https:\/\/www.teatrecondal.cat\/es\/#website"},"datePublished":"2025-10-15T14:01:53+00:00","dateModified":"2025-10-23T08:57:20+00:00","breadcrumb":{"@id":"https:\/\/www.teatrecondal.cat\/es\/ex\/nauta\/#breadcrumb"},"inLanguage":"es","potentialAction":[{"@type":"ReadAction","target":["https:\/\/www.teatrecondal.cat\/es\/ex\/nauta\/"]}]},{"@type":"BreadcrumbList","@id":"https:\/\/www.teatrecondal.cat\/es\/ex\/nauta\/#breadcrumb","itemListElement":[{"@type":"ListItem","position":1,"name":"Inici","item":"https:\/\/www.teatrecondal.cat\/es\/"},{"@type":"ListItem","position":2,"name":"Espectacles","item":"https:\/\/www.teatrecondal.cat\/es\/ex\/"},{"@type":"ListItem","position":3,"name":"Nauta"}]},{"@type":"WebSite","@id":"https:\/\/www.teatrecondal.cat\/es\/#website","url":"https:\/\/www.teatrecondal.cat\/es\/","name":"Teatre Condal","description":"","publisher":{"@id":"https:\/\/www.teatrecondal.cat\/es\/#organization"},"potentialAction":[{"@type":"SearchAction","target":{"@type":"EntryPoint","urlTemplate":"https:\/\/www.teatrecondal.cat\/es\/?s={search_term_string}"},"query-input":{"@type":"PropertyValueSpecification","valueRequired":true,"valueName":"search_term_string"}}],"inLanguage":"es"},{"@type":"Organization","@id":"https:\/\/www.teatrecondal.cat\/es\/#organization","name":"Teatre Condal","url":"https:\/\/www.teatrecondal.cat\/es\/","logo":{"@type":"ImageObject","inLanguage":"es","@id":"https:\/\/www.teatrecondal.cat\/es\/#\/schema\/logo\/image\/","url":"https:\/\/www.teatrecondal.cat\/wp-content\/uploads\/sites\/3\/2017\/09\/teatre-condal-logo.svg","contentUrl":"https:\/\/www.teatrecondal.cat\/wp-content\/uploads\/sites\/3\/2017\/09\/teatre-condal-logo.svg","width":1,"height":1,"caption":"Teatre Condal"},"image":{"@id":"https:\/\/www.teatrecondal.cat\/es\/#\/schema\/logo\/image\/"},"sameAs":["http:\/\/www.facebook.com\/TeatreCondal","https:\/\/x.com\/Teatre_Condal","http:\/\/instagram.com\/teatre_condal","http:\/\/www.youtube.com\/user\/TeatreCondal"]}]}},"translations":[{"id":5479,"locale":"ca"},{"id":5480,"locale":"es"}],"_links":{"self":[{"href":"https:\/\/www.teatrecondal.cat\/es\/wp-json\/wp\/v2\/ex\/5480","targetHints":{"allow":["GET"]}}],"collection":[{"href":"https:\/\/www.teatrecondal.cat\/es\/wp-json\/wp\/v2\/ex"}],"about":[{"href":"https:\/\/www.teatrecondal.cat\/es\/wp-json\/wp\/v2\/types\/ex"}],"author":[{"embeddable":true,"href":"https:\/\/www.teatrecondal.cat\/es\/wp-json\/wp\/v2\/users\/2"}],"replies":[{"embeddable":true,"href":"https:\/\/www.teatrecondal.cat\/es\/wp-json\/wp\/v2\/comments?post=5480"}],"acf:term":[{"embeddable":true,"taxonomy":"season","href":"https:\/\/www.teatrecondal.cat\/es\/wp-json\/wp\/v2\/season\/97"}],"wp:attachment":[{"href":"https:\/\/www.teatrecondal.cat\/es\/wp-json\/wp\/v2\/media?parent=5480"}],"curies":[{"name":"wp","href":"https:\/\/api.w.org\/{rel}","templated":true}]}}