{"id":5305,"date":"2025-04-30T15:46:24","date_gmt":"2025-04-30T13:46:24","guid":{"rendered":"https:\/\/www.teatrecondal.cat\/ex\/forever\/"},"modified":"2026-04-16T17:31:57","modified_gmt":"2026-04-16T15:31:57","slug":"forever-2025","status":"publish","type":"ex","link":"https:\/\/www.teatrecondal.cat\/es\/ex\/forever-2025\/","title":{"rendered":"Forever"},"content":{"rendered":"","protected":false},"excerpt":{"rendered":"","protected":false},"author":2,"featured_media":0,"comment_status":"closed","ping_status":"closed","template":"","class_list":["post-5305","ex","type-ex","status-publish","hentry","season-2024-25-es"],"acf":{"txt_synopsis":"<p><strong>La compa\u00f1\u00eda Kulunka Teatro regresa al Teatre Condal con su exitoso espect\u00e1culo de m\u00e1scaras, que combina ternura y crudeza.<\/strong> <\/p><p class=\"ql-align-justify\"><em>Forever<\/em> es la historia de c\u00f3mo una familia se va alejando de lo que so\u00f1\u00f3 que ser\u00eda. Reflejando con humor e iron\u00eda las contradicciones del amor, pone el foco en temas como la maternidad, la educaci\u00f3n, la discapacidad y la incomunicaci\u00f3n. Sobre una plataforma giratoria y con un lenguaje muy cinematogr\u00e1fico, <em>Forever<\/em> es un carrusel; la rueda de la vida. Pero tambi\u00e9n una espiral que, a medida que gira, profundiza en el dolor de los protagonistas.  <\/p><p>\u00bfHasta d\u00f3nde puede arrastrar la incomunicaci\u00f3n a una familia? <br>Quiz\u00e1 lo perturbador, lo emocionante, es que la historia de esta familia podr\u00eda ser la nuestra. <\/p><p class=\"ql-align-justify\"> <\/p><p class=\"ql-align-justify\"><strong>PREMIO MAX 2024<\/strong> <\/p><p class=\"ql-align-justify\"><strong>-Premio a mejor direcci\u00f3n<\/strong> <\/p><p class=\"ql-align-justify\"><strong>- Premio a mejor autor\u00eda <br><br><\/strong> <\/p><p class=\"ql-align-justify\"> <\/p><p class=\"ql-align-justify\"><strong>PREMIO TAL\u00cdA 2024<\/strong> <\/p><p class=\"ql-align-justify\"><strong>-Premio a mejor espect\u00e1culo  <\/strong> <\/p><p class=\"ql-align-justify\"><strong>-Premio a mejor espacio esc\u00e9nico  <br><br><\/strong> <\/p><p class=\"ql-align-justify\"> <\/p><p class=\"ql-align-justify\"><strong>PREMI GODOT 2024 <\/strong> <\/p><p class=\"ql-align-justify\"><strong>-Premio a la mejor caracterizaci\u00f3n <\/strong> <\/p><p class=\"ql-align-justify\"><strong>-Premio al mejor espacio esc\u00e9nico <\/strong> <\/p><p> <\/p>","main_buy_link":"https:\/\/tickets.oneboxtds.com\/teatrecondal\/events\/44250?hl=es-ES","main_buy_links":"[\"https:\/\/tickets.oneboxtds.com\/teatrecondal\/events\/44250?hl=es-ES\"]","group_buy_link":"https:\/\/www.promentrada.com\/es\/programacion\/c\/1647-forever.html","show_language":"Espect\u00e1culo sin texto","show_duration":"95","show_start_date":"20250723000000","show_end_date":"20250727000000","show_sort_date":"20250723000000","txt_custom_show_dates":"","show_disciplines":"11","show_ultimes_funcions":false,"hide_tarifes_especials":false,"show_properament":false,"txt_additional_info":"Recomendado a partir de 14 a\u00f1os","txt_present":"","show_season":[95],"txt_season":"[\"2024\/25\"]","txt_cycle":"","txt_claim":"<p>Despu\u00e9s de Andr\u00e9 y Dorine, y Solitudes, la compa\u00f1\u00eda Kulunka Teatro vuelve a apostar por el lenguaje silente de las m\u00e1scaras en un espect\u00e1culo que combina ternura y crudeza.<\/p>","txt_cast_excerpt":"","txt_cast":"Autor\u00eda: <strong>I\u00f1aki Rikarte, Jos\u00e9 Dault, Garbi\u00f1e Insausti y Edu C\u00e1rcamo<\/strong><br \/>Direcci\u00f3n:<strong> I\u00f1aki Rikarte<\/strong><br \/> <br \/>Int\u00e9rpretes: <strong>Jos\u00e9 Dault, Garbi\u00f1e Insausti y Edu C\u00e1rcamo<br \/><\/strong> <br \/>Escenograf\u00eda: <strong>Ikerne Gim\u00e9nez y Javier Ruiz de Alegr\u00eda<\/strong><br \/>Vestuario: <strong>Ikerne Gim\u00e9nez<\/strong><br \/>Iluminaci\u00f3n: <strong>Javier Ruiz de Alegr\u00eda<\/strong><br \/>Espacio sonoro: <strong>Luis Miguel Cobo<\/strong> <br \/>Caracterizaci\u00f3n (m\u00e1scaras): <strong>Garbi\u00f1e Insausti<br \/><\/strong> <br \/>Producci\u00f3n ejecutiva: <strong>Kulunka Teatro<\/strong><br \/>Direcci\u00f3n t\u00e9cnica: <strong>La C\u00eda de la Luz S. Coop. Mad.<\/strong><br \/> <br \/>Ayudant\u00eda de direcci\u00f3n: <strong>Alberto Huici<\/strong><br \/>Sastrer\u00eda: <strong>Kkum<br \/><\/strong>T\u00e9cnicos de la compa\u00f1\u00eda: <strong>Alberto Huici, Javier Cala Espadero y la C\u00eda de la Luz S. Coop. Mad.<br \/><\/strong>Jefe t\u00e9cnico del teatro: <strong>Jordi Ballb\u00e9<\/strong> <br \/>T\u00e9cnicos del teatro: <strong>Aleix Arbon\u00e8s y V\u00edctor Bartolom\u00e9<\/strong> <br \/>  <br \/>Construcci\u00f3n de la escenograf\u00eda: <strong>Readest Montajes<\/strong><br \/> <br \/>M\u00e1rquetin y comunicaci\u00f3n de la compa\u00f1\u00eda: <strong>Mar\u00eda D\u00edaz<\/strong><br \/>M\u00e1rquetin y comunicaci\u00f3n del teatro:<strong> Focus<br \/><\/strong>Reportaje fotogr\u00e1fico: <strong>Aitor Matauco<\/strong><br \/>Dise\u00f1o del cartel:<strong> Isa Besset <br \/><\/strong>   <br \/>Con el apoyo del <strong>Gobierno Vasco<br \/><\/strong> <br \/>Distribuci\u00f3n: <strong>Tria d\u2019espectacles y Proversus<br \/><\/strong> <br \/>Es una producci\u00f3n de la compa\u00f1\u00eda <strong>Kulunka con el Centro Dram\u00e1tico Nacional, el Teatro Arriaga de Bilbao y el Teatro Victoria Eugenia de Donostia<\/strong>","txt_reviews":"Jos\u00e9 Miguel Vila|Diario Cr\u00edtico|\u201cUna experiencia teatral \u00fanica e inolvidable. Que nadie se la pierda.\u201d\r\nJavier Vallejo|El Pa\u00eds|\u201cForever cuenta cosas graves con un agudo sentido del humor: el p\u00fablico tiene motivos para partirse de risa, aunque al cabo la risa se le hiele en los huesos.\u201d\r\nJulio Bravo|ABC|\u201cForever emociona, acongoja, conmueve, enternece... En definitiva, transforma.\u201d","hashtag":"Forever","have_promo":"","slogan":"","id_exhibicio":2261,"id_versio":1782,"id_local":3,"txt_seo_desc":"Forver, un espect\u00e1culo en el teatro condal","data_images":"[{\"localizer\":\"V3SLIDE\",\"url\":\"media\/ftgalslide\/v3\/31708\/01_086_00058839\/Foto_Forever4.jpg\",\"thumb_url\":\"media\/ftgalslide\/v3\/31708\/01_086_00058839\/Foto_Forever4.jpg\",\"title\":\"Forever - Teatre Condal\",\"description\":\"forever en el teatre condal\",\"copyright\":\"https:\/\/youtu.be\/nAEXXrhD_rY\",\"order\":5},{\"localizer\":\"V3SLIDE\",\"url\":\"media\/ftgalslide\/v3\/31708\/01_086_00058840\/Foto_Forever7.jpg\",\"thumb_url\":\"media\/ftgalslide\/v3\/31708\/01_086_00058840\/Foto_Forever7.jpg\",\"title\":\"Forever - Teatre Condal\",\"description\":\"forever en el teatre condal\",\"copyright\":\"\",\"order\":6},{\"localizer\":\"V3SLIDE\",\"url\":\"media\/ftgalslide\/v3\/31708\/01_086_00058841\/Foto_Forever3.jpg\",\"thumb_url\":\"media\/ftgalslide\/v3\/31708\/01_086_00058841\/Foto_Forever3.jpg\",\"title\":\"Forever - Teatre Condal\",\"description\":\"forever en el teatre condal\",\"copyright\":\"\",\"order\":7}]","material__texto_intro":"","data_material":null,"data_gallery":"","data_discounts":"[]","contract_is_open":false,"in_tour":false},"yoast_head":"<!-- This site is optimized with the Yoast SEO plugin v27.5 - https:\/\/yoast.com\/product\/yoast-seo-wordpress\/ -->\n<title>Forever - Teatre Condal<\/title>\n<meta name=\"robots\" content=\"index, follow, max-snippet:-1, max-image-preview:large, max-video-preview:-1\" \/>\n<link rel=\"canonical\" href=\"https:\/\/www.teatrecondal.cat\/es\/ex\/forever-2025\/\" \/>\n<script type=\"application\/ld+json\" class=\"yoast-schema-graph\">{\"@context\":\"https:\\\/\\\/schema.org\",\"@graph\":[{\"@type\":\"WebPage\",\"@id\":\"https:\\\/\\\/www.teatrecondal.cat\\\/es\\\/ex\\\/forever-2025\\\/\",\"url\":\"https:\\\/\\\/www.teatrecondal.cat\\\/es\\\/ex\\\/forever-2025\\\/\",\"name\":\"Forever - Teatre Condal\",\"isPartOf\":{\"@id\":\"https:\\\/\\\/www.teatrecondal.cat\\\/es\\\/#website\"},\"datePublished\":\"2025-04-30T13:46:24+00:00\",\"dateModified\":\"2026-04-16T15:31:57+00:00\",\"breadcrumb\":{\"@id\":\"https:\\\/\\\/www.teatrecondal.cat\\\/es\\\/ex\\\/forever-2025\\\/#breadcrumb\"},\"inLanguage\":\"es\",\"potentialAction\":[{\"@type\":\"ReadAction\",\"target\":[\"https:\\\/\\\/www.teatrecondal.cat\\\/es\\\/ex\\\/forever-2025\\\/\"]}]},{\"@type\":\"BreadcrumbList\",\"@id\":\"https:\\\/\\\/www.teatrecondal.cat\\\/es\\\/ex\\\/forever-2025\\\/#breadcrumb\",\"itemListElement\":[{\"@type\":\"ListItem\",\"position\":1,\"name\":\"Inici\",\"item\":\"https:\\\/\\\/www.teatrecondal.cat\\\/es\\\/\"},{\"@type\":\"ListItem\",\"position\":2,\"name\":\"Espectacles\",\"item\":\"https:\\\/\\\/www.teatrecondal.cat\\\/es\\\/ex\\\/\"},{\"@type\":\"ListItem\",\"position\":3,\"name\":\"Forever\"}]},{\"@type\":\"WebSite\",\"@id\":\"https:\\\/\\\/www.teatrecondal.cat\\\/es\\\/#website\",\"url\":\"https:\\\/\\\/www.teatrecondal.cat\\\/es\\\/\",\"name\":\"Teatre Condal\",\"description\":\"\",\"publisher\":{\"@id\":\"https:\\\/\\\/www.teatrecondal.cat\\\/es\\\/#organization\"},\"potentialAction\":[{\"@type\":\"SearchAction\",\"target\":{\"@type\":\"EntryPoint\",\"urlTemplate\":\"https:\\\/\\\/www.teatrecondal.cat\\\/es\\\/?s={search_term_string}\"},\"query-input\":{\"@type\":\"PropertyValueSpecification\",\"valueRequired\":true,\"valueName\":\"search_term_string\"}}],\"inLanguage\":\"es\"},{\"@type\":\"Organization\",\"@id\":\"https:\\\/\\\/www.teatrecondal.cat\\\/es\\\/#organization\",\"name\":\"Teatre Condal\",\"url\":\"https:\\\/\\\/www.teatrecondal.cat\\\/es\\\/\",\"logo\":{\"@type\":\"ImageObject\",\"inLanguage\":\"es\",\"@id\":\"https:\\\/\\\/www.teatrecondal.cat\\\/es\\\/#\\\/schema\\\/logo\\\/image\\\/\",\"url\":\"https:\\\/\\\/www.teatrecondal.cat\\\/wp-content\\\/uploads\\\/sites\\\/3\\\/2017\\\/09\\\/teatre-condal-logo.svg\",\"contentUrl\":\"https:\\\/\\\/www.teatrecondal.cat\\\/wp-content\\\/uploads\\\/sites\\\/3\\\/2017\\\/09\\\/teatre-condal-logo.svg\",\"width\":1,\"height\":1,\"caption\":\"Teatre Condal\"},\"image\":{\"@id\":\"https:\\\/\\\/www.teatrecondal.cat\\\/es\\\/#\\\/schema\\\/logo\\\/image\\\/\"},\"sameAs\":[\"http:\\\/\\\/www.facebook.com\\\/TeatreCondal\",\"https:\\\/\\\/x.com\\\/Teatre_Condal\",\"http:\\\/\\\/instagram.com\\\/teatre_condal\",\"http:\\\/\\\/www.youtube.com\\\/user\\\/TeatreCondal\"]}]}<\/script>\n<!-- \/ Yoast SEO plugin. -->","yoast_head_json":{"title":"Forever - Teatre Condal","robots":{"index":"index","follow":"follow","max-snippet":"max-snippet:-1","max-image-preview":"max-image-preview:large","max-video-preview":"max-video-preview:-1"},"canonical":"https:\/\/www.teatrecondal.cat\/es\/ex\/forever-2025\/","schema":{"@context":"https:\/\/schema.org","@graph":[{"@type":"WebPage","@id":"https:\/\/www.teatrecondal.cat\/es\/ex\/forever-2025\/","url":"https:\/\/www.teatrecondal.cat\/es\/ex\/forever-2025\/","name":"Forever - Teatre Condal","isPartOf":{"@id":"https:\/\/www.teatrecondal.cat\/es\/#website"},"datePublished":"2025-04-30T13:46:24+00:00","dateModified":"2026-04-16T15:31:57+00:00","breadcrumb":{"@id":"https:\/\/www.teatrecondal.cat\/es\/ex\/forever-2025\/#breadcrumb"},"inLanguage":"es","potentialAction":[{"@type":"ReadAction","target":["https:\/\/www.teatrecondal.cat\/es\/ex\/forever-2025\/"]}]},{"@type":"BreadcrumbList","@id":"https:\/\/www.teatrecondal.cat\/es\/ex\/forever-2025\/#breadcrumb","itemListElement":[{"@type":"ListItem","position":1,"name":"Inici","item":"https:\/\/www.teatrecondal.cat\/es\/"},{"@type":"ListItem","position":2,"name":"Espectacles","item":"https:\/\/www.teatrecondal.cat\/es\/ex\/"},{"@type":"ListItem","position":3,"name":"Forever"}]},{"@type":"WebSite","@id":"https:\/\/www.teatrecondal.cat\/es\/#website","url":"https:\/\/www.teatrecondal.cat\/es\/","name":"Teatre Condal","description":"","publisher":{"@id":"https:\/\/www.teatrecondal.cat\/es\/#organization"},"potentialAction":[{"@type":"SearchAction","target":{"@type":"EntryPoint","urlTemplate":"https:\/\/www.teatrecondal.cat\/es\/?s={search_term_string}"},"query-input":{"@type":"PropertyValueSpecification","valueRequired":true,"valueName":"search_term_string"}}],"inLanguage":"es"},{"@type":"Organization","@id":"https:\/\/www.teatrecondal.cat\/es\/#organization","name":"Teatre Condal","url":"https:\/\/www.teatrecondal.cat\/es\/","logo":{"@type":"ImageObject","inLanguage":"es","@id":"https:\/\/www.teatrecondal.cat\/es\/#\/schema\/logo\/image\/","url":"https:\/\/www.teatrecondal.cat\/wp-content\/uploads\/sites\/3\/2017\/09\/teatre-condal-logo.svg","contentUrl":"https:\/\/www.teatrecondal.cat\/wp-content\/uploads\/sites\/3\/2017\/09\/teatre-condal-logo.svg","width":1,"height":1,"caption":"Teatre Condal"},"image":{"@id":"https:\/\/www.teatrecondal.cat\/es\/#\/schema\/logo\/image\/"},"sameAs":["http:\/\/www.facebook.com\/TeatreCondal","https:\/\/x.com\/Teatre_Condal","http:\/\/instagram.com\/teatre_condal","http:\/\/www.youtube.com\/user\/TeatreCondal"]}]}},"translations":[{"id":5304,"locale":"ca"},{"id":5305,"locale":"es"}],"_links":{"self":[{"href":"https:\/\/www.teatrecondal.cat\/es\/wp-json\/wp\/v2\/ex\/5305","targetHints":{"allow":["GET"]}}],"collection":[{"href":"https:\/\/www.teatrecondal.cat\/es\/wp-json\/wp\/v2\/ex"}],"about":[{"href":"https:\/\/www.teatrecondal.cat\/es\/wp-json\/wp\/v2\/types\/ex"}],"author":[{"embeddable":true,"href":"https:\/\/www.teatrecondal.cat\/es\/wp-json\/wp\/v2\/users\/2"}],"replies":[{"embeddable":true,"href":"https:\/\/www.teatrecondal.cat\/es\/wp-json\/wp\/v2\/comments?post=5305"}],"acf:term":[{"embeddable":true,"taxonomy":"season","href":"https:\/\/www.teatrecondal.cat\/es\/wp-json\/wp\/v2\/season\/95"}],"wp:attachment":[{"href":"https:\/\/www.teatrecondal.cat\/es\/wp-json\/wp\/v2\/media?parent=5305"}],"curies":[{"name":"wp","href":"https:\/\/api.w.org\/{rel}","templated":true}]}}