{"id":5206,"date":"2025-01-14T17:54:00","date_gmt":"2025-01-14T16:54:00","guid":{"rendered":"https:\/\/www.teatrecondal.cat\/ex\/la-extrana-pareja-2\/"},"modified":"2025-01-14T17:54:00","modified_gmt":"2025-01-14T16:54:00","slug":"la-extrana-pareja-2","status":"publish","type":"ex","link":"https:\/\/www.teatrecondal.cat\/es\/ex\/la-extrana-pareja-2\/","title":{"rendered":"La extra\u00f1a pareja"},"content":{"rendered":"","protected":false},"excerpt":{"rendered":"","protected":false},"author":2,"featured_media":0,"comment_status":"closed","ping_status":"closed","template":"","class_list":["post-5206","ex","type-ex","status-publish","hentry","season-2014-15"],"acf":{"txt_synopsis":"<p align=\"justify\">F\u00e9lix es un hombre de mediana edad, meticuloso y obsesionado con el orden y la limpieza, que es expulsado del hogar familiar por su esposa. Ante esta situaci\u00f3n, a F\u00e9lix no le queda otra opci\u00f3n que recurrir a su amigo \u00d3scar, para que le permita compartir su apartamento. El problema llega cuando F\u00e9lix descubre que el car\u00e1cter de \u00d3scar es diametralmente opuesto al suyo, pues se trata de un tipo despreocupado y cr\u00e1pula. La convivencia no ser\u00e1 nada f\u00e1cil.<\/p>\r\n<p align=\"justify\"><strong>Duraci\u00f3n:<\/strong> 2 h&nbsp;y 20 minutos&nbsp;aprox. <\/p>\r\n<p align=\"justify\">&nbsp;<\/p>","main_buy_link":"","main_buy_links":"","group_buy_link":"","show_language":"","show_duration":"","show_start_date":"20140912000000","show_end_date":"20150111000000","show_sort_date":"20140106000000","txt_custom_show_dates":"del 12 de septiembre de 2014 al 11 de enero de 2015 ","show_disciplines":"7","show_ultimes_funcions":false,"hide_tarifes_especials":false,"show_properament":false,"txt_additional_info":"","txt_present":"","show_season":[83],"txt_season":"[\"2014\/15\"]","txt_cycle":"","txt_claim":"","txt_cast_excerpt":"","txt_cast":"","txt_reviews":"","hashtag":"","have_promo":"","slogan":"","id_exhibicio":953,"id_versio":748,"id_local":3,"txt_seo_desc":"","data_images":"[{\"localizer\":\"V2SLIDE\",\"url\":\"media\/ftgalslide\/312BF\/01_076_00030738\/slide.jpg\",\"thumb_url\":\"media\/ftgalslide\/312BF\/01_076_00030738\/slide_thumb.jpg\",\"title\":\"La extra\u00f1a pareja\",\"description\":\"Ensayo con Joan Pera y Antonio Dechent\",\"copyright\":\"https:\/\/www.youtube.com\/watch?v=4T710WdDjOQ\",\"order\":1},{\"localizer\":\"V2CARTELL\",\"url\":\"media\/ver\/cartell\/312BF\/01_079_00030831\/list4.jpg\",\"thumb_url\":\"media\/ver\/cartell\/312BF\/01_079_00030831\/list4_thumb.jpg\",\"title\":\"La extra\u00f1a pareja\",\"description\":\"La extra\u00f1a pareja\",\"copyright\":\"https:\/\/d1wfclq6bigznq.cloudfront.net\/tkrfc\/default\/037pareja.jpg\",\"order\":12},{\"localizer\":\"V2SLIDE\",\"url\":\"media\/ftgalslide\/312C1\/01_076_00031128\/slide01.jpg\",\"thumb_url\":\"media\/ftgalslide\/312C1\/01_076_00031128\/slide01_thumb.jpg\",\"title\":\"La extra\u00f1a pareja\",\"description\":\"Joan Pera y Antonio Dechent\",\"copyright\":\"\",\"order\":14},{\"localizer\":\"V2SLIDE\",\"url\":\"media\/ftgalslide\/312C1\/01_076_00031129\/slide02.jpg\",\"thumb_url\":\"media\/ftgalslide\/312C1\/01_076_00031129\/slide02_thumb.jpg\",\"title\":\"La extra\u00f1a pareja\",\"description\":\"Joan Pera, Antonio Dechent, Enric Boixadera, Enric Llort, Rafa Cruz\",\"copyright\":\"\",\"order\":15},{\"localizer\":\"V2SLIDE\",\"url\":\"media\/ftgalslide\/312C1\/01_076_00031130\/slide03.jpg\",\"thumb_url\":\"media\/ftgalslide\/312C1\/01_076_00031130\/slide03_thumb.jpg\",\"title\":\"La extra\u00f1a pareja\",\"description\":\"Joan Pera y Antonio Dechent\",\"copyright\":\"\",\"order\":16},{\"localizer\":\"V2SLIDE\",\"url\":\"media\/ftgalslide\/312C1\/01_076_00031131\/slide04.jpg\",\"thumb_url\":\"media\/ftgalslide\/312C1\/01_076_00031131\/slide04_thumb.jpg\",\"title\":\"La extra\u00f1a pareja\",\"description\":\"Joan Pera y Antonio Dechent\",\"copyright\":\"\",\"order\":17},{\"localizer\":\"V2SLIDE\",\"url\":\"media\/ftgalslide\/312C1\/01_076_00031132\/slide05.jpg\",\"thumb_url\":\"media\/ftgalslide\/312C1\/01_076_00031132\/slide05_thumb.jpg\",\"title\":\"La extra\u00f1a pareja\",\"description\":\"Joan Pera y Antonio Dechent\",\"copyright\":\"\",\"order\":18},{\"localizer\":\"V2SLIDE\",\"url\":\"media\/ftgalslide\/312C1\/01_076_00031133\/slide06.jpg\",\"thumb_url\":\"media\/ftgalslide\/312C1\/01_076_00031133\/slide06_thumb.jpg\",\"title\":\"La extra\u00f1a pareja\",\"description\":\"Joan Pera y Antonio Dechent\",\"copyright\":\"\",\"order\":19},{\"localizer\":\"V2SLIDE\",\"url\":\"media\/ftgalslide\/312C1\/01_076_00031134\/slide07.jpg\",\"thumb_url\":\"media\/ftgalslide\/312C1\/01_076_00031134\/slide07_thumb.jpg\",\"title\":\"La extra\u00f1a pareja\",\"description\":\"Joan Pera, Antonio Dechent, Marta Domingo, Cristina Sol\u00e0\",\"copyright\":\"\",\"order\":20},{\"localizer\":\"V2SLIDE\",\"url\":\"media\/ftgalslide\/312C1\/01_076_00031135\/slide08.jpg\",\"thumb_url\":\"media\/ftgalslide\/312C1\/01_076_00031135\/slide08_thumb.jpg\",\"title\":\"La extra\u00f1a pareja\",\"description\":\"Joan Pera, Enric Boixadera, Enric Llort, Rafa Cruz, Marta Domingo, Cristina Sol\u00e0\",\"copyright\":\"\",\"order\":21},{\"localizer\":\"VERS_IMATGE_ESPECTACLE\",\"url\":\"media\/ftespect\/312C1\/01_020_00031136\/gal01.jpg\",\"thumb_url\":\"media\/ftespect\/312C1\/01_020_00031136\/gal01_thumb.jpg\",\"title\":\"La extra\u00f1a pareja\",\"description\":\"La extra\u00f1a pareja\",\"copyright\":\"\",\"order\":22},{\"localizer\":\"VERS_IMATGE_ESPECTACLE\",\"url\":\"media\/ftespect\/312C1\/01_020_00031137\/gal02.jpg\",\"thumb_url\":\"media\/ftespect\/312C1\/01_020_00031137\/gal02_thumb.jpg\",\"title\":\"La extra\u00f1a pareja\",\"description\":\"La extra\u00f1a pareja\",\"copyright\":\"\",\"order\":23},{\"localizer\":\"VERS_IMATGE_ESPECTACLE\",\"url\":\"media\/ftespect\/312C1\/01_020_00031138\/gal03.jpg\",\"thumb_url\":\"media\/ftespect\/312C1\/01_020_00031138\/gal03_thumb.jpg\",\"title\":\"La extra\u00f1a pareja\",\"description\":\"La extra\u00f1a pareja\",\"copyright\":\"\",\"order\":24},{\"localizer\":\"VERS_IMATGE_ESPECTACLE\",\"url\":\"media\/ftespect\/312C1\/01_020_00031139\/gal04.jpg\",\"thumb_url\":\"media\/ftespect\/312C1\/01_020_00031139\/gal04_thumb.jpg\",\"title\":\"La extra\u00f1a pareja\",\"description\":\"La extra\u00f1a pareja\",\"copyright\":\"\",\"order\":25},{\"localizer\":\"VERS_IMATGE_ESPECTACLE\",\"url\":\"media\/ftespect\/312C1\/01_020_00031140\/gal05.jpg\",\"thumb_url\":\"media\/ftespect\/312C1\/01_020_00031140\/gal05_thumb.jpg\",\"title\":\"La extra\u00f1a pareja\",\"description\":\"La extra\u00f1a pareja\",\"copyright\":\"\",\"order\":26},{\"localizer\":\"VERS_IMATGE_ESPECTACLE\",\"url\":\"media\/ftespect\/312C1\/01_020_00031141\/gal06.jpg\",\"thumb_url\":\"media\/ftespect\/312C1\/01_020_00031141\/gal06_thumb.jpg\",\"title\":\"La extra\u00f1a pareja\",\"description\":\"La extra\u00f1a pareja\",\"copyright\":\"\",\"order\":27},{\"localizer\":\"VERS_IMATGE_ESPECTACLE\",\"url\":\"media\/ftespect\/312C1\/01_020_00031142\/gal07.jpg\",\"thumb_url\":\"media\/ftespect\/312C1\/01_020_00031142\/gal07_thumb.jpg\",\"title\":\"La extra\u00f1a pareja\",\"description\":\"La extra\u00f1a pareja\",\"copyright\":\"\",\"order\":28},{\"localizer\":\"VERS_IMATGE_ESPECTACLE\",\"url\":\"media\/ftespect\/312C1\/01_020_00031143\/gal08.jpg\",\"thumb_url\":\"media\/ftespect\/312C1\/01_020_00031143\/gal08_thumb.jpg\",\"title\":\"La extra\u00f1a pareja\",\"description\":\"La extra\u00f1a pareja\",\"copyright\":\"\",\"order\":29},{\"localizer\":\"V2PORTADA\",\"url\":\"media\/ver\/port\/312C4\/01_078_00032100\/extranaweb2.jpg\",\"thumb_url\":\"media\/ver\/port\/312C4\/01_078_00032100\/extranaweb2_thumb.jpg\",\"title\":\"La extra\u00f1a pareja\",\"description\":\"La extra\u00f1a pareja\",\"copyright\":\"\",\"order\":35},{\"localizer\":\"V2CARTELLDISTRI\",\"url\":\"media\/cartell\/distrib\/3131F\/01_082_00033449\/listextrana.jpg\",\"thumb_url\":\"media\/cartell\/distrib\/3131F\/01_082_00033449\/listextrana_thumb.jpg\",\"title\":\"La extra\u00f1a pareja\",\"description\":\"La extra\u00f1a pareja\",\"copyright\":\"\",\"order\":36},{\"localizer\":\"V3CARTELL\",\"url\":\"media\/ver\/cartell\/v3\/316A8\/01_085_00058205\/cartell_Extrana_sin_logos.jpg\",\"thumb_url\":\"media\/ver\/cartell\/v3\/316A8\/01_085_00058205\/cartell_Extrana_sin_logos_thumb.jpg\",\"title\":\"Cartel LA EXTRA\u00d1A PAREJA\",\"description\":\"Cartel LA EXTRA\u00d1A PAREJA\",\"copyright\":\"\",\"order\":37}]","material__texto_intro":"","data_material":null,"data_gallery":"","data_discounts":"[{\"InfoAddicional\":\"<p><strong>Descuentos para grupos y escuelas<br \/><\/strong><\/p>\",\"Url\":\"https:\/\/www.promentrada.com\/es\/product\/{#CODI#}\",\"Codi\":\"0\",\"LogoUrl\":\"media\/fimage\/31389\/01_005_00038530\/logo_prome_nuevo_v_web.jpg\",\"TitolBoto\":\"Descuentos para grupos y escuelas\",\"Type\":\"discount\"},{\"InfoAddicional\":\"<p><strong>Descuentos para particulares<br \/><\/strong><\/p>\",\"Url\":\"vip.promentrada.com\/es\/product\/{#CODI#}\",\"Codi\":\"0\",\"LogoUrl\":\"media\/fimage\/31389\/01_005_00038559\/logo_prome_vip_v_web.jpg\",\"TitolBoto\":\"Descuentos para particulares\",\"Type\":\"discount\"},{\"InfoAddicional\":\"<p><strong>NUEVOS DESCUENTOS:<\/strong><\/p><p><strong>Martes, d\u00eda del espectador<\/strong>. Consultar precios<\/p><p><strong>Mayores de 65 a\u00f1os, 15% dto*<br \/>Menores de 30 a\u00f1os, 30% dto*<br \/>Menores de 16 a\u00f1os, 16\u20ac*<br \/>Menores de 12 a\u00f1os, 12\u20ac*<\/strong><\/p><p><em>Los precios&nbsp;y descuentos no tienen los gastos de gesti\u00f3n incluidos<br \/>*Descuento aplicable para todas las funciones excepto algunos festivos y excepto determinados espect\u00e1culos de car\u00e1cter familiar, infantil y otros<\/em><br \/><\/p>\",\"Url\":\"[TEXT]\",\"Codi\":\"0\",\"LogoUrl\":\"\",\"TitolBoto\":\"\",\"Type\":\"discount\"}]","contract_is_open":false,"in_tour":false},"yoast_head":"<!-- This site is optimized with the Yoast SEO plugin v27.5 - https:\/\/yoast.com\/product\/yoast-seo-wordpress\/ -->\n<title>La extra\u00f1a pareja - Teatre Condal<\/title>\n<meta name=\"robots\" content=\"index, follow, max-snippet:-1, max-image-preview:large, max-video-preview:-1\" \/>\n<link rel=\"canonical\" href=\"https:\/\/www.teatrecondal.cat\/es\/ex\/la-extrana-pareja-2\/\" \/>\n<script type=\"application\/ld+json\" class=\"yoast-schema-graph\">{\"@context\":\"https:\\\/\\\/schema.org\",\"@graph\":[{\"@type\":\"WebPage\",\"@id\":\"https:\\\/\\\/www.teatrecondal.cat\\\/es\\\/ex\\\/la-extrana-pareja-2\\\/\",\"url\":\"https:\\\/\\\/www.teatrecondal.cat\\\/es\\\/ex\\\/la-extrana-pareja-2\\\/\",\"name\":\"La extra\u00f1a pareja - Teatre Condal\",\"isPartOf\":{\"@id\":\"https:\\\/\\\/www.teatrecondal.cat\\\/es\\\/#website\"},\"datePublished\":\"2025-01-14T16:54:00+00:00\",\"breadcrumb\":{\"@id\":\"https:\\\/\\\/www.teatrecondal.cat\\\/es\\\/ex\\\/la-extrana-pareja-2\\\/#breadcrumb\"},\"inLanguage\":\"es\",\"potentialAction\":[{\"@type\":\"ReadAction\",\"target\":[\"https:\\\/\\\/www.teatrecondal.cat\\\/es\\\/ex\\\/la-extrana-pareja-2\\\/\"]}]},{\"@type\":\"BreadcrumbList\",\"@id\":\"https:\\\/\\\/www.teatrecondal.cat\\\/es\\\/ex\\\/la-extrana-pareja-2\\\/#breadcrumb\",\"itemListElement\":[{\"@type\":\"ListItem\",\"position\":1,\"name\":\"Inici\",\"item\":\"https:\\\/\\\/www.teatrecondal.cat\\\/es\\\/\"},{\"@type\":\"ListItem\",\"position\":2,\"name\":\"Espectacles\",\"item\":\"https:\\\/\\\/www.teatrecondal.cat\\\/es\\\/ex\\\/\"},{\"@type\":\"ListItem\",\"position\":3,\"name\":\"La extra\u00f1a pareja\"}]},{\"@type\":\"WebSite\",\"@id\":\"https:\\\/\\\/www.teatrecondal.cat\\\/es\\\/#website\",\"url\":\"https:\\\/\\\/www.teatrecondal.cat\\\/es\\\/\",\"name\":\"Teatre Condal\",\"description\":\"\",\"publisher\":{\"@id\":\"https:\\\/\\\/www.teatrecondal.cat\\\/es\\\/#organization\"},\"potentialAction\":[{\"@type\":\"SearchAction\",\"target\":{\"@type\":\"EntryPoint\",\"urlTemplate\":\"https:\\\/\\\/www.teatrecondal.cat\\\/es\\\/?s={search_term_string}\"},\"query-input\":{\"@type\":\"PropertyValueSpecification\",\"valueRequired\":true,\"valueName\":\"search_term_string\"}}],\"inLanguage\":\"es\"},{\"@type\":\"Organization\",\"@id\":\"https:\\\/\\\/www.teatrecondal.cat\\\/es\\\/#organization\",\"name\":\"Teatre Condal\",\"url\":\"https:\\\/\\\/www.teatrecondal.cat\\\/es\\\/\",\"logo\":{\"@type\":\"ImageObject\",\"inLanguage\":\"es\",\"@id\":\"https:\\\/\\\/www.teatrecondal.cat\\\/es\\\/#\\\/schema\\\/logo\\\/image\\\/\",\"url\":\"https:\\\/\\\/www.teatrecondal.cat\\\/wp-content\\\/uploads\\\/sites\\\/3\\\/2017\\\/09\\\/teatre-condal-logo.svg\",\"contentUrl\":\"https:\\\/\\\/www.teatrecondal.cat\\\/wp-content\\\/uploads\\\/sites\\\/3\\\/2017\\\/09\\\/teatre-condal-logo.svg\",\"width\":1,\"height\":1,\"caption\":\"Teatre Condal\"},\"image\":{\"@id\":\"https:\\\/\\\/www.teatrecondal.cat\\\/es\\\/#\\\/schema\\\/logo\\\/image\\\/\"},\"sameAs\":[\"http:\\\/\\\/www.facebook.com\\\/TeatreCondal\",\"https:\\\/\\\/x.com\\\/Teatre_Condal\",\"http:\\\/\\\/instagram.com\\\/teatre_condal\",\"http:\\\/\\\/www.youtube.com\\\/user\\\/TeatreCondal\"]}]}<\/script>\n<!-- \/ Yoast SEO plugin. -->","yoast_head_json":{"title":"La extra\u00f1a pareja - Teatre Condal","robots":{"index":"index","follow":"follow","max-snippet":"max-snippet:-1","max-image-preview":"max-image-preview:large","max-video-preview":"max-video-preview:-1"},"canonical":"https:\/\/www.teatrecondal.cat\/es\/ex\/la-extrana-pareja-2\/","schema":{"@context":"https:\/\/schema.org","@graph":[{"@type":"WebPage","@id":"https:\/\/www.teatrecondal.cat\/es\/ex\/la-extrana-pareja-2\/","url":"https:\/\/www.teatrecondal.cat\/es\/ex\/la-extrana-pareja-2\/","name":"La extra\u00f1a pareja - Teatre Condal","isPartOf":{"@id":"https:\/\/www.teatrecondal.cat\/es\/#website"},"datePublished":"2025-01-14T16:54:00+00:00","breadcrumb":{"@id":"https:\/\/www.teatrecondal.cat\/es\/ex\/la-extrana-pareja-2\/#breadcrumb"},"inLanguage":"es","potentialAction":[{"@type":"ReadAction","target":["https:\/\/www.teatrecondal.cat\/es\/ex\/la-extrana-pareja-2\/"]}]},{"@type":"BreadcrumbList","@id":"https:\/\/www.teatrecondal.cat\/es\/ex\/la-extrana-pareja-2\/#breadcrumb","itemListElement":[{"@type":"ListItem","position":1,"name":"Inici","item":"https:\/\/www.teatrecondal.cat\/es\/"},{"@type":"ListItem","position":2,"name":"Espectacles","item":"https:\/\/www.teatrecondal.cat\/es\/ex\/"},{"@type":"ListItem","position":3,"name":"La extra\u00f1a pareja"}]},{"@type":"WebSite","@id":"https:\/\/www.teatrecondal.cat\/es\/#website","url":"https:\/\/www.teatrecondal.cat\/es\/","name":"Teatre Condal","description":"","publisher":{"@id":"https:\/\/www.teatrecondal.cat\/es\/#organization"},"potentialAction":[{"@type":"SearchAction","target":{"@type":"EntryPoint","urlTemplate":"https:\/\/www.teatrecondal.cat\/es\/?s={search_term_string}"},"query-input":{"@type":"PropertyValueSpecification","valueRequired":true,"valueName":"search_term_string"}}],"inLanguage":"es"},{"@type":"Organization","@id":"https:\/\/www.teatrecondal.cat\/es\/#organization","name":"Teatre Condal","url":"https:\/\/www.teatrecondal.cat\/es\/","logo":{"@type":"ImageObject","inLanguage":"es","@id":"https:\/\/www.teatrecondal.cat\/es\/#\/schema\/logo\/image\/","url":"https:\/\/www.teatrecondal.cat\/wp-content\/uploads\/sites\/3\/2017\/09\/teatre-condal-logo.svg","contentUrl":"https:\/\/www.teatrecondal.cat\/wp-content\/uploads\/sites\/3\/2017\/09\/teatre-condal-logo.svg","width":1,"height":1,"caption":"Teatre Condal"},"image":{"@id":"https:\/\/www.teatrecondal.cat\/es\/#\/schema\/logo\/image\/"},"sameAs":["http:\/\/www.facebook.com\/TeatreCondal","https:\/\/x.com\/Teatre_Condal","http:\/\/instagram.com\/teatre_condal","http:\/\/www.youtube.com\/user\/TeatreCondal"]}]}},"translations":[{"id":5205,"locale":"ca"},{"id":5206,"locale":"es"}],"_links":{"self":[{"href":"https:\/\/www.teatrecondal.cat\/es\/wp-json\/wp\/v2\/ex\/5206","targetHints":{"allow":["GET"]}}],"collection":[{"href":"https:\/\/www.teatrecondal.cat\/es\/wp-json\/wp\/v2\/ex"}],"about":[{"href":"https:\/\/www.teatrecondal.cat\/es\/wp-json\/wp\/v2\/types\/ex"}],"author":[{"embeddable":true,"href":"https:\/\/www.teatrecondal.cat\/es\/wp-json\/wp\/v2\/users\/2"}],"replies":[{"embeddable":true,"href":"https:\/\/www.teatrecondal.cat\/es\/wp-json\/wp\/v2\/comments?post=5206"}],"acf:term":[{"embeddable":true,"taxonomy":"season","href":"https:\/\/www.teatrecondal.cat\/es\/wp-json\/wp\/v2\/season\/83"}],"wp:attachment":[{"href":"https:\/\/www.teatrecondal.cat\/es\/wp-json\/wp\/v2\/media?parent=5206"}],"curies":[{"name":"wp","href":"https:\/\/api.w.org\/{rel}","templated":true}]}}