{"id":5073,"date":"2024-07-24T16:45:42","date_gmt":"2024-07-24T14:45:42","guid":{"rendered":"https:\/\/www.teatrecondal.cat\/ex\/artemis-2\/"},"modified":"2026-01-21T11:17:11","modified_gmt":"2026-01-21T10:17:11","slug":"artemis-3","status":"publish","type":"ex","link":"https:\/\/www.teatrecondal.cat\/es\/ex\/artemis-3\/","title":{"rendered":"Artemis"},"content":{"rendered":"","protected":false},"excerpt":{"rendered":"","protected":false},"author":2,"featured_media":0,"comment_status":"closed","ping_status":"closed","template":"","class_list":["post-5073","ex","type-ex","status-publish","hentry","season-2024-25-es"],"acf":{"txt_synopsis":"<p><strong>Un mon\u00f3logo musical como no lo has visto nunca escrito, compuesto e interpretado por una sola actriz en escena con m\u00fasica en directo <\/strong><\/p>\r\n<p>Una hija que est\u00e1 demasiado en la luna y una madre que tiene los pies en el suelo. \u00c9sta es la historia de un trauma compartido, de soledad y de superaci\u00f3n de una familia monomarental que emocion\u00f3 a los espectadores del concurso RIIING del festival GREC de Barcelona.<br \/><br \/>Diana es la protagonista de esta explosi\u00f3n cargada de comicidad, m\u00fasica y efectos audiovisuales a cargo de una sola int\u00e9rprete, Mireia Morera, autora y compositora de la pieza y miembro de la C\u00eda Geminis.&nbsp; <br \/><br \/>En un tiempo en el que las generaciones adultas y las j\u00f3venes no se encuentran, este relato tiene el objetivo de tender puentes y reivindicar el hecho de hacer las paces con la familia, la figura de la mujer creadora, los referentes LGTBIQ+ y la importancia de la salud mental. <\/p>\r\n<p>&nbsp;<\/p>","main_buy_link":"","main_buy_links":"","group_buy_link":"","show_language":"Espect\u00e1culo en catal\u00e1n ","show_duration":"80","show_start_date":"20241008000000","show_end_date":"20241015000000","show_sort_date":"20241008000000","txt_custom_show_dates":"del 8 al 15 de octubre de 2024 ","show_disciplines":"6","show_ultimes_funcions":false,"hide_tarifes_especials":false,"show_properament":false,"txt_additional_info":"<ul>\r\n<li>Recomendado a partir de 12 a\u00f1os <\/li><\/ul>","txt_present":"","show_season":[95],"txt_season":"[\"2024\/25\"]","txt_cycle":"EnParal\u00b7lel","txt_claim":"Un musical de peque\u00f1o formato que habla del amor adolescente, el futuro o las relaciones familiares, a partir de los c\u00f3digos del cine de ciencia ficci\u00f3n. Una peque\u00f1a joya.","txt_cast_excerpt":"","txt_cast":"<p>Autor\u00eda, dramaturgia y composici\u00f3n:<strong> Mireia Morera&nbsp; <br \/><\/strong>Direcci\u00f3n: <strong>Pol Sanuy <\/strong><\/p>\r\n<p>Int\u00e9rprete:<strong> Mireia Morera&nbsp; <\/strong><\/p>\r\n<p>Dise\u00f1o de escenograf\u00eda y vestuario:<strong> Joana Mart\u00ed <br \/><\/strong>Dise\u00f1o de iluminaci\u00f3n:<strong> Ramon Ramiro <br \/><\/strong>Dise\u00f1o de espacio sonoro: <strong>Mireia Morera y Marc Urrutia <br \/><\/strong>Dise\u00f1o de sonido y producci\u00f3n musical: <strong>Marc Urrutia <br \/><\/strong>Dise\u00f1o de movimiento:<strong> Pol Rosell\u00f3 <br \/><\/strong>Dise\u00f1o de audiovisuales y proyecciones: <strong>Octavi Brull Blanes y Beatriz P\u00e9rez Mart\u00edn <\/strong><\/p>\r\n<p>Jefa de producci\u00f3n: <strong>Daria Nicolau <br \/><\/strong>Ayudantes de producci\u00f3n:<strong> Maria Carceller y J\u00falia Guimer\u00e0 <\/strong><\/p>\r\n<p>Asesor\u00eda art\u00edstica: <strong>Jumon Erra <br \/><\/strong>Jefe t\u00e9cnico del teatro:<strong> Jordi Ballb\u00e9&nbsp; <br \/><\/strong>T\u00e9cnicos del teatro: <strong>Aleix Arbon\u00e8s y V\u00edctor Bartolom\u00e9&nbsp;&nbsp;<\/strong><\/p>\r\n<p>M\u00e1rquetin y comunicaci\u00f3n: <strong>Focus y Helena Cort\u00e9s <br \/><\/strong>Reportaje fotogr\u00e1fico: <strong>Ana\u00efs Loran <br \/><\/strong>Dise\u00f1o de imagen: <strong>Laia Nogueras <br \/><\/strong>Dise\u00f1o gr\u00e1fico: <strong>Mireia Sintes <br \/><\/strong>Aplicaciones gr\u00e1ficas: <strong>Focus <br \/><\/strong>Teaser y videoclip: <strong>Marta Mojal y Laia Gil <br \/><\/strong>Caracterizaci\u00f3n promo:<strong> Sara Rodr\u00edguez <\/strong><\/p>\r\n<p>Con el apoyo de<strong> Carlos Latre <\/strong><\/p>\r\n<p>Mecenas:<strong> Ertal Entertainment <br \/><\/strong>Voz en off: <strong>David Moreno <br \/><\/strong>Espect\u00e1culo residente en <strong>Viu el Teatre! <\/strong><\/p>\r\n<p>Agradecimientos: <strong>Abril Elies, Agust\u00ed Morera, Carles Roca, Carlos Latre, Daniel Angl\u00e8s, Escola Aules \u00b7 Arts Esc\u00e8niques, Ferran Conangla, Felipe Montecinos, Helena Cort\u00e9s, Institut Jaume Viladoms, Joel Pardell, Lara Alemany, Laura Rinc\u00f3n, Llu\u00efsos d'Horta, Mart\u00ed Boixader, Pepe\u00fa Guardiola, RIIING Els Musicals que truquen a la porta y SUS 4 <\/strong><\/p>\r\n<p>Distribuci\u00f3n: <strong>Mediterr\u00e1nea<\/strong> <\/p>\r\n<p>Es una coproducci\u00f3n de <strong>Cia Geminis, Mediterr\u00e1nea y Grec 2024 Festival Barcelona&nbsp;&nbsp; <\/strong><\/p>","txt_reviews":"Marcos Mu\u00f1oz|En Platea|\"Un trabajo en escena maratoniano de Mireia Morera, que est\u00e1 divertida y tiene una poderosa voz\" \r\nLaia Garriga|Metr\u00f3poli Abierta-El Espa\u00f1ol|\u201cUna pieza interesante y original con unas canciones que no olvidar\u00e1s\u201d\r\nJaume For\u00e9s i Juliana|N\u00favol|\u201cUn verdadero tour de force musical hecho por y para la generaci\u00f3n Z. Sus j\u00f3venes creadores saben c\u00f3mo conectar con sus coet\u00e1neos\u201d ","hashtag":"Artemis","have_promo":"","slogan":"","id_exhibicio":2175,"id_versio":1695,"id_local":3,"txt_seo_desc":"","data_images":"[{\"localizer\":\"V3CARTELL\",\"url\":\"media\/ver\/cartell\/v3\/316A7\/01_085_00058044\/v-artemis-grec-teatre-condal.jpg\",\"thumb_url\":\"media\/ver\/cartell\/v3\/316A7\/01_085_00058044\/v-artemis-grec-teatre-condal_thumb.jpg\",\"title\":\"Cartel Artemis\",\"description\":\"Cartel Artemis\",\"copyright\":\"\",\"order\":12},{\"localizer\":\"V3SLIDE\",\"url\":\"media\/ftgalslide\/v3\/316A7\/01_086_00058111\/Artemis_AnaisLoran_002.jpg\",\"thumb_url\":\"media\/ftgalslide\/v3\/316A7\/01_086_00058111\/Artemis_AnaisLoran_002_thumb.jpg\",\"title\":\"Artemis - Teatre Condal\",\"description\":\"Artemis al teatre condal de barcelona\",\"copyright\":\"\",\"order\":13},{\"localizer\":\"V3SLIDE\",\"url\":\"media\/ftgalslide\/v3\/316A7\/01_086_00058112\/Artemis_AnaisLoran_009.jpg\",\"thumb_url\":\"media\/ftgalslide\/v3\/316A7\/01_086_00058112\/Artemis_AnaisLoran_009_thumb.jpg\",\"title\":\"Artemis - Teatre Condal\",\"description\":\"artemis al teatre condal de barcelona\",\"copyright\":\"https:\/\/youtu.be\/wbPJm0gxNjA\",\"order\":14},{\"localizer\":\"V3SLIDE\",\"url\":\"media\/ftgalslide\/v3\/316A7\/01_086_00058113\/Artemis_AnaisLoran_008.jpg\",\"thumb_url\":\"media\/ftgalslide\/v3\/316A7\/01_086_00058113\/Artemis_AnaisLoran_008_thumb.jpg\",\"title\":\"Artemis - Teatre Condal\",\"description\":\"Artemis al teatre condal de barcelona\",\"copyright\":\"\",\"order\":15},{\"localizer\":\"V4PORTADA\",\"url\":\"media\/ver\/port\/v4\/3170D\/01_090_00059229\/Portada-1-artemis-condal-rbls.jpg\",\"thumb_url\":\"\",\"title\":\"Artemis - Teatre Goya\",\"description\":\"artemis al teatre goya\",\"copyright\":\"\",\"order\":20},{\"localizer\":\"V4PORTADAWIDEMOBILE\",\"url\":\"media\/ver\/port\/wide\/mobile\/v4\/3170D\/01_092_00059230\/Portada-mobile-artemis-condal-rbls.jpg\",\"thumb_url\":\"\",\"title\":\"Artemis - Teatre Goya\",\"description\":\"artemis al teatre goya\",\"copyright\":\"\",\"order\":21},{\"localizer\":\"V4CARTELL\",\"url\":\"media\/ver\/cartell\/v4\/3170D\/01_089_00059231\/Cartell-web-artemis-condal-rbls.jpg\",\"thumb_url\":\"\",\"title\":\"Artemis - Teatre Goya\",\"description\":\"artemis al teatre goya\",\"copyright\":\"\",\"order\":22}]","material__texto_intro":"","data_material":null,"data_gallery":"","data_discounts":"[]","contract_is_open":true,"in_tour":false},"yoast_head":"<!-- This site is optimized with the Yoast SEO plugin v27.5 - https:\/\/yoast.com\/product\/yoast-seo-wordpress\/ -->\n<title>Artemis - Teatre Condal<\/title>\n<meta name=\"robots\" content=\"index, follow, max-snippet:-1, max-image-preview:large, max-video-preview:-1\" \/>\n<link rel=\"canonical\" href=\"https:\/\/www.teatrecondal.cat\/es\/ex\/artemis-3\/\" \/>\n<script type=\"application\/ld+json\" class=\"yoast-schema-graph\">{\"@context\":\"https:\\\/\\\/schema.org\",\"@graph\":[{\"@type\":\"WebPage\",\"@id\":\"https:\\\/\\\/www.teatrecondal.cat\\\/es\\\/ex\\\/artemis-3\\\/\",\"url\":\"https:\\\/\\\/www.teatrecondal.cat\\\/es\\\/ex\\\/artemis-3\\\/\",\"name\":\"Artemis - Teatre Condal\",\"isPartOf\":{\"@id\":\"https:\\\/\\\/www.teatrecondal.cat\\\/es\\\/#website\"},\"datePublished\":\"2024-07-24T14:45:42+00:00\",\"dateModified\":\"2026-01-21T10:17:11+00:00\",\"breadcrumb\":{\"@id\":\"https:\\\/\\\/www.teatrecondal.cat\\\/es\\\/ex\\\/artemis-3\\\/#breadcrumb\"},\"inLanguage\":\"es\",\"potentialAction\":[{\"@type\":\"ReadAction\",\"target\":[\"https:\\\/\\\/www.teatrecondal.cat\\\/es\\\/ex\\\/artemis-3\\\/\"]}]},{\"@type\":\"BreadcrumbList\",\"@id\":\"https:\\\/\\\/www.teatrecondal.cat\\\/es\\\/ex\\\/artemis-3\\\/#breadcrumb\",\"itemListElement\":[{\"@type\":\"ListItem\",\"position\":1,\"name\":\"Inici\",\"item\":\"https:\\\/\\\/www.teatrecondal.cat\\\/es\\\/\"},{\"@type\":\"ListItem\",\"position\":2,\"name\":\"Espectacles\",\"item\":\"https:\\\/\\\/www.teatrecondal.cat\\\/es\\\/ex\\\/\"},{\"@type\":\"ListItem\",\"position\":3,\"name\":\"Artemis\"}]},{\"@type\":\"WebSite\",\"@id\":\"https:\\\/\\\/www.teatrecondal.cat\\\/es\\\/#website\",\"url\":\"https:\\\/\\\/www.teatrecondal.cat\\\/es\\\/\",\"name\":\"Teatre Condal\",\"description\":\"\",\"publisher\":{\"@id\":\"https:\\\/\\\/www.teatrecondal.cat\\\/es\\\/#organization\"},\"potentialAction\":[{\"@type\":\"SearchAction\",\"target\":{\"@type\":\"EntryPoint\",\"urlTemplate\":\"https:\\\/\\\/www.teatrecondal.cat\\\/es\\\/?s={search_term_string}\"},\"query-input\":{\"@type\":\"PropertyValueSpecification\",\"valueRequired\":true,\"valueName\":\"search_term_string\"}}],\"inLanguage\":\"es\"},{\"@type\":\"Organization\",\"@id\":\"https:\\\/\\\/www.teatrecondal.cat\\\/es\\\/#organization\",\"name\":\"Teatre Condal\",\"url\":\"https:\\\/\\\/www.teatrecondal.cat\\\/es\\\/\",\"logo\":{\"@type\":\"ImageObject\",\"inLanguage\":\"es\",\"@id\":\"https:\\\/\\\/www.teatrecondal.cat\\\/es\\\/#\\\/schema\\\/logo\\\/image\\\/\",\"url\":\"https:\\\/\\\/www.teatrecondal.cat\\\/wp-content\\\/uploads\\\/sites\\\/3\\\/2017\\\/09\\\/teatre-condal-logo.svg\",\"contentUrl\":\"https:\\\/\\\/www.teatrecondal.cat\\\/wp-content\\\/uploads\\\/sites\\\/3\\\/2017\\\/09\\\/teatre-condal-logo.svg\",\"width\":1,\"height\":1,\"caption\":\"Teatre Condal\"},\"image\":{\"@id\":\"https:\\\/\\\/www.teatrecondal.cat\\\/es\\\/#\\\/schema\\\/logo\\\/image\\\/\"},\"sameAs\":[\"http:\\\/\\\/www.facebook.com\\\/TeatreCondal\",\"https:\\\/\\\/x.com\\\/Teatre_Condal\",\"http:\\\/\\\/instagram.com\\\/teatre_condal\",\"http:\\\/\\\/www.youtube.com\\\/user\\\/TeatreCondal\"]}]}<\/script>\n<!-- \/ Yoast SEO plugin. -->","yoast_head_json":{"title":"Artemis - Teatre Condal","robots":{"index":"index","follow":"follow","max-snippet":"max-snippet:-1","max-image-preview":"max-image-preview:large","max-video-preview":"max-video-preview:-1"},"canonical":"https:\/\/www.teatrecondal.cat\/es\/ex\/artemis-3\/","schema":{"@context":"https:\/\/schema.org","@graph":[{"@type":"WebPage","@id":"https:\/\/www.teatrecondal.cat\/es\/ex\/artemis-3\/","url":"https:\/\/www.teatrecondal.cat\/es\/ex\/artemis-3\/","name":"Artemis - Teatre Condal","isPartOf":{"@id":"https:\/\/www.teatrecondal.cat\/es\/#website"},"datePublished":"2024-07-24T14:45:42+00:00","dateModified":"2026-01-21T10:17:11+00:00","breadcrumb":{"@id":"https:\/\/www.teatrecondal.cat\/es\/ex\/artemis-3\/#breadcrumb"},"inLanguage":"es","potentialAction":[{"@type":"ReadAction","target":["https:\/\/www.teatrecondal.cat\/es\/ex\/artemis-3\/"]}]},{"@type":"BreadcrumbList","@id":"https:\/\/www.teatrecondal.cat\/es\/ex\/artemis-3\/#breadcrumb","itemListElement":[{"@type":"ListItem","position":1,"name":"Inici","item":"https:\/\/www.teatrecondal.cat\/es\/"},{"@type":"ListItem","position":2,"name":"Espectacles","item":"https:\/\/www.teatrecondal.cat\/es\/ex\/"},{"@type":"ListItem","position":3,"name":"Artemis"}]},{"@type":"WebSite","@id":"https:\/\/www.teatrecondal.cat\/es\/#website","url":"https:\/\/www.teatrecondal.cat\/es\/","name":"Teatre Condal","description":"","publisher":{"@id":"https:\/\/www.teatrecondal.cat\/es\/#organization"},"potentialAction":[{"@type":"SearchAction","target":{"@type":"EntryPoint","urlTemplate":"https:\/\/www.teatrecondal.cat\/es\/?s={search_term_string}"},"query-input":{"@type":"PropertyValueSpecification","valueRequired":true,"valueName":"search_term_string"}}],"inLanguage":"es"},{"@type":"Organization","@id":"https:\/\/www.teatrecondal.cat\/es\/#organization","name":"Teatre Condal","url":"https:\/\/www.teatrecondal.cat\/es\/","logo":{"@type":"ImageObject","inLanguage":"es","@id":"https:\/\/www.teatrecondal.cat\/es\/#\/schema\/logo\/image\/","url":"https:\/\/www.teatrecondal.cat\/wp-content\/uploads\/sites\/3\/2017\/09\/teatre-condal-logo.svg","contentUrl":"https:\/\/www.teatrecondal.cat\/wp-content\/uploads\/sites\/3\/2017\/09\/teatre-condal-logo.svg","width":1,"height":1,"caption":"Teatre Condal"},"image":{"@id":"https:\/\/www.teatrecondal.cat\/es\/#\/schema\/logo\/image\/"},"sameAs":["http:\/\/www.facebook.com\/TeatreCondal","https:\/\/x.com\/Teatre_Condal","http:\/\/instagram.com\/teatre_condal","http:\/\/www.youtube.com\/user\/TeatreCondal"]}]}},"translations":[{"id":5072,"locale":"ca"},{"id":5073,"locale":"es"}],"_links":{"self":[{"href":"https:\/\/www.teatrecondal.cat\/es\/wp-json\/wp\/v2\/ex\/5073","targetHints":{"allow":["GET"]}}],"collection":[{"href":"https:\/\/www.teatrecondal.cat\/es\/wp-json\/wp\/v2\/ex"}],"about":[{"href":"https:\/\/www.teatrecondal.cat\/es\/wp-json\/wp\/v2\/types\/ex"}],"author":[{"embeddable":true,"href":"https:\/\/www.teatrecondal.cat\/es\/wp-json\/wp\/v2\/users\/2"}],"replies":[{"embeddable":true,"href":"https:\/\/www.teatrecondal.cat\/es\/wp-json\/wp\/v2\/comments?post=5073"}],"acf:term":[{"embeddable":true,"taxonomy":"season","href":"https:\/\/www.teatrecondal.cat\/es\/wp-json\/wp\/v2\/season\/95"}],"wp:attachment":[{"href":"https:\/\/www.teatrecondal.cat\/es\/wp-json\/wp\/v2\/media?parent=5073"}],"curies":[{"name":"wp","href":"https:\/\/api.w.org\/{rel}","templated":true}]}}