{"id":5055,"date":"2024-06-27T11:33:52","date_gmt":"2024-06-27T09:33:52","guid":{"rendered":"https:\/\/www.teatrecondal.cat\/?post_type=ex&#038;p=5055"},"modified":"2024-11-29T14:05:08","modified_gmt":"2024-11-29T13:05:08","slug":"del-deporte-tambien-se-sale","status":"publish","type":"ex","link":"https:\/\/www.teatrecondal.cat\/es\/ex\/del-deporte-tambien-se-sale\/","title":{"rendered":"Del deporte tambi\u00e9n se sale"},"content":{"rendered":"","protected":false},"excerpt":{"rendered":"","protected":false},"author":2,"featured_media":0,"comment_status":"closed","ping_status":"closed","template":"","class_list":["post-5055","ex","type-ex","status-publish","hentry","season-2024-25-es"],"acf":{"txt_synopsis":"<p><strong>Un mon\u00f3logo motivacional sobre la necesidad (o no) de practicar deporte.<\/strong><\/p>\r\n<p>\u00a1Buenas! Soy Javi, de verdad, esto lo escribo \u201cde mi pa\u2019ti\". Lo que est\u00e1s leyendo es la sinopsis de mi nuevo show, normalmente esto se escribe para explicar un poco de qu\u00e9 va el espect\u00e1culo, pero yo adem\u00e1s aprovecho para saludarte y darte la bienvenida.&nbsp; <\/p>\r\n<p>Te cuento un poco: considero deportista de \u00e9lite desde el que lleva a\u00f1os pensando en apuntarse a un gimnasio hasta el que gana la Vuelta Espa\u00f1a. Una vez tenemos claro de que eres uno de los \u201cdeportistas de \u00e9lite\u201d elegidos para formar parte de mi show, voy a ser totalmente sincero; en este espect\u00e1culo hablo de mi relaci\u00f3n amor\/odio con el deporte y de la fiebre deportiva que nos rodea, los dos sabemos que la gente se est\u00e1 volviendo loca, puede que seas uno de ellos, pero t\u00fa molas, los otros no tanto. <\/p>\r\n<p>Te voy a explicar en confianza experiencias en las que estoy seguro de que te vas a sentir identificado, entiendo que no lo llegues a reconocer nunca por mantener tu dignidad, hazlo t\u00fa, que todav\u00eda puedes. Adem\u00e1s, te voy a colar muchas cosas m\u00e1s: traumas provocados por mis relaciones sentimentales a lo largo de mi vida, liadas de familia, actualidad sobre programas de televisi\u00f3n... <\/p>\r\n<p>Si vienes a verme por haber le\u00eddo esto, al terminar el show me dices \u201cVengo por lo que t\u00fa y yo sabemos.\u201d Te prometo que lo que pase en el show, se queda en el show, por mi parte, t\u00fa puedes contar todo lo que quieras al salir. Seguramente has le\u00eddo sinopsis mucho m\u00e1s chulas, pero el tema es que lo he dado todo montando el show y a esto ya he llegado \u201cmu cansao\u201d. <\/p>\r\n<p>\u00a1Te espero en el teatro! <\/p>","main_buy_link":"https:\/\/proticketing.com\/teatrecondal\/es_ES\/entradas\/evento\/38344","main_buy_links":"[\"https:\/\/proticketing.com\/teatrecondal\/es_ES\/entradas\/evento\/38344\"]","group_buy_link":"","show_language":"Espect\u00e1culo en castellano ","show_duration":"","show_start_date":"20240927000000","show_end_date":"20241129000000","show_sort_date":"20240927000000","txt_custom_show_dates":"del 27 de septiembre al 29 de noviembre de 2024 ","show_disciplines":"12","show_ultimes_funcions":false,"hide_tarifes_especials":true,"show_properament":false,"txt_additional_info":"<ul>\r\n<li><i class=\"fa fa-deaf fa-2x fa-fw\"><\/i>Edad recomendada a partir de 16 a\u00f1os. <\/li><\/ul>\r\n<p><\/p>","txt_present":"","show_season":[95],"txt_season":"[\"2024\/25\"]","txt_cycle":"M\u00f2nolegs","txt_claim":"","txt_cast_excerpt":"","txt_cast":"<p>Autor\u00eda, direcci\u00f3n e interpretaci\u00f3n: <strong>Javi Sancho&nbsp;&nbsp;<\/strong><\/p>\r\n<p>Jefe t\u00e9cnico del teatro: <strong>Jordi Ballb<\/strong>\u00e9\u202f&nbsp; <br \/>T\u00e9cnicos del teatro: <strong>Aleix Arbon\u00e8s y V\u00edctor Bartolom\u00e9\u202f <\/strong><\/p>\r\n<p>M\u00e1rquetin y comunicaci\u00f3n: <strong>Focus&nbsp;&nbsp;&nbsp;<\/strong> <\/p>\r\n<p>Distribuci\u00f3n: <strong>MPC (Management i Produccions Culturals, SL)<\/strong> <\/p>\r\n<p>Es una producci\u00f3n de<strong> MPC (Management i Produccions Culturals, SL) <\/strong><\/p>","txt_reviews":"","hashtag":"DelDeporteTambienSeSale","have_promo":"","slogan":"","id_exhibicio":2164,"id_versio":1712,"id_local":3,"txt_seo_desc":"Del deporte tambi\u00e9n se sale al Teatre Condal de Barcelona","data_images":"[{\"localizer\":\"V4PORTADAWIDE\",\"url\":\"media\/ver\/port\/wide\/v4\/316A6\/01_091_00058004\/Portada-0-del-deporte-tambien-se-sale-condal.jpg\",\"thumb_url\":\"\",\"title\":\"Del deporte tambi\u00e9n se sale al Teatre Condal de Barcelona\",\"description\":\"del deporte tambi\u00e9n se sale al teatre condal de barcelona\",\"copyright\":\"\",\"order\":1},{\"localizer\":\"V4CARTELL\",\"url\":\"media\/ver\/cartell\/v4\/316A6\/01_089_00058006\/Cartell_Web-del-deporte-tambien-se-sale-condal.jpg\",\"thumb_url\":\"\",\"title\":\"Del deporte tambi\u00e9n se sale al Teatre Condal de Barcelona\",\"description\":\"del deporte tambi\u00e9n se sale al teatre condal de barcelona\",\"copyright\":\"\",\"order\":3},{\"localizer\":\"V3SLIDE\",\"url\":\"media\/ftgalslide\/v3\/316A6\/01_086_00058008\/1600x900_JaviSancho2.jpg\",\"thumb_url\":\"media\/ftgalslide\/v3\/316A6\/01_086_00058008\/1600x900_JaviSancho2_thumb.jpg\",\"title\":\"Del Deporte Tambi\u00e9n se Sale al Teatre Condal de Barcelona\",\"description\":\"del deporte tambien se sale al teatre condal de barcelona\",\"copyright\":\"https:\/\/www.youtube.com\/watch?v=ShPzugZDKW4\",\"order\":5},{\"localizer\":\"V4PORTADAWIDEMOBILE\",\"url\":\"media\/ver\/port\/wide\/mobile\/v4\/316A8\/01_092_00058184\/Portada-mobile-del-deporte-tambien-se-sale-condal.jpg\",\"thumb_url\":\"\",\"title\":\"Del deporte tambien se sale - Teatre Condal\",\"description\":\"del deporte tambien se sale en el teatre condal\",\"copyright\":\"\",\"order\":6},{\"localizer\":\"V4PORTADA\",\"url\":\"media\/ver\/port\/v4\/316AB\/01_090_00058540\/01_DelDeporte_Portada_1.jpg\",\"thumb_url\":\"\",\"title\":\"Del deporte tambi\u00e9n se sale - Teatre Condal\",\"description\":\"del deporte tambi\u00e9n se sale en el teatre condal\",\"copyright\":\"\",\"order\":7}]","material__texto_intro":"","data_material":null,"data_gallery":"","data_discounts":"[]","contract_is_open":false,"in_tour":false},"yoast_head":"<!-- This site is optimized with the Yoast SEO plugin v27.5 - https:\/\/yoast.com\/product\/yoast-seo-wordpress\/ -->\n<title>Del deporte tambi\u00e9n se sale - Teatre Condal<\/title>\n<meta name=\"robots\" content=\"index, follow, max-snippet:-1, max-image-preview:large, max-video-preview:-1\" \/>\n<link rel=\"canonical\" href=\"https:\/\/www.teatrecondal.cat\/es\/ex\/del-deporte-tambien-se-sale\/\" \/>\n<script type=\"application\/ld+json\" class=\"yoast-schema-graph\">{\"@context\":\"https:\\\/\\\/schema.org\",\"@graph\":[{\"@type\":\"WebPage\",\"@id\":\"https:\\\/\\\/www.teatrecondal.cat\\\/es\\\/ex\\\/del-deporte-tambien-se-sale\\\/\",\"url\":\"https:\\\/\\\/www.teatrecondal.cat\\\/es\\\/ex\\\/del-deporte-tambien-se-sale\\\/\",\"name\":\"Del deporte tambi\u00e9n se sale - Teatre Condal\",\"isPartOf\":{\"@id\":\"https:\\\/\\\/www.teatrecondal.cat\\\/es\\\/#website\"},\"datePublished\":\"2024-06-27T09:33:52+00:00\",\"dateModified\":\"2024-11-29T13:05:08+00:00\",\"breadcrumb\":{\"@id\":\"https:\\\/\\\/www.teatrecondal.cat\\\/es\\\/ex\\\/del-deporte-tambien-se-sale\\\/#breadcrumb\"},\"inLanguage\":\"es\",\"potentialAction\":[{\"@type\":\"ReadAction\",\"target\":[\"https:\\\/\\\/www.teatrecondal.cat\\\/es\\\/ex\\\/del-deporte-tambien-se-sale\\\/\"]}]},{\"@type\":\"BreadcrumbList\",\"@id\":\"https:\\\/\\\/www.teatrecondal.cat\\\/es\\\/ex\\\/del-deporte-tambien-se-sale\\\/#breadcrumb\",\"itemListElement\":[{\"@type\":\"ListItem\",\"position\":1,\"name\":\"Inici\",\"item\":\"https:\\\/\\\/www.teatrecondal.cat\\\/es\\\/\"},{\"@type\":\"ListItem\",\"position\":2,\"name\":\"Espectacles\",\"item\":\"https:\\\/\\\/www.teatrecondal.cat\\\/es\\\/ex\\\/\"},{\"@type\":\"ListItem\",\"position\":3,\"name\":\"Del deporte tambi\u00e9n se sale\"}]},{\"@type\":\"WebSite\",\"@id\":\"https:\\\/\\\/www.teatrecondal.cat\\\/es\\\/#website\",\"url\":\"https:\\\/\\\/www.teatrecondal.cat\\\/es\\\/\",\"name\":\"Teatre Condal\",\"description\":\"\",\"publisher\":{\"@id\":\"https:\\\/\\\/www.teatrecondal.cat\\\/es\\\/#organization\"},\"potentialAction\":[{\"@type\":\"SearchAction\",\"target\":{\"@type\":\"EntryPoint\",\"urlTemplate\":\"https:\\\/\\\/www.teatrecondal.cat\\\/es\\\/?s={search_term_string}\"},\"query-input\":{\"@type\":\"PropertyValueSpecification\",\"valueRequired\":true,\"valueName\":\"search_term_string\"}}],\"inLanguage\":\"es\"},{\"@type\":\"Organization\",\"@id\":\"https:\\\/\\\/www.teatrecondal.cat\\\/es\\\/#organization\",\"name\":\"Teatre Condal\",\"url\":\"https:\\\/\\\/www.teatrecondal.cat\\\/es\\\/\",\"logo\":{\"@type\":\"ImageObject\",\"inLanguage\":\"es\",\"@id\":\"https:\\\/\\\/www.teatrecondal.cat\\\/es\\\/#\\\/schema\\\/logo\\\/image\\\/\",\"url\":\"https:\\\/\\\/www.teatrecondal.cat\\\/wp-content\\\/uploads\\\/sites\\\/3\\\/2017\\\/09\\\/teatre-condal-logo.svg\",\"contentUrl\":\"https:\\\/\\\/www.teatrecondal.cat\\\/wp-content\\\/uploads\\\/sites\\\/3\\\/2017\\\/09\\\/teatre-condal-logo.svg\",\"width\":1,\"height\":1,\"caption\":\"Teatre Condal\"},\"image\":{\"@id\":\"https:\\\/\\\/www.teatrecondal.cat\\\/es\\\/#\\\/schema\\\/logo\\\/image\\\/\"},\"sameAs\":[\"http:\\\/\\\/www.facebook.com\\\/TeatreCondal\",\"https:\\\/\\\/x.com\\\/Teatre_Condal\",\"http:\\\/\\\/instagram.com\\\/teatre_condal\",\"http:\\\/\\\/www.youtube.com\\\/user\\\/TeatreCondal\"]}]}<\/script>\n<!-- \/ Yoast SEO plugin. -->","yoast_head_json":{"title":"Del deporte tambi\u00e9n se sale - Teatre Condal","robots":{"index":"index","follow":"follow","max-snippet":"max-snippet:-1","max-image-preview":"max-image-preview:large","max-video-preview":"max-video-preview:-1"},"canonical":"https:\/\/www.teatrecondal.cat\/es\/ex\/del-deporte-tambien-se-sale\/","schema":{"@context":"https:\/\/schema.org","@graph":[{"@type":"WebPage","@id":"https:\/\/www.teatrecondal.cat\/es\/ex\/del-deporte-tambien-se-sale\/","url":"https:\/\/www.teatrecondal.cat\/es\/ex\/del-deporte-tambien-se-sale\/","name":"Del deporte tambi\u00e9n se sale - Teatre Condal","isPartOf":{"@id":"https:\/\/www.teatrecondal.cat\/es\/#website"},"datePublished":"2024-06-27T09:33:52+00:00","dateModified":"2024-11-29T13:05:08+00:00","breadcrumb":{"@id":"https:\/\/www.teatrecondal.cat\/es\/ex\/del-deporte-tambien-se-sale\/#breadcrumb"},"inLanguage":"es","potentialAction":[{"@type":"ReadAction","target":["https:\/\/www.teatrecondal.cat\/es\/ex\/del-deporte-tambien-se-sale\/"]}]},{"@type":"BreadcrumbList","@id":"https:\/\/www.teatrecondal.cat\/es\/ex\/del-deporte-tambien-se-sale\/#breadcrumb","itemListElement":[{"@type":"ListItem","position":1,"name":"Inici","item":"https:\/\/www.teatrecondal.cat\/es\/"},{"@type":"ListItem","position":2,"name":"Espectacles","item":"https:\/\/www.teatrecondal.cat\/es\/ex\/"},{"@type":"ListItem","position":3,"name":"Del deporte tambi\u00e9n se sale"}]},{"@type":"WebSite","@id":"https:\/\/www.teatrecondal.cat\/es\/#website","url":"https:\/\/www.teatrecondal.cat\/es\/","name":"Teatre Condal","description":"","publisher":{"@id":"https:\/\/www.teatrecondal.cat\/es\/#organization"},"potentialAction":[{"@type":"SearchAction","target":{"@type":"EntryPoint","urlTemplate":"https:\/\/www.teatrecondal.cat\/es\/?s={search_term_string}"},"query-input":{"@type":"PropertyValueSpecification","valueRequired":true,"valueName":"search_term_string"}}],"inLanguage":"es"},{"@type":"Organization","@id":"https:\/\/www.teatrecondal.cat\/es\/#organization","name":"Teatre Condal","url":"https:\/\/www.teatrecondal.cat\/es\/","logo":{"@type":"ImageObject","inLanguage":"es","@id":"https:\/\/www.teatrecondal.cat\/es\/#\/schema\/logo\/image\/","url":"https:\/\/www.teatrecondal.cat\/wp-content\/uploads\/sites\/3\/2017\/09\/teatre-condal-logo.svg","contentUrl":"https:\/\/www.teatrecondal.cat\/wp-content\/uploads\/sites\/3\/2017\/09\/teatre-condal-logo.svg","width":1,"height":1,"caption":"Teatre Condal"},"image":{"@id":"https:\/\/www.teatrecondal.cat\/es\/#\/schema\/logo\/image\/"},"sameAs":["http:\/\/www.facebook.com\/TeatreCondal","https:\/\/x.com\/Teatre_Condal","http:\/\/instagram.com\/teatre_condal","http:\/\/www.youtube.com\/user\/TeatreCondal"]}]}},"translations":[{"id":5054,"locale":"ca"},{"id":5055,"locale":"es"}],"_links":{"self":[{"href":"https:\/\/www.teatrecondal.cat\/es\/wp-json\/wp\/v2\/ex\/5055","targetHints":{"allow":["GET"]}}],"collection":[{"href":"https:\/\/www.teatrecondal.cat\/es\/wp-json\/wp\/v2\/ex"}],"about":[{"href":"https:\/\/www.teatrecondal.cat\/es\/wp-json\/wp\/v2\/types\/ex"}],"author":[{"embeddable":true,"href":"https:\/\/www.teatrecondal.cat\/es\/wp-json\/wp\/v2\/users\/2"}],"replies":[{"embeddable":true,"href":"https:\/\/www.teatrecondal.cat\/es\/wp-json\/wp\/v2\/comments?post=5055"}],"acf:term":[{"embeddable":true,"taxonomy":"season","href":"https:\/\/www.teatrecondal.cat\/es\/wp-json\/wp\/v2\/season\/95"}],"wp:attachment":[{"href":"https:\/\/www.teatrecondal.cat\/es\/wp-json\/wp\/v2\/media?parent=5055"}],"curies":[{"name":"wp","href":"https:\/\/api.w.org\/{rel}","templated":true}]}}