{"id":4253,"date":"2022-11-24T11:30:06","date_gmt":"2022-11-24T10:30:06","guid":{"rendered":"https:\/\/pre.teatrecondal.cat\/ex\/\/nuria-a-piano-i-veu\/"},"modified":"2022-11-24T11:30:06","modified_gmt":"2022-11-24T10:30:06","slug":"nuria-a-piano-i-veu","status":"publish","type":"ex","link":"https:\/\/www.teatrecondal.cat\/es\/ex\/nuria-a-piano-i-veu\/","title":{"rendered":"N\u00daRIA a piano i veu"},"content":{"rendered":"","protected":false},"excerpt":{"rendered":"","protected":false},"author":2,"featured_media":0,"comment_status":"closed","ping_status":"closed","template":"","class_list":["post-4253","ex","type-ex","status-publish","hentry","season-2022-23"],"acf":{"txt_synopsis":"Tras su exitoso paso por el programa EUF\u00d2RIA de TV3, N\u00daRIA ofrece su primer concierto en solitario. Su voz lucir\u00e1 como nunca, acompa\u00f1ada s\u00f3lo al piano por el maestro Sergi Cuenca. Una noche \u00fanica llena de sorpresas y emociones. Un viaje a trav\u00e9s de la m\u00fasica. Escucharemos de nuevo las canciones del programa, que redescubriremos tal y como no las hemos escuchado nunca. Y escucharemos en primicia alguno de los temas que formar\u00e1 parte de su futuro proyecto discogr\u00e1fico y tampoco faltar\u00e1 alguna canci\u00f3n de Navidad. Un repertorio especial, que har\u00e1 m\u00e1gico este concierto. N\u00daRIA, que actualmente est\u00e1 triunfando en el musical El Rey Le\u00f3n, vuelve a casa por Navidad. Y se mostrar\u00e1 tal y como es, sin filtros, a piano y voz.","main_buy_link":"https:\/\/proticketing.com\/teatrecondal\/es_ES\/entradas\/evento\/27367","main_buy_links":"[\"https:\/\/proticketing.com\/teatrecondal\/es_ES\/entradas\/evento\/27367\"]","group_buy_link":"","show_language":"Espect\u00e1culo en catal\u00e1n, castellano e ingl\u00e9s","show_duration":"75","show_start_date":"20230102000000","show_end_date":"20230102000000","show_sort_date":"20230102000000","txt_custom_show_dates":"el 2 de enero de 2023","show_disciplines":"","show_ultimes_funcions":false,"hide_tarifes_especials":false,"show_properament":false,"txt_additional_info":"","txt_present":"","show_season":[91],"txt_season":"[\"2022\/23\"]","txt_cycle":"","txt_claim":"Tras su exitoso paso por el programa EUF\u00d2RIA de TV3, N\u00daRIA ofrece su primer concierto en solitario.","txt_cast_excerpt":"","txt_cast":"<p>Canciones: <strong>Varios autores<\/strong><\/p>\n<p>Direcci\u00f3n musical: <strong>Sergi Cuenca<\/strong><br \/>Supervisi\u00f3n art\u00edstica: <strong>Daniel Angl\u00e8s<\/strong><br \/>Vestuario N\u00faria: <strong>Paloma Su\u00e1rez<\/strong><\/p>\n<p>Int\u00e9rpretes:<br \/><strong>N\u00faria<\/strong> - Voz<br \/><strong>Sergi Cuenca<\/strong> - Piano<\/p>\n<p>Producci\u00f3n ejecutiva: <strong>Daria Nicolau<\/strong><\/p>\n<p>fotograf\u00eda directo: <strong>Sonia Ochoa (photoshows.es)<\/strong><br \/>Fotograf\u00eda cartel: <strong>Allan Hern\u00e1ndez<\/strong><br \/>Dise\u00f1o gr\u00e1fico: <strong>Paula Costas<\/strong><br \/>Aplicaciones dise\u00f1o gr\u00e1fico: <strong>Santi&Kco<\/strong><\/p>\n<p>Es una producci\u00f3n de <strong>Em+P PRODUCCIONS<\/strong> con la colaboraci\u00f3n de <strong>Speed Music Management i U98 Music<\/strong><\/p>\n<p><strong><\/strong><\/p>","txt_reviews":"","hashtag":"N\u00fariaAPianoIVeu","have_promo":"","slogan":"","id_exhibicio":1968,"id_versio":1573,"id_local":3,"txt_seo_desc":"N\u00faria a piano i veu, un concerto en el Teatro Condal de Barcelona","data_images":"[{\"localizer\":\"V3PORTADA\",\"url\":\"media\/ver\/port\/v3\/315E3\/01_084_00055205\/Portada-1-nuria-a-piano-i-veu-teatre-condal.jpg\",\"thumb_url\":\"media\/ver\/port\/v3\/315E3\/01_084_00055205\/Portada-1-nuria-a-piano-i-veu-teatre-condal_thumb.jpg\",\"title\":\"N\u00faria a piano i veu - Teatre Condal\",\"description\":\"nuria a piano i veu al teatre condal de barcelona\",\"copyright\":\"\",\"order\":1},{\"localizer\":\"V3CARTELL\",\"url\":\"media\/ver\/cartell\/v3\/315E3\/01_085_00055206\/Cartell-web-nuria-a-piano-i-veu-teatre-condal.jpg\",\"thumb_url\":\"media\/ver\/cartell\/v3\/315E3\/01_085_00055206\/Cartell-web-nuria-a-piano-i-veu-teatre-condal_thumb.jpg\",\"title\":\"N\u00faria a piano i veu - Teatre Condal\",\"description\":\"nuria a piano i veu al teatre condal de barcelona\",\"copyright\":\"\",\"order\":2}]","material__texto_intro":"","data_material":null,"data_gallery":"","data_discounts":"[]","contract_is_open":false,"in_tour":false},"yoast_head":"<!-- This site is optimized with the Yoast SEO plugin v27.5 - https:\/\/yoast.com\/product\/yoast-seo-wordpress\/ -->\n<title>N\u00daRIA a piano i veu - Teatre Condal<\/title>\n<meta name=\"robots\" content=\"index, follow, max-snippet:-1, max-image-preview:large, max-video-preview:-1\" \/>\n<link rel=\"canonical\" href=\"https:\/\/www.teatrecondal.cat\/es\/ex\/nuria-a-piano-i-veu\/\" \/>\n<script type=\"application\/ld+json\" class=\"yoast-schema-graph\">{\"@context\":\"https:\\\/\\\/schema.org\",\"@graph\":[{\"@type\":\"WebPage\",\"@id\":\"https:\\\/\\\/www.teatrecondal.cat\\\/es\\\/ex\\\/nuria-a-piano-i-veu\\\/\",\"url\":\"https:\\\/\\\/www.teatrecondal.cat\\\/es\\\/ex\\\/nuria-a-piano-i-veu\\\/\",\"name\":\"N\u00daRIA a piano i veu - Teatre Condal\",\"isPartOf\":{\"@id\":\"https:\\\/\\\/www.teatrecondal.cat\\\/es\\\/#website\"},\"datePublished\":\"2022-11-24T10:30:06+00:00\",\"breadcrumb\":{\"@id\":\"https:\\\/\\\/www.teatrecondal.cat\\\/es\\\/ex\\\/nuria-a-piano-i-veu\\\/#breadcrumb\"},\"inLanguage\":\"es\",\"potentialAction\":[{\"@type\":\"ReadAction\",\"target\":[\"https:\\\/\\\/www.teatrecondal.cat\\\/es\\\/ex\\\/nuria-a-piano-i-veu\\\/\"]}]},{\"@type\":\"BreadcrumbList\",\"@id\":\"https:\\\/\\\/www.teatrecondal.cat\\\/es\\\/ex\\\/nuria-a-piano-i-veu\\\/#breadcrumb\",\"itemListElement\":[{\"@type\":\"ListItem\",\"position\":1,\"name\":\"Inici\",\"item\":\"https:\\\/\\\/www.teatrecondal.cat\\\/es\\\/\"},{\"@type\":\"ListItem\",\"position\":2,\"name\":\"Espectacles\",\"item\":\"https:\\\/\\\/www.teatrecondal.cat\\\/es\\\/ex\\\/\"},{\"@type\":\"ListItem\",\"position\":3,\"name\":\"N\u00daRIA a piano i veu\"}]},{\"@type\":\"WebSite\",\"@id\":\"https:\\\/\\\/www.teatrecondal.cat\\\/es\\\/#website\",\"url\":\"https:\\\/\\\/www.teatrecondal.cat\\\/es\\\/\",\"name\":\"Teatre Condal\",\"description\":\"\",\"publisher\":{\"@id\":\"https:\\\/\\\/www.teatrecondal.cat\\\/es\\\/#organization\"},\"potentialAction\":[{\"@type\":\"SearchAction\",\"target\":{\"@type\":\"EntryPoint\",\"urlTemplate\":\"https:\\\/\\\/www.teatrecondal.cat\\\/es\\\/?s={search_term_string}\"},\"query-input\":{\"@type\":\"PropertyValueSpecification\",\"valueRequired\":true,\"valueName\":\"search_term_string\"}}],\"inLanguage\":\"es\"},{\"@type\":\"Organization\",\"@id\":\"https:\\\/\\\/www.teatrecondal.cat\\\/es\\\/#organization\",\"name\":\"Teatre Condal\",\"url\":\"https:\\\/\\\/www.teatrecondal.cat\\\/es\\\/\",\"logo\":{\"@type\":\"ImageObject\",\"inLanguage\":\"es\",\"@id\":\"https:\\\/\\\/www.teatrecondal.cat\\\/es\\\/#\\\/schema\\\/logo\\\/image\\\/\",\"url\":\"https:\\\/\\\/www.teatrecondal.cat\\\/wp-content\\\/uploads\\\/sites\\\/3\\\/2017\\\/09\\\/teatre-condal-logo.svg\",\"contentUrl\":\"https:\\\/\\\/www.teatrecondal.cat\\\/wp-content\\\/uploads\\\/sites\\\/3\\\/2017\\\/09\\\/teatre-condal-logo.svg\",\"width\":1,\"height\":1,\"caption\":\"Teatre Condal\"},\"image\":{\"@id\":\"https:\\\/\\\/www.teatrecondal.cat\\\/es\\\/#\\\/schema\\\/logo\\\/image\\\/\"},\"sameAs\":[\"http:\\\/\\\/www.facebook.com\\\/TeatreCondal\",\"https:\\\/\\\/x.com\\\/Teatre_Condal\",\"http:\\\/\\\/instagram.com\\\/teatre_condal\",\"http:\\\/\\\/www.youtube.com\\\/user\\\/TeatreCondal\"]}]}<\/script>\n<!-- \/ Yoast SEO plugin. -->","yoast_head_json":{"title":"N\u00daRIA a piano i veu - Teatre Condal","robots":{"index":"index","follow":"follow","max-snippet":"max-snippet:-1","max-image-preview":"max-image-preview:large","max-video-preview":"max-video-preview:-1"},"canonical":"https:\/\/www.teatrecondal.cat\/es\/ex\/nuria-a-piano-i-veu\/","schema":{"@context":"https:\/\/schema.org","@graph":[{"@type":"WebPage","@id":"https:\/\/www.teatrecondal.cat\/es\/ex\/nuria-a-piano-i-veu\/","url":"https:\/\/www.teatrecondal.cat\/es\/ex\/nuria-a-piano-i-veu\/","name":"N\u00daRIA a piano i veu - Teatre Condal","isPartOf":{"@id":"https:\/\/www.teatrecondal.cat\/es\/#website"},"datePublished":"2022-11-24T10:30:06+00:00","breadcrumb":{"@id":"https:\/\/www.teatrecondal.cat\/es\/ex\/nuria-a-piano-i-veu\/#breadcrumb"},"inLanguage":"es","potentialAction":[{"@type":"ReadAction","target":["https:\/\/www.teatrecondal.cat\/es\/ex\/nuria-a-piano-i-veu\/"]}]},{"@type":"BreadcrumbList","@id":"https:\/\/www.teatrecondal.cat\/es\/ex\/nuria-a-piano-i-veu\/#breadcrumb","itemListElement":[{"@type":"ListItem","position":1,"name":"Inici","item":"https:\/\/www.teatrecondal.cat\/es\/"},{"@type":"ListItem","position":2,"name":"Espectacles","item":"https:\/\/www.teatrecondal.cat\/es\/ex\/"},{"@type":"ListItem","position":3,"name":"N\u00daRIA a piano i veu"}]},{"@type":"WebSite","@id":"https:\/\/www.teatrecondal.cat\/es\/#website","url":"https:\/\/www.teatrecondal.cat\/es\/","name":"Teatre Condal","description":"","publisher":{"@id":"https:\/\/www.teatrecondal.cat\/es\/#organization"},"potentialAction":[{"@type":"SearchAction","target":{"@type":"EntryPoint","urlTemplate":"https:\/\/www.teatrecondal.cat\/es\/?s={search_term_string}"},"query-input":{"@type":"PropertyValueSpecification","valueRequired":true,"valueName":"search_term_string"}}],"inLanguage":"es"},{"@type":"Organization","@id":"https:\/\/www.teatrecondal.cat\/es\/#organization","name":"Teatre Condal","url":"https:\/\/www.teatrecondal.cat\/es\/","logo":{"@type":"ImageObject","inLanguage":"es","@id":"https:\/\/www.teatrecondal.cat\/es\/#\/schema\/logo\/image\/","url":"https:\/\/www.teatrecondal.cat\/wp-content\/uploads\/sites\/3\/2017\/09\/teatre-condal-logo.svg","contentUrl":"https:\/\/www.teatrecondal.cat\/wp-content\/uploads\/sites\/3\/2017\/09\/teatre-condal-logo.svg","width":1,"height":1,"caption":"Teatre Condal"},"image":{"@id":"https:\/\/www.teatrecondal.cat\/es\/#\/schema\/logo\/image\/"},"sameAs":["http:\/\/www.facebook.com\/TeatreCondal","https:\/\/x.com\/Teatre_Condal","http:\/\/instagram.com\/teatre_condal","http:\/\/www.youtube.com\/user\/TeatreCondal"]}]}},"translations":[{"id":3835,"locale":"ca"},{"id":4253,"locale":"es"}],"_links":{"self":[{"href":"https:\/\/www.teatrecondal.cat\/es\/wp-json\/wp\/v2\/ex\/4253","targetHints":{"allow":["GET"]}}],"collection":[{"href":"https:\/\/www.teatrecondal.cat\/es\/wp-json\/wp\/v2\/ex"}],"about":[{"href":"https:\/\/www.teatrecondal.cat\/es\/wp-json\/wp\/v2\/types\/ex"}],"author":[{"embeddable":true,"href":"https:\/\/www.teatrecondal.cat\/es\/wp-json\/wp\/v2\/users\/2"}],"replies":[{"embeddable":true,"href":"https:\/\/www.teatrecondal.cat\/es\/wp-json\/wp\/v2\/comments?post=4253"}],"acf:term":[{"embeddable":true,"taxonomy":"season","href":"https:\/\/www.teatrecondal.cat\/es\/wp-json\/wp\/v2\/season\/91"}],"wp:attachment":[{"href":"https:\/\/www.teatrecondal.cat\/es\/wp-json\/wp\/v2\/media?parent=4253"}],"curies":[{"name":"wp","href":"https:\/\/api.w.org\/{rel}","templated":true}]}}