{"id":4218,"date":"2021-05-21T08:51:16","date_gmt":"2021-05-21T06:51:16","guid":{"rendered":"https:\/\/pre.teatrecondal.cat\/ex\/\/una-llum-timida-2\/"},"modified":"2024-04-04T12:58:35","modified_gmt":"2024-04-04T10:58:35","slug":"una-llum-timida-2","status":"publish","type":"ex","link":"https:\/\/www.teatrecondal.cat\/es\/ex\/una-llum-timida-2\/","title":{"rendered":"Una llum t\u00edmida"},"content":{"rendered":"","protected":false},"excerpt":{"rendered":"","protected":false},"author":2,"featured_media":0,"comment_status":"closed","ping_status":"closed","template":"","class_list":["post-4218","ex","type-ex","status-publish","hentry","season-2021-22"],"acf":{"txt_synopsis":"Isabel es una joven profesora de historia de una escuela en los a\u00f1os del franquismo en Espa\u00f1a y est\u00e1 profundamente enamorada de Carmen, la profesora de literatura.\r\nSin querer, pero sin poder evitarlo, nace una historia de amor entre las dos que parecer\u00e1 que acaba cuando la familia de Carmen, de ideales fuertemente conservadores, la obliga a internarse en un hospital de enfermos psiqui\u00e1tricos para curarse de este amor que no puede ser y que no est\u00e1 bien visto.\r\nTiempo despu\u00e9s, Carmen regresa a casa con Isabel, dejando atr\u00e1s familia, hospital y trabajo, teni\u00e9ndose que enfrentar ahora a las secuelas que los electro-shocs que ha estado recibiendo en el hospital le han causado.\r\nIsabel intentar\u00e1 ayudarla a sobrevivir hasta las \u00faltimas consecuencias.\r\n\u00c0frica Alonso trae esta historia, inspirada en hechos reales, a los escenarios, de la mano de la direcci\u00f3n de Marilia Samper, la m\u00fasica de Andrea puig y con un formato \u00fanico. La combinaci\u00f3n de texto y m\u00fasica en una obra que pretende romper con el silencio, y reivindicar las vidas de las lesbianas como lo que son: la memoria hist\u00f3rica de nuestro pa\u00eds.\r\n\r\n&nbsp;","main_buy_link":"","main_buy_links":"","group_buy_link":"","show_language":"Espect\u00e1culo biling\u00fce (Castellano y Catal\u00e1n)","show_duration":"100","show_start_date":"20210927000000","show_end_date":"20220404000000","show_sort_date":"20220210000000","txt_custom_show_dates":"del 27 de septiembre de 2021 al 4 de abril de 2022","show_disciplines":"11,1","show_ultimes_funcions":false,"hide_tarifes_especials":false,"show_properament":false,"txt_additional_info":"","txt_present":"","show_season":[90],"txt_season":"[\"2021\/22\"]","txt_cycle":"","txt_claim":"Isabel es una joven profesora de historia de una escuela de Barcelona durante los a\u00f1os del franquismo en Espa\u00f1a y est\u00e1 profundamente enamorada de Carmen, la profesora de literatura.","txt_cast_excerpt":"","txt_cast":"Dramaturgia <strong>\u00c0frica Alonso Bada\r\n<\/strong>Composici\u00f3n musical <strong>Andrea Puig Doria | \u00c0frica Alonso Bada <\/strong>\r\n\r\nReparto\r\nCarmen_ <strong>J\u00falia Jov\u00e9\r\n<\/strong>Isabel_ <strong>\u00c0frica Alonso Bada\u00a0\u00a0 <\/strong>\r\n\r\nDirecci\u00f3n Esc\u00e9nica <strong>Marilia Samper\r\n<\/strong>M\u00fasica en Directo <strong>Andrea Puig Doria | Marta Pons\r\n<\/strong>Direcci\u00f3n Musical <strong>Andrea Puig Doria <\/strong>\r\n\r\nIluminaci\u00f3n\u00a0 <strong>Arnau Ribell\r\n<\/strong>Sonido <strong>Jordi Ballb\u00e9\r\n<\/strong>Vestuario <strong>N\u00faria Llunell\r\n<\/strong>Escenograf\u00eda\u00a0\u00a0 <strong>La Cicatriz\r\n<\/strong>Asesoramiento de movimento <strong>Nora Baylach | Kevin Antequera\r\n<\/strong>Fotograf\u00eda <strong>Nora Baylach\r\n<\/strong>Producci\u00f3n Ejecutiva <strong>Daria Nicolau I Laia Balaguer I Sandra Marc\u00e9n<\/strong>\r\nAyudante de Direcci\u00f3n <strong>Laia Nogueras | Sergi Salicr\u00fa\r\n<\/strong>Grafismo | Dise\u00f1o | Redes <strong>Laia Balaguer | Rosa Colilles\r\n<\/strong>Regidor\u00eda: <strong>Laura Nogueira<\/strong>\r\n\r\nJefe t\u00e9cnico del teatro<strong> Jordi Ballb\u00e9\r\n<\/strong>T\u00e9cnico de luces <strong>V\u00edctor C\u00e1rdenas<\/strong>\r\n\r\nM\u00e1rqueting y comunicaci\u00f3n <strong>Focus\r\n<\/strong>Aplicaciones graficas <strong>Santi&amp;Kco<\/strong>\r\n\r\nProyecto en creaci\u00f3n en la <strong>Nau Ivanow\r\n<\/strong>Una producci\u00f3n de <strong>La Cicatriz\r\n<\/strong>","txt_reviews":"","hashtag":"UnaLlumT\u00edmida","have_promo":"","slogan":"","id_exhibicio":1811,"id_versio":1451,"id_local":3,"txt_seo_desc":"Una llum t\u00edmida, un espect\u00e1culo musical de \u00c1frica Alonso Bada y Andrea Puig Doria dirigido por Marilia Samper y protagonitzado por J\u00falia Jov\u00e9, \u00c0frica Alonso Bada, Andrea Puig Doria y Laura Masferrer, en el Teatre Condal de Barcelona","data_images":"[{\"localizer\":\"V3CARTELLDISTRI\",\"url\":\"media\/ver\/cartell\/v3\/315E2\/01_085_00054996\/AAFF_ULLT_A3_CARTELL_v2.jpg\",\"thumb_url\":\"media\/ver\/cartell\/v3\/315E2\/01_085_00054996\/AAFF_ULLT_A3_CARTELL_v2_thumb.jpg\",\"title\":\"Una llum t\u00edmida - Teatre Condal\",\"description\":\"una llum timida al teatre condal de barcelona\",\"copyright\":\"\",\"order\":25},{\"localizer\":\"V3PORTADA\",\"url\":\"media\/ver\/port\/v3\/315E2\/01_084_00054999\/_S6A8087-IMATGE_SOLA.jpg\",\"thumb_url\":\"media\/ver\/port\/v3\/315E2\/01_084_00054999\/_S6A8087-IMATGE_SOLA_thumb.jpg\",\"title\":\"Una llum t\u00edmida - Teatre Condal\",\"description\":\"una llum timida teatre condal de barcelona\",\"copyright\":\"\",\"order\":27},{\"localizer\":\"V3PORTADAWIDE\",\"url\":\"media\/ver\/port\/v3wide\/315E2\/01_088_00055041\/Portada-0-una-llum-timida-teatre-condal.jpg\",\"thumb_url\":\"media\/ver\/port\/v3wide\/315E2\/01_088_00055041\/Portada-0-una-llum-timida-teatre-condal_thumb.jpg\",\"title\":\"Una llum t\u00edmida - Teatre Condal\",\"description\":\"una llum timida al teatre condal de barcelona\",\"copyright\":\"\",\"order\":31},{\"localizer\":\"V3CARTELL\",\"url\":\"media\/ver\/cartell\/v3\/315E2\/01_085_00055043\/Cartell-web-una-llum-timida-teatre-condal.jpg\",\"thumb_url\":\"media\/ver\/cartell\/v3\/315E2\/01_085_00055043\/Cartell-web-una-llum-timida-teatre-condal_thumb.jpg\",\"title\":\"Una llum t\u00edmida - Teatre Condal\",\"description\":\"una lllum timida al teatre condal de barcelona\",\"copyright\":\"\",\"order\":33},{\"localizer\":\"V3SLIDE\",\"url\":\"media\/ftgalslide\/v3\/315E3\/01_086_00055198\/IMG_9914.jpg\",\"thumb_url\":\"media\/ftgalslide\/v3\/315E3\/01_086_00055198\/IMG_9914_thumb.jpg\",\"title\":\"Una llum t\u00edmida - Teatre Condal\",\"description\":\"una llum t\u00edmida al teatre condal de barcleona\",\"copyright\":\"\",\"order\":35},{\"localizer\":\"V3SLIDE\",\"url\":\"media\/ftgalslide\/v3\/315E3\/01_086_00055199\/IMG_0402.jpg\",\"thumb_url\":\"media\/ftgalslide\/v3\/315E3\/01_086_00055199\/IMG_0402_thumb.jpg\",\"title\":\"Una llum t\u00edmida - Teatre Condal\",\"description\":\"una llum t\u00edmida al teatre condal de barcleona\",\"copyright\":\"\",\"order\":36},{\"localizer\":\"V3SLIDE\",\"url\":\"media\/ftgalslide\/v3\/315E3\/01_086_00055200\/IMG_9227.jpg\",\"thumb_url\":\"media\/ftgalslide\/v3\/315E3\/01_086_00055200\/IMG_9227_thumb.jpg\",\"title\":\"Una llum t\u00edmida - Teatre Condal\",\"description\":\"una llum timida la teatre condal de barcelona\",\"copyright\":\"\",\"order\":37}]","material__texto_intro":"","data_material":null,"data_gallery":"","data_discounts":"[]","contract_is_open":true,"in_tour":false},"yoast_head":"<!-- This site is optimized with the Yoast SEO plugin v27.5 - https:\/\/yoast.com\/product\/yoast-seo-wordpress\/ -->\n<title>Una llum t\u00edmida - Teatre Condal<\/title>\n<meta name=\"robots\" content=\"index, follow, max-snippet:-1, max-image-preview:large, max-video-preview:-1\" \/>\n<link rel=\"canonical\" href=\"https:\/\/www.teatrecondal.cat\/es\/ex\/una-llum-timida-2\/\" \/>\n<script type=\"application\/ld+json\" class=\"yoast-schema-graph\">{\"@context\":\"https:\\\/\\\/schema.org\",\"@graph\":[{\"@type\":\"WebPage\",\"@id\":\"https:\\\/\\\/www.teatrecondal.cat\\\/es\\\/ex\\\/una-llum-timida-2\\\/\",\"url\":\"https:\\\/\\\/www.teatrecondal.cat\\\/es\\\/ex\\\/una-llum-timida-2\\\/\",\"name\":\"Una llum t\u00edmida - Teatre Condal\",\"isPartOf\":{\"@id\":\"https:\\\/\\\/www.teatrecondal.cat\\\/es\\\/#website\"},\"datePublished\":\"2021-05-21T06:51:16+00:00\",\"dateModified\":\"2024-04-04T10:58:35+00:00\",\"breadcrumb\":{\"@id\":\"https:\\\/\\\/www.teatrecondal.cat\\\/es\\\/ex\\\/una-llum-timida-2\\\/#breadcrumb\"},\"inLanguage\":\"es\",\"potentialAction\":[{\"@type\":\"ReadAction\",\"target\":[\"https:\\\/\\\/www.teatrecondal.cat\\\/es\\\/ex\\\/una-llum-timida-2\\\/\"]}]},{\"@type\":\"BreadcrumbList\",\"@id\":\"https:\\\/\\\/www.teatrecondal.cat\\\/es\\\/ex\\\/una-llum-timida-2\\\/#breadcrumb\",\"itemListElement\":[{\"@type\":\"ListItem\",\"position\":1,\"name\":\"Inici\",\"item\":\"https:\\\/\\\/www.teatrecondal.cat\\\/es\\\/\"},{\"@type\":\"ListItem\",\"position\":2,\"name\":\"Espectacles\",\"item\":\"https:\\\/\\\/www.teatrecondal.cat\\\/es\\\/ex\\\/\"},{\"@type\":\"ListItem\",\"position\":3,\"name\":\"Una llum t\u00edmida\"}]},{\"@type\":\"WebSite\",\"@id\":\"https:\\\/\\\/www.teatrecondal.cat\\\/es\\\/#website\",\"url\":\"https:\\\/\\\/www.teatrecondal.cat\\\/es\\\/\",\"name\":\"Teatre Condal\",\"description\":\"\",\"publisher\":{\"@id\":\"https:\\\/\\\/www.teatrecondal.cat\\\/es\\\/#organization\"},\"potentialAction\":[{\"@type\":\"SearchAction\",\"target\":{\"@type\":\"EntryPoint\",\"urlTemplate\":\"https:\\\/\\\/www.teatrecondal.cat\\\/es\\\/?s={search_term_string}\"},\"query-input\":{\"@type\":\"PropertyValueSpecification\",\"valueRequired\":true,\"valueName\":\"search_term_string\"}}],\"inLanguage\":\"es\"},{\"@type\":\"Organization\",\"@id\":\"https:\\\/\\\/www.teatrecondal.cat\\\/es\\\/#organization\",\"name\":\"Teatre Condal\",\"url\":\"https:\\\/\\\/www.teatrecondal.cat\\\/es\\\/\",\"logo\":{\"@type\":\"ImageObject\",\"inLanguage\":\"es\",\"@id\":\"https:\\\/\\\/www.teatrecondal.cat\\\/es\\\/#\\\/schema\\\/logo\\\/image\\\/\",\"url\":\"https:\\\/\\\/www.teatrecondal.cat\\\/wp-content\\\/uploads\\\/sites\\\/3\\\/2017\\\/09\\\/teatre-condal-logo.svg\",\"contentUrl\":\"https:\\\/\\\/www.teatrecondal.cat\\\/wp-content\\\/uploads\\\/sites\\\/3\\\/2017\\\/09\\\/teatre-condal-logo.svg\",\"width\":1,\"height\":1,\"caption\":\"Teatre Condal\"},\"image\":{\"@id\":\"https:\\\/\\\/www.teatrecondal.cat\\\/es\\\/#\\\/schema\\\/logo\\\/image\\\/\"},\"sameAs\":[\"http:\\\/\\\/www.facebook.com\\\/TeatreCondal\",\"https:\\\/\\\/x.com\\\/Teatre_Condal\",\"http:\\\/\\\/instagram.com\\\/teatre_condal\",\"http:\\\/\\\/www.youtube.com\\\/user\\\/TeatreCondal\"]}]}<\/script>\n<!-- \/ Yoast SEO plugin. -->","yoast_head_json":{"title":"Una llum t\u00edmida - Teatre Condal","robots":{"index":"index","follow":"follow","max-snippet":"max-snippet:-1","max-image-preview":"max-image-preview:large","max-video-preview":"max-video-preview:-1"},"canonical":"https:\/\/www.teatrecondal.cat\/es\/ex\/una-llum-timida-2\/","schema":{"@context":"https:\/\/schema.org","@graph":[{"@type":"WebPage","@id":"https:\/\/www.teatrecondal.cat\/es\/ex\/una-llum-timida-2\/","url":"https:\/\/www.teatrecondal.cat\/es\/ex\/una-llum-timida-2\/","name":"Una llum t\u00edmida - Teatre Condal","isPartOf":{"@id":"https:\/\/www.teatrecondal.cat\/es\/#website"},"datePublished":"2021-05-21T06:51:16+00:00","dateModified":"2024-04-04T10:58:35+00:00","breadcrumb":{"@id":"https:\/\/www.teatrecondal.cat\/es\/ex\/una-llum-timida-2\/#breadcrumb"},"inLanguage":"es","potentialAction":[{"@type":"ReadAction","target":["https:\/\/www.teatrecondal.cat\/es\/ex\/una-llum-timida-2\/"]}]},{"@type":"BreadcrumbList","@id":"https:\/\/www.teatrecondal.cat\/es\/ex\/una-llum-timida-2\/#breadcrumb","itemListElement":[{"@type":"ListItem","position":1,"name":"Inici","item":"https:\/\/www.teatrecondal.cat\/es\/"},{"@type":"ListItem","position":2,"name":"Espectacles","item":"https:\/\/www.teatrecondal.cat\/es\/ex\/"},{"@type":"ListItem","position":3,"name":"Una llum t\u00edmida"}]},{"@type":"WebSite","@id":"https:\/\/www.teatrecondal.cat\/es\/#website","url":"https:\/\/www.teatrecondal.cat\/es\/","name":"Teatre Condal","description":"","publisher":{"@id":"https:\/\/www.teatrecondal.cat\/es\/#organization"},"potentialAction":[{"@type":"SearchAction","target":{"@type":"EntryPoint","urlTemplate":"https:\/\/www.teatrecondal.cat\/es\/?s={search_term_string}"},"query-input":{"@type":"PropertyValueSpecification","valueRequired":true,"valueName":"search_term_string"}}],"inLanguage":"es"},{"@type":"Organization","@id":"https:\/\/www.teatrecondal.cat\/es\/#organization","name":"Teatre Condal","url":"https:\/\/www.teatrecondal.cat\/es\/","logo":{"@type":"ImageObject","inLanguage":"es","@id":"https:\/\/www.teatrecondal.cat\/es\/#\/schema\/logo\/image\/","url":"https:\/\/www.teatrecondal.cat\/wp-content\/uploads\/sites\/3\/2017\/09\/teatre-condal-logo.svg","contentUrl":"https:\/\/www.teatrecondal.cat\/wp-content\/uploads\/sites\/3\/2017\/09\/teatre-condal-logo.svg","width":1,"height":1,"caption":"Teatre Condal"},"image":{"@id":"https:\/\/www.teatrecondal.cat\/es\/#\/schema\/logo\/image\/"},"sameAs":["http:\/\/www.facebook.com\/TeatreCondal","https:\/\/x.com\/Teatre_Condal","http:\/\/instagram.com\/teatre_condal","http:\/\/www.youtube.com\/user\/TeatreCondal"]}]}},"translations":[{"id":3800,"locale":"ca"},{"id":4218,"locale":"es"}],"_links":{"self":[{"href":"https:\/\/www.teatrecondal.cat\/es\/wp-json\/wp\/v2\/ex\/4218","targetHints":{"allow":["GET"]}}],"collection":[{"href":"https:\/\/www.teatrecondal.cat\/es\/wp-json\/wp\/v2\/ex"}],"about":[{"href":"https:\/\/www.teatrecondal.cat\/es\/wp-json\/wp\/v2\/types\/ex"}],"author":[{"embeddable":true,"href":"https:\/\/www.teatrecondal.cat\/es\/wp-json\/wp\/v2\/users\/2"}],"replies":[{"embeddable":true,"href":"https:\/\/www.teatrecondal.cat\/es\/wp-json\/wp\/v2\/comments?post=4218"}],"acf:term":[{"embeddable":true,"taxonomy":"season","href":"https:\/\/www.teatrecondal.cat\/es\/wp-json\/wp\/v2\/season\/90"}],"wp:attachment":[{"href":"https:\/\/www.teatrecondal.cat\/es\/wp-json\/wp\/v2\/media?parent=4218"}],"curies":[{"name":"wp","href":"https:\/\/api.w.org\/{rel}","templated":true}]}}