{"id":4202,"date":"2020-09-04T13:35:16","date_gmt":"2020-09-04T11:35:16","guid":{"rendered":"https:\/\/pre.teatrecondal.cat\/ex\/\/autorretrato-de-un-joven-capitalista-espanol\/"},"modified":"2020-09-04T13:35:16","modified_gmt":"2020-09-04T11:35:16","slug":"autorretrato-de-un-joven-capitalista-espanol","status":"publish","type":"ex","link":"https:\/\/www.teatrecondal.cat\/es\/ex\/autorretrato-de-un-joven-capitalista-espanol\/","title":{"rendered":"Autorretrato de un joven capitalista espa\u00f1ol"},"content":{"rendered":"","protected":false},"excerpt":{"rendered":"","protected":false},"author":2,"featured_media":0,"comment_status":"closed","ping_status":"closed","template":"","class_list":["post-4202","ex","type-ex","status-publish","hentry","season-2020-21"],"acf":{"txt_synopsis":"<p align=\"justify\">Fiel a mi entorno, en octubre de 2012 me veo sin trabajo y con grandes deudas. Un hombre de mediana edad y buena posici\u00f3n social probando de pronto el sabor de la exclusi\u00f3n.<\/p>\n<p align=\"justify\">Que ha pasado aqu\u00ed?, me pregunto angustiado. Autorretrato es la b\u00fasqueda de posibles respuestas.<\/p>\n<p align=\"justify\">La confesi\u00f3n de peque\u00f1os fragmentos de mi vida como excusa para hablar de la vida en mi pa\u00eds desde que nac\u00ed, en los \u00faltimos a\u00f1os del Franquismo. Dictadura, Transici\u00f3n, \u00bfDemocracia?<br \/><\/p>","main_buy_link":"https:\/\/grupfocus.4tickets.es\/TeatreCondal\/public\/janto\/?Nivel=Evento&idEvento=CON130&Idioma=ES","main_buy_links":"","group_buy_link":"","show_language":"","show_duration":"90","show_start_date":"20201121000000","show_end_date":"20201126000000","show_sort_date":"20201119000000","txt_custom_show_dates":"del 21 al 26 de noviembre de 2020","show_disciplines":"","show_ultimes_funcions":false,"hide_tarifes_especials":false,"show_properament":false,"txt_additional_info":"","txt_present":"","show_season":[89],"txt_season":"[\"2020\/21\"]","txt_cycle":"","txt_claim":"","txt_cast_excerpt":"","txt_cast":"<p class=\"MsoNormal\" style=\"MARGIN: 0cm 0cm 0pt\"><font face=\"Calibri\">Autor, direcci\u00f3n y interpretaci\u00f3n: <strong>ALBERTO SAN JUAN<\/strong><\/font><\/p>\n<p class=\"MsoNormal\" style=\"MARGIN: 0cm 0cm 0pt\"><\/p>\n<p class=\"MsoNormal\" style=\"MARGIN: 0cm 0cm 0pt\"><font face=\"Calibri\">Dise\u00f1o de iluminaci\u00f3n y t\u00e9cnico en gira: <strong>RA\u00daL BAENA<\/strong><\/font><\/p>\n<p class=\"MsoNormal\" style=\"MARGIN: 0cm 0cm 0pt\"><\/p>\n<p class=\"MsoNormal\" style=\"MARGIN: 0cm 0cm 0pt\"><font face=\"Calibri\">Jefe t\u00e9cnico del teatro: <strong>Jordi Ballb\u00e9<\/strong><\/font><\/p>\n<p class=\"MsoNormal\" style=\"MARGIN: 0cm 0cm 0pt\"><font face=\"Calibri\">Prensa: <strong>Albert L\u00f3pez<\/strong> y <strong>Judit Hern\u00e1ndez<\/strong><\/font><\/p>\n<p class=\"MsoNormal\" style=\"MARGIN: 0cm 0cm 0pt\"><font face=\"Calibri\">M\u00e1rquetin y comunicaci\u00f3n: <strong>Publispec<\/strong><br \/>Dise\u00f1o gr\u00e1fico: <strong>Santi&Kco<\/strong> <\/font><\/p>","txt_reviews":"Rosana Torres|El Pa\u00eds|\"La obra est\u00e1 impregnada de humor (sello de la casa), quiz\u00e1 negro, donde hace un repaso certero y l\u00facido por las contradicciones de la sociedad \u201cinjusta hasta la crueldad\u201d que vivimos\".","hashtag":"AutorretratoCapitalista","have_promo":"","slogan":"","id_exhibicio":1765,"id_versio":982,"id_local":3,"txt_seo_desc":"","data_images":"[{\"localizer\":\"VERS_IMATGE_ESPECTACLE\",\"url\":\"media\/ftespect\/31326\/01_020_00035212\/galeria.jpg\",\"thumb_url\":\"media\/ftespect\/31326\/01_020_00035212\/galeria_thumb.jpg\",\"title\":\"Autorretrato de un joven capitalista espa\u00f1ol\",\"description\":\"Alberto San Juan\",\"copyright\":\"\",\"order\":3},{\"localizer\":\"VERS_IMATGE_ESPECTACLE\",\"url\":\"media\/ftespect\/31326\/01_020_00035213\/galeria2.jpg\",\"thumb_url\":\"media\/ftespect\/31326\/01_020_00035213\/galeria2_thumb.jpg\",\"title\":\"Autorretrato de un joven capitalista espa\u00f1ol\",\"description\":\"\",\"copyright\":\"\",\"order\":4},{\"localizer\":\"V2EXHBCARTELL\",\"url\":\"media\/ver\/cartell\/313EA\/01_079_00041246\/autiorretrato_405x579_01.jpg\",\"thumb_url\":\"media\/ver\/cartell\/313EA\/01_079_00041246\/autiorretrato_405x579_01_thumb.jpg\",\"title\":\"Autorretrato de un joven capitalista espa\u00f1ol\",\"description\":\"Autorretrato de un joven capitalista espa\u00f1ol\",\"copyright\":\"\",\"order\":9},{\"localizer\":\"VERS_IMATGE_ESPECTACLE\",\"url\":\"media\/ftespect\/313EA\/01_020_00041249\/auto1.JPG\",\"thumb_url\":\"media\/ftespect\/313EA\/01_020_00041249\/auto1_thumb.jpg\",\"title\":\"Autorretrato de un joven capitalista espa\u00f1ol\",\"description\":\"Autorretrato de un joven capitalista espa\u00f1ol\",\"copyright\":\"\",\"order\":11},{\"localizer\":\"VERS_IMATGE_ESPECTACLE\",\"url\":\"media\/ftespect\/313ED\/01_020_00042483\/albertosanjuan01.jpg\",\"thumb_url\":\"media\/ftespect\/313ED\/01_020_00042483\/albertosanjuan01_thumb.jpg\",\"title\":\"Autorretrato de un joven capitalista espa\u00f1ol\",\"description\":\"Alberto San Juan\",\"copyright\":\"\",\"order\":13},{\"localizer\":\"V3CARTELL\",\"url\":\"media\/ver\/cartell\/v3\/31519\/01_085_00050694\/cartell-web-autorretrato-de-un-joven-capitalista-espanol-teatre-condal-barcelona.jpg\",\"thumb_url\":\"media\/ver\/cartell\/v3\/31519\/01_085_00050694\/cartell-web-autorretrato-de-un-joven-capitalista-espanol-teatre-condal-barcelona_thumb.jpg\",\"title\":\"Autorretrato de un Joven Anticapitalista Espa\u00f1ol - Teatre Condal\",\"description\":\"autorretrato de un joven anticapitalista espa\u00f1ol al teatre condal de barcelona\",\"copyright\":\"\",\"order\":25},{\"localizer\":\"V3SLIDE\",\"url\":\"media\/ftgalslide\/v3\/31519\/01_086_00050695\/ALBERTORetrato_BN.jpg\",\"thumb_url\":\"media\/ftgalslide\/v3\/31519\/01_086_00050695\/ALBERTORetrato_BN_thumb.jpg\",\"title\":\"Autorretrato de un Joven Anticapitalista Espa\u00f1ol - Teatre Condal\",\"description\":\"autorretrato de un joven anticapitalista espa\u00f1ol al teatre condal de barcelona\",\"copyright\":\"\",\"order\":26},{\"localizer\":\"V3PORTADAWIDE\",\"url\":\"media\/ver\/port\/v3wide\/3151B\/01_088_00050851\/0-autorretrato-de-un-joven-capitalista-espanol-teatre-condal-barcelona.jpg\",\"thumb_url\":\"media\/ver\/port\/v3wide\/3151B\/01_088_00050851\/0-autorretrato-de-un-joven-capitalista-espanol-teatre-condal-barcelona_thumb.jpg\",\"title\":\"Autorretrato de un joven anticapitalista espa\u00f1ol - Teatre Condal\",\"description\":\"autorretrato de un joven anticapitalista espa\u00f1ol al teatre condal de barcelona\",\"copyright\":\"\",\"order\":31},{\"localizer\":\"V3PORTADA\",\"url\":\"media\/ver\/port\/v3\/3151B\/01_084_00050852\/1-autorretrato-de-un-joven-capitalista-espanol-teatre-condal-barcelona.jpg\",\"thumb_url\":\"media\/ver\/port\/v3\/3151B\/01_084_00050852\/1-autorretrato-de-un-joven-capitalista-espanol-teatre-condal-barcelona_thumb.jpg\",\"title\":\"Autorretrato de un joven anticapitalista espa\u00f1ol - Teatre Condal\",\"description\":\"autorretrato de un joven anticapitalista espa\u00f1ol al teatre condal de barcelona\",\"copyright\":\"\",\"order\":32}]","material__texto_intro":"","data_material":null,"data_gallery":"","data_discounts":"[]","contract_is_open":false,"in_tour":false},"yoast_head":"<!-- This site is optimized with the Yoast SEO plugin v27.5 - https:\/\/yoast.com\/product\/yoast-seo-wordpress\/ -->\n<title>Autorretrato de un joven capitalista espa\u00f1ol - Teatre Condal<\/title>\n<meta name=\"robots\" content=\"index, follow, max-snippet:-1, max-image-preview:large, max-video-preview:-1\" \/>\n<link rel=\"canonical\" href=\"https:\/\/www.teatrecondal.cat\/es\/ex\/autorretrato-de-un-joven-capitalista-espanol\/\" \/>\n<script type=\"application\/ld+json\" class=\"yoast-schema-graph\">{\"@context\":\"https:\\\/\\\/schema.org\",\"@graph\":[{\"@type\":\"WebPage\",\"@id\":\"https:\\\/\\\/www.teatrecondal.cat\\\/es\\\/ex\\\/autorretrato-de-un-joven-capitalista-espanol\\\/\",\"url\":\"https:\\\/\\\/www.teatrecondal.cat\\\/es\\\/ex\\\/autorretrato-de-un-joven-capitalista-espanol\\\/\",\"name\":\"Autorretrato de un joven capitalista espa\u00f1ol - Teatre Condal\",\"isPartOf\":{\"@id\":\"https:\\\/\\\/www.teatrecondal.cat\\\/es\\\/#website\"},\"datePublished\":\"2020-09-04T11:35:16+00:00\",\"breadcrumb\":{\"@id\":\"https:\\\/\\\/www.teatrecondal.cat\\\/es\\\/ex\\\/autorretrato-de-un-joven-capitalista-espanol\\\/#breadcrumb\"},\"inLanguage\":\"es\",\"potentialAction\":[{\"@type\":\"ReadAction\",\"target\":[\"https:\\\/\\\/www.teatrecondal.cat\\\/es\\\/ex\\\/autorretrato-de-un-joven-capitalista-espanol\\\/\"]}]},{\"@type\":\"BreadcrumbList\",\"@id\":\"https:\\\/\\\/www.teatrecondal.cat\\\/es\\\/ex\\\/autorretrato-de-un-joven-capitalista-espanol\\\/#breadcrumb\",\"itemListElement\":[{\"@type\":\"ListItem\",\"position\":1,\"name\":\"Inici\",\"item\":\"https:\\\/\\\/www.teatrecondal.cat\\\/es\\\/\"},{\"@type\":\"ListItem\",\"position\":2,\"name\":\"Espectacles\",\"item\":\"https:\\\/\\\/www.teatrecondal.cat\\\/es\\\/ex\\\/\"},{\"@type\":\"ListItem\",\"position\":3,\"name\":\"Autorretrato de un joven capitalista espa\u00f1ol\"}]},{\"@type\":\"WebSite\",\"@id\":\"https:\\\/\\\/www.teatrecondal.cat\\\/es\\\/#website\",\"url\":\"https:\\\/\\\/www.teatrecondal.cat\\\/es\\\/\",\"name\":\"Teatre Condal\",\"description\":\"\",\"publisher\":{\"@id\":\"https:\\\/\\\/www.teatrecondal.cat\\\/es\\\/#organization\"},\"potentialAction\":[{\"@type\":\"SearchAction\",\"target\":{\"@type\":\"EntryPoint\",\"urlTemplate\":\"https:\\\/\\\/www.teatrecondal.cat\\\/es\\\/?s={search_term_string}\"},\"query-input\":{\"@type\":\"PropertyValueSpecification\",\"valueRequired\":true,\"valueName\":\"search_term_string\"}}],\"inLanguage\":\"es\"},{\"@type\":\"Organization\",\"@id\":\"https:\\\/\\\/www.teatrecondal.cat\\\/es\\\/#organization\",\"name\":\"Teatre Condal\",\"url\":\"https:\\\/\\\/www.teatrecondal.cat\\\/es\\\/\",\"logo\":{\"@type\":\"ImageObject\",\"inLanguage\":\"es\",\"@id\":\"https:\\\/\\\/www.teatrecondal.cat\\\/es\\\/#\\\/schema\\\/logo\\\/image\\\/\",\"url\":\"https:\\\/\\\/www.teatrecondal.cat\\\/wp-content\\\/uploads\\\/sites\\\/3\\\/2017\\\/09\\\/teatre-condal-logo.svg\",\"contentUrl\":\"https:\\\/\\\/www.teatrecondal.cat\\\/wp-content\\\/uploads\\\/sites\\\/3\\\/2017\\\/09\\\/teatre-condal-logo.svg\",\"width\":1,\"height\":1,\"caption\":\"Teatre Condal\"},\"image\":{\"@id\":\"https:\\\/\\\/www.teatrecondal.cat\\\/es\\\/#\\\/schema\\\/logo\\\/image\\\/\"},\"sameAs\":[\"http:\\\/\\\/www.facebook.com\\\/TeatreCondal\",\"https:\\\/\\\/x.com\\\/Teatre_Condal\",\"http:\\\/\\\/instagram.com\\\/teatre_condal\",\"http:\\\/\\\/www.youtube.com\\\/user\\\/TeatreCondal\"]}]}<\/script>\n<!-- \/ Yoast SEO plugin. -->","yoast_head_json":{"title":"Autorretrato de un joven capitalista espa\u00f1ol - Teatre Condal","robots":{"index":"index","follow":"follow","max-snippet":"max-snippet:-1","max-image-preview":"max-image-preview:large","max-video-preview":"max-video-preview:-1"},"canonical":"https:\/\/www.teatrecondal.cat\/es\/ex\/autorretrato-de-un-joven-capitalista-espanol\/","schema":{"@context":"https:\/\/schema.org","@graph":[{"@type":"WebPage","@id":"https:\/\/www.teatrecondal.cat\/es\/ex\/autorretrato-de-un-joven-capitalista-espanol\/","url":"https:\/\/www.teatrecondal.cat\/es\/ex\/autorretrato-de-un-joven-capitalista-espanol\/","name":"Autorretrato de un joven capitalista espa\u00f1ol - Teatre Condal","isPartOf":{"@id":"https:\/\/www.teatrecondal.cat\/es\/#website"},"datePublished":"2020-09-04T11:35:16+00:00","breadcrumb":{"@id":"https:\/\/www.teatrecondal.cat\/es\/ex\/autorretrato-de-un-joven-capitalista-espanol\/#breadcrumb"},"inLanguage":"es","potentialAction":[{"@type":"ReadAction","target":["https:\/\/www.teatrecondal.cat\/es\/ex\/autorretrato-de-un-joven-capitalista-espanol\/"]}]},{"@type":"BreadcrumbList","@id":"https:\/\/www.teatrecondal.cat\/es\/ex\/autorretrato-de-un-joven-capitalista-espanol\/#breadcrumb","itemListElement":[{"@type":"ListItem","position":1,"name":"Inici","item":"https:\/\/www.teatrecondal.cat\/es\/"},{"@type":"ListItem","position":2,"name":"Espectacles","item":"https:\/\/www.teatrecondal.cat\/es\/ex\/"},{"@type":"ListItem","position":3,"name":"Autorretrato de un joven capitalista espa\u00f1ol"}]},{"@type":"WebSite","@id":"https:\/\/www.teatrecondal.cat\/es\/#website","url":"https:\/\/www.teatrecondal.cat\/es\/","name":"Teatre Condal","description":"","publisher":{"@id":"https:\/\/www.teatrecondal.cat\/es\/#organization"},"potentialAction":[{"@type":"SearchAction","target":{"@type":"EntryPoint","urlTemplate":"https:\/\/www.teatrecondal.cat\/es\/?s={search_term_string}"},"query-input":{"@type":"PropertyValueSpecification","valueRequired":true,"valueName":"search_term_string"}}],"inLanguage":"es"},{"@type":"Organization","@id":"https:\/\/www.teatrecondal.cat\/es\/#organization","name":"Teatre Condal","url":"https:\/\/www.teatrecondal.cat\/es\/","logo":{"@type":"ImageObject","inLanguage":"es","@id":"https:\/\/www.teatrecondal.cat\/es\/#\/schema\/logo\/image\/","url":"https:\/\/www.teatrecondal.cat\/wp-content\/uploads\/sites\/3\/2017\/09\/teatre-condal-logo.svg","contentUrl":"https:\/\/www.teatrecondal.cat\/wp-content\/uploads\/sites\/3\/2017\/09\/teatre-condal-logo.svg","width":1,"height":1,"caption":"Teatre Condal"},"image":{"@id":"https:\/\/www.teatrecondal.cat\/es\/#\/schema\/logo\/image\/"},"sameAs":["http:\/\/www.facebook.com\/TeatreCondal","https:\/\/x.com\/Teatre_Condal","http:\/\/instagram.com\/teatre_condal","http:\/\/www.youtube.com\/user\/TeatreCondal"]}]}},"translations":[{"id":3784,"locale":"ca"},{"id":4202,"locale":"es"}],"_links":{"self":[{"href":"https:\/\/www.teatrecondal.cat\/es\/wp-json\/wp\/v2\/ex\/4202","targetHints":{"allow":["GET"]}}],"collection":[{"href":"https:\/\/www.teatrecondal.cat\/es\/wp-json\/wp\/v2\/ex"}],"about":[{"href":"https:\/\/www.teatrecondal.cat\/es\/wp-json\/wp\/v2\/types\/ex"}],"author":[{"embeddable":true,"href":"https:\/\/www.teatrecondal.cat\/es\/wp-json\/wp\/v2\/users\/2"}],"replies":[{"embeddable":true,"href":"https:\/\/www.teatrecondal.cat\/es\/wp-json\/wp\/v2\/comments?post=4202"}],"acf:term":[{"embeddable":true,"taxonomy":"season","href":"https:\/\/www.teatrecondal.cat\/es\/wp-json\/wp\/v2\/season\/89"}],"wp:attachment":[{"href":"https:\/\/www.teatrecondal.cat\/es\/wp-json\/wp\/v2\/media?parent=4202"}],"curies":[{"name":"wp","href":"https:\/\/api.w.org\/{rel}","templated":true}]}}