{"id":4179,"date":"2019-01-17T12:34:33","date_gmt":"2019-01-17T11:34:33","guid":{"rendered":"https:\/\/pre.teatrecondal.cat\/ex\/\/plataforma-protagonistes-del-millenni\/"},"modified":"2019-01-17T12:34:33","modified_gmt":"2019-01-17T11:34:33","slug":"plataforma-protagonistes-del-millenni","status":"publish","type":"ex","link":"https:\/\/www.teatrecondal.cat\/es\/ex\/plataforma-protagonistes-del-millenni\/","title":{"rendered":"Plataforma. Protagonistes del mil\u00b7lenni"},"content":{"rendered":"","protected":false},"excerpt":{"rendered":"","protected":false},"author":2,"featured_media":0,"comment_status":"closed","ping_status":"closed","template":"","class_list":["post-4179","ex","type-ex","status-publish","hentry","season-2018-19"],"acf":{"txt_synopsis":"<p>Uno de los objetivos del proyecto <strong>ONYRIC<\/strong> es potenciar y acompa\u00f1ar el talento joven. Queremos apostar por nuevas voces en el \u00e1mbito de la autor\u00eda, la composici\u00f3n y la creaci\u00f3n de nuevos musicales. Y dar la primera oportunidad a int\u00e9rpretes de la nueva generaci\u00f3n present\u00e1ndolos por primera vez delante del p\u00fablico. <strong>Plataforma<\/strong> es nuestra mirada al futuro.<\/p>\n<p>Por fin, despu\u00e9s de muchas semanas recibiendo v\u00eddeos y deliberando, nos place presentaros a la ganadora de esta primera edici\u00f3n del concurso: \u00a1<strong>Aina Ros<\/strong>! Acompa\u00f1ada al piano por <strong>Andreu Roqueta<\/strong> y dirigida por <strong>Xavi Casan<\/strong>, Aina se presentar\u00e1 en sociedad en su primer concierto en solitario en una sala de Barcelona. Andreu tambi\u00e9n fue participante del concurso y decidieron aprovechar su talento al piano para acompa\u00f1ar a la gran voz de Aina en esta <strong>noche \u00fanica<\/strong>. Ser\u00e1 una velada \u00edntima y emocionante. \u00a1Venid el lunes 6 de mayo al <strong>Club&nbsp;ONYRIC<\/strong> a celebrar con nosotros el talento de las nuevas generaciones!<\/p>\n<h2>Plataforma protagonistas del milenio<\/h2>\n<p><br \/>Empezamos el proyecto Plataforma abriendo el Club ONYRIC a la primera Protagonista del Milenio. Hemos estado buscando a trav\u00e9s de un proceso abierto a las redes a un actor\/actriz cantante que est\u00e9 preparado para dar el salto al mundo profesional. Ya tenemos, al fin, a la artista que protagonizar\u00e1 este concierto y hemos puesta a su servicio todo el equipo art\u00edstico y t\u00e9cnico necesario para que se presente en sociedad gracias a esta Plataforma \u00fanica. El proyecto tendr\u00e1 continuidad con nuevas ediciones, siempre buscando y promoviendo el talento de las nuevas generaciones del pa\u00eds. \u00a1Descubrimos juntos los protagonistas del nuevo milenio!<\/p>\n<h2>El proceso de selecci\u00f3n<\/h2>\n<p>Durante los meses de enero y febrero, m\u00e1s de 35 j\u00f3venes de entre 18 y 25 a\u00f1os que no hab\u00edan participado nunca en ninguna producci\u00f3n profesional para adultos, aplicaron a nuestro concurso. Todos en proceso de formaci\u00f3n en el teatro musical y grandes apasionados del g\u00e9nero, hicieron unas maravillosas versiones de los temas de m\u00e1s \u00e9xito en los \u00faltimos a\u00f1os de Broadway.<\/p>\n<p>Una vez se cerraron las inscripciones el d\u00eda 3 de marzo, empez\u00f3 el proceso de avaluaci\u00f3n y selecci\u00f3n del v\u00eddeo ganador con un jurado formado por <strong>Daniel Angl\u00e8s<\/strong>, <strong>Xavi Casan<\/strong>, <strong>Mariona Castillo<\/strong>, <strong>Marisol Gonz\u00e1lez<\/strong> y <strong>Anna Moliner<\/strong>. Explican que se les hizo extremadamente complicado escoger, pero finalmente comunicaron el resultado de su deliberaci\u00f3n el 12 de marzo.<\/p>\n<p>Desde entonces, <strong>Aina Ros<\/strong> se ha puesto a trabajar con un equipo art\u00edstico que se ha creado a su alrededor para preparar, bajo la supervisi\u00f3n art\u00edstica de <strong>Daniel Angl\u00e8s<\/strong> y la direcci\u00f3n de <strong>Xavi Casan<\/strong>, el concierto \u00fanico que tendr\u00e1 lugar al Club ONYRIC el lunes 6 de mayo.<\/p>\n<p>El v\u00eddeo de la cabecera es el ganador de Aina, una magn\u00edfica versi\u00f3n del famoso \"Latte Boy\" (\"Xavi el dels tallats\").<\/p>","main_buy_link":"https:\/\/www.4tickets.es\/TeatreCondal\/public\/janto\/?Nivel=Evento&idEvento=CON100&Idioma=ES","main_buy_links":"","group_buy_link":"","show_language":"Espect\u00e1culo en catal\u00e1n y castellano","show_duration":"60","show_start_date":"20190506000000","show_end_date":"20190506000000","show_sort_date":"20190506000000","txt_custom_show_dates":"el 6 de mayo de 2019","show_disciplines":"","show_ultimes_funcions":false,"hide_tarifes_especials":false,"show_properament":false,"txt_additional_info":"","txt_present":"","show_season":[87],"txt_season":"[\"2018\/19\"]","txt_cycle":"Club ONYRIC - 11","txt_claim":"","txt_cast_excerpt":"","txt_cast":"<p>Supervisi\u00f3n art\u00edstica: <strong>Daniel Angl\u00e8s<br \/><\/strong>Director: <strong>Xavi Casan<\/strong><\/p>\n<p>Con:<\/p>\n<p><strong>Aina Ros <\/strong>(voz)<br \/><strong>Andreu Roqueta <\/strong>(piano)<\/p>\n<p>Fotograf\u00eda de cartel: <strong>\u00c0gata Casanovas<br \/><\/strong>Project Manager: <strong>Jan Bartomeu<\/strong><\/p>\n<p>Producci\u00f3n: <strong>AULES \u2013 ARTS ESC\u00c8NIQUES \/ FOCUS<\/strong><\/p>","txt_reviews":"","hashtag":"concursplataforma","have_promo":"","slogan":"","id_exhibicio":1638,"id_versio":1351,"id_local":3,"txt_seo_desc":"Con el objetivo de potenciar el talento joven en nuestro pa\u00eds, ONYRIC Teatre Condal y la Escola Aules ponen en marcha un nuevo proyecto art\u00edstico: Plataforma.","data_images":"[{\"localizer\":\"V3SLIDE\",\"url\":\"media\/ftgalslide\/v3\/314B0\/01_086_00047854\/concurs-plataforma-aina-ros-teatre-condal-onyric-barcelona.jpg\",\"thumb_url\":\"media\/ftgalslide\/v3\/314B0\/01_086_00047854\/concurs-plataforma-aina-ros-teatre-condal-onyric-barcelona_thumb.jpg\",\"title\":\"Plataforma. Protagonistes del mil\u00b7leni\",\"description\":\"concurs plataforma aina ros teatre condal barcelona\",\"copyright\":\"https:\/\/www.youtube.com\/watch?v=ab0LB_k0g9s\",\"order\":4},{\"localizer\":\"V3PORTADA\",\"url\":\"media\/ver\/port\/v3\/314B0\/01_084_00047872\/1-plataforma-aina-ros-onyric-teatre-condal-barcelona.jpg\",\"thumb_url\":\"media\/ver\/port\/v3\/314B0\/01_084_00047872\/1-plataforma-aina-ros-onyric-teatre-condal-barcelona_thumb.jpg\",\"title\":\"Plataforma Aina Ros - Onyric Teatre Condal\",\"description\":\"plataforma aina ros onyric teatre condal barcelona\",\"copyright\":\"\",\"order\":6},{\"localizer\":\"V3CARTELL\",\"url\":\"media\/ver\/cartell\/v3\/314B0\/01_085_00047873\/cartell-plataforma-aina-ros-onyric-teatre-condal-barcelona.jpg\",\"thumb_url\":\"media\/ver\/cartell\/v3\/314B0\/01_085_00047873\/cartell-plataforma-aina-ros-onyric-teatre-condal-barcelona_thumb.jpg\",\"title\":\"Plataforma Aina Ros - Onyric Teatre Condal\",\"description\":\"plataforma aina ros onyric teatre condal barcelona\",\"copyright\":\"\",\"order\":7}]","material__texto_intro":"","data_material":null,"data_gallery":"","data_discounts":"[{\"InfoAddicional\":\"<p><strong>Descuentos para grupos y escuelas<br \/><\/strong><\/p>\",\"Url\":\"https:\/\/www.promentrada.com\/es\/catalog\/\",\"Codi\":\"CON100\",\"LogoUrl\":\"media\/fimage\/31389\/01_005_00038530\/logo_prome_nuevo_v_web.jpg\",\"TitolBoto\":\"Descuentos para grupos y escuelas\",\"Type\":\"discount\"},{\"InfoAddicional\":\"<p><strong>Descuentos para particulares<br \/><\/strong><\/p>\",\"Url\":\"http:\/\/vip.promentrada.com\",\"Codi\":\"CON100\",\"LogoUrl\":\"media\/fimage\/31389\/01_005_00038559\/logo_prome_vip_v_web.jpg\",\"TitolBoto\":\"Descuentos para particulares\",\"Type\":\"discount\"}]","contract_is_open":false,"in_tour":false},"yoast_head":"<!-- This site is optimized with the Yoast SEO plugin v27.5 - https:\/\/yoast.com\/product\/yoast-seo-wordpress\/ -->\n<title>Plataforma. Protagonistes del mil\u00b7lenni - Teatre Condal<\/title>\n<meta name=\"robots\" content=\"index, follow, max-snippet:-1, max-image-preview:large, max-video-preview:-1\" \/>\n<link rel=\"canonical\" href=\"https:\/\/www.teatrecondal.cat\/es\/ex\/plataforma-protagonistes-del-millenni\/\" \/>\n<script type=\"application\/ld+json\" class=\"yoast-schema-graph\">{\"@context\":\"https:\\\/\\\/schema.org\",\"@graph\":[{\"@type\":\"WebPage\",\"@id\":\"https:\\\/\\\/www.teatrecondal.cat\\\/es\\\/ex\\\/plataforma-protagonistes-del-millenni\\\/\",\"url\":\"https:\\\/\\\/www.teatrecondal.cat\\\/es\\\/ex\\\/plataforma-protagonistes-del-millenni\\\/\",\"name\":\"Plataforma. Protagonistes del mil\u00b7lenni - Teatre Condal\",\"isPartOf\":{\"@id\":\"https:\\\/\\\/www.teatrecondal.cat\\\/es\\\/#website\"},\"datePublished\":\"2019-01-17T11:34:33+00:00\",\"breadcrumb\":{\"@id\":\"https:\\\/\\\/www.teatrecondal.cat\\\/es\\\/ex\\\/plataforma-protagonistes-del-millenni\\\/#breadcrumb\"},\"inLanguage\":\"es\",\"potentialAction\":[{\"@type\":\"ReadAction\",\"target\":[\"https:\\\/\\\/www.teatrecondal.cat\\\/es\\\/ex\\\/plataforma-protagonistes-del-millenni\\\/\"]}]},{\"@type\":\"BreadcrumbList\",\"@id\":\"https:\\\/\\\/www.teatrecondal.cat\\\/es\\\/ex\\\/plataforma-protagonistes-del-millenni\\\/#breadcrumb\",\"itemListElement\":[{\"@type\":\"ListItem\",\"position\":1,\"name\":\"Inici\",\"item\":\"https:\\\/\\\/www.teatrecondal.cat\\\/es\\\/\"},{\"@type\":\"ListItem\",\"position\":2,\"name\":\"Espectacles\",\"item\":\"https:\\\/\\\/www.teatrecondal.cat\\\/es\\\/ex\\\/\"},{\"@type\":\"ListItem\",\"position\":3,\"name\":\"Plataforma. Protagonistes del mil\u00b7lenni\"}]},{\"@type\":\"WebSite\",\"@id\":\"https:\\\/\\\/www.teatrecondal.cat\\\/es\\\/#website\",\"url\":\"https:\\\/\\\/www.teatrecondal.cat\\\/es\\\/\",\"name\":\"Teatre Condal\",\"description\":\"\",\"publisher\":{\"@id\":\"https:\\\/\\\/www.teatrecondal.cat\\\/es\\\/#organization\"},\"potentialAction\":[{\"@type\":\"SearchAction\",\"target\":{\"@type\":\"EntryPoint\",\"urlTemplate\":\"https:\\\/\\\/www.teatrecondal.cat\\\/es\\\/?s={search_term_string}\"},\"query-input\":{\"@type\":\"PropertyValueSpecification\",\"valueRequired\":true,\"valueName\":\"search_term_string\"}}],\"inLanguage\":\"es\"},{\"@type\":\"Organization\",\"@id\":\"https:\\\/\\\/www.teatrecondal.cat\\\/es\\\/#organization\",\"name\":\"Teatre Condal\",\"url\":\"https:\\\/\\\/www.teatrecondal.cat\\\/es\\\/\",\"logo\":{\"@type\":\"ImageObject\",\"inLanguage\":\"es\",\"@id\":\"https:\\\/\\\/www.teatrecondal.cat\\\/es\\\/#\\\/schema\\\/logo\\\/image\\\/\",\"url\":\"https:\\\/\\\/www.teatrecondal.cat\\\/wp-content\\\/uploads\\\/sites\\\/3\\\/2017\\\/09\\\/teatre-condal-logo.svg\",\"contentUrl\":\"https:\\\/\\\/www.teatrecondal.cat\\\/wp-content\\\/uploads\\\/sites\\\/3\\\/2017\\\/09\\\/teatre-condal-logo.svg\",\"width\":1,\"height\":1,\"caption\":\"Teatre Condal\"},\"image\":{\"@id\":\"https:\\\/\\\/www.teatrecondal.cat\\\/es\\\/#\\\/schema\\\/logo\\\/image\\\/\"},\"sameAs\":[\"http:\\\/\\\/www.facebook.com\\\/TeatreCondal\",\"https:\\\/\\\/x.com\\\/Teatre_Condal\",\"http:\\\/\\\/instagram.com\\\/teatre_condal\",\"http:\\\/\\\/www.youtube.com\\\/user\\\/TeatreCondal\"]}]}<\/script>\n<!-- \/ Yoast SEO plugin. -->","yoast_head_json":{"title":"Plataforma. Protagonistes del mil\u00b7lenni - Teatre Condal","robots":{"index":"index","follow":"follow","max-snippet":"max-snippet:-1","max-image-preview":"max-image-preview:large","max-video-preview":"max-video-preview:-1"},"canonical":"https:\/\/www.teatrecondal.cat\/es\/ex\/plataforma-protagonistes-del-millenni\/","schema":{"@context":"https:\/\/schema.org","@graph":[{"@type":"WebPage","@id":"https:\/\/www.teatrecondal.cat\/es\/ex\/plataforma-protagonistes-del-millenni\/","url":"https:\/\/www.teatrecondal.cat\/es\/ex\/plataforma-protagonistes-del-millenni\/","name":"Plataforma. Protagonistes del mil\u00b7lenni - Teatre Condal","isPartOf":{"@id":"https:\/\/www.teatrecondal.cat\/es\/#website"},"datePublished":"2019-01-17T11:34:33+00:00","breadcrumb":{"@id":"https:\/\/www.teatrecondal.cat\/es\/ex\/plataforma-protagonistes-del-millenni\/#breadcrumb"},"inLanguage":"es","potentialAction":[{"@type":"ReadAction","target":["https:\/\/www.teatrecondal.cat\/es\/ex\/plataforma-protagonistes-del-millenni\/"]}]},{"@type":"BreadcrumbList","@id":"https:\/\/www.teatrecondal.cat\/es\/ex\/plataforma-protagonistes-del-millenni\/#breadcrumb","itemListElement":[{"@type":"ListItem","position":1,"name":"Inici","item":"https:\/\/www.teatrecondal.cat\/es\/"},{"@type":"ListItem","position":2,"name":"Espectacles","item":"https:\/\/www.teatrecondal.cat\/es\/ex\/"},{"@type":"ListItem","position":3,"name":"Plataforma. Protagonistes del mil\u00b7lenni"}]},{"@type":"WebSite","@id":"https:\/\/www.teatrecondal.cat\/es\/#website","url":"https:\/\/www.teatrecondal.cat\/es\/","name":"Teatre Condal","description":"","publisher":{"@id":"https:\/\/www.teatrecondal.cat\/es\/#organization"},"potentialAction":[{"@type":"SearchAction","target":{"@type":"EntryPoint","urlTemplate":"https:\/\/www.teatrecondal.cat\/es\/?s={search_term_string}"},"query-input":{"@type":"PropertyValueSpecification","valueRequired":true,"valueName":"search_term_string"}}],"inLanguage":"es"},{"@type":"Organization","@id":"https:\/\/www.teatrecondal.cat\/es\/#organization","name":"Teatre Condal","url":"https:\/\/www.teatrecondal.cat\/es\/","logo":{"@type":"ImageObject","inLanguage":"es","@id":"https:\/\/www.teatrecondal.cat\/es\/#\/schema\/logo\/image\/","url":"https:\/\/www.teatrecondal.cat\/wp-content\/uploads\/sites\/3\/2017\/09\/teatre-condal-logo.svg","contentUrl":"https:\/\/www.teatrecondal.cat\/wp-content\/uploads\/sites\/3\/2017\/09\/teatre-condal-logo.svg","width":1,"height":1,"caption":"Teatre Condal"},"image":{"@id":"https:\/\/www.teatrecondal.cat\/es\/#\/schema\/logo\/image\/"},"sameAs":["http:\/\/www.facebook.com\/TeatreCondal","https:\/\/x.com\/Teatre_Condal","http:\/\/instagram.com\/teatre_condal","http:\/\/www.youtube.com\/user\/TeatreCondal"]}]}},"translations":[{"id":3761,"locale":"ca"},{"id":4179,"locale":"es"}],"_links":{"self":[{"href":"https:\/\/www.teatrecondal.cat\/es\/wp-json\/wp\/v2\/ex\/4179","targetHints":{"allow":["GET"]}}],"collection":[{"href":"https:\/\/www.teatrecondal.cat\/es\/wp-json\/wp\/v2\/ex"}],"about":[{"href":"https:\/\/www.teatrecondal.cat\/es\/wp-json\/wp\/v2\/types\/ex"}],"author":[{"embeddable":true,"href":"https:\/\/www.teatrecondal.cat\/es\/wp-json\/wp\/v2\/users\/2"}],"replies":[{"embeddable":true,"href":"https:\/\/www.teatrecondal.cat\/es\/wp-json\/wp\/v2\/comments?post=4179"}],"acf:term":[{"embeddable":true,"taxonomy":"season","href":"https:\/\/www.teatrecondal.cat\/es\/wp-json\/wp\/v2\/season\/87"}],"wp:attachment":[{"href":"https:\/\/www.teatrecondal.cat\/es\/wp-json\/wp\/v2\/media?parent=4179"}],"curies":[{"name":"wp","href":"https:\/\/api.w.org\/{rel}","templated":true}]}}