{"id":4088,"date":"2017-09-19T08:23:45","date_gmt":"2017-09-19T06:23:45","guid":{"rendered":"https:\/\/pre.teatrecondal.cat\/ex\/\/guillem-alba-la-marabunta-2\/"},"modified":"2017-09-19T08:23:45","modified_gmt":"2017-09-19T06:23:45","slug":"guillem-alba-la-marabunta","status":"publish","type":"ex","link":"https:\/\/www.teatrecondal.cat\/es\/ex\/guillem-alba-la-marabunta\/","title":{"rendered":"Guillem Alb\u00e0 &#038; La Marabunta"},"content":{"rendered":"","protected":false},"excerpt":{"rendered":"","protected":false},"author":2,"featured_media":0,"comment_status":"closed","ping_status":"closed","template":"","class_list":["post-4088","ex","type-ex","status-publish","hentry","season-2015-16"],"acf":{"txt_synopsis":"<p>\u201c<strong>MARABUNTA<\/strong>\u201d es locura. Es descontrol con clase. No querer despeinarse, y acabar perdiendo los pantalones. Pero con una sonrisa en la cara.<br \/><br \/>\u201c<strong>MARABUNTA<\/strong>\u201d es el nuevo trabajo de <strong>GUILLEM ALB\u00c0 & LA MARABUNTA<\/strong>. Un show de clown, en\u00e9rgico y energ\u00e9tico, catapultado por la mejor m\u00fasica en directo. Sketch a tempo matem\u00e1tico. En el escenario los artistas luchan para que nada se entienda.<br \/><br \/>Canciones propias. Gags absurdos. Cabaret. Nada tiene sentido y todo es posible. Ning\u00fan orden establecido. Es el caos del payaso. Improvisaci\u00f3n: salir y jugar. Divertirse pase lo que pase, y qui\u00e9n sabe lo qu\u00e9 pasar\u00e1 hoy. Y ma\u00f1ana. Y pasado. Esto es la selva. \u00bfQuer\u00e9is re\u00edros? Est\u00e1is invitados.<br \/><br \/>Sobre el escenario la locura experta de un joven clown a punto de explotar: <strong>GUILLEM ALB\u00c0<\/strong>. M\u00edrenlo. Es \u00e9l. Ya est\u00e1 aqu\u00ed. Nuestro frontman tiene clase y cero dignidad. No la necesita para nada, y la regala a quien la quiera. Ser\u00e1 mejor que no se abrochen los cinturones. \u00c9l est\u00e1 loco y es capaz de todo. Ya puestos, rel\u00e1jense y d\u00e9jense llevar. Les aseguramos que no les doler\u00e1. <br \/><br \/>M\u00e1s atr\u00e1s, seis siluetas recortadas. Tocando con seguridad y repartiendo buen juego desde el mediocampo. <strong>THE ALL IN ORCHESTRA<\/strong>. Dedos r\u00e1pidos. Sangre caliente. Capaces de domesticar cualquier estilo musical que se les ponga por delante. Suman background y multiplican el juego. Son talento madurado y know-how. Son altura, peso y planta. Y nunca guardan un as en la manga. All in. Pasen \u00bfQu\u00e9 desean tomar? Cojan asiento y olv\u00eddense de todo. Una nueva troupe llega a sus retinas. Desconecten sus tel\u00e9fonos m\u00f3viles y sus cerebros. Ellos son el ant\u00eddoto, la p\u00f3lvora, y la vitamina C. Juego sin conservantes: en directo y en vena. Son \u201c<strong>MARABUNTA<\/strong>\u201d. El espect\u00e1culo total.<\/p>\n<p><strong>Duraci\u00f3n aproximada:<\/strong> 1 hora y 30 minutos.<\/p>","main_buy_link":"#","main_buy_links":"","group_buy_link":"","show_language":"","show_duration":"","show_start_date":"20160708000000","show_end_date":"20160710000000","show_sort_date":"20160314000000","txt_custom_show_dates":"del 8 al 10 de julio de 2016","show_disciplines":"","show_ultimes_funcions":false,"hide_tarifes_especials":false,"show_properament":false,"txt_additional_info":"","txt_present":"","show_season":[84],"txt_season":"[\"2015\/16\"]","txt_cycle":"","txt_claim":"","txt_cast_excerpt":"<strong>Idea original, Gui\u00f3n, y Composici\u00f3n musical:<\/strong> GUILLEM ALB\u00c0 & LA MARABUNTA.<br \/><strong>Direcci\u00f3n:<\/strong> Guillem Alb\u00e0. <br \/><strong>Direcci\u00f3n musical:<\/strong> I\u00f1aki Marquiegui.<br \/><strong>Int\u00e9rpretes:<\/strong> Guillem Alb\u00e0, Guillermo Carrizo, I\u00f1aki Marquiegui, Mart\u00ed Soler, Albert Comaleras, \u00c0lvar Monfort y Edgar G\u00f3mez.<br \/><br \/>","txt_cast":"<strong>Idea original, Gui\u00f3n, y Composici\u00f3n musical:<\/strong> GUILLEM ALB\u00c0 & LA MARABUNTA<br \/><strong>Direcci\u00f3n:<\/strong> Guillem Alb\u00e0. <br \/><strong>Direcci\u00f3n musical:<\/strong> I\u00f1aki Marquiegui.<br \/><strong>Int\u00e9rpretes:<\/strong> Guillem Alb\u00e0, Guillermo Carrizo, I\u00f1aki Marquiegui, Mart\u00ed Soler, Albert Comaleras, \u00c0lvar Monfort y Edgar G\u00f3mez.<br \/><strong>Direcci\u00f3n t\u00e9cnica y Dise\u00f1o Sonido:<\/strong> Ton Mentruit \/ Gorka Ortega (LaJungla).<br \/><strong>Dise\u00f1o Iluminaci\u00f3n:<\/strong> Oriol Ib\u00e1\u00f1ez \/ Ignasi Sol\u00e9.<br \/><strong>Textos canciones:<\/strong> Pau Escribano \/ Anna Roig \/ Tatiana S\u00e1nchez.<br \/><strong>Voz en off:<\/strong> \u00c0ngel Ll\u00e0cer.<br \/><strong>Direcci\u00f3n de Producci\u00f3n, Regidur\u00eda y Distribuci\u00f3n:<\/strong> Blai Rodr\u00edguez.<br \/><br \/><strong>\"MARABUNTA\" es una producci\u00f3n de GUILLEM ALB\u00c0 & LA MARABUNTA.<\/strong>","txt_reviews":"","hashtag":"","have_promo":"","slogan":"","id_exhibicio":1319,"id_versio":1081,"id_local":3,"txt_seo_desc":"","data_images":"[{\"localizer\":\"V2CARTELL\",\"url\":\"media\/ver\/cartell\/31383\/01_079_00036751\/405x579.jpg\",\"thumb_url\":\"media\/ver\/cartell\/31383\/01_079_00036751\/405x579_thumb.jpg\",\"title\":\"Guillem Alb\u00e0 & La Marabunta\",\"description\":\"Guillem Alb\u00e0 & La Marabunta\",\"copyright\":\"\",\"order\":1},{\"localizer\":\"V2SLIDE\",\"url\":\"media\/ftgalslide\/31383\/01_076_00036771\/IMG_0737.jpg\",\"thumb_url\":\"media\/ftgalslide\/31383\/01_076_00036771\/IMG_0737_thumb.jpg\",\"title\":\"Guillem Alb\u00e0 & La Marabunta\",\"description\":\"Variety\",\"copyright\":\"https:\/\/www.youtube.com\/watch?v=jx5npg5Cc40&feature\",\"order\":1},{\"localizer\":\"V2PORTADA\",\"url\":\"media\/ver\/port\/31383\/01_078_00036762\/581x327_2.jpg\",\"thumb_url\":\"media\/ver\/port\/31383\/01_078_00036762\/581x327_2_thumb.jpg\",\"title\":\"Guillem Alb\u00e0 & La Marabunta\",\"description\":\"Guillem Alb\u00e0 & La Marabunta\",\"copyright\":\"\",\"order\":2},{\"localizer\":\"V2SLIDE\",\"url\":\"media\/ftgalslide\/31383\/01_076_00036766\/IMG_0737.jpg\",\"thumb_url\":\"media\/ftgalslide\/31383\/01_076_00036766\/IMG_0737_thumb.jpg\",\"title\":\"Guillem Alb\u00e0 & La Marabunta\",\"description\":\"Variety\",\"copyright\":\"\",\"order\":3},{\"localizer\":\"V2SLIDE\",\"url\":\"media\/ftgalslide\/31383\/01_076_00036768\/IMG_0784.jpg\",\"thumb_url\":\"media\/ftgalslide\/31383\/01_076_00036768\/IMG_0784_thumb.jpg\",\"title\":\"Guillem Alb\u00e0 & La Marabunta\",\"description\":\"Variety\",\"copyright\":\"\",\"order\":5},{\"localizer\":\"V2SLIDE\",\"url\":\"media\/ftgalslide\/31383\/01_076_00036769\/IMG_0852.jpg\",\"thumb_url\":\"media\/ftgalslide\/31383\/01_076_00036769\/IMG_0852_thumb.jpg\",\"title\":\"Guillem Alb\u00e0 & La Marabunta\",\"description\":\"Variety\",\"copyright\":\"\",\"order\":6},{\"localizer\":\"V2SLIDE\",\"url\":\"media\/ftgalslide\/31383\/01_076_00036770\/IMG_0824.jpg\",\"thumb_url\":\"media\/ftgalslide\/31383\/01_076_00036770\/IMG_0824_thumb.jpg\",\"title\":\"Guillem Alb\u00e0 & La Marabunta\",\"description\":\"Variety\",\"copyright\":\"\",\"order\":7},{\"localizer\":\"VERS_IMATGE_ESPECTACLE\",\"url\":\"media\/ftespect\/31383\/01_020_00036772\/IMG_0737.jpg\",\"thumb_url\":\"media\/ftespect\/31383\/01_020_00036772\/IMG_0737_thumb.jpg\",\"title\":\"Guillem Alb\u00e0 & La Marabunta\",\"description\":\"Guillem Alb\u00e0 & La Marabunta\",\"copyright\":\"\",\"order\":8},{\"localizer\":\"VERS_IMATGE_ESPECTACLE\",\"url\":\"media\/ftespect\/31383\/01_020_00036773\/IMG_0744.jpg\",\"thumb_url\":\"media\/ftespect\/31383\/01_020_00036773\/IMG_0744_thumb.jpg\",\"title\":\"Guillem Alb\u00e0 & La Marabunta\",\"description\":\"Guillem Alb\u00e0 & La Marabunta\",\"copyright\":\"\",\"order\":9},{\"localizer\":\"VERS_IMATGE_ESPECTACLE\",\"url\":\"media\/ftespect\/31383\/01_020_00036774\/IMG_0784.jpg\",\"thumb_url\":\"media\/ftespect\/31383\/01_020_00036774\/IMG_0784_thumb.jpg\",\"title\":\"Guillem Alb\u00e0 & La Marabunta\",\"description\":\"Guillem Alb\u00e0 & La Marabunta\",\"copyright\":\"\",\"order\":10},{\"localizer\":\"VERS_IMATGE_ESPECTACLE\",\"url\":\"media\/ftespect\/31383\/01_020_00036775\/IMG_0824.jpg\",\"thumb_url\":\"media\/ftespect\/31383\/01_020_00036775\/IMG_0824_thumb.jpg\",\"title\":\"Guillem Alb\u00e0 & La Marabunta\",\"description\":\"Guillem Alb\u00e0 & La Marabunta\",\"copyright\":\"\",\"order\":11},{\"localizer\":\"VERS_IMATGE_ESPECTACLE\",\"url\":\"media\/ftespect\/31383\/01_020_00036776\/IMG_0852.jpg\",\"thumb_url\":\"media\/ftespect\/31383\/01_020_00036776\/IMG_0852_thumb.jpg\",\"title\":\"Guillem Alb\u00e0 & La Marabunta\",\"description\":\"Guillem Alb\u00e0 & La Marabunta\",\"copyright\":\"\",\"order\":12}]","material__texto_intro":"","data_material":null,"data_gallery":"","data_discounts":"[{\"InfoAddicional\":\"<p><strong>Descuentos para particulares<br \/><\/strong><\/p>\",\"Url\":\"http:\/\/vip.promentrada.com\",\"Codi\":\"CON52\",\"LogoUrl\":\"media\/fimage\/31389\/01_005_00038559\/logo_prome_vip_v_web.jpg\"},{\"InfoAddicional\":\"<p><strong>Tarifa especial:<\/strong> Tarjeta Rosa, Tarjeta Discapacidad, Club TR3SC&nbsp;y Carnet Jove.*<\/p><p><em>*Descuentos Tarjeta Rosa y Tarjeta Discapacidad s\u00f3lo aplicables comprando en taquilla <\/em><\/p><p><strong>Descuentos para grupos y escuelas<br \/><\/strong><\/p>\",\"Url\":\"http:\/\/www.promentrada.com\",\"Codi\":\"CON52\",\"LogoUrl\":\"media\/fimage\/31389\/01_005_00038530\/logo_prome_nuevo_v_web.jpg\"}]","contract_is_open":false,"in_tour":false},"yoast_head":"<!-- This site is optimized with the Yoast SEO plugin v27.5 - https:\/\/yoast.com\/product\/yoast-seo-wordpress\/ -->\n<title>Guillem Alb\u00e0 &amp; La Marabunta - Teatre Condal<\/title>\n<meta name=\"robots\" content=\"index, follow, max-snippet:-1, max-image-preview:large, max-video-preview:-1\" \/>\n<link rel=\"canonical\" href=\"https:\/\/www.teatrecondal.cat\/es\/ex\/guillem-alba-la-marabunta\/\" \/>\n<script type=\"application\/ld+json\" class=\"yoast-schema-graph\">{\"@context\":\"https:\\\/\\\/schema.org\",\"@graph\":[{\"@type\":\"WebPage\",\"@id\":\"https:\\\/\\\/www.teatrecondal.cat\\\/es\\\/ex\\\/guillem-alba-la-marabunta\\\/\",\"url\":\"https:\\\/\\\/www.teatrecondal.cat\\\/es\\\/ex\\\/guillem-alba-la-marabunta\\\/\",\"name\":\"Guillem Alb\u00e0 & La Marabunta - Teatre Condal\",\"isPartOf\":{\"@id\":\"https:\\\/\\\/www.teatrecondal.cat\\\/es\\\/#website\"},\"datePublished\":\"2017-09-19T06:23:45+00:00\",\"breadcrumb\":{\"@id\":\"https:\\\/\\\/www.teatrecondal.cat\\\/es\\\/ex\\\/guillem-alba-la-marabunta\\\/#breadcrumb\"},\"inLanguage\":\"es\",\"potentialAction\":[{\"@type\":\"ReadAction\",\"target\":[\"https:\\\/\\\/www.teatrecondal.cat\\\/es\\\/ex\\\/guillem-alba-la-marabunta\\\/\"]}]},{\"@type\":\"BreadcrumbList\",\"@id\":\"https:\\\/\\\/www.teatrecondal.cat\\\/es\\\/ex\\\/guillem-alba-la-marabunta\\\/#breadcrumb\",\"itemListElement\":[{\"@type\":\"ListItem\",\"position\":1,\"name\":\"Inici\",\"item\":\"https:\\\/\\\/www.teatrecondal.cat\\\/es\\\/\"},{\"@type\":\"ListItem\",\"position\":2,\"name\":\"Espectacles\",\"item\":\"https:\\\/\\\/www.teatrecondal.cat\\\/es\\\/ex\\\/\"},{\"@type\":\"ListItem\",\"position\":3,\"name\":\"Guillem Alb\u00e0 &#038; La Marabunta\"}]},{\"@type\":\"WebSite\",\"@id\":\"https:\\\/\\\/www.teatrecondal.cat\\\/es\\\/#website\",\"url\":\"https:\\\/\\\/www.teatrecondal.cat\\\/es\\\/\",\"name\":\"Teatre Condal\",\"description\":\"\",\"publisher\":{\"@id\":\"https:\\\/\\\/www.teatrecondal.cat\\\/es\\\/#organization\"},\"potentialAction\":[{\"@type\":\"SearchAction\",\"target\":{\"@type\":\"EntryPoint\",\"urlTemplate\":\"https:\\\/\\\/www.teatrecondal.cat\\\/es\\\/?s={search_term_string}\"},\"query-input\":{\"@type\":\"PropertyValueSpecification\",\"valueRequired\":true,\"valueName\":\"search_term_string\"}}],\"inLanguage\":\"es\"},{\"@type\":\"Organization\",\"@id\":\"https:\\\/\\\/www.teatrecondal.cat\\\/es\\\/#organization\",\"name\":\"Teatre Condal\",\"url\":\"https:\\\/\\\/www.teatrecondal.cat\\\/es\\\/\",\"logo\":{\"@type\":\"ImageObject\",\"inLanguage\":\"es\",\"@id\":\"https:\\\/\\\/www.teatrecondal.cat\\\/es\\\/#\\\/schema\\\/logo\\\/image\\\/\",\"url\":\"https:\\\/\\\/www.teatrecondal.cat\\\/wp-content\\\/uploads\\\/sites\\\/3\\\/2017\\\/09\\\/teatre-condal-logo.svg\",\"contentUrl\":\"https:\\\/\\\/www.teatrecondal.cat\\\/wp-content\\\/uploads\\\/sites\\\/3\\\/2017\\\/09\\\/teatre-condal-logo.svg\",\"width\":1,\"height\":1,\"caption\":\"Teatre Condal\"},\"image\":{\"@id\":\"https:\\\/\\\/www.teatrecondal.cat\\\/es\\\/#\\\/schema\\\/logo\\\/image\\\/\"},\"sameAs\":[\"http:\\\/\\\/www.facebook.com\\\/TeatreCondal\",\"https:\\\/\\\/x.com\\\/Teatre_Condal\",\"http:\\\/\\\/instagram.com\\\/teatre_condal\",\"http:\\\/\\\/www.youtube.com\\\/user\\\/TeatreCondal\"]}]}<\/script>\n<!-- \/ Yoast SEO plugin. -->","yoast_head_json":{"title":"Guillem Alb\u00e0 & La Marabunta - Teatre Condal","robots":{"index":"index","follow":"follow","max-snippet":"max-snippet:-1","max-image-preview":"max-image-preview:large","max-video-preview":"max-video-preview:-1"},"canonical":"https:\/\/www.teatrecondal.cat\/es\/ex\/guillem-alba-la-marabunta\/","schema":{"@context":"https:\/\/schema.org","@graph":[{"@type":"WebPage","@id":"https:\/\/www.teatrecondal.cat\/es\/ex\/guillem-alba-la-marabunta\/","url":"https:\/\/www.teatrecondal.cat\/es\/ex\/guillem-alba-la-marabunta\/","name":"Guillem Alb\u00e0 & La Marabunta - Teatre Condal","isPartOf":{"@id":"https:\/\/www.teatrecondal.cat\/es\/#website"},"datePublished":"2017-09-19T06:23:45+00:00","breadcrumb":{"@id":"https:\/\/www.teatrecondal.cat\/es\/ex\/guillem-alba-la-marabunta\/#breadcrumb"},"inLanguage":"es","potentialAction":[{"@type":"ReadAction","target":["https:\/\/www.teatrecondal.cat\/es\/ex\/guillem-alba-la-marabunta\/"]}]},{"@type":"BreadcrumbList","@id":"https:\/\/www.teatrecondal.cat\/es\/ex\/guillem-alba-la-marabunta\/#breadcrumb","itemListElement":[{"@type":"ListItem","position":1,"name":"Inici","item":"https:\/\/www.teatrecondal.cat\/es\/"},{"@type":"ListItem","position":2,"name":"Espectacles","item":"https:\/\/www.teatrecondal.cat\/es\/ex\/"},{"@type":"ListItem","position":3,"name":"Guillem Alb\u00e0 &#038; La Marabunta"}]},{"@type":"WebSite","@id":"https:\/\/www.teatrecondal.cat\/es\/#website","url":"https:\/\/www.teatrecondal.cat\/es\/","name":"Teatre Condal","description":"","publisher":{"@id":"https:\/\/www.teatrecondal.cat\/es\/#organization"},"potentialAction":[{"@type":"SearchAction","target":{"@type":"EntryPoint","urlTemplate":"https:\/\/www.teatrecondal.cat\/es\/?s={search_term_string}"},"query-input":{"@type":"PropertyValueSpecification","valueRequired":true,"valueName":"search_term_string"}}],"inLanguage":"es"},{"@type":"Organization","@id":"https:\/\/www.teatrecondal.cat\/es\/#organization","name":"Teatre Condal","url":"https:\/\/www.teatrecondal.cat\/es\/","logo":{"@type":"ImageObject","inLanguage":"es","@id":"https:\/\/www.teatrecondal.cat\/es\/#\/schema\/logo\/image\/","url":"https:\/\/www.teatrecondal.cat\/wp-content\/uploads\/sites\/3\/2017\/09\/teatre-condal-logo.svg","contentUrl":"https:\/\/www.teatrecondal.cat\/wp-content\/uploads\/sites\/3\/2017\/09\/teatre-condal-logo.svg","width":1,"height":1,"caption":"Teatre Condal"},"image":{"@id":"https:\/\/www.teatrecondal.cat\/es\/#\/schema\/logo\/image\/"},"sameAs":["http:\/\/www.facebook.com\/TeatreCondal","https:\/\/x.com\/Teatre_Condal","http:\/\/instagram.com\/teatre_condal","http:\/\/www.youtube.com\/user\/TeatreCondal"]}]}},"translations":[{"id":3686,"locale":"ca"},{"id":4088,"locale":"es"}],"_links":{"self":[{"href":"https:\/\/www.teatrecondal.cat\/es\/wp-json\/wp\/v2\/ex\/4088","targetHints":{"allow":["GET"]}}],"collection":[{"href":"https:\/\/www.teatrecondal.cat\/es\/wp-json\/wp\/v2\/ex"}],"about":[{"href":"https:\/\/www.teatrecondal.cat\/es\/wp-json\/wp\/v2\/types\/ex"}],"author":[{"embeddable":true,"href":"https:\/\/www.teatrecondal.cat\/es\/wp-json\/wp\/v2\/users\/2"}],"replies":[{"embeddable":true,"href":"https:\/\/www.teatrecondal.cat\/es\/wp-json\/wp\/v2\/comments?post=4088"}],"acf:term":[{"embeddable":true,"taxonomy":"season","href":"https:\/\/www.teatrecondal.cat\/es\/wp-json\/wp\/v2\/season\/84"}],"wp:attachment":[{"href":"https:\/\/www.teatrecondal.cat\/es\/wp-json\/wp\/v2\/media?parent=4088"}],"curies":[{"name":"wp","href":"https:\/\/api.w.org\/{rel}","templated":true}]}}