{"id":4018,"date":"2017-09-19T08:22:42","date_gmt":"2017-09-19T06:22:42","guid":{"rendered":"https:\/\/pre.teatrecondal.cat\/ex\/\/pels-pels\/"},"modified":"2017-09-19T08:22:42","modified_gmt":"2017-09-19T06:22:42","slug":"pels-pels","status":"publish","type":"ex","link":"https:\/\/www.teatrecondal.cat\/es\/ex\/pels-pels\/","title":{"rendered":"Pels p\u00e8ls"},"content":{"rendered":"","protected":false},"excerpt":{"rendered":"","protected":false},"author":2,"featured_media":0,"comment_status":"closed","ping_status":"closed","template":"","class_list":["post-4018","ex","type-ex","status-publish","hentry","season-2014-15"],"acf":{"txt_synopsis":"<p align=\"justify\">Pels p\u00e8ls es una obra de teatro poco convencional. Una comedia, un thriller y un reality show, mezclados, seg\u00fan su director, Abel Folk. Son tres vertientes que se combinan en la versi\u00f3n que hace Guillem-Jordi Graells de un cl\u00e1sico de la comedia contempor\u00e1nea: Shear Madness, del alem\u00e1n Paul Portner (1925\u20131984), la obra de teatro no musical con m\u00e1s continuidad de la historia. En cartel en Boston, Estados Unidos, desde finales de los setenta. \"Pels p\u00e8ls\" es la historia de un asesinato, cometido en una peluquer\u00eda, que implica a todos los protagonistas; el peluquero, su ayudante y los cuatro clientes. Y para resolver el caso, el p\u00fablico juega un papel activo, ayudando a los Mossos d'Esquadra encargados de solucionar el crimen en la versi\u00f3n catalana, a encontrar al culpable. Y en cada sesi\u00f3n el asesino puede ser un personaje diferente. Por eso, la fuerza de la obra reside en la improvisaci\u00f3n de los actores y en su interrelaci\u00f3n con el p\u00fablico, que se convierte en un personaje activo.<br \/><br \/>Duraci\u00f3n:&nbsp;1 horas&nbsp;y 50 minutos aprox. (entreacto incluido)<br \/><\/p>","main_buy_link":"","main_buy_links":"","group_buy_link":"","show_language":"","show_duration":"","show_start_date":"20150201000000","show_end_date":"20150406000000","show_sort_date":"20141208000000","txt_custom_show_dates":"del 1 de febrero al 6 de abril de 2015","show_disciplines":"","show_ultimes_funcions":false,"hide_tarifes_especials":false,"show_properament":false,"txt_additional_info":"","txt_present":"","show_season":[83],"txt_season":"[\"2014\/15\"]","txt_cycle":"","txt_claim":"","txt_cast_excerpt":"","txt_cast":"","txt_reviews":"","hashtag":"","have_promo":"","slogan":"","id_exhibicio":1095,"id_versio":880,"id_local":3,"txt_seo_desc":"","data_images":"[{\"localizer\":\"V2SLIDE\",\"url\":\"media\/ftgalslide\/3131E\/01_076_00032509\/slide01.jpg\",\"thumb_url\":\"media\/ftgalslide\/3131E\/01_076_00032509\/slide01_thumb.jpg\",\"title\":\"Pels p\u00e8ls\",\"description\":\" \",\"copyright\":\"https:\/\/www.youtube.com\/watch?v=gdA-3TjBXEI\",\"order\":1},{\"localizer\":\"V2SLIDE\",\"url\":\"media\/ftgalslide\/3131E\/01_076_00032361\/slide01.jpg\",\"thumb_url\":\"media\/ftgalslide\/3131E\/01_076_00032361\/slide01_thumb.jpg\",\"title\":\"Pels p\u00e8ls\",\"description\":\"Jofre Borr\u00e0s, Merc\u00e8 Comes, Pep Sais, Beth Rodergas, Pep Planas y \u00c0lex Casanovas\",\"copyright\":\"\",\"order\":9},{\"localizer\":\"V2SLIDE\",\"url\":\"media\/ftgalslide\/3131E\/01_076_00032362\/slide02.jpg\",\"thumb_url\":\"media\/ftgalslide\/3131E\/01_076_00032362\/slide02_thumb.jpg\",\"title\":\"Pels p\u00e8ls\",\"description\":\"Merc\u00e8 Comes y \u00c0lex Casanovas\",\"copyright\":\"\",\"order\":10},{\"localizer\":\"V2SLIDE\",\"url\":\"media\/ftgalslide\/3131E\/01_076_00032363\/slide03.jpg\",\"thumb_url\":\"media\/ftgalslide\/3131E\/01_076_00032363\/slide03_thumb.jpg\",\"title\":\"Pels p\u00e8ls\",\"description\":\"Jofre Borr\u00e0s y \u00c0lex Casanovas \",\"copyright\":\"\",\"order\":11},{\"localizer\":\"V2SLIDE\",\"url\":\"media\/ftgalslide\/3131E\/01_076_00032364\/slide04.jpg\",\"thumb_url\":\"media\/ftgalslide\/3131E\/01_076_00032364\/slide04_thumb.jpg\",\"title\":\"Pels p\u00e8ls\",\"description\":\"Jofre Borr\u00e0s y \u00c0lex Casanovas \",\"copyright\":\"\",\"order\":12},{\"localizer\":\"V2SLIDE\",\"url\":\"media\/ftgalslide\/3131E\/01_076_00032365\/slide05.jpg\",\"thumb_url\":\"media\/ftgalslide\/3131E\/01_076_00032365\/slide05_thumb.jpg\",\"title\":\"Pels p\u00e8ls\",\"description\":\"Pep Planas, Jofre Borr\u00e0s y Pep Sais\",\"copyright\":\"\",\"order\":13},{\"localizer\":\"V2SLIDE\",\"url\":\"media\/ftgalslide\/3131E\/01_076_00032366\/slide06.jpg\",\"thumb_url\":\"media\/ftgalslide\/3131E\/01_076_00032366\/slide06_thumb.jpg\",\"title\":\"Pels p\u00e8ls\",\"description\":\"Pep Sais\",\"copyright\":\"\",\"order\":14},{\"localizer\":\"V2SLIDE\",\"url\":\"media\/ftgalslide\/3131E\/01_076_00032367\/slide07.jpg\",\"thumb_url\":\"media\/ftgalslide\/3131E\/01_076_00032367\/slide07_thumb.jpg\",\"title\":\"Pels p\u00e8ls\",\"description\":\"Merc\u00e8 Comes\",\"copyright\":\"\",\"order\":15},{\"localizer\":\"V2SLIDE\",\"url\":\"media\/ftgalslide\/3131E\/01_076_00032368\/slide08.jpg\",\"thumb_url\":\"media\/ftgalslide\/3131E\/01_076_00032368\/slide08_thumb.jpg\",\"title\":\"Pels p\u00e8ls\",\"description\":\"Jofre Borr\u00e0s y Pep Sais\",\"copyright\":\"\",\"order\":16},{\"localizer\":\"V2SLIDE\",\"url\":\"media\/ftgalslide\/3131E\/01_076_00032369\/slide09.jpg\",\"thumb_url\":\"media\/ftgalslide\/3131E\/01_076_00032369\/slide09_thumb.jpg\",\"title\":\"Pels p\u00e8ls\",\"description\":\"Jofre Borr\u00e0s y Beth Rodergas\",\"copyright\":\"\",\"order\":17},{\"localizer\":\"V2SLIDE\",\"url\":\"media\/ftgalslide\/3131E\/01_076_00032370\/slide010.jpg\",\"thumb_url\":\"media\/ftgalslide\/3131E\/01_076_00032370\/slide010_thumb.jpg\",\"title\":\"Pels p\u00e8ls\",\"description\":\"Beth Rodergas\",\"copyright\":\"\",\"order\":18},{\"localizer\":\"V2SLIDE\",\"url\":\"media\/ftgalslide\/3131E\/01_076_00032371\/slide011.jpg\",\"thumb_url\":\"media\/ftgalslide\/3131E\/01_076_00032371\/slide011_thumb.jpg\",\"title\":\"Pels p\u00e8ls\",\"description\":\"Merc\u00e8 Comes y \u00c0lex Casanovas\",\"copyright\":\"\",\"order\":19},{\"localizer\":\"V2SLIDE\",\"url\":\"media\/ftgalslide\/3131E\/01_076_00032372\/slide012.jpg\",\"thumb_url\":\"media\/ftgalslide\/3131E\/01_076_00032372\/slide012_thumb.jpg\",\"title\":\"Pels p\u00e8ls\",\"description\":\"Jofre Borr\u00e0s\",\"copyright\":\"\",\"order\":20},{\"localizer\":\"V2SLIDE\",\"url\":\"media\/ftgalslide\/3131E\/01_076_00032373\/slide013.jpg\",\"thumb_url\":\"media\/ftgalslide\/3131E\/01_076_00032373\/slide013_thumb.jpg\",\"title\":\"Pels p\u00e8ls\",\"description\":\"Pep Planas y Jofre Borr\u00e0s\",\"copyright\":\"\",\"order\":21},{\"localizer\":\"V2SLIDE\",\"url\":\"media\/ftgalslide\/3131E\/01_076_00032377\/slide016.jpg\",\"thumb_url\":\"media\/ftgalslide\/3131E\/01_076_00032377\/slide016_thumb.jpg\",\"title\":\"Pels p\u00e8ls\",\"description\":\"Jofre Borr\u00e0s, Merc\u00e8 Comes, Pep Sais, Beth Rodergas, Pep Planas y \u00c0lex Casanovas \",\"copyright\":\"\",\"order\":22},{\"localizer\":\"VERS_IMATGE_ESPECTACLE\",\"url\":\"media\/ftespect\/3131E\/01_020_00032378\/gal01.jpg\",\"thumb_url\":\"media\/ftespect\/3131E\/01_020_00032378\/gal01_thumb.jpg\",\"title\":\"Pels p\u00e8ls\",\"description\":\"Pels p\u00e8ls\",\"copyright\":\"\",\"order\":23},{\"localizer\":\"VERS_IMATGE_ESPECTACLE\",\"url\":\"media\/ftespect\/3131E\/01_020_00032379\/gal02.jpg\",\"thumb_url\":\"media\/ftespect\/3131E\/01_020_00032379\/gal02_thumb.jpg\",\"title\":\"Pels p\u00e8ls\",\"description\":\"Pels p\u00e8ls\",\"copyright\":\"\",\"order\":24},{\"localizer\":\"VERS_IMATGE_ESPECTACLE\",\"url\":\"media\/ftespect\/3131E\/01_020_00032380\/gal03.jpg\",\"thumb_url\":\"media\/ftespect\/3131E\/01_020_00032380\/gal03_thumb.jpg\",\"title\":\"Pels p\u00e8ls\",\"description\":\"Pels p\u00e8ls\",\"copyright\":\"\",\"order\":25},{\"localizer\":\"VERS_IMATGE_ESPECTACLE\",\"url\":\"media\/ftespect\/3131E\/01_020_00032381\/gal04.jpg\",\"thumb_url\":\"media\/ftespect\/3131E\/01_020_00032381\/gal04_thumb.jpg\",\"title\":\"Pels p\u00e8ls\",\"description\":\"Pels p\u00e8ls\",\"copyright\":\"\",\"order\":26},{\"localizer\":\"VERS_IMATGE_ESPECTACLE\",\"url\":\"media\/ftespect\/3131E\/01_020_00032382\/gal05.jpg\",\"thumb_url\":\"media\/ftespect\/3131E\/01_020_00032382\/gal05_thumb.jpg\",\"title\":\"Pels p\u00e8ls\",\"description\":\"Pels p\u00e8ls\",\"copyright\":\"\",\"order\":27},{\"localizer\":\"VERS_IMATGE_ESPECTACLE\",\"url\":\"media\/ftespect\/3131E\/01_020_00032383\/gal06.jpg\",\"thumb_url\":\"media\/ftespect\/3131E\/01_020_00032383\/gal06_thumb.jpg\",\"title\":\"Pels p\u00e8ls\",\"description\":\"Pels p\u00e8ls\",\"copyright\":\"\",\"order\":28},{\"localizer\":\"VERS_IMATGE_ESPECTACLE\",\"url\":\"media\/ftespect\/3131E\/01_020_00032384\/gal07.jpg\",\"thumb_url\":\"media\/ftespect\/3131E\/01_020_00032384\/gal07_thumb.jpg\",\"title\":\"Pels p\u00e8ls\",\"description\":\"Pels p\u00e8ls\",\"copyright\":\"\",\"order\":29},{\"localizer\":\"VERS_IMATGE_ESPECTACLE\",\"url\":\"media\/ftespect\/3131E\/01_020_00032385\/gal08.jpg\",\"thumb_url\":\"media\/ftespect\/3131E\/01_020_00032385\/gal08_thumb.jpg\",\"title\":\"Pels p\u00e8ls\",\"description\":\"Pels p\u00e8ls\",\"copyright\":\"\",\"order\":30},{\"localizer\":\"VERS_IMATGE_ESPECTACLE\",\"url\":\"media\/ftespect\/3131E\/01_020_00032386\/gal09.jpg\",\"thumb_url\":\"media\/ftespect\/3131E\/01_020_00032386\/gal09_thumb.jpg\",\"title\":\"Pels p\u00e8ls\",\"description\":\"Pels p\u00e8ls\",\"copyright\":\"\",\"order\":31},{\"localizer\":\"VERS_IMATGE_ESPECTACLE\",\"url\":\"media\/ftespect\/3131E\/01_020_00032387\/gal010.jpg\",\"thumb_url\":\"media\/ftespect\/3131E\/01_020_00032387\/gal010_thumb.jpg\",\"title\":\"Pels p\u00e8ls\",\"description\":\"Pels p\u00e8ls\",\"copyright\":\"\",\"order\":32},{\"localizer\":\"VERS_IMATGE_ESPECTACLE\",\"url\":\"media\/ftespect\/3131E\/01_020_00032388\/gal011.jpg\",\"thumb_url\":\"media\/ftespect\/3131E\/01_020_00032388\/gal011_thumb.jpg\",\"title\":\"Pels p\u00e8ls\",\"description\":\"Pels p\u00e8ls\",\"copyright\":\"\",\"order\":33},{\"localizer\":\"VERS_IMATGE_ESPECTACLE\",\"url\":\"media\/ftespect\/3131E\/01_020_00032389\/gal012.jpg\",\"thumb_url\":\"media\/ftespect\/3131E\/01_020_00032389\/gal012_thumb.jpg\",\"title\":\"Pels p\u00e8ls\",\"description\":\"Pels p\u00e8ls\",\"copyright\":\"\",\"order\":34},{\"localizer\":\"VERS_IMATGE_ESPECTACLE\",\"url\":\"media\/ftespect\/3131E\/01_020_00032390\/gal013.jpg\",\"thumb_url\":\"media\/ftespect\/3131E\/01_020_00032390\/gal013_thumb.jpg\",\"title\":\"Pels p\u00e8ls\",\"description\":\"Pels p\u00e8ls\",\"copyright\":\"\",\"order\":35},{\"localizer\":\"VERS_IMATGE_ESPECTACLE\",\"url\":\"media\/ftespect\/3131E\/01_020_00032391\/gal014.jpg\",\"thumb_url\":\"media\/ftespect\/3131E\/01_020_00032391\/gal014_thumb.jpg\",\"title\":\"Pels p\u00e8ls\",\"description\":\"Pels p\u00e8ls\",\"copyright\":\"\",\"order\":36},{\"localizer\":\"V2PORTADA\",\"url\":\"media\/ver\/port\/3131E\/01_078_00032492\/banner_pels_pels.jpg\",\"thumb_url\":\"media\/ver\/port\/3131E\/01_078_00032492\/banner_pels_pels_thumb.jpg\",\"title\":\"Pels p\u00e8ls\",\"description\":\"Pels p\u00e8ls\",\"copyright\":\"\",\"order\":37},{\"localizer\":\"V2CARTELL\",\"url\":\"media\/ver\/cartell\/3131E\/01_079_00032586\/list.jpg\",\"thumb_url\":\"media\/ver\/cartell\/3131E\/01_079_00032586\/list_thumb.jpg\",\"title\":\"Pels p\u00e8ls\",\"description\":\"Pels p\u00e8ls\",\"copyright\":\"https:\/\/d1wfclq6bigznq.cloudfront.net\/tkrfc\/default\/058ppels.jpg\",\"order\":38}]","material__texto_intro":"","data_material":null,"data_gallery":"","data_discounts":"[{\"InfoAddicional\":\"<p><strong>Descuentos para grupos y escuelas<br \/><\/strong><\/p>\",\"Url\":\"https:\/\/www.promentrada.com\/es\/product\/{#CODI#}\",\"Codi\":\"0\",\"LogoUrl\":\"media\/fimage\/31389\/01_005_00038530\/logo_prome_nuevo_v_web.jpg\",\"TitolBoto\":\"Descuentos para grupos y escuelas\",\"Type\":\"discount\"},{\"InfoAddicional\":\"<p><strong>Descuentos para particulares<br \/><\/strong><\/p>\",\"Url\":\"vip.promentrada.com\/es\/product\/{#CODI#}\",\"Codi\":\"0\",\"LogoUrl\":\"media\/fimage\/31389\/01_005_00038559\/logo_prome_vip_v_web.jpg\",\"TitolBoto\":\"Descuentos para particulares\",\"Type\":\"discount\"},{\"InfoAddicional\":\"<p><strong>NUEVOS DESCUENTOS:<\/strong><\/p><p><strong>Martes, d\u00eda del espectador<\/strong>. Consultar precios<\/p><p><strong>Mayores de 65 a\u00f1os, 15% dto*<br \/>Menores de 30 a\u00f1os, 30% dto*<br \/>Menores de 16 a\u00f1os, 16\u20ac*<br \/>Menores de 12 a\u00f1os, 12\u20ac*<\/strong><\/p><p><em>Los precios&nbsp;y descuentos no tienen los gastos de gesti\u00f3n incluidos<br \/>*Descuento aplicable para todas las funciones excepto algunos festivos y excepto determinados espect\u00e1culos de car\u00e1cter familiar, infantil y otros<\/em><br \/><\/p>\",\"Url\":\"[TEXT]\",\"Codi\":\"0\",\"LogoUrl\":\"\",\"TitolBoto\":\"\",\"Type\":\"discount\"}]","contract_is_open":false,"in_tour":false},"yoast_head":"<!-- This site is optimized with the Yoast SEO plugin v27.5 - https:\/\/yoast.com\/product\/yoast-seo-wordpress\/ -->\n<title>Pels p\u00e8ls - Teatre Condal<\/title>\n<meta name=\"robots\" content=\"index, follow, max-snippet:-1, max-image-preview:large, max-video-preview:-1\" \/>\n<link rel=\"canonical\" href=\"https:\/\/www.teatrecondal.cat\/es\/ex\/pels-pels\/\" \/>\n<script type=\"application\/ld+json\" class=\"yoast-schema-graph\">{\"@context\":\"https:\\\/\\\/schema.org\",\"@graph\":[{\"@type\":\"WebPage\",\"@id\":\"https:\\\/\\\/www.teatrecondal.cat\\\/es\\\/ex\\\/pels-pels\\\/\",\"url\":\"https:\\\/\\\/www.teatrecondal.cat\\\/es\\\/ex\\\/pels-pels\\\/\",\"name\":\"Pels p\u00e8ls - Teatre Condal\",\"isPartOf\":{\"@id\":\"https:\\\/\\\/www.teatrecondal.cat\\\/es\\\/#website\"},\"datePublished\":\"2017-09-19T06:22:42+00:00\",\"breadcrumb\":{\"@id\":\"https:\\\/\\\/www.teatrecondal.cat\\\/es\\\/ex\\\/pels-pels\\\/#breadcrumb\"},\"inLanguage\":\"es\",\"potentialAction\":[{\"@type\":\"ReadAction\",\"target\":[\"https:\\\/\\\/www.teatrecondal.cat\\\/es\\\/ex\\\/pels-pels\\\/\"]}]},{\"@type\":\"BreadcrumbList\",\"@id\":\"https:\\\/\\\/www.teatrecondal.cat\\\/es\\\/ex\\\/pels-pels\\\/#breadcrumb\",\"itemListElement\":[{\"@type\":\"ListItem\",\"position\":1,\"name\":\"Inici\",\"item\":\"https:\\\/\\\/www.teatrecondal.cat\\\/es\\\/\"},{\"@type\":\"ListItem\",\"position\":2,\"name\":\"Espectacles\",\"item\":\"https:\\\/\\\/www.teatrecondal.cat\\\/es\\\/ex\\\/\"},{\"@type\":\"ListItem\",\"position\":3,\"name\":\"Pels p\u00e8ls\"}]},{\"@type\":\"WebSite\",\"@id\":\"https:\\\/\\\/www.teatrecondal.cat\\\/es\\\/#website\",\"url\":\"https:\\\/\\\/www.teatrecondal.cat\\\/es\\\/\",\"name\":\"Teatre Condal\",\"description\":\"\",\"publisher\":{\"@id\":\"https:\\\/\\\/www.teatrecondal.cat\\\/es\\\/#organization\"},\"potentialAction\":[{\"@type\":\"SearchAction\",\"target\":{\"@type\":\"EntryPoint\",\"urlTemplate\":\"https:\\\/\\\/www.teatrecondal.cat\\\/es\\\/?s={search_term_string}\"},\"query-input\":{\"@type\":\"PropertyValueSpecification\",\"valueRequired\":true,\"valueName\":\"search_term_string\"}}],\"inLanguage\":\"es\"},{\"@type\":\"Organization\",\"@id\":\"https:\\\/\\\/www.teatrecondal.cat\\\/es\\\/#organization\",\"name\":\"Teatre Condal\",\"url\":\"https:\\\/\\\/www.teatrecondal.cat\\\/es\\\/\",\"logo\":{\"@type\":\"ImageObject\",\"inLanguage\":\"es\",\"@id\":\"https:\\\/\\\/www.teatrecondal.cat\\\/es\\\/#\\\/schema\\\/logo\\\/image\\\/\",\"url\":\"https:\\\/\\\/www.teatrecondal.cat\\\/wp-content\\\/uploads\\\/sites\\\/3\\\/2017\\\/09\\\/teatre-condal-logo.svg\",\"contentUrl\":\"https:\\\/\\\/www.teatrecondal.cat\\\/wp-content\\\/uploads\\\/sites\\\/3\\\/2017\\\/09\\\/teatre-condal-logo.svg\",\"width\":1,\"height\":1,\"caption\":\"Teatre Condal\"},\"image\":{\"@id\":\"https:\\\/\\\/www.teatrecondal.cat\\\/es\\\/#\\\/schema\\\/logo\\\/image\\\/\"},\"sameAs\":[\"http:\\\/\\\/www.facebook.com\\\/TeatreCondal\",\"https:\\\/\\\/x.com\\\/Teatre_Condal\",\"http:\\\/\\\/instagram.com\\\/teatre_condal\",\"http:\\\/\\\/www.youtube.com\\\/user\\\/TeatreCondal\"]}]}<\/script>\n<!-- \/ Yoast SEO plugin. -->","yoast_head_json":{"title":"Pels p\u00e8ls - Teatre Condal","robots":{"index":"index","follow":"follow","max-snippet":"max-snippet:-1","max-image-preview":"max-image-preview:large","max-video-preview":"max-video-preview:-1"},"canonical":"https:\/\/www.teatrecondal.cat\/es\/ex\/pels-pels\/","schema":{"@context":"https:\/\/schema.org","@graph":[{"@type":"WebPage","@id":"https:\/\/www.teatrecondal.cat\/es\/ex\/pels-pels\/","url":"https:\/\/www.teatrecondal.cat\/es\/ex\/pels-pels\/","name":"Pels p\u00e8ls - Teatre Condal","isPartOf":{"@id":"https:\/\/www.teatrecondal.cat\/es\/#website"},"datePublished":"2017-09-19T06:22:42+00:00","breadcrumb":{"@id":"https:\/\/www.teatrecondal.cat\/es\/ex\/pels-pels\/#breadcrumb"},"inLanguage":"es","potentialAction":[{"@type":"ReadAction","target":["https:\/\/www.teatrecondal.cat\/es\/ex\/pels-pels\/"]}]},{"@type":"BreadcrumbList","@id":"https:\/\/www.teatrecondal.cat\/es\/ex\/pels-pels\/#breadcrumb","itemListElement":[{"@type":"ListItem","position":1,"name":"Inici","item":"https:\/\/www.teatrecondal.cat\/es\/"},{"@type":"ListItem","position":2,"name":"Espectacles","item":"https:\/\/www.teatrecondal.cat\/es\/ex\/"},{"@type":"ListItem","position":3,"name":"Pels p\u00e8ls"}]},{"@type":"WebSite","@id":"https:\/\/www.teatrecondal.cat\/es\/#website","url":"https:\/\/www.teatrecondal.cat\/es\/","name":"Teatre Condal","description":"","publisher":{"@id":"https:\/\/www.teatrecondal.cat\/es\/#organization"},"potentialAction":[{"@type":"SearchAction","target":{"@type":"EntryPoint","urlTemplate":"https:\/\/www.teatrecondal.cat\/es\/?s={search_term_string}"},"query-input":{"@type":"PropertyValueSpecification","valueRequired":true,"valueName":"search_term_string"}}],"inLanguage":"es"},{"@type":"Organization","@id":"https:\/\/www.teatrecondal.cat\/es\/#organization","name":"Teatre Condal","url":"https:\/\/www.teatrecondal.cat\/es\/","logo":{"@type":"ImageObject","inLanguage":"es","@id":"https:\/\/www.teatrecondal.cat\/es\/#\/schema\/logo\/image\/","url":"https:\/\/www.teatrecondal.cat\/wp-content\/uploads\/sites\/3\/2017\/09\/teatre-condal-logo.svg","contentUrl":"https:\/\/www.teatrecondal.cat\/wp-content\/uploads\/sites\/3\/2017\/09\/teatre-condal-logo.svg","width":1,"height":1,"caption":"Teatre Condal"},"image":{"@id":"https:\/\/www.teatrecondal.cat\/es\/#\/schema\/logo\/image\/"},"sameAs":["http:\/\/www.facebook.com\/TeatreCondal","https:\/\/x.com\/Teatre_Condal","http:\/\/instagram.com\/teatre_condal","http:\/\/www.youtube.com\/user\/TeatreCondal"]}]}},"translations":[{"id":3616,"locale":"ca"},{"id":4018,"locale":"es"}],"_links":{"self":[{"href":"https:\/\/www.teatrecondal.cat\/es\/wp-json\/wp\/v2\/ex\/4018","targetHints":{"allow":["GET"]}}],"collection":[{"href":"https:\/\/www.teatrecondal.cat\/es\/wp-json\/wp\/v2\/ex"}],"about":[{"href":"https:\/\/www.teatrecondal.cat\/es\/wp-json\/wp\/v2\/types\/ex"}],"author":[{"embeddable":true,"href":"https:\/\/www.teatrecondal.cat\/es\/wp-json\/wp\/v2\/users\/2"}],"replies":[{"embeddable":true,"href":"https:\/\/www.teatrecondal.cat\/es\/wp-json\/wp\/v2\/comments?post=4018"}],"acf:term":[{"embeddable":true,"taxonomy":"season","href":"https:\/\/www.teatrecondal.cat\/es\/wp-json\/wp\/v2\/season\/83"}],"wp:attachment":[{"href":"https:\/\/www.teatrecondal.cat\/es\/wp-json\/wp\/v2\/media?parent=4018"}],"curies":[{"name":"wp","href":"https:\/\/api.w.org\/{rel}","templated":true}]}}