{"id":3918,"date":"2017-09-19T08:21:14","date_gmt":"2017-09-19T06:21:14","guid":{"rendered":"https:\/\/pre.teatrecondal.cat\/ex\/\/visca-els-nuvis-2\/"},"modified":"2017-09-19T08:21:14","modified_gmt":"2017-09-19T06:21:14","slug":"visca-els-nuvis","status":"publish","type":"ex","link":"https:\/\/www.teatrecondal.cat\/es\/ex\/visca-els-nuvis\/","title":{"rendered":"Visca els nuvis"},"content":{"rendered":"","protected":false},"excerpt":{"rendered":"","protected":false},"author":2,"featured_media":0,"comment_status":"closed","ping_status":"closed","template":"","class_list":["post-3918","ex","type-ex","status-publish","hentry","season-2010-11"],"acf":{"txt_synopsis":"<p align=\"justify\">Visca els nuvis es una comedia cargada de humor y ternura, llena de situaciones que el espectador reconocer\u00e1 al momento, aunque est\u00e9 ambientada a principios del siglo pasado en la ciudad de Barcelona. Algunos de los episodios m\u00e1s importantes de la historia de este pa\u00eds como la Semana Tr\u00e1gica, la dictadura de Primo de Rivera, la Segunda Rep\u00fablica o la Guerra Civil son testimonios directos de las alegr\u00edas, tristezas,&nbsp; esperanzas y preocupaciones que Ramon, Mar\u00eda y su cama vivir\u00e1n a lo largo de su matrimonio.<\/p>","main_buy_link":"#","main_buy_links":"","group_buy_link":"","show_language":"","show_duration":"","show_start_date":"20110202000000","show_end_date":"20110626000000","show_sort_date":"20110202000000","txt_custom_show_dates":"del 2 de febrero al 26 de junio de 2011","show_disciplines":"","show_ultimes_funcions":false,"hide_tarifes_especials":false,"show_properament":false,"txt_additional_info":"","txt_present":"","show_season":[79],"txt_season":"[\"2010\/11\"]","txt_cycle":"","txt_claim":"","txt_cast_excerpt":"","txt_cast":"","txt_reviews":"<p>\"Joan Pera en todos los sentidos. Una trama y una comedia hecha como \u201canillo al dedo\u201d para uno de los c\u00f3micos catalanes con m\u00e1s \u00e9xito y m\u00e1s reconocimientos. Asegura pasar un buen rato y disfrutar de su humor tan caracter\u00edstico. Dos interpretaciones perfectas. Todo un tour de force de Pera y Moreno\u201d. Jorge Pisa. <strong>Portal Indienauta<\/strong><\/p>\n<p>\u201cJoan Pera i Amparo Moreno fan una exhibici\u00f3 de facultats i demostren que s\u00f3n per m\u00e8rits propis dos dels grans c\u00f2mics del pa\u00eds (...) humor \u00e0cid i qu\u00edmica inq\u00fcestionable que desprenen Moreno i Pera com a gran aval (...) Visca els nuvis arriba al Condal per oferir moltes rialles, una hist\u00f2ria amable amb unes quantes c\u00e0rregues de profunditat i un molt probable \u00e8xit de p\u00fablic.\u201d Toni Mata. <strong>Regi\u00f3 7<\/strong><\/p>","hashtag":"","have_promo":"","slogan":"","id_exhibicio":652,"id_versio":512,"id_local":3,"txt_seo_desc":"","data_images":"[{\"localizer\":\"VERS_PDF_GIRES\",\"url\":\"media\/pressdoc\/3118E\/01_021_00012824\/dossier_visca_pag_a_pag.pdf\",\"thumb_url\":\"\",\"title\":\"Visca els nuvis.\",\"description\":\"Dossier de prensa\",\"copyright\":\"\",\"order\":1},{\"localizer\":\"VERS_IMATGE_ESPECTACLE\",\"url\":\"media\/ftespect\/3118F\/01_020_00013929\/gal04.jpg\",\"thumb_url\":\"media\/ftespect\/3118F\/01_020_00013929\/gal04_thumb.jpg\",\"title\":\"Visca els nuvis\",\"description\":\"Visca els nuvis\",\"copyright\":\"Copyright David Ruano\",\"order\":-1},{\"localizer\":\"VERS_IMATGE_ESPECTACLE\",\"url\":\"media\/ftespect\/3118F\/01_020_00013928\/gal03.jpg\",\"thumb_url\":\"media\/ftespect\/3118F\/01_020_00013928\/gal03_thumb.jpg\",\"title\":\"Visca els nuvis\",\"description\":\"Visca els nuvis\",\"copyright\":\"Copyright David Ruano\",\"order\":-1},{\"localizer\":\"VERS_IMATGE_ESPECTACLE\",\"url\":\"media\/ftespect\/3118F\/01_020_00013926\/gal01.jpg\",\"thumb_url\":\"media\/ftespect\/3118F\/01_020_00013926\/gal01_thumb.jpg\",\"title\":\"Visca els nuvis\",\"description\":\"Visca els nuvis\",\"copyright\":\"Copyright David Ruano\",\"order\":-1},{\"localizer\":\"VERS_PORTADA_ESPECTACLE\",\"url\":\"media\/obraport\/3118D\/01_014_00012596\/list3.jpg\",\"thumb_url\":\"\",\"title\":\"Visca els nuvis\",\"description\":\"Visca els nuvis\",\"copyright\":\"\",\"order\":-1},{\"localizer\":\"VERS_PORTADA_TEATRE\",\"url\":\"media\/obraporttea\/3118F\/01_017_00013925\/port.jpg\",\"thumb_url\":\"\",\"title\":\"Visca els nuvis\",\"description\":\"Visca els nuvis\",\"copyright\":\"\",\"order\":-1},{\"localizer\":\"VERS_IMATGE_ESPECTACLE\",\"url\":\"media\/ftespect\/3118F\/01_020_00013930\/gal05.jpg\",\"thumb_url\":\"media\/ftespect\/3118F\/01_020_00013930\/gal05_thumb.jpg\",\"title\":\"Visca els nuvis\",\"description\":\"Visca els nuvis\",\"copyright\":\"Copyright David Ruano\",\"order\":-1},{\"localizer\":\"VERS_IMATGE_ESPECTACLE\",\"url\":\"media\/ftespect\/3118F\/01_020_00013927\/gal02.jpg\",\"thumb_url\":\"media\/ftespect\/3118F\/01_020_00013927\/gal02_thumb.jpg\",\"title\":\"Visca els nuvis\",\"description\":\"Visca els nuvis\",\"copyright\":\"Copyright David Ruano\",\"order\":-1}]","material__texto_intro":"","data_material":null,"data_gallery":"","data_discounts":"[{\"InfoAddicional\":\"<p><strong>Tarifa especial:<\/strong> mayores de 65 a\u00f1os, menores de 14 a\u00f1os, Club Tr3sC&nbsp;y Carnet Joven.<br \/><strong><br \/>Descuentos a grupos y escuelas<\/strong><br \/>Tel. 93 309 70 04<br \/><\/p>\",\"Url\":\"http:\/\/www.promentrada.com\",\"Codi\":\"0\",\"LogoUrl\":\"\"},{\"InfoAddicional\":\"<p><strong>Descuentos para particulares<br \/><\/strong>Tel. 93 309 70 04<br \/><\/p>\",\"Url\":\"http:\/\/vip.promentrada.com\",\"Codi\":\"0\",\"LogoUrl\":\"media\/fimage\/31389\/01_005_00038531\/logo_prome_vip_v_web.jpg\"}]","contract_is_open":false,"in_tour":false},"yoast_head":"<!-- This site is optimized with the Yoast SEO plugin v27.5 - https:\/\/yoast.com\/product\/yoast-seo-wordpress\/ -->\n<title>Visca els nuvis - Teatre Condal<\/title>\n<meta name=\"robots\" content=\"index, follow, max-snippet:-1, max-image-preview:large, max-video-preview:-1\" \/>\n<link rel=\"canonical\" href=\"https:\/\/www.teatrecondal.cat\/es\/ex\/visca-els-nuvis\/\" \/>\n<script type=\"application\/ld+json\" class=\"yoast-schema-graph\">{\"@context\":\"https:\\\/\\\/schema.org\",\"@graph\":[{\"@type\":\"WebPage\",\"@id\":\"https:\\\/\\\/www.teatrecondal.cat\\\/es\\\/ex\\\/visca-els-nuvis\\\/\",\"url\":\"https:\\\/\\\/www.teatrecondal.cat\\\/es\\\/ex\\\/visca-els-nuvis\\\/\",\"name\":\"Visca els nuvis - Teatre Condal\",\"isPartOf\":{\"@id\":\"https:\\\/\\\/www.teatrecondal.cat\\\/es\\\/#website\"},\"datePublished\":\"2017-09-19T06:21:14+00:00\",\"breadcrumb\":{\"@id\":\"https:\\\/\\\/www.teatrecondal.cat\\\/es\\\/ex\\\/visca-els-nuvis\\\/#breadcrumb\"},\"inLanguage\":\"es\",\"potentialAction\":[{\"@type\":\"ReadAction\",\"target\":[\"https:\\\/\\\/www.teatrecondal.cat\\\/es\\\/ex\\\/visca-els-nuvis\\\/\"]}]},{\"@type\":\"BreadcrumbList\",\"@id\":\"https:\\\/\\\/www.teatrecondal.cat\\\/es\\\/ex\\\/visca-els-nuvis\\\/#breadcrumb\",\"itemListElement\":[{\"@type\":\"ListItem\",\"position\":1,\"name\":\"Inici\",\"item\":\"https:\\\/\\\/www.teatrecondal.cat\\\/es\\\/\"},{\"@type\":\"ListItem\",\"position\":2,\"name\":\"Espectacles\",\"item\":\"https:\\\/\\\/www.teatrecondal.cat\\\/es\\\/ex\\\/\"},{\"@type\":\"ListItem\",\"position\":3,\"name\":\"Visca els nuvis\"}]},{\"@type\":\"WebSite\",\"@id\":\"https:\\\/\\\/www.teatrecondal.cat\\\/es\\\/#website\",\"url\":\"https:\\\/\\\/www.teatrecondal.cat\\\/es\\\/\",\"name\":\"Teatre Condal\",\"description\":\"\",\"publisher\":{\"@id\":\"https:\\\/\\\/www.teatrecondal.cat\\\/es\\\/#organization\"},\"potentialAction\":[{\"@type\":\"SearchAction\",\"target\":{\"@type\":\"EntryPoint\",\"urlTemplate\":\"https:\\\/\\\/www.teatrecondal.cat\\\/es\\\/?s={search_term_string}\"},\"query-input\":{\"@type\":\"PropertyValueSpecification\",\"valueRequired\":true,\"valueName\":\"search_term_string\"}}],\"inLanguage\":\"es\"},{\"@type\":\"Organization\",\"@id\":\"https:\\\/\\\/www.teatrecondal.cat\\\/es\\\/#organization\",\"name\":\"Teatre Condal\",\"url\":\"https:\\\/\\\/www.teatrecondal.cat\\\/es\\\/\",\"logo\":{\"@type\":\"ImageObject\",\"inLanguage\":\"es\",\"@id\":\"https:\\\/\\\/www.teatrecondal.cat\\\/es\\\/#\\\/schema\\\/logo\\\/image\\\/\",\"url\":\"https:\\\/\\\/www.teatrecondal.cat\\\/wp-content\\\/uploads\\\/sites\\\/3\\\/2017\\\/09\\\/teatre-condal-logo.svg\",\"contentUrl\":\"https:\\\/\\\/www.teatrecondal.cat\\\/wp-content\\\/uploads\\\/sites\\\/3\\\/2017\\\/09\\\/teatre-condal-logo.svg\",\"width\":1,\"height\":1,\"caption\":\"Teatre Condal\"},\"image\":{\"@id\":\"https:\\\/\\\/www.teatrecondal.cat\\\/es\\\/#\\\/schema\\\/logo\\\/image\\\/\"},\"sameAs\":[\"http:\\\/\\\/www.facebook.com\\\/TeatreCondal\",\"https:\\\/\\\/x.com\\\/Teatre_Condal\",\"http:\\\/\\\/instagram.com\\\/teatre_condal\",\"http:\\\/\\\/www.youtube.com\\\/user\\\/TeatreCondal\"]}]}<\/script>\n<!-- \/ Yoast SEO plugin. -->","yoast_head_json":{"title":"Visca els nuvis - Teatre Condal","robots":{"index":"index","follow":"follow","max-snippet":"max-snippet:-1","max-image-preview":"max-image-preview:large","max-video-preview":"max-video-preview:-1"},"canonical":"https:\/\/www.teatrecondal.cat\/es\/ex\/visca-els-nuvis\/","schema":{"@context":"https:\/\/schema.org","@graph":[{"@type":"WebPage","@id":"https:\/\/www.teatrecondal.cat\/es\/ex\/visca-els-nuvis\/","url":"https:\/\/www.teatrecondal.cat\/es\/ex\/visca-els-nuvis\/","name":"Visca els nuvis - Teatre Condal","isPartOf":{"@id":"https:\/\/www.teatrecondal.cat\/es\/#website"},"datePublished":"2017-09-19T06:21:14+00:00","breadcrumb":{"@id":"https:\/\/www.teatrecondal.cat\/es\/ex\/visca-els-nuvis\/#breadcrumb"},"inLanguage":"es","potentialAction":[{"@type":"ReadAction","target":["https:\/\/www.teatrecondal.cat\/es\/ex\/visca-els-nuvis\/"]}]},{"@type":"BreadcrumbList","@id":"https:\/\/www.teatrecondal.cat\/es\/ex\/visca-els-nuvis\/#breadcrumb","itemListElement":[{"@type":"ListItem","position":1,"name":"Inici","item":"https:\/\/www.teatrecondal.cat\/es\/"},{"@type":"ListItem","position":2,"name":"Espectacles","item":"https:\/\/www.teatrecondal.cat\/es\/ex\/"},{"@type":"ListItem","position":3,"name":"Visca els nuvis"}]},{"@type":"WebSite","@id":"https:\/\/www.teatrecondal.cat\/es\/#website","url":"https:\/\/www.teatrecondal.cat\/es\/","name":"Teatre Condal","description":"","publisher":{"@id":"https:\/\/www.teatrecondal.cat\/es\/#organization"},"potentialAction":[{"@type":"SearchAction","target":{"@type":"EntryPoint","urlTemplate":"https:\/\/www.teatrecondal.cat\/es\/?s={search_term_string}"},"query-input":{"@type":"PropertyValueSpecification","valueRequired":true,"valueName":"search_term_string"}}],"inLanguage":"es"},{"@type":"Organization","@id":"https:\/\/www.teatrecondal.cat\/es\/#organization","name":"Teatre Condal","url":"https:\/\/www.teatrecondal.cat\/es\/","logo":{"@type":"ImageObject","inLanguage":"es","@id":"https:\/\/www.teatrecondal.cat\/es\/#\/schema\/logo\/image\/","url":"https:\/\/www.teatrecondal.cat\/wp-content\/uploads\/sites\/3\/2017\/09\/teatre-condal-logo.svg","contentUrl":"https:\/\/www.teatrecondal.cat\/wp-content\/uploads\/sites\/3\/2017\/09\/teatre-condal-logo.svg","width":1,"height":1,"caption":"Teatre Condal"},"image":{"@id":"https:\/\/www.teatrecondal.cat\/es\/#\/schema\/logo\/image\/"},"sameAs":["http:\/\/www.facebook.com\/TeatreCondal","https:\/\/x.com\/Teatre_Condal","http:\/\/instagram.com\/teatre_condal","http:\/\/www.youtube.com\/user\/TeatreCondal"]}]}},"translations":[{"id":3516,"locale":"ca"},{"id":3918,"locale":"es"}],"_links":{"self":[{"href":"https:\/\/www.teatrecondal.cat\/es\/wp-json\/wp\/v2\/ex\/3918","targetHints":{"allow":["GET"]}}],"collection":[{"href":"https:\/\/www.teatrecondal.cat\/es\/wp-json\/wp\/v2\/ex"}],"about":[{"href":"https:\/\/www.teatrecondal.cat\/es\/wp-json\/wp\/v2\/types\/ex"}],"author":[{"embeddable":true,"href":"https:\/\/www.teatrecondal.cat\/es\/wp-json\/wp\/v2\/users\/2"}],"replies":[{"embeddable":true,"href":"https:\/\/www.teatrecondal.cat\/es\/wp-json\/wp\/v2\/comments?post=3918"}],"acf:term":[{"embeddable":true,"taxonomy":"season","href":"https:\/\/www.teatrecondal.cat\/es\/wp-json\/wp\/v2\/season\/79"}],"wp:attachment":[{"href":"https:\/\/www.teatrecondal.cat\/es\/wp-json\/wp\/v2\/media?parent=3918"}],"curies":[{"name":"wp","href":"https:\/\/api.w.org\/{rel}","templated":true}]}}