{"id":3888,"date":"2017-09-19T08:20:50","date_gmt":"2017-09-19T06:20:50","guid":{"rendered":"https:\/\/pre.teatrecondal.cat\/ex\/\/de-manolo-a-escobar-2\/"},"modified":"2017-09-19T08:20:50","modified_gmt":"2017-09-19T06:20:50","slug":"de-manolo-a-escobar","status":"publish","type":"ex","link":"https:\/\/www.teatrecondal.cat\/es\/ex\/de-manolo-a-escobar\/","title":{"rendered":"De Manolo a Escobar"},"content":{"rendered":"","protected":false},"excerpt":{"rendered":"","protected":false},"author":2,"featured_media":0,"comment_status":"closed","ping_status":"closed","template":"","class_list":["post-3888","ex","type-ex","status-publish","hentry","season-2005-06"],"acf":{"txt_synopsis":"<p align=\"justify\">\u00bfQui\u00e9n es Manolo? Manolo es un SER MUSICAL, voz y gesto, quinta esencia de la m\u00fasica popular, de la m\u00fasica que entiende de transistores y de galas de verano, de la m\u00fasica que se entiende como m\u00fasica y como popular.<br \/>\u00bfY qui\u00e9n es Escobar? Escobar, en cambio, es la imagen del T\u00d3PICO, el traje elegante que Manolo adopta ante el micr\u00f3fono, una imagen grabada en las retinas de todos, un t\u00f3pico construido a base de tardes de toros, pascuas de procesi\u00f3n, y s\u00e1bados de Parada.<br \/>Y en el camino entre uno y otro, en esa senda de misterio que va <strong>De Manolo a Escobar<\/strong>, asoma UNA VIDA hecha de canciones, canciones que aviva el viento como hoguera de pasi\u00f3n. <em>Marc Rosich<\/em><br \/><\/p>","main_buy_link":"#","main_buy_links":"","group_buy_link":"","show_language":"","show_duration":"","show_start_date":"20060327000000","show_end_date":"20060416000000","show_sort_date":"20060327000000","txt_custom_show_dates":"del 27 de marzo al 16 de abril de 2006","show_disciplines":"","show_ultimes_funcions":false,"hide_tarifes_especials":false,"show_properament":false,"txt_additional_info":"","txt_present":"","show_season":[74],"txt_season":"[\"2005\/06\"]","txt_cycle":"","txt_claim":"","txt_cast_excerpt":"","txt_cast":"","txt_reviews":"","hashtag":"","have_promo":"","slogan":"","id_exhibicio":1,"id_versio":250,"id_local":3,"txt_seo_desc":"","data_images":"[{\"localizer\":\"WAVERPORTADA\",\"url\":\"media\/archivos\/HIDDEN_128_250_IMATGE_CARTELL_G_sinopsis_gran.jpg\",\"thumb_url\":\"media\/archivos\/HIDDEN_128_250_IMATGE_CARTELL_P_sinopsis_petit.jpg\",\"title\":\"\",\"description\":\"\",\"copyright\":\"\",\"order\":1},{\"localizer\":\"WAVERIMGESPEC\",\"url\":\"media\/archivos\/HIDDEN_149_657_IMATGE_G_imagen_1_g.jpg\",\"thumb_url\":\"media\/archivos\/HIDDEN_149_657_IMATGE_P_imagen_1_p.jpg\",\"title\":\"Foto: David Ruano\",\"description\":\"\",\"copyright\":\"\",\"order\":1},{\"localizer\":\"WAVERIMGESPEC\",\"url\":\"media\/archivos\/HIDDEN_149_658_IMATGE_G_imagen_2_g.jpg\",\"thumb_url\":\"media\/archivos\/HIDDEN_149_658_IMATGE_P_imagen_2_p.jpg\",\"title\":\"Foto: David Ruano\",\"description\":\"\",\"copyright\":\"\",\"order\":2},{\"localizer\":\"WAVERIMGESPEC\",\"url\":\"media\/archivos\/HIDDEN_149_659_IMATGE_G_imagen_3_g.jpg\",\"thumb_url\":\"media\/archivos\/HIDDEN_149_659_IMATGE_P_imagen_3_p.jpg\",\"title\":\"Foto: David Ruano\",\"description\":\"\",\"copyright\":\"\",\"order\":3},{\"localizer\":\"WAVERIMGESPEC\",\"url\":\"media\/archivos\/HIDDEN_149_660_IMATGE_G_imagen_4_g.jpg\",\"thumb_url\":\"media\/archivos\/HIDDEN_149_660_IMATGE_P_imagen_4_p.jpg\",\"title\":\"Foto: David Ruano\",\"description\":\"\",\"copyright\":\"\",\"order\":4},{\"localizer\":\"V2SLIDE\",\"url\":\"media\/ftgalslide\/312B9\/01_076_00027915\/me01.jpg\",\"thumb_url\":\"media\/ftgalslide\/312B9\/01_076_00027915\/me01_thumb.jpg\",\"title\":\"De Manolo a Escobar\",\"description\":\"Manolo Escobar, Marc Rosich y Guillermo Mar\u00edn\",\"copyright\":\"\",\"order\":6},{\"localizer\":\"V2SLIDE\",\"url\":\"media\/ftgalslide\/312B9\/01_076_00027916\/me02.jpg\",\"thumb_url\":\"media\/ftgalslide\/312B9\/01_076_00027916\/me02_thumb.jpg\",\"title\":\"De Manolo a Escobar\",\"description\":\"Manolo Escobar, Marc Rosich y Guillermo Mar\u00edn\",\"copyright\":\"\",\"order\":7},{\"localizer\":\"V2SLIDE\",\"url\":\"media\/ftgalslide\/312B9\/01_076_00027917\/me03.jpg\",\"thumb_url\":\"media\/ftgalslide\/312B9\/01_076_00027917\/me03_thumb.jpg\",\"title\":\"De Manolo a Escobar\",\"description\":\"Manolo Escobar, Marc Rosich y Guillermo Mar\u00edn\",\"copyright\":\"\",\"order\":8},{\"localizer\":\"V2SLIDE\",\"url\":\"media\/ftgalslide\/312B9\/01_076_00027918\/me04.jpg\",\"thumb_url\":\"media\/ftgalslide\/312B9\/01_076_00027918\/me04_thumb.jpg\",\"title\":\"De Manolo a Escobar\",\"description\":\"Manolo Escobar, Marc Rosich y Guillermo Mar\u00edn\",\"copyright\":\"\",\"order\":9},{\"localizer\":\"V2SLIDE\",\"url\":\"media\/ftgalslide\/312B9\/01_076_00027919\/me05.jpg\",\"thumb_url\":\"media\/ftgalslide\/312B9\/01_076_00027919\/me05_thumb.jpg\",\"title\":\"De Manolo a Escobar\",\"description\":\"Manolo Escobar, Marc Rosich y Guillermo Mar\u00edn\",\"copyright\":\"\",\"order\":10},{\"localizer\":\"V2SLIDE\",\"url\":\"media\/ftgalslide\/312B9\/01_076_00027920\/me06.jpg\",\"thumb_url\":\"media\/ftgalslide\/312B9\/01_076_00027920\/me06_thumb.jpg\",\"title\":\"De Manolo a Escobar\",\"description\":\"Manolo Escobar, Marc Rosich y Guillermo Mar\u00edn\",\"copyright\":\"\",\"order\":11},{\"localizer\":\"V2SLIDE\",\"url\":\"media\/ftgalslide\/312B9\/01_076_00027922\/me07.jpg\",\"thumb_url\":\"media\/ftgalslide\/312B9\/01_076_00027922\/me07_thumb.jpg\",\"title\":\"De Manolo a Escobar\",\"description\":\"Manolo Escobar, Marc Rosich y Guillermo Mar\u00edn\",\"copyright\":\"\",\"order\":12},{\"localizer\":\"VERS_PDF_GIRES\",\"url\":\"media\/pressdoc\/31069\/01_021_00002798\/Dossier_prensa_Manolo_Escobar_Cast.pdf\",\"thumb_url\":\"\",\"title\":\"Dosier de prensa.\",\"description\":\"Castellano\",\"copyright\":\"\",\"order\":-1},{\"localizer\":\"VERS_PDF_GIRES\",\"url\":\"media\/pressdoc\/31069\/01_021_00002797\/Dossier_premsa_Manolo_Escobar_Cat.pdf\",\"thumb_url\":\"\",\"title\":\"Dosier de prensa.\",\"description\":\"Catal\u00e1n\",\"copyright\":\"\",\"order\":-1},{\"localizer\":\"VERS_PDF_GIRES\",\"url\":\"media\/pressdoc\/31069\/01_021_00002796\/Ficha_tecnica_Manolo_Escobar.pdf\",\"thumb_url\":\"\",\"title\":\"De Manolo a Escobar.\",\"description\":\"Ficha t\u00e9cnica\",\"copyright\":\"\",\"order\":-1}]","material__texto_intro":"","data_material":null,"data_gallery":"","data_discounts":"[]","contract_is_open":false,"in_tour":false},"yoast_head":"<!-- This site is optimized with the Yoast SEO plugin v27.5 - https:\/\/yoast.com\/product\/yoast-seo-wordpress\/ -->\n<title>De Manolo a Escobar - Teatre Condal<\/title>\n<meta name=\"robots\" content=\"index, follow, max-snippet:-1, max-image-preview:large, max-video-preview:-1\" \/>\n<link rel=\"canonical\" href=\"https:\/\/www.teatrecondal.cat\/es\/ex\/de-manolo-a-escobar\/\" \/>\n<script type=\"application\/ld+json\" class=\"yoast-schema-graph\">{\"@context\":\"https:\\\/\\\/schema.org\",\"@graph\":[{\"@type\":\"WebPage\",\"@id\":\"https:\\\/\\\/www.teatrecondal.cat\\\/es\\\/ex\\\/de-manolo-a-escobar\\\/\",\"url\":\"https:\\\/\\\/www.teatrecondal.cat\\\/es\\\/ex\\\/de-manolo-a-escobar\\\/\",\"name\":\"De Manolo a Escobar - Teatre Condal\",\"isPartOf\":{\"@id\":\"https:\\\/\\\/www.teatrecondal.cat\\\/es\\\/#website\"},\"datePublished\":\"2017-09-19T06:20:50+00:00\",\"breadcrumb\":{\"@id\":\"https:\\\/\\\/www.teatrecondal.cat\\\/es\\\/ex\\\/de-manolo-a-escobar\\\/#breadcrumb\"},\"inLanguage\":\"es\",\"potentialAction\":[{\"@type\":\"ReadAction\",\"target\":[\"https:\\\/\\\/www.teatrecondal.cat\\\/es\\\/ex\\\/de-manolo-a-escobar\\\/\"]}]},{\"@type\":\"BreadcrumbList\",\"@id\":\"https:\\\/\\\/www.teatrecondal.cat\\\/es\\\/ex\\\/de-manolo-a-escobar\\\/#breadcrumb\",\"itemListElement\":[{\"@type\":\"ListItem\",\"position\":1,\"name\":\"Inici\",\"item\":\"https:\\\/\\\/www.teatrecondal.cat\\\/es\\\/\"},{\"@type\":\"ListItem\",\"position\":2,\"name\":\"Espectacles\",\"item\":\"https:\\\/\\\/www.teatrecondal.cat\\\/es\\\/ex\\\/\"},{\"@type\":\"ListItem\",\"position\":3,\"name\":\"De Manolo a Escobar\"}]},{\"@type\":\"WebSite\",\"@id\":\"https:\\\/\\\/www.teatrecondal.cat\\\/es\\\/#website\",\"url\":\"https:\\\/\\\/www.teatrecondal.cat\\\/es\\\/\",\"name\":\"Teatre Condal\",\"description\":\"\",\"publisher\":{\"@id\":\"https:\\\/\\\/www.teatrecondal.cat\\\/es\\\/#organization\"},\"potentialAction\":[{\"@type\":\"SearchAction\",\"target\":{\"@type\":\"EntryPoint\",\"urlTemplate\":\"https:\\\/\\\/www.teatrecondal.cat\\\/es\\\/?s={search_term_string}\"},\"query-input\":{\"@type\":\"PropertyValueSpecification\",\"valueRequired\":true,\"valueName\":\"search_term_string\"}}],\"inLanguage\":\"es\"},{\"@type\":\"Organization\",\"@id\":\"https:\\\/\\\/www.teatrecondal.cat\\\/es\\\/#organization\",\"name\":\"Teatre Condal\",\"url\":\"https:\\\/\\\/www.teatrecondal.cat\\\/es\\\/\",\"logo\":{\"@type\":\"ImageObject\",\"inLanguage\":\"es\",\"@id\":\"https:\\\/\\\/www.teatrecondal.cat\\\/es\\\/#\\\/schema\\\/logo\\\/image\\\/\",\"url\":\"https:\\\/\\\/www.teatrecondal.cat\\\/wp-content\\\/uploads\\\/sites\\\/3\\\/2017\\\/09\\\/teatre-condal-logo.svg\",\"contentUrl\":\"https:\\\/\\\/www.teatrecondal.cat\\\/wp-content\\\/uploads\\\/sites\\\/3\\\/2017\\\/09\\\/teatre-condal-logo.svg\",\"width\":1,\"height\":1,\"caption\":\"Teatre Condal\"},\"image\":{\"@id\":\"https:\\\/\\\/www.teatrecondal.cat\\\/es\\\/#\\\/schema\\\/logo\\\/image\\\/\"},\"sameAs\":[\"http:\\\/\\\/www.facebook.com\\\/TeatreCondal\",\"https:\\\/\\\/x.com\\\/Teatre_Condal\",\"http:\\\/\\\/instagram.com\\\/teatre_condal\",\"http:\\\/\\\/www.youtube.com\\\/user\\\/TeatreCondal\"]}]}<\/script>\n<!-- \/ Yoast SEO plugin. -->","yoast_head_json":{"title":"De Manolo a Escobar - Teatre Condal","robots":{"index":"index","follow":"follow","max-snippet":"max-snippet:-1","max-image-preview":"max-image-preview:large","max-video-preview":"max-video-preview:-1"},"canonical":"https:\/\/www.teatrecondal.cat\/es\/ex\/de-manolo-a-escobar\/","schema":{"@context":"https:\/\/schema.org","@graph":[{"@type":"WebPage","@id":"https:\/\/www.teatrecondal.cat\/es\/ex\/de-manolo-a-escobar\/","url":"https:\/\/www.teatrecondal.cat\/es\/ex\/de-manolo-a-escobar\/","name":"De Manolo a Escobar - Teatre Condal","isPartOf":{"@id":"https:\/\/www.teatrecondal.cat\/es\/#website"},"datePublished":"2017-09-19T06:20:50+00:00","breadcrumb":{"@id":"https:\/\/www.teatrecondal.cat\/es\/ex\/de-manolo-a-escobar\/#breadcrumb"},"inLanguage":"es","potentialAction":[{"@type":"ReadAction","target":["https:\/\/www.teatrecondal.cat\/es\/ex\/de-manolo-a-escobar\/"]}]},{"@type":"BreadcrumbList","@id":"https:\/\/www.teatrecondal.cat\/es\/ex\/de-manolo-a-escobar\/#breadcrumb","itemListElement":[{"@type":"ListItem","position":1,"name":"Inici","item":"https:\/\/www.teatrecondal.cat\/es\/"},{"@type":"ListItem","position":2,"name":"Espectacles","item":"https:\/\/www.teatrecondal.cat\/es\/ex\/"},{"@type":"ListItem","position":3,"name":"De Manolo a Escobar"}]},{"@type":"WebSite","@id":"https:\/\/www.teatrecondal.cat\/es\/#website","url":"https:\/\/www.teatrecondal.cat\/es\/","name":"Teatre Condal","description":"","publisher":{"@id":"https:\/\/www.teatrecondal.cat\/es\/#organization"},"potentialAction":[{"@type":"SearchAction","target":{"@type":"EntryPoint","urlTemplate":"https:\/\/www.teatrecondal.cat\/es\/?s={search_term_string}"},"query-input":{"@type":"PropertyValueSpecification","valueRequired":true,"valueName":"search_term_string"}}],"inLanguage":"es"},{"@type":"Organization","@id":"https:\/\/www.teatrecondal.cat\/es\/#organization","name":"Teatre Condal","url":"https:\/\/www.teatrecondal.cat\/es\/","logo":{"@type":"ImageObject","inLanguage":"es","@id":"https:\/\/www.teatrecondal.cat\/es\/#\/schema\/logo\/image\/","url":"https:\/\/www.teatrecondal.cat\/wp-content\/uploads\/sites\/3\/2017\/09\/teatre-condal-logo.svg","contentUrl":"https:\/\/www.teatrecondal.cat\/wp-content\/uploads\/sites\/3\/2017\/09\/teatre-condal-logo.svg","width":1,"height":1,"caption":"Teatre Condal"},"image":{"@id":"https:\/\/www.teatrecondal.cat\/es\/#\/schema\/logo\/image\/"},"sameAs":["http:\/\/www.facebook.com\/TeatreCondal","https:\/\/x.com\/Teatre_Condal","http:\/\/instagram.com\/teatre_condal","http:\/\/www.youtube.com\/user\/TeatreCondal"]}]}},"translations":[{"id":3486,"locale":"ca"},{"id":3888,"locale":"es"}],"_links":{"self":[{"href":"https:\/\/www.teatrecondal.cat\/es\/wp-json\/wp\/v2\/ex\/3888","targetHints":{"allow":["GET"]}}],"collection":[{"href":"https:\/\/www.teatrecondal.cat\/es\/wp-json\/wp\/v2\/ex"}],"about":[{"href":"https:\/\/www.teatrecondal.cat\/es\/wp-json\/wp\/v2\/types\/ex"}],"author":[{"embeddable":true,"href":"https:\/\/www.teatrecondal.cat\/es\/wp-json\/wp\/v2\/users\/2"}],"replies":[{"embeddable":true,"href":"https:\/\/www.teatrecondal.cat\/es\/wp-json\/wp\/v2\/comments?post=3888"}],"acf:term":[{"embeddable":true,"taxonomy":"season","href":"https:\/\/www.teatrecondal.cat\/es\/wp-json\/wp\/v2\/season\/74"}],"wp:attachment":[{"href":"https:\/\/www.teatrecondal.cat\/es\/wp-json\/wp\/v2\/media?parent=3888"}],"curies":[{"name":"wp","href":"https:\/\/api.w.org\/{rel}","templated":true}]}}