{"id":5575,"date":"2026-01-28T10:03:59","date_gmt":"2026-01-28T09:03:59","guid":{"rendered":"https:\/\/www.teatrecondal.cat\/ex\/glow\/"},"modified":"2026-02-18T16:16:39","modified_gmt":"2026-02-18T15:16:39","slug":"glow","status":"publish","type":"ex","link":"https:\/\/www.teatrecondal.cat\/ca\/ex\/glow\/","title":{"rendered":"GLOW"},"content":{"rendered":"","protected":false},"excerpt":{"rendered":"","protected":false},"author":2,"featured_media":0,"comment_status":"closed","ping_status":"closed","template":"","class_list":["post-5575","ex","type-ex","status-publish","hentry","season-2025-26"],"acf":{"txt_synopsis":"<p><strong>La m\u00e0gia que il\u00b7lumina una causa solid\u00e0ria en benefici de l&#39;Associaci\u00f3 Distonia de Catalunya <\/strong> <\/p><p>A la foscor, hi ha llums que no sempre es veuen, per\u00f2 que poden canviar-ho tot. <\/p><p>Amb GLOW, el Mag Albert ens convida a un univers fascinant de colors, ombres i emocions sota la llum negra, on la m\u00e0gia brilla com mai. <\/p><p>Un espectacle sorprenent i ple de ritme que, a m\u00e9s, dona llum a la distonia i a les malalties rares, fent visibles realitats que sovint queden a l&#39;ombra. <\/p><p>Deixa&#39;t portar per l&#39;energia de la llum ultraviolada i viu una experi\u00e8ncia m\u00e0gica, emocionant i solid\u00e0ria. <\/p><p><\/p><p>GLOW, del Mag Albert. <\/p><p>La m\u00e0gia que m\u00e9s brilla... i que tamb\u00e9 ajuda.<strong> <\/strong><\/p>","main_buy_link":"https:\/\/tickets.oneboxtds.com\/teatrecondal\/events\/52278?hl=ca-ES","main_buy_links":"[\"https:\/\/tickets.oneboxtds.com\/teatrecondal\/events\/52278?hl=ca-ES\"]","group_buy_link":"","show_language":"Espectacle en catal\u00e0","show_duration":"60","show_start_date":"20260419000000","show_end_date":"20260419000000","show_sort_date":"20260419000000","txt_custom_show_dates":"","show_disciplines":"9","show_ultimes_funcions":false,"hide_tarifes_especials":true,"show_properament":false,"txt_additional_info":"Recomanat a partir de 3 anys","txt_present":"","show_season":[96],"txt_season":"[\"2025\/26\"]","txt_cycle":"En Paral\u00b7lel","txt_claim":"La m\u00e0gia que m\u00e9s brilla sota la llum negra","txt_cast_excerpt":"","txt_cast":"<p>Autoria: <strong>Albert Picoll\u00e0 Queralt i Josep Maria Picoll\u00e0 Crusat<br><\/strong>Dramat\u00fargia i direcci\u00f3: <strong>Albert Picoll\u00e0 Queralt<\/strong><br> <br>Int\u00e8rprets <br><strong>Albert Picoll\u00e0 Queralt<\/strong>- Il\u00b7lusionista<br><strong>Joel Escot\u00e9 San Jos\u00e9<\/strong>- Ajudant d&#39;escena<\/p><p><br>Escenografia: <strong>Albert Picoll\u00e0 Queralt<\/strong>  <br>Vestuari: <strong>Montse Queralt Papiol<\/strong> <br>Il\u00b7luminaci\u00f3: <strong>PIQ PRODUCCIONS<\/strong>  <br>Espai sonor:<strong> PIQ PRODUCCIONS  <br><\/strong>V\u00eddeo creaci\u00f3: <strong>Paul Roberto Sebastian<\/strong><br> <br>Direcci\u00f3 de producci\u00f3: <strong>Albert Picoll\u00e0 Queralt<\/strong>      <br>Producci\u00f3 executiva: <strong>PIQ PRODUCCIONS<\/strong>      <br>Direcci\u00f3 t\u00e8cnica: <strong>Albert Picoll\u00e0 Queralt  <br><\/strong>Coordinaci\u00f3 t\u00e8cnica: <strong>Josep Maria Picoll\u00e0 Crusat<\/strong> <br> <br>Assessorament m\u00e0gia: <strong>Edgard Mauri Pou<\/strong> <br>T\u00e8cnic de llums i de so: <strong>Marc Ingles Campor<\/strong> <br>Cap t\u00e8cnic del teatre: <strong> Aleix Arbon\u00e8s<\/strong> <br>T\u00e8cnics del teatre: <strong>V\u00edctor Bartolom\u00e9<\/strong>    <br><\/p><p>Confecci\u00f3 del vestuari: <strong>Agust\u00ed Roma<\/strong><br> <br>M\u00e0rqueting i comunicaci\u00f3: <strong>Associaci\u00f3 Distonia Catalunya<br><\/strong>M\u00e0rqueting i comunicaci\u00f3 del teatre: <strong>Focus <\/strong><br>Reportatge fotogr\u00e0fic: <strong>Eric Panades Bosch<\/strong><br>Disseny imatge: <strong>Well Studios<\/strong><br>Disseny gr\u00e0fic: <strong>Focus<\/strong><br> <br>Col\u00b7laboradors: <strong>Focus i Mag Albert<br><\/strong> <br>\u00c9s una producci\u00f3 de <strong>PIQ PRODUCCIONS<\/strong> <\/p>","txt_reviews":"","hashtag":"Glow","have_promo":"","slogan":"","id_exhibicio":2366,"id_versio":1855,"id_local":3,"txt_seo_desc":"","data_images":"[{\"localizer\":\"V3SLIDE\",\"url\":\"media\/ftgalslide\/v3\/2026\/02\/66a7f7a4-ddf4-40ce-9651-2e5467cb8ed5.jpg\",\"thumb_url\":\"media\/ftgalslide\/v3\/2026\/02\/66a7f7a4-ddf4-40ce-9651-2e5467cb8ed5.jpg\",\"title\":\"Glow - Teatre Condal\",\"description\":\"<p>glow&nbsp;al&nbsp;teatre&nbsp;condal<\/p>\",\"copyright\":\"https:\/\/youtu.be\/JO-R01aoggs\",\"order\":1},{\"localizer\":\"V3SLIDE\",\"url\":\"media\/ftgalslide\/v3\/2026\/02\/8dd7601f-f914-49bf-9a99-a38a5ed5adca.jpg\",\"thumb_url\":\"media\/ftgalslide\/v3\/2026\/02\/8dd7601f-f914-49bf-9a99-a38a5ed5adca.jpg\",\"title\":\"Glow - Teatre Condal\",\"description\":\"<p>glow&nbsp;al&nbsp;teatre&nbsp;condal<\/p>\",\"copyright\":\"https:\/\/youtu.be\/JO-R01aoggs\",\"order\":2},{\"localizer\":\"V3SLIDE\",\"url\":\"media\/ftgalslide\/v3\/2026\/02\/0117a937-b387-45ab-92c9-635417cc271f.jpg\",\"thumb_url\":\"media\/ftgalslide\/v3\/2026\/02\/0117a937-b387-45ab-92c9-635417cc271f.jpg\",\"title\":\"Glow - Teatre Condal\",\"description\":\"<p>glow&nbsp;al&nbsp;teatre&nbsp;condal<\/p>\",\"copyright\":\"https:\/\/youtu.be\/JO-R01aoggs\",\"order\":3},{\"localizer\":\"V4CARTELL\",\"url\":\"media\/ver\/cartell\/v4\/2026\/02\/97ca4621-156b-416b-b21e-7c974e29852b.jpg\",\"thumb_url\":\"media\/ver\/cartell\/v4\/2026\/02\/97ca4621-156b-416b-b21e-7c974e29852b.jpg\",\"title\":\"glow al teatre condal\",\"description\":\"Glow - Teatre Condal\",\"copyright\":\"\",\"order\":4},{\"localizer\":\"V4PORTADA\",\"url\":\"media\/ver\/port\/v4\/2026\/02\/c70f5a94-c0dd-4f82-b639-f1bb7684b5f1.jpg\",\"thumb_url\":\"media\/ver\/port\/v4\/2026\/02\/c70f5a94-c0dd-4f82-b639-f1bb7684b5f1.jpg\",\"title\":\"Glow - Teatre Condal\",\"description\":\"glow al teatre condal\",\"copyright\":\"\",\"order\":3},{\"localizer\":\"V4PORTADAWIDE\",\"url\":\"media\/ver\/port\/wide\/v4\/2026\/02\/51fa1046-36fa-4882-9e1e-ce219dc1e6e4.jpg\",\"thumb_url\":\"media\/ver\/port\/wide\/v4\/2026\/02\/51fa1046-36fa-4882-9e1e-ce219dc1e6e4.jpg\",\"title\":\"Glow - Teatre Condal\",\"description\":\"glow al teatre condal\",\"copyright\":\"\",\"order\":1},{\"localizer\":\"V4PORTADAWIDE\",\"url\":\"media\/ver\/port\/wide\/v4\/2026\/02\/d717f256-1c48-43d1-956f-8b68953fdf62.jpg\",\"thumb_url\":\"media\/ver\/port\/wide\/v4\/2026\/02\/d717f256-1c48-43d1-956f-8b68953fdf62.jpg\",\"title\":\"GLOW - Teatre Condal\",\"description\":\"<p>glow&nbsp;espectacle&nbsp;de&nbsp;m\u00e0gia&nbsp;al&nbsp;teatre&nbsp;condal<\/p>\",\"copyright\":\"\",\"order\":0},{\"localizer\":\"V4PORTADAWIDEMOBILE\",\"url\":\"media\/ver\/port\/wide\/mobile\/v4\/2026\/02\/7f223c03-67b9-47a2-afbb-319552b490c7.jpg\",\"thumb_url\":\"media\/ver\/port\/wide\/mobile\/v4\/2026\/02\/7f223c03-67b9-47a2-afbb-319552b490c7.jpg\",\"title\":\"Glow - Teatre Condal\",\"description\":\"glow al teatre condal\",\"copyright\":\"\",\"order\":2}]","material__texto_intro":"","data_material":null,"data_gallery":"","data_discounts":"[]","contract_is_open":false,"in_tour":false},"yoast_head":"<!-- This site is optimized with the Yoast SEO plugin v27.5 - https:\/\/yoast.com\/product\/yoast-seo-wordpress\/ -->\n<title>GLOW - Teatre Condal<\/title>\n<meta name=\"robots\" content=\"index, follow, max-snippet:-1, max-image-preview:large, max-video-preview:-1\" \/>\n<link rel=\"canonical\" href=\"https:\/\/www.teatrecondal.cat\/ca\/ex\/glow\/\" \/>\n<script type=\"application\/ld+json\" class=\"yoast-schema-graph\">{\"@context\":\"https:\\\/\\\/schema.org\",\"@graph\":[{\"@type\":\"WebPage\",\"@id\":\"https:\\\/\\\/www.teatrecondal.cat\\\/ca\\\/ex\\\/glow\\\/\",\"url\":\"https:\\\/\\\/www.teatrecondal.cat\\\/ca\\\/ex\\\/glow\\\/\",\"name\":\"GLOW - Teatre Condal\",\"isPartOf\":{\"@id\":\"https:\\\/\\\/www.teatrecondal.cat\\\/ca\\\/#website\"},\"datePublished\":\"2026-01-28T09:03:59+00:00\",\"dateModified\":\"2026-02-18T15:16:39+00:00\",\"breadcrumb\":{\"@id\":\"https:\\\/\\\/www.teatrecondal.cat\\\/ca\\\/ex\\\/glow\\\/#breadcrumb\"},\"inLanguage\":\"ca\",\"potentialAction\":[{\"@type\":\"ReadAction\",\"target\":[\"https:\\\/\\\/www.teatrecondal.cat\\\/ca\\\/ex\\\/glow\\\/\"]}]},{\"@type\":\"BreadcrumbList\",\"@id\":\"https:\\\/\\\/www.teatrecondal.cat\\\/ca\\\/ex\\\/glow\\\/#breadcrumb\",\"itemListElement\":[{\"@type\":\"ListItem\",\"position\":1,\"name\":\"Inici\",\"item\":\"https:\\\/\\\/www.teatrecondal.cat\\\/ca\\\/\"},{\"@type\":\"ListItem\",\"position\":2,\"name\":\"Espectacles\",\"item\":\"https:\\\/\\\/www.teatrecondal.cat\\\/ca\\\/ex\\\/\"},{\"@type\":\"ListItem\",\"position\":3,\"name\":\"GLOW\"}]},{\"@type\":\"WebSite\",\"@id\":\"https:\\\/\\\/www.teatrecondal.cat\\\/ca\\\/#website\",\"url\":\"https:\\\/\\\/www.teatrecondal.cat\\\/ca\\\/\",\"name\":\"Teatre Condal\",\"description\":\"\",\"publisher\":{\"@id\":\"https:\\\/\\\/www.teatrecondal.cat\\\/ca\\\/#organization\"},\"potentialAction\":[{\"@type\":\"SearchAction\",\"target\":{\"@type\":\"EntryPoint\",\"urlTemplate\":\"https:\\\/\\\/www.teatrecondal.cat\\\/ca\\\/?s={search_term_string}\"},\"query-input\":{\"@type\":\"PropertyValueSpecification\",\"valueRequired\":true,\"valueName\":\"search_term_string\"}}],\"inLanguage\":\"ca\"},{\"@type\":\"Organization\",\"@id\":\"https:\\\/\\\/www.teatrecondal.cat\\\/ca\\\/#organization\",\"name\":\"Teatre Condal\",\"url\":\"https:\\\/\\\/www.teatrecondal.cat\\\/ca\\\/\",\"logo\":{\"@type\":\"ImageObject\",\"inLanguage\":\"ca\",\"@id\":\"https:\\\/\\\/www.teatrecondal.cat\\\/ca\\\/#\\\/schema\\\/logo\\\/image\\\/\",\"url\":\"https:\\\/\\\/www.teatrecondal.cat\\\/wp-content\\\/uploads\\\/sites\\\/3\\\/2017\\\/09\\\/teatre-condal-logo.svg\",\"contentUrl\":\"https:\\\/\\\/www.teatrecondal.cat\\\/wp-content\\\/uploads\\\/sites\\\/3\\\/2017\\\/09\\\/teatre-condal-logo.svg\",\"width\":1,\"height\":1,\"caption\":\"Teatre Condal\"},\"image\":{\"@id\":\"https:\\\/\\\/www.teatrecondal.cat\\\/ca\\\/#\\\/schema\\\/logo\\\/image\\\/\"},\"sameAs\":[\"http:\\\/\\\/www.facebook.com\\\/TeatreCondal\",\"https:\\\/\\\/x.com\\\/Teatre_Condal\",\"http:\\\/\\\/instagram.com\\\/teatre_condal\",\"http:\\\/\\\/www.youtube.com\\\/user\\\/TeatreCondal\"]}]}<\/script>\n<!-- \/ Yoast SEO plugin. -->","yoast_head_json":{"title":"GLOW - Teatre Condal","robots":{"index":"index","follow":"follow","max-snippet":"max-snippet:-1","max-image-preview":"max-image-preview:large","max-video-preview":"max-video-preview:-1"},"canonical":"https:\/\/www.teatrecondal.cat\/ca\/ex\/glow\/","schema":{"@context":"https:\/\/schema.org","@graph":[{"@type":"WebPage","@id":"https:\/\/www.teatrecondal.cat\/ca\/ex\/glow\/","url":"https:\/\/www.teatrecondal.cat\/ca\/ex\/glow\/","name":"GLOW - Teatre Condal","isPartOf":{"@id":"https:\/\/www.teatrecondal.cat\/ca\/#website"},"datePublished":"2026-01-28T09:03:59+00:00","dateModified":"2026-02-18T15:16:39+00:00","breadcrumb":{"@id":"https:\/\/www.teatrecondal.cat\/ca\/ex\/glow\/#breadcrumb"},"inLanguage":"ca","potentialAction":[{"@type":"ReadAction","target":["https:\/\/www.teatrecondal.cat\/ca\/ex\/glow\/"]}]},{"@type":"BreadcrumbList","@id":"https:\/\/www.teatrecondal.cat\/ca\/ex\/glow\/#breadcrumb","itemListElement":[{"@type":"ListItem","position":1,"name":"Inici","item":"https:\/\/www.teatrecondal.cat\/ca\/"},{"@type":"ListItem","position":2,"name":"Espectacles","item":"https:\/\/www.teatrecondal.cat\/ca\/ex\/"},{"@type":"ListItem","position":3,"name":"GLOW"}]},{"@type":"WebSite","@id":"https:\/\/www.teatrecondal.cat\/ca\/#website","url":"https:\/\/www.teatrecondal.cat\/ca\/","name":"Teatre Condal","description":"","publisher":{"@id":"https:\/\/www.teatrecondal.cat\/ca\/#organization"},"potentialAction":[{"@type":"SearchAction","target":{"@type":"EntryPoint","urlTemplate":"https:\/\/www.teatrecondal.cat\/ca\/?s={search_term_string}"},"query-input":{"@type":"PropertyValueSpecification","valueRequired":true,"valueName":"search_term_string"}}],"inLanguage":"ca"},{"@type":"Organization","@id":"https:\/\/www.teatrecondal.cat\/ca\/#organization","name":"Teatre Condal","url":"https:\/\/www.teatrecondal.cat\/ca\/","logo":{"@type":"ImageObject","inLanguage":"ca","@id":"https:\/\/www.teatrecondal.cat\/ca\/#\/schema\/logo\/image\/","url":"https:\/\/www.teatrecondal.cat\/wp-content\/uploads\/sites\/3\/2017\/09\/teatre-condal-logo.svg","contentUrl":"https:\/\/www.teatrecondal.cat\/wp-content\/uploads\/sites\/3\/2017\/09\/teatre-condal-logo.svg","width":1,"height":1,"caption":"Teatre Condal"},"image":{"@id":"https:\/\/www.teatrecondal.cat\/ca\/#\/schema\/logo\/image\/"},"sameAs":["http:\/\/www.facebook.com\/TeatreCondal","https:\/\/x.com\/Teatre_Condal","http:\/\/instagram.com\/teatre_condal","http:\/\/www.youtube.com\/user\/TeatreCondal"]}]}},"translations":[{"id":5575,"locale":"ca"},{"id":5576,"locale":"es"}],"_links":{"self":[{"href":"https:\/\/www.teatrecondal.cat\/ca\/wp-json\/wp\/v2\/ex\/5575","targetHints":{"allow":["GET"]}}],"collection":[{"href":"https:\/\/www.teatrecondal.cat\/ca\/wp-json\/wp\/v2\/ex"}],"about":[{"href":"https:\/\/www.teatrecondal.cat\/ca\/wp-json\/wp\/v2\/types\/ex"}],"author":[{"embeddable":true,"href":"https:\/\/www.teatrecondal.cat\/ca\/wp-json\/wp\/v2\/users\/2"}],"replies":[{"embeddable":true,"href":"https:\/\/www.teatrecondal.cat\/ca\/wp-json\/wp\/v2\/comments?post=5575"}],"acf:term":[{"embeddable":true,"taxonomy":"season","href":"https:\/\/www.teatrecondal.cat\/ca\/wp-json\/wp\/v2\/season\/96"}],"wp:attachment":[{"href":"https:\/\/www.teatrecondal.cat\/ca\/wp-json\/wp\/v2\/media?parent=5575"}],"curies":[{"name":"wp","href":"https:\/\/api.w.org\/{rel}","templated":true}]}}