{"id":5479,"date":"2025-10-15T16:01:53","date_gmt":"2025-10-15T14:01:53","guid":{"rendered":"https:\/\/www.teatrecondal.cat\/?post_type=ex&#038;p=5479"},"modified":"2025-10-23T10:57:19","modified_gmt":"2025-10-23T08:57:19","slug":"nauta","status":"publish","type":"ex","link":"https:\/\/www.teatrecondal.cat\/ca\/ex\/nauta\/","title":{"rendered":"Nauta"},"content":{"rendered":"","protected":false},"excerpt":{"rendered":"","protected":false},"author":2,"featured_media":0,"comment_status":"closed","ping_status":"closed","template":"","class_list":["post-5479","ex","type-ex","status-publish","hentry","season-2025-26"],"acf":{"txt_synopsis":"<p><strong>El nou espectacle de Cor de teatre presentat en prim\u00edcia. Una fusi\u00f3 \u00fanica entre m\u00fasica i futurisme en 4 \u00faniques funcions.<\/strong> <\/p>\r\n<p>Una noia jove \u00e9s l\u2019\u00fanica oportunitat per salvar una societat mediocre, dominada per la tecnologia, el consumisme i l\u2019individualisme.\u202f <br \/>Nauta fuig.\u202f <br \/>T\u00e9 un malson.\u202f <br \/>Es desperta. <\/p>\r\n<p>A <em>Nauta<\/em>, <strong>Cor de Teatre<\/strong> ens porta per un viatge sensorial amb grans peces musicals interpretades en directe, amb instruments virtuals i projeccions futuristes. <br \/>Qu\u00e8 ens depara el futur? <\/p>\r\n<p><\/p>","main_buy_link":"https:\/\/tickets.oneboxtds.com\/teatrecondal\/events\/49122?hl=ca-ES","main_buy_links":"[\"https:\/\/tickets.oneboxtds.com\/teatrecondal\/events\/49122?hl=ca-ES\"]","group_buy_link":"","show_language":"Espectacle sense text parlat","show_duration":"65","show_start_date":"20251114000000","show_end_date":"20251116000000","show_sort_date":"20251114000000","txt_custom_show_dates":"del 14 al 16 de novembre de 2025 ","show_disciplines":"1","show_ultimes_funcions":false,"hide_tarifes_especials":false,"show_properament":false,"txt_additional_info":"Recomanat a partir dels 12 anys","txt_present":"","show_season":[96],"txt_season":"[\"2025\/26\"]","txt_cycle":"","txt_claim":"Un viatge sensorial amb grans peces musicals interpretades en directe pel cor de teatre, amb instruments virtuals i projeccions futuristes. Qu\u00e8 ens depara el futur?","txt_cast_excerpt":"","txt_cast":"<p>Autoria: <strong>David Costa i Franc Aleu<\/strong><br \/>M\u00fasica i lletres: <strong>Monteverdi, Purcell, Rameau, H\u00e4ndel, Scarlatti, Haydn, Mozart, Grieg, Mahler i Leont\u00f2vitx<br \/><\/strong>Arranjaments musicals: <strong>Dani L\u00f3pez Pradas<\/strong><\/p>\r\n<p>Direcci\u00f3: <strong>David Costa i Franc Aleu<\/strong><br \/>Coreografia: <strong>Leo Castro i Blai Costa<\/strong><br \/>Direcci\u00f3 musical: <strong>David Costa<\/strong><br \/>Escenografia: <strong>Franc Aleu<\/strong><br \/>Vestuari: <strong>T X U Studio - Joana Poulastrou i Chu Uroz<\/strong><br \/>Il\u00b7luminaci\u00f3: <strong>August Viladomat \u201cGutty\u201d<\/strong><br \/>Espai sonor: <strong>Dani L\u00f3pez Pradas<\/strong><br \/>V\u00eddeo creaci\u00f3: <strong>Franc Aleu<\/strong><br \/>Caracteritzaci\u00f3: <strong>Nio Roca i S\u00f3nia Hern\u00e1ndez<\/strong><\/p>\r\n<p>Cor de teatre<br \/>Sopranos: <strong>Sara Costa (Nauta) i Martina Maj\u00f3<\/strong><br \/>Mezzosopranos: <strong>Sara G\u00f3mez i Nat\u00e0lia Menci\u00f3<\/strong><br \/>Contralts: <strong>Mariona Call\u00eds (Fals D\u00e9u) i Nuri Hern\u00e0ndez<\/strong><br \/>Tenors: <strong>Jordi Forcadell, Nasi Marco i Mart\u00ed Serrallonga<\/strong><br \/>Bar\u00edtons: <strong>Gerard Capdevila i Aleix Fern\u00e0ndez<\/strong><br \/>Baixos: <strong>Llu\u00eds Gratac\u00f3s i Joan Rigat<\/strong><\/p>\r\n<p><br \/>Direcci\u00f3 de producci\u00f3: <strong>David Costa<\/strong><br \/>Producci\u00f3 executiva: <strong>Lloren\u00e7 G\u00f3mez<\/strong><br \/>Direcci\u00f3 t\u00e8cnica: <strong>Joan Carles Ros \u201cRosky\u201d<\/strong><br \/>Disseny i programaci\u00f3 t\u00e8cnica: <strong>Marc Aleu<\/strong><br \/>Producci\u00f3 sonora immersiva: <strong>Panxii Badii<\/strong><\/p>\r\n<p>T\u00e8cnic de so: <strong>Abdon Compta<\/strong><br \/>T\u00e8cnic d\u2019audiovisuals: <strong>Marc Aleu<br \/><\/strong>Cap t\u00e8cnic del teatre:<strong>Jordi Ballb\u00e9<\/strong> <br \/>T\u00e8cnics del teatre: <strong>Aleix Arbon\u00e8s i V\u00edctor Bartolom\u00e9<\/strong><\/p>\r\n<p>Construcci\u00f3 de l\u2019escenografia: <strong>Moreno Metalls i Llu\u00eds Nadal \u201cKoko\u201d<\/strong><br \/>Confecci\u00f3 del vestuari: <strong>In\u00e9s Manche\u00f1o, Antonia P\u00e9rez i Jorge Trinidad<\/strong><\/p>\r\n<p><br \/>M\u00e0rqueting i comunicaci\u00f3: <strong>Eva Ojalvo<\/strong><br \/>M\u00e0rqueting i comunicaci\u00f3 del teatre: <strong>Focus <\/strong><br \/>Reportatge fotogr\u00e0fic: <strong>Pol Naranjo i Nio Roca<\/strong><br \/>Disseny gr\u00e0fic: <strong>Estudi Oliver Gr\u00e0fic<br \/><\/strong><br \/>Amb el suport de: <strong>ICEC, Diputaci\u00f3 de Girona, Ajuntament de Banyoles i Fundaci\u00f3 Llu\u00eds Coromina<\/strong><\/p>\r\n<p>Distribuci\u00f3: <strong>Somf\u00f2nics<\/strong><\/p>\r\n<p>\u00c9s una coproducci\u00f3 de <strong>Somf\u00f2nics, El Canal-Centre de Creacionistas d\u2019Arts Esc\u00e8niques Salt\/Girona i Temporada Alta<br \/><\/strong><\/p>","txt_reviews":"","hashtag":"Nauta","have_promo":"","slogan":"","id_exhibicio":2346,"id_versio":1834,"id_local":3,"txt_seo_desc":"","data_images":"[{\"localizer\":\"V3SLIDE\",\"url\":\"media\/ftgalslide\/v3\/3170E\/01_086_00059366\/1.jpg\",\"thumb_url\":\"media\/ftgalslide\/v3\/3170E\/01_086_00059366\/1_thumb.jpg\",\"title\":\"Nauta - Teatre Condal\",\"description\":\"nauta al teatre condal\",\"copyright\":\"https:\/\/youtu.be\/QXEf0qygYig\",\"order\":11},{\"localizer\":\"V3SLIDE\",\"url\":\"media\/ftgalslide\/v3\/3170E\/01_086_00059367\/2.jpg\",\"thumb_url\":\"media\/ftgalslide\/v3\/3170E\/01_086_00059367\/2_thumb.jpg\",\"title\":\"Nauta - Teatre Condal\",\"description\":\"nauta al teatre condal\",\"copyright\":\"\",\"order\":12},{\"localizer\":\"V3SLIDE\",\"url\":\"media\/ftgalslide\/v3\/3170E\/01_086_00059368\/3.jpg\",\"thumb_url\":\"media\/ftgalslide\/v3\/3170E\/01_086_00059368\/3_thumb.jpg\",\"title\":\"Nauta - Teatre Condal\",\"description\":\"nauta al teatre condal\",\"copyright\":\"\",\"order\":13},{\"localizer\":\"V4PORTADAWIDE\",\"url\":\"media\/ver\/port\/wide\/v4\/3170E\/01_091_00059391\/PORTADA_0_nauta.jpg\",\"thumb_url\":\"\",\"title\":\"Nauta - Teatre Condal\",\"description\":\"nauta al teatre condal\",\"copyright\":\"\",\"order\":16},{\"localizer\":\"V4PORTADAWIDEMOBILE\",\"url\":\"media\/ver\/port\/wide\/mobile\/v4\/3170E\/01_092_00059392\/PORTADA_MOBILE_nauta.jpg\",\"thumb_url\":\"\",\"title\":\"Nauta - Teatre Condal\",\"description\":\"nauta al teatre condal\",\"copyright\":\"\",\"order\":17},{\"localizer\":\"V4CARTELL\",\"url\":\"media\/ver\/cartell\/v4\/3170E\/01_089_00059393\/CARTELL_WEB_nauta.jpg\",\"thumb_url\":\"\",\"title\":\"Nauta - Teatre Condal\",\"description\":\"nauta al teatre condal\",\"copyright\":\"\",\"order\":18},{\"localizer\":\"V4PORTADA\",\"url\":\"media\/ver\/port\/v4\/3170E\/01_090_00059394\/PORTADA_1_nauta.jpg\",\"thumb_url\":\"\",\"title\":\"Nauta - Teatre Condal\",\"description\":\"nauta al teatre condal\",\"copyright\":\"\",\"order\":19}]","material__texto_intro":"","data_material":null,"data_gallery":"","data_discounts":"[]","contract_is_open":false,"in_tour":false},"yoast_head":"<!-- This site is optimized with the Yoast SEO plugin v27.5 - https:\/\/yoast.com\/product\/yoast-seo-wordpress\/ -->\n<title>Nauta - Teatre Condal<\/title>\n<meta name=\"robots\" content=\"index, follow, max-snippet:-1, max-image-preview:large, max-video-preview:-1\" \/>\n<link rel=\"canonical\" href=\"https:\/\/www.teatrecondal.cat\/ca\/ex\/nauta\/\" \/>\n<script type=\"application\/ld+json\" class=\"yoast-schema-graph\">{\"@context\":\"https:\\\/\\\/schema.org\",\"@graph\":[{\"@type\":\"WebPage\",\"@id\":\"https:\\\/\\\/www.teatrecondal.cat\\\/ca\\\/ex\\\/nauta\\\/\",\"url\":\"https:\\\/\\\/www.teatrecondal.cat\\\/ca\\\/ex\\\/nauta\\\/\",\"name\":\"Nauta - Teatre Condal\",\"isPartOf\":{\"@id\":\"https:\\\/\\\/www.teatrecondal.cat\\\/ca\\\/#website\"},\"datePublished\":\"2025-10-15T14:01:53+00:00\",\"dateModified\":\"2025-10-23T08:57:19+00:00\",\"breadcrumb\":{\"@id\":\"https:\\\/\\\/www.teatrecondal.cat\\\/ca\\\/ex\\\/nauta\\\/#breadcrumb\"},\"inLanguage\":\"ca\",\"potentialAction\":[{\"@type\":\"ReadAction\",\"target\":[\"https:\\\/\\\/www.teatrecondal.cat\\\/ca\\\/ex\\\/nauta\\\/\"]}]},{\"@type\":\"BreadcrumbList\",\"@id\":\"https:\\\/\\\/www.teatrecondal.cat\\\/ca\\\/ex\\\/nauta\\\/#breadcrumb\",\"itemListElement\":[{\"@type\":\"ListItem\",\"position\":1,\"name\":\"Inici\",\"item\":\"https:\\\/\\\/www.teatrecondal.cat\\\/ca\\\/\"},{\"@type\":\"ListItem\",\"position\":2,\"name\":\"Espectacles\",\"item\":\"https:\\\/\\\/www.teatrecondal.cat\\\/ca\\\/ex\\\/\"},{\"@type\":\"ListItem\",\"position\":3,\"name\":\"Nauta\"}]},{\"@type\":\"WebSite\",\"@id\":\"https:\\\/\\\/www.teatrecondal.cat\\\/ca\\\/#website\",\"url\":\"https:\\\/\\\/www.teatrecondal.cat\\\/ca\\\/\",\"name\":\"Teatre Condal\",\"description\":\"\",\"publisher\":{\"@id\":\"https:\\\/\\\/www.teatrecondal.cat\\\/ca\\\/#organization\"},\"potentialAction\":[{\"@type\":\"SearchAction\",\"target\":{\"@type\":\"EntryPoint\",\"urlTemplate\":\"https:\\\/\\\/www.teatrecondal.cat\\\/ca\\\/?s={search_term_string}\"},\"query-input\":{\"@type\":\"PropertyValueSpecification\",\"valueRequired\":true,\"valueName\":\"search_term_string\"}}],\"inLanguage\":\"ca\"},{\"@type\":\"Organization\",\"@id\":\"https:\\\/\\\/www.teatrecondal.cat\\\/ca\\\/#organization\",\"name\":\"Teatre Condal\",\"url\":\"https:\\\/\\\/www.teatrecondal.cat\\\/ca\\\/\",\"logo\":{\"@type\":\"ImageObject\",\"inLanguage\":\"ca\",\"@id\":\"https:\\\/\\\/www.teatrecondal.cat\\\/ca\\\/#\\\/schema\\\/logo\\\/image\\\/\",\"url\":\"https:\\\/\\\/www.teatrecondal.cat\\\/wp-content\\\/uploads\\\/sites\\\/3\\\/2017\\\/09\\\/teatre-condal-logo.svg\",\"contentUrl\":\"https:\\\/\\\/www.teatrecondal.cat\\\/wp-content\\\/uploads\\\/sites\\\/3\\\/2017\\\/09\\\/teatre-condal-logo.svg\",\"width\":1,\"height\":1,\"caption\":\"Teatre Condal\"},\"image\":{\"@id\":\"https:\\\/\\\/www.teatrecondal.cat\\\/ca\\\/#\\\/schema\\\/logo\\\/image\\\/\"},\"sameAs\":[\"http:\\\/\\\/www.facebook.com\\\/TeatreCondal\",\"https:\\\/\\\/x.com\\\/Teatre_Condal\",\"http:\\\/\\\/instagram.com\\\/teatre_condal\",\"http:\\\/\\\/www.youtube.com\\\/user\\\/TeatreCondal\"]}]}<\/script>\n<!-- \/ Yoast SEO plugin. -->","yoast_head_json":{"title":"Nauta - Teatre Condal","robots":{"index":"index","follow":"follow","max-snippet":"max-snippet:-1","max-image-preview":"max-image-preview:large","max-video-preview":"max-video-preview:-1"},"canonical":"https:\/\/www.teatrecondal.cat\/ca\/ex\/nauta\/","schema":{"@context":"https:\/\/schema.org","@graph":[{"@type":"WebPage","@id":"https:\/\/www.teatrecondal.cat\/ca\/ex\/nauta\/","url":"https:\/\/www.teatrecondal.cat\/ca\/ex\/nauta\/","name":"Nauta - Teatre Condal","isPartOf":{"@id":"https:\/\/www.teatrecondal.cat\/ca\/#website"},"datePublished":"2025-10-15T14:01:53+00:00","dateModified":"2025-10-23T08:57:19+00:00","breadcrumb":{"@id":"https:\/\/www.teatrecondal.cat\/ca\/ex\/nauta\/#breadcrumb"},"inLanguage":"ca","potentialAction":[{"@type":"ReadAction","target":["https:\/\/www.teatrecondal.cat\/ca\/ex\/nauta\/"]}]},{"@type":"BreadcrumbList","@id":"https:\/\/www.teatrecondal.cat\/ca\/ex\/nauta\/#breadcrumb","itemListElement":[{"@type":"ListItem","position":1,"name":"Inici","item":"https:\/\/www.teatrecondal.cat\/ca\/"},{"@type":"ListItem","position":2,"name":"Espectacles","item":"https:\/\/www.teatrecondal.cat\/ca\/ex\/"},{"@type":"ListItem","position":3,"name":"Nauta"}]},{"@type":"WebSite","@id":"https:\/\/www.teatrecondal.cat\/ca\/#website","url":"https:\/\/www.teatrecondal.cat\/ca\/","name":"Teatre Condal","description":"","publisher":{"@id":"https:\/\/www.teatrecondal.cat\/ca\/#organization"},"potentialAction":[{"@type":"SearchAction","target":{"@type":"EntryPoint","urlTemplate":"https:\/\/www.teatrecondal.cat\/ca\/?s={search_term_string}"},"query-input":{"@type":"PropertyValueSpecification","valueRequired":true,"valueName":"search_term_string"}}],"inLanguage":"ca"},{"@type":"Organization","@id":"https:\/\/www.teatrecondal.cat\/ca\/#organization","name":"Teatre Condal","url":"https:\/\/www.teatrecondal.cat\/ca\/","logo":{"@type":"ImageObject","inLanguage":"ca","@id":"https:\/\/www.teatrecondal.cat\/ca\/#\/schema\/logo\/image\/","url":"https:\/\/www.teatrecondal.cat\/wp-content\/uploads\/sites\/3\/2017\/09\/teatre-condal-logo.svg","contentUrl":"https:\/\/www.teatrecondal.cat\/wp-content\/uploads\/sites\/3\/2017\/09\/teatre-condal-logo.svg","width":1,"height":1,"caption":"Teatre Condal"},"image":{"@id":"https:\/\/www.teatrecondal.cat\/ca\/#\/schema\/logo\/image\/"},"sameAs":["http:\/\/www.facebook.com\/TeatreCondal","https:\/\/x.com\/Teatre_Condal","http:\/\/instagram.com\/teatre_condal","http:\/\/www.youtube.com\/user\/TeatreCondal"]}]}},"translations":[{"id":5479,"locale":"ca"},{"id":5480,"locale":"es"}],"_links":{"self":[{"href":"https:\/\/www.teatrecondal.cat\/ca\/wp-json\/wp\/v2\/ex\/5479","targetHints":{"allow":["GET"]}}],"collection":[{"href":"https:\/\/www.teatrecondal.cat\/ca\/wp-json\/wp\/v2\/ex"}],"about":[{"href":"https:\/\/www.teatrecondal.cat\/ca\/wp-json\/wp\/v2\/types\/ex"}],"author":[{"embeddable":true,"href":"https:\/\/www.teatrecondal.cat\/ca\/wp-json\/wp\/v2\/users\/2"}],"replies":[{"embeddable":true,"href":"https:\/\/www.teatrecondal.cat\/ca\/wp-json\/wp\/v2\/comments?post=5479"}],"acf:term":[{"embeddable":true,"taxonomy":"season","href":"https:\/\/www.teatrecondal.cat\/ca\/wp-json\/wp\/v2\/season\/96"}],"wp:attachment":[{"href":"https:\/\/www.teatrecondal.cat\/ca\/wp-json\/wp\/v2\/media?parent=5479"}],"curies":[{"name":"wp","href":"https:\/\/api.w.org\/{rel}","templated":true}]}}