{"id":5453,"date":"2025-09-04T16:45:43","date_gmt":"2025-09-04T14:45:43","guid":{"rendered":"https:\/\/www.teatrecondal.cat\/ex\/artemis-3\/"},"modified":"2026-01-21T11:17:35","modified_gmt":"2026-01-21T10:17:35","slug":"artemis","status":"publish","type":"ex","link":"https:\/\/www.teatrecondal.cat\/ca\/ex\/artemis\/","title":{"rendered":"Artemis"},"content":{"rendered":"","protected":false},"excerpt":{"rendered":"","protected":false},"author":2,"featured_media":0,"comment_status":"closed","ping_status":"closed","template":"","class_list":["post-5453","ex","type-ex","status-publish","hentry","season-2025-26"],"acf":{"txt_synopsis":"<p><strong>Un mon\u00f2leg musical com no l'has vist mai escrit, composat i interpretat per una sola actriu en escena amb m\u00fasica en directe.<\/strong> <\/p>\r\n<p>Una filla que est\u00e0 massa a la lluna i una mare que toca molt de peus a terra. Aquesta \u00e9s la hist\u00f2ria de trauma compartit, de solitud i de superaci\u00f3 d\u2019una fam\u00edlia monomarental que ha emocionat als espectadors del concurs RIIING del festival GREC de Barcelona.<br \/><br \/>La Diana \u00e9s la protagonista d\u2019aquesta explosi\u00f3 carregada de comicitat, m\u00fasica i efectes audiovisuals a c\u00e0rrec d\u2019una sola int\u00e8rpret, la Mireia Morera, autora i compositora de la pe\u00e7a i membre de la Cia Geminis. <br \/><br \/>En un temps on les generacions adultes i les joves no es troben, aquest relat t\u00e9 l\u2019objectiu de teixir ponts i reivindicar fer les paus amb la fam\u00edlia, la figura de la dona creadora, els referents LGTBIQ+ i la import\u00e0ncia de la salut mental. <\/p>","main_buy_link":"","main_buy_links":"","group_buy_link":"","show_language":"Espectacle en catal\u00e0 ","show_duration":"80","show_start_date":"20251110000000","show_end_date":"20251110000000","show_sort_date":"20251110000000","txt_custom_show_dates":"el 10 de novembre de 2025 ","show_disciplines":"6","show_ultimes_funcions":false,"hide_tarifes_especials":false,"show_properament":false,"txt_additional_info":"<ul>\r\n<li>Recomanat a partir de 12 anys <\/li><\/ul>","txt_present":"","show_season":[96],"txt_season":"[\"2025\/26\"]","txt_cycle":"En paral\u00b7lel","txt_claim":"<p>Un musical de petit format que parla de l\u2019amor adolescent, el futur o les relacions familiars, a partir dels codis del cinema de ci\u00e8ncia-ficci\u00f3. Una petita joia.<\/p>\r\n<p><br \/>&nbsp;<\/p>","txt_cast_excerpt":"","txt_cast":"<p>Autoria, dramat\u00fargia i composici\u00f3: <strong>Mireia Morera<\/strong>&nbsp; <br \/>Direcci\u00f3: <strong>Pol Sanuy<\/strong> <\/p>\r\n<p>Int\u00e8rpret: <strong>Mireia Morera<\/strong>&nbsp; <\/p>\r\n<p>Disseny d\u2019escenografia i vestuari: <strong>Joana Mart\u00ed<\/strong> <br \/>Disseny d\u2019il\u00b7luminaci\u00f3: <strong>Ramon Ramiro<\/strong> <br \/>Disseny d\u2019espai sonor: <strong>Mireia Morera i Marc Urrutia<\/strong> <br \/>Disseny de so i producci\u00f3 musical: <strong>Marc Urrutia<\/strong> <br \/>Disseny de moviment: <strong>Pol Rosell\u00f3<\/strong> <br \/>Disseny audiovisual i projeccions: <strong>Octavi Brull Blanes i Beatriz P\u00e9rez Mart\u00edn<\/strong> <\/p>\r\n<p>Cap de producci\u00f3: <strong>Daria Nicolau<\/strong> <br \/>Ajudantes de producci\u00f3: <strong>Maria Carceller i<\/strong> <strong>J\u00falia Guimer\u00e0<\/strong> <\/p>\r\n<p>Assessoria art\u00edstic: <strong>Jumon Erra<\/strong> <br \/>Cap t\u00e8cnic del teatre:<strong> Jordi Ballb\u00e9<\/strong>&nbsp; <br \/>T\u00e8cnics del teatre: <strong>Aleix Arbon\u00e8s i V\u00edctor Bartolom\u00e9<\/strong>&nbsp;&nbsp; <\/p>\r\n<p>M\u00e0rqueting i comunicaci\u00f3: <strong>Focus i Helena Cort\u00e9s<\/strong> <br \/>Reportatge fotogr\u00e0fic: <strong>Ana\u00efs Loran<\/strong> <br \/>Disseny d\u2019imatge: <strong>Laia Nogueras<\/strong> <br \/>Disseny gr\u00e0fic: <strong>Mireia Sintes<\/strong> <br \/>Aplicacions gr\u00e0fiques: <strong>Focus<\/strong> <br \/>Teaser i videoclip: <strong>Marta Mojal i Laia Gil<\/strong> <br \/>Caracteritzaci\u00f3 promo: <strong>Sara Rodr\u00edguez<\/strong> <\/p>\r\n<p>Amb el suport de <strong>Carlos Latre <\/strong><\/p>\r\n<p>Mecenes:<strong> Ertal Entertainment<\/strong> <br \/>Veu en off: <strong>David Moreno<\/strong> <br \/>Espectacle resident a <strong>Viu el Teatre!<\/strong> <\/p>\r\n<p>Agra\u00efments: <strong>Abril Elies, Agust\u00ed Morera, Carles Roca, Carlos Latre, Daniel Angl\u00e8s, Escola Aules \u00b7 Arts Esc\u00e8niques, Ferran Conangla, Felipe Montecinos, Helena Cort\u00e9s, Institut Jaume Viladoms, Joel Pardell, Lara Alemany, Laura Rinc\u00f3n, Llu\u00efsos d'Horta, Mart\u00ed Boixader, Pepe\u00fa Guardiola, RIIING Els Musicals que truquen a la porta i SUS 4 <\/strong><\/p>\r\n<p>Distribuci\u00f3: <strong>Mediterr\u00e1nea<\/strong> <\/p>\r\n<p>\u00c9s una coproducci\u00f3 de <strong>Cia Geminis, Mediterr\u00e1nea i Grec 2024 Festival Barcelona<\/strong> <\/p>","txt_reviews":"Marcos Mu\u00f1oz|En Platea|\u201cUn treball en escena maratoni\u00e0 de Mireia Morera, que est\u00e0 divertida i t\u00e9 una poderosa veu\u201d \r\nLaia Garriga|Metr\u00f3poli Abierta-El Espa\u00f1ol|\u201cUna pe\u00e7a interessant i original amb unes can\u00e7ons que no oblidareu\u201d \r\nJaume For\u00e9s i Juliana|N\u00favol|\u201cUn veritable tour de force musical fet per i per a la generaci\u00f3 Z. Els seus joves creadors saben com connectar amb els seus coetanis\u201d ","hashtag":"Artemis","have_promo":"","slogan":"","id_exhibicio":2308,"id_versio":1695,"id_local":3,"txt_seo_desc":"","data_images":"[{\"localizer\":\"V4PORTADAWIDE\",\"url\":\"media\/ver\/port\/wide\/v4\/3170C\/01_091_00059106\/Portada-0-artemis-condal.jpg\",\"thumb_url\":\"\",\"title\":\"ARTEMIS - Teatre Goya\",\"description\":\"artemis al teatre goya\",\"copyright\":\"\",\"order\":1},{\"localizer\":\"V3CARTELL\",\"url\":\"media\/ver\/cartell\/v3\/316A7\/01_085_00058044\/v-artemis-grec-teatre-condal.jpg\",\"thumb_url\":\"media\/ver\/cartell\/v3\/316A7\/01_085_00058044\/v-artemis-grec-teatre-condal_thumb.jpg\",\"title\":\"Cartell Artemis\",\"description\":\"Cartell Artemis\",\"copyright\":\"\",\"order\":12},{\"localizer\":\"V3SLIDE\",\"url\":\"media\/ftgalslide\/v3\/316A7\/01_086_00058111\/Artemis_AnaisLoran_002.jpg\",\"thumb_url\":\"media\/ftgalslide\/v3\/316A7\/01_086_00058111\/Artemis_AnaisLoran_002_thumb.jpg\",\"title\":\"Artemis - Teatre Condal\",\"description\":\"Artemis al teatre condal de barcelona\",\"copyright\":\"\",\"order\":13},{\"localizer\":\"V3SLIDE\",\"url\":\"media\/ftgalslide\/v3\/316A7\/01_086_00058112\/Artemis_AnaisLoran_009.jpg\",\"thumb_url\":\"media\/ftgalslide\/v3\/316A7\/01_086_00058112\/Artemis_AnaisLoran_009_thumb.jpg\",\"title\":\"Artemis - Teatre Condal\",\"description\":\"artemis al teatre condal de barcelona\",\"copyright\":\"https:\/\/youtu.be\/wbPJm0gxNjA\",\"order\":14},{\"localizer\":\"V3SLIDE\",\"url\":\"media\/ftgalslide\/v3\/316A7\/01_086_00058113\/Artemis_AnaisLoran_008.jpg\",\"thumb_url\":\"media\/ftgalslide\/v3\/316A7\/01_086_00058113\/Artemis_AnaisLoran_008_thumb.jpg\",\"title\":\"Artemis - Teatre Condal\",\"description\":\"Artemis al teatre condal de barcelona\",\"copyright\":\"\",\"order\":15},{\"localizer\":\"V4PORTADA\",\"url\":\"media\/ver\/port\/v4\/3170D\/01_090_00059229\/Portada-1-artemis-condal-rbls.jpg\",\"thumb_url\":\"\",\"title\":\"Artemis - Teatre Goya\",\"description\":\"artemis al teatre goya\",\"copyright\":\"\",\"order\":20},{\"localizer\":\"V4PORTADAWIDEMOBILE\",\"url\":\"media\/ver\/port\/wide\/mobile\/v4\/3170D\/01_092_00059230\/Portada-mobile-artemis-condal-rbls.jpg\",\"thumb_url\":\"\",\"title\":\"Artemis - Teatre Goya\",\"description\":\"artemis al teatre goya\",\"copyright\":\"\",\"order\":21},{\"localizer\":\"V4CARTELL\",\"url\":\"media\/ver\/cartell\/v4\/3170D\/01_089_00059231\/Cartell-web-artemis-condal-rbls.jpg\",\"thumb_url\":\"\",\"title\":\"Artemis - Teatre Goya\",\"description\":\"artemis al teatre goya\",\"copyright\":\"\",\"order\":22}]","material__texto_intro":"","data_material":null,"data_gallery":"","data_discounts":"[]","contract_is_open":true,"in_tour":false},"yoast_head":"<!-- This site is optimized with the Yoast SEO plugin v27.5 - https:\/\/yoast.com\/product\/yoast-seo-wordpress\/ -->\n<title>Artemis - Teatre Condal<\/title>\n<meta name=\"robots\" content=\"index, follow, max-snippet:-1, max-image-preview:large, max-video-preview:-1\" \/>\n<link rel=\"canonical\" href=\"https:\/\/www.teatrecondal.cat\/ca\/ex\/artemis\/\" \/>\n<script type=\"application\/ld+json\" class=\"yoast-schema-graph\">{\"@context\":\"https:\\\/\\\/schema.org\",\"@graph\":[{\"@type\":\"WebPage\",\"@id\":\"https:\\\/\\\/www.teatrecondal.cat\\\/ca\\\/ex\\\/artemis\\\/\",\"url\":\"https:\\\/\\\/www.teatrecondal.cat\\\/ca\\\/ex\\\/artemis\\\/\",\"name\":\"Artemis - Teatre Condal\",\"isPartOf\":{\"@id\":\"https:\\\/\\\/www.teatrecondal.cat\\\/ca\\\/#website\"},\"datePublished\":\"2025-09-04T14:45:43+00:00\",\"dateModified\":\"2026-01-21T10:17:35+00:00\",\"breadcrumb\":{\"@id\":\"https:\\\/\\\/www.teatrecondal.cat\\\/ca\\\/ex\\\/artemis\\\/#breadcrumb\"},\"inLanguage\":\"ca\",\"potentialAction\":[{\"@type\":\"ReadAction\",\"target\":[\"https:\\\/\\\/www.teatrecondal.cat\\\/ca\\\/ex\\\/artemis\\\/\"]}]},{\"@type\":\"BreadcrumbList\",\"@id\":\"https:\\\/\\\/www.teatrecondal.cat\\\/ca\\\/ex\\\/artemis\\\/#breadcrumb\",\"itemListElement\":[{\"@type\":\"ListItem\",\"position\":1,\"name\":\"Inici\",\"item\":\"https:\\\/\\\/www.teatrecondal.cat\\\/ca\\\/\"},{\"@type\":\"ListItem\",\"position\":2,\"name\":\"Espectacles\",\"item\":\"https:\\\/\\\/www.teatrecondal.cat\\\/ca\\\/ex\\\/\"},{\"@type\":\"ListItem\",\"position\":3,\"name\":\"Artemis\"}]},{\"@type\":\"WebSite\",\"@id\":\"https:\\\/\\\/www.teatrecondal.cat\\\/ca\\\/#website\",\"url\":\"https:\\\/\\\/www.teatrecondal.cat\\\/ca\\\/\",\"name\":\"Teatre Condal\",\"description\":\"\",\"publisher\":{\"@id\":\"https:\\\/\\\/www.teatrecondal.cat\\\/ca\\\/#organization\"},\"potentialAction\":[{\"@type\":\"SearchAction\",\"target\":{\"@type\":\"EntryPoint\",\"urlTemplate\":\"https:\\\/\\\/www.teatrecondal.cat\\\/ca\\\/?s={search_term_string}\"},\"query-input\":{\"@type\":\"PropertyValueSpecification\",\"valueRequired\":true,\"valueName\":\"search_term_string\"}}],\"inLanguage\":\"ca\"},{\"@type\":\"Organization\",\"@id\":\"https:\\\/\\\/www.teatrecondal.cat\\\/ca\\\/#organization\",\"name\":\"Teatre Condal\",\"url\":\"https:\\\/\\\/www.teatrecondal.cat\\\/ca\\\/\",\"logo\":{\"@type\":\"ImageObject\",\"inLanguage\":\"ca\",\"@id\":\"https:\\\/\\\/www.teatrecondal.cat\\\/ca\\\/#\\\/schema\\\/logo\\\/image\\\/\",\"url\":\"https:\\\/\\\/www.teatrecondal.cat\\\/wp-content\\\/uploads\\\/sites\\\/3\\\/2017\\\/09\\\/teatre-condal-logo.svg\",\"contentUrl\":\"https:\\\/\\\/www.teatrecondal.cat\\\/wp-content\\\/uploads\\\/sites\\\/3\\\/2017\\\/09\\\/teatre-condal-logo.svg\",\"width\":1,\"height\":1,\"caption\":\"Teatre Condal\"},\"image\":{\"@id\":\"https:\\\/\\\/www.teatrecondal.cat\\\/ca\\\/#\\\/schema\\\/logo\\\/image\\\/\"},\"sameAs\":[\"http:\\\/\\\/www.facebook.com\\\/TeatreCondal\",\"https:\\\/\\\/x.com\\\/Teatre_Condal\",\"http:\\\/\\\/instagram.com\\\/teatre_condal\",\"http:\\\/\\\/www.youtube.com\\\/user\\\/TeatreCondal\"]}]}<\/script>\n<!-- \/ Yoast SEO plugin. -->","yoast_head_json":{"title":"Artemis - Teatre Condal","robots":{"index":"index","follow":"follow","max-snippet":"max-snippet:-1","max-image-preview":"max-image-preview:large","max-video-preview":"max-video-preview:-1"},"canonical":"https:\/\/www.teatrecondal.cat\/ca\/ex\/artemis\/","schema":{"@context":"https:\/\/schema.org","@graph":[{"@type":"WebPage","@id":"https:\/\/www.teatrecondal.cat\/ca\/ex\/artemis\/","url":"https:\/\/www.teatrecondal.cat\/ca\/ex\/artemis\/","name":"Artemis - Teatre Condal","isPartOf":{"@id":"https:\/\/www.teatrecondal.cat\/ca\/#website"},"datePublished":"2025-09-04T14:45:43+00:00","dateModified":"2026-01-21T10:17:35+00:00","breadcrumb":{"@id":"https:\/\/www.teatrecondal.cat\/ca\/ex\/artemis\/#breadcrumb"},"inLanguage":"ca","potentialAction":[{"@type":"ReadAction","target":["https:\/\/www.teatrecondal.cat\/ca\/ex\/artemis\/"]}]},{"@type":"BreadcrumbList","@id":"https:\/\/www.teatrecondal.cat\/ca\/ex\/artemis\/#breadcrumb","itemListElement":[{"@type":"ListItem","position":1,"name":"Inici","item":"https:\/\/www.teatrecondal.cat\/ca\/"},{"@type":"ListItem","position":2,"name":"Espectacles","item":"https:\/\/www.teatrecondal.cat\/ca\/ex\/"},{"@type":"ListItem","position":3,"name":"Artemis"}]},{"@type":"WebSite","@id":"https:\/\/www.teatrecondal.cat\/ca\/#website","url":"https:\/\/www.teatrecondal.cat\/ca\/","name":"Teatre Condal","description":"","publisher":{"@id":"https:\/\/www.teatrecondal.cat\/ca\/#organization"},"potentialAction":[{"@type":"SearchAction","target":{"@type":"EntryPoint","urlTemplate":"https:\/\/www.teatrecondal.cat\/ca\/?s={search_term_string}"},"query-input":{"@type":"PropertyValueSpecification","valueRequired":true,"valueName":"search_term_string"}}],"inLanguage":"ca"},{"@type":"Organization","@id":"https:\/\/www.teatrecondal.cat\/ca\/#organization","name":"Teatre Condal","url":"https:\/\/www.teatrecondal.cat\/ca\/","logo":{"@type":"ImageObject","inLanguage":"ca","@id":"https:\/\/www.teatrecondal.cat\/ca\/#\/schema\/logo\/image\/","url":"https:\/\/www.teatrecondal.cat\/wp-content\/uploads\/sites\/3\/2017\/09\/teatre-condal-logo.svg","contentUrl":"https:\/\/www.teatrecondal.cat\/wp-content\/uploads\/sites\/3\/2017\/09\/teatre-condal-logo.svg","width":1,"height":1,"caption":"Teatre Condal"},"image":{"@id":"https:\/\/www.teatrecondal.cat\/ca\/#\/schema\/logo\/image\/"},"sameAs":["http:\/\/www.facebook.com\/TeatreCondal","https:\/\/x.com\/Teatre_Condal","http:\/\/instagram.com\/teatre_condal","http:\/\/www.youtube.com\/user\/TeatreCondal"]}]}},"translations":[{"id":5453,"locale":"ca"},{"id":5454,"locale":"es"}],"_links":{"self":[{"href":"https:\/\/www.teatrecondal.cat\/ca\/wp-json\/wp\/v2\/ex\/5453","targetHints":{"allow":["GET"]}}],"collection":[{"href":"https:\/\/www.teatrecondal.cat\/ca\/wp-json\/wp\/v2\/ex"}],"about":[{"href":"https:\/\/www.teatrecondal.cat\/ca\/wp-json\/wp\/v2\/types\/ex"}],"author":[{"embeddable":true,"href":"https:\/\/www.teatrecondal.cat\/ca\/wp-json\/wp\/v2\/users\/2"}],"replies":[{"embeddable":true,"href":"https:\/\/www.teatrecondal.cat\/ca\/wp-json\/wp\/v2\/comments?post=5453"}],"acf:term":[{"embeddable":true,"taxonomy":"season","href":"https:\/\/www.teatrecondal.cat\/ca\/wp-json\/wp\/v2\/season\/96"}],"wp:attachment":[{"href":"https:\/\/www.teatrecondal.cat\/ca\/wp-json\/wp\/v2\/media?parent=5453"}],"curies":[{"name":"wp","href":"https:\/\/api.w.org\/{rel}","templated":true}]}}