{"id":5304,"date":"2025-04-30T15:46:23","date_gmt":"2025-04-30T13:46:23","guid":{"rendered":"https:\/\/www.teatrecondal.cat\/ex\/forever\/"},"modified":"2026-04-16T17:31:57","modified_gmt":"2026-04-16T15:31:57","slug":"forever-2025","status":"publish","type":"ex","link":"https:\/\/www.teatrecondal.cat\/ca\/ex\/forever-2025\/","title":{"rendered":"Forever"},"content":{"rendered":"","protected":false},"excerpt":{"rendered":"","protected":false},"author":2,"featured_media":0,"comment_status":"closed","ping_status":"closed","template":"","class_list":["post-5304","ex","type-ex","status-publish","hentry","season-2024-25"],"acf":{"txt_synopsis":"<p><strong>La companyia Kulunka Teatro torna al Teatre Condal amb el seu exit\u00f3s espectacle de m\u00e0scares, que combina tendresa i cruesa.<\/strong> <\/p><p> <\/p><p class=\"ql-align-justify\"><em>Forever <\/em>\u00e9s la hist\u00f2ria de com una fam\u00edlia es va allunyant del que va somiar que seria. Reflectint amb humor i ironia les contradiccions de l&#39;amor, posa el focus en temes com ara la maternitat, l&#39;educaci\u00f3, la discapacitat i la incomunicaci\u00f3. Sobre una plataforma girat\u00f2ria i amb un llenguatge molt cinematogr\u00e0fic, <em>Forever <\/em>\u00e9s un carrusel; la roda de la vida. Per\u00f2 tamb\u00e9 una espiral que, a mesura que gira, aprofundeix en el dolor dels protagonistes.  <\/p><p class=\"ql-align-justify\">Fins on pot arrossegar la incomunicaci\u00f3 a una fam\u00edlia?  <\/p><p class=\"ql-align-justify\">Potser el que \u00e9s pertorbador, el que \u00e9s emocionant, \u00e9s que la hist\u00f2ria d&#39;aquesta fam\u00edlia podria ser la de la nostra.  <\/p><p class=\"ql-align-justify\"> <br><strong>PREMI MAX 2024<\/strong> <\/p><p class=\"ql-align-justify\"><strong>-Premi a millor direcci\u00f3<\/strong> <\/p><p class=\"ql-align-justify\"><strong>- Premi a millor autoria <br><br><\/strong> <\/p><p class=\"ql-align-justify\"> <\/p><p class=\"ql-align-justify\"><strong>PREMI TAL\u00cdA 2024<\/strong> <\/p><p class=\"ql-align-justify\"><strong>-Premi a millor espectacle <\/strong> <\/p><p class=\"ql-align-justify\"><strong>-Premi a millor espai esc\u00e8nic <br><br><\/strong> <\/p><p class=\"ql-align-justify\"> <\/p><p class=\"ql-align-justify\"><strong>PREMI GODOT 2024 <\/strong> <\/p><p class=\"ql-align-justify\"><strong>-Premi a la millor caracteritzaci\u00f3 <\/strong> <\/p><p class=\"ql-align-justify\"><strong>-Premi a millor espai esc\u00e8nic <\/strong> <\/p><p class=\"ql-align-justify\"><strong> <\/strong><\/p>","main_buy_link":"https:\/\/tickets.oneboxtds.com\/teatrecondal\/events\/44250?hl=ca-ES","main_buy_links":"[\"https:\/\/tickets.oneboxtds.com\/teatrecondal\/events\/44250?hl=ca-ES\"]","group_buy_link":"https:\/\/www.promentrada.com\/ca\/programacio\/c\/1647-forever.html","show_language":"Espectacle sense text","show_duration":"95","show_start_date":"20250723000000","show_end_date":"20250727000000","show_sort_date":"20250723000000","txt_custom_show_dates":"","show_disciplines":"11","show_ultimes_funcions":false,"hide_tarifes_especials":false,"show_properament":false,"txt_additional_info":"Recomanat a partir de 14  anys","txt_present":"","show_season":[94],"txt_season":"[\"2024\/25\"]","txt_cycle":"","txt_claim":"<p>Despr\u00e9s d\u2019Andr\u00e9 y Dorine, y Solitudes, la companyia Kulunka Teatro torna a apostar pel llenguatge silent de les m\u00e0scares en un espectacle que combina tendresa i cruesa. <\/p>","txt_cast_excerpt":"","txt_cast":"<p>Autoria: <strong>I\u00f1aki Rikarte, Jos\u00e9 Dault, Garbi\u00f1e Insausti i Edu C\u00e1rcamo<br \/><\/strong>Direcci\u00f3:<strong> I\u00f1aki Rikarte<\/strong><br \/> <br \/>Int\u00e8rprets: <strong>Jos\u00e9 Dault, Garbi\u00f1e Insausti i Edu C\u00e1rcamo<br \/><\/strong> <br \/>Escenografia: <strong>Ikerne Gim\u00e9nez i Javier Ruiz de Alegr\u00eda<\/strong><br \/>Vestuari: <strong>Ikerne Gim\u00e9nez<\/strong><br \/>Il\u00b7luminaci\u00f3: <strong>Javier Ruiz de Alegr\u00eda<\/strong><br \/>Espai sonor: <strong>Luis Miguel Cobo<\/strong> <br \/>Caracteritzaci\u00f3 (m\u00e0scares): <strong>Garbi\u00f1e Insausti<\/strong><br \/> <br \/>Producci\u00f3 executiva: <strong>Kulunka Teatro<\/strong><br \/>Direcci\u00f3 t\u00e8cnica: <strong>La C\u00eda de la Luz S. Coop. Mad<\/strong>.<br \/> <br \/>Ajudantia de direcci\u00f3: <strong>Alberto Huici<\/strong><br \/>Sastreria: <strong>Kkum<\/strong><br \/>T\u00e8cnics de la companyia: <strong>Alberto Huici, Javier Cala Espadero i la C\u00eda de la Luz S. Coop. Mad.<br \/><\/strong>Cap t\u00e8cnic del teatre: <strong>Jordi Ballb\u00e9<\/strong> <br \/>T\u00e8cnics del teatre: <strong>Aleix Arbon\u00e8s i V\u00edctor Bartolom\u00e9<\/strong> <br \/>  <br \/>Construcci\u00f3 de l\u2019escenografia: <strong>Readest Montajes<\/strong><br \/> <br \/>M\u00e0rqueting i comunicaci\u00f3 de la companyia: <strong>Mar\u00eda D\u00edaz<\/strong><br \/>M\u00e0rqueting i comunicaci\u00f3 del teatre: <strong>Focus<\/strong><br \/>Reportatge fotogr\u00e0fic: <strong>Aitor Matauco<\/strong><br \/>Disseny del cartell: <strong>Isa Besset<\/strong> <br \/>   <br \/>Amb el suport del <strong>Gobierno Vasco<\/strong><br \/> <br \/>Distribuci\u00f3: <strong>Tria d\u2019espectacles i Proversus<\/strong><br \/> <br \/>\u00c9s una producci\u00f3 de la companyia <strong>Kulunka amb el Centro Dram\u00e1tico Nacional, el Teatro Arriaga de Bilbao i el Teatro Victoria Eugenia de Donostia<\/strong><\/p>\r\n<p> <\/p>","txt_reviews":"Jos\u00e9 Miguel Vila|Diario Cr\u00edtico|\u201cUna experi\u00e8ncia teatral \u00fanica i inoblidable. Que ning\u00fa se la perdi.\u201d\r\nJavier Vallejo|El Pa\u00eds|\u201cForever explica coses greus amb un esmolat sentit de l'humor: el p\u00fablic t\u00e9 motius per cargolar-se de riure, encara que aquest mateix riure pugui, despr\u00e9s, gla\u00e7ar-li la sang.\u201d\r\nJulio Bravo|ABC|\u201cForever emociona, colpeix, commou, entendreix... En definitiva, transforma.\u201d","hashtag":"Forever","have_promo":"","slogan":"","id_exhibicio":2261,"id_versio":1782,"id_local":3,"txt_seo_desc":"Forever, un espectacle al teatre condal","data_images":"[{\"localizer\":\"V3SLIDE\",\"url\":\"media\/ftgalslide\/v3\/31708\/01_086_00058839\/Foto_Forever4.jpg\",\"thumb_url\":\"media\/ftgalslide\/v3\/31708\/01_086_00058839\/Foto_Forever4.jpg\",\"title\":\"Forever - Teatre Condal\",\"description\":\"forever en el teatre condal\",\"copyright\":\"https:\/\/youtu.be\/nAEXXrhD_rY\",\"order\":5},{\"localizer\":\"V3SLIDE\",\"url\":\"media\/ftgalslide\/v3\/31708\/01_086_00058840\/Foto_Forever7.jpg\",\"thumb_url\":\"media\/ftgalslide\/v3\/31708\/01_086_00058840\/Foto_Forever7.jpg\",\"title\":\"Forever - Teatre Condal\",\"description\":\"forever en el teatre condal\",\"copyright\":\"\",\"order\":6},{\"localizer\":\"V3SLIDE\",\"url\":\"media\/ftgalslide\/v3\/31708\/01_086_00058841\/Foto_Forever3.jpg\",\"thumb_url\":\"media\/ftgalslide\/v3\/31708\/01_086_00058841\/Foto_Forever3.jpg\",\"title\":\"Forever - Teatre Condal\",\"description\":\"forever en el teatre condal\",\"copyright\":\"\",\"order\":7}]","material__texto_intro":"","data_material":null,"data_gallery":"","data_discounts":"[]","contract_is_open":false,"in_tour":false},"yoast_head":"<!-- This site is optimized with the Yoast SEO plugin v27.5 - https:\/\/yoast.com\/product\/yoast-seo-wordpress\/ -->\n<title>Forever - Teatre Condal<\/title>\n<meta name=\"robots\" content=\"index, follow, max-snippet:-1, max-image-preview:large, max-video-preview:-1\" \/>\n<link rel=\"canonical\" href=\"https:\/\/www.teatrecondal.cat\/ca\/ex\/forever-2025\/\" \/>\n<script type=\"application\/ld+json\" class=\"yoast-schema-graph\">{\"@context\":\"https:\\\/\\\/schema.org\",\"@graph\":[{\"@type\":\"WebPage\",\"@id\":\"https:\\\/\\\/www.teatrecondal.cat\\\/ca\\\/ex\\\/forever-2025\\\/\",\"url\":\"https:\\\/\\\/www.teatrecondal.cat\\\/ca\\\/ex\\\/forever-2025\\\/\",\"name\":\"Forever - Teatre Condal\",\"isPartOf\":{\"@id\":\"https:\\\/\\\/www.teatrecondal.cat\\\/ca\\\/#website\"},\"datePublished\":\"2025-04-30T13:46:23+00:00\",\"dateModified\":\"2026-04-16T15:31:57+00:00\",\"breadcrumb\":{\"@id\":\"https:\\\/\\\/www.teatrecondal.cat\\\/ca\\\/ex\\\/forever-2025\\\/#breadcrumb\"},\"inLanguage\":\"ca\",\"potentialAction\":[{\"@type\":\"ReadAction\",\"target\":[\"https:\\\/\\\/www.teatrecondal.cat\\\/ca\\\/ex\\\/forever-2025\\\/\"]}]},{\"@type\":\"BreadcrumbList\",\"@id\":\"https:\\\/\\\/www.teatrecondal.cat\\\/ca\\\/ex\\\/forever-2025\\\/#breadcrumb\",\"itemListElement\":[{\"@type\":\"ListItem\",\"position\":1,\"name\":\"Inici\",\"item\":\"https:\\\/\\\/www.teatrecondal.cat\\\/ca\\\/\"},{\"@type\":\"ListItem\",\"position\":2,\"name\":\"Espectacles\",\"item\":\"https:\\\/\\\/www.teatrecondal.cat\\\/ca\\\/ex\\\/\"},{\"@type\":\"ListItem\",\"position\":3,\"name\":\"Forever\"}]},{\"@type\":\"WebSite\",\"@id\":\"https:\\\/\\\/www.teatrecondal.cat\\\/ca\\\/#website\",\"url\":\"https:\\\/\\\/www.teatrecondal.cat\\\/ca\\\/\",\"name\":\"Teatre Condal\",\"description\":\"\",\"publisher\":{\"@id\":\"https:\\\/\\\/www.teatrecondal.cat\\\/ca\\\/#organization\"},\"potentialAction\":[{\"@type\":\"SearchAction\",\"target\":{\"@type\":\"EntryPoint\",\"urlTemplate\":\"https:\\\/\\\/www.teatrecondal.cat\\\/ca\\\/?s={search_term_string}\"},\"query-input\":{\"@type\":\"PropertyValueSpecification\",\"valueRequired\":true,\"valueName\":\"search_term_string\"}}],\"inLanguage\":\"ca\"},{\"@type\":\"Organization\",\"@id\":\"https:\\\/\\\/www.teatrecondal.cat\\\/ca\\\/#organization\",\"name\":\"Teatre Condal\",\"url\":\"https:\\\/\\\/www.teatrecondal.cat\\\/ca\\\/\",\"logo\":{\"@type\":\"ImageObject\",\"inLanguage\":\"ca\",\"@id\":\"https:\\\/\\\/www.teatrecondal.cat\\\/ca\\\/#\\\/schema\\\/logo\\\/image\\\/\",\"url\":\"https:\\\/\\\/www.teatrecondal.cat\\\/wp-content\\\/uploads\\\/sites\\\/3\\\/2017\\\/09\\\/teatre-condal-logo.svg\",\"contentUrl\":\"https:\\\/\\\/www.teatrecondal.cat\\\/wp-content\\\/uploads\\\/sites\\\/3\\\/2017\\\/09\\\/teatre-condal-logo.svg\",\"width\":1,\"height\":1,\"caption\":\"Teatre Condal\"},\"image\":{\"@id\":\"https:\\\/\\\/www.teatrecondal.cat\\\/ca\\\/#\\\/schema\\\/logo\\\/image\\\/\"},\"sameAs\":[\"http:\\\/\\\/www.facebook.com\\\/TeatreCondal\",\"https:\\\/\\\/x.com\\\/Teatre_Condal\",\"http:\\\/\\\/instagram.com\\\/teatre_condal\",\"http:\\\/\\\/www.youtube.com\\\/user\\\/TeatreCondal\"]}]}<\/script>\n<!-- \/ Yoast SEO plugin. -->","yoast_head_json":{"title":"Forever - Teatre Condal","robots":{"index":"index","follow":"follow","max-snippet":"max-snippet:-1","max-image-preview":"max-image-preview:large","max-video-preview":"max-video-preview:-1"},"canonical":"https:\/\/www.teatrecondal.cat\/ca\/ex\/forever-2025\/","schema":{"@context":"https:\/\/schema.org","@graph":[{"@type":"WebPage","@id":"https:\/\/www.teatrecondal.cat\/ca\/ex\/forever-2025\/","url":"https:\/\/www.teatrecondal.cat\/ca\/ex\/forever-2025\/","name":"Forever - Teatre Condal","isPartOf":{"@id":"https:\/\/www.teatrecondal.cat\/ca\/#website"},"datePublished":"2025-04-30T13:46:23+00:00","dateModified":"2026-04-16T15:31:57+00:00","breadcrumb":{"@id":"https:\/\/www.teatrecondal.cat\/ca\/ex\/forever-2025\/#breadcrumb"},"inLanguage":"ca","potentialAction":[{"@type":"ReadAction","target":["https:\/\/www.teatrecondal.cat\/ca\/ex\/forever-2025\/"]}]},{"@type":"BreadcrumbList","@id":"https:\/\/www.teatrecondal.cat\/ca\/ex\/forever-2025\/#breadcrumb","itemListElement":[{"@type":"ListItem","position":1,"name":"Inici","item":"https:\/\/www.teatrecondal.cat\/ca\/"},{"@type":"ListItem","position":2,"name":"Espectacles","item":"https:\/\/www.teatrecondal.cat\/ca\/ex\/"},{"@type":"ListItem","position":3,"name":"Forever"}]},{"@type":"WebSite","@id":"https:\/\/www.teatrecondal.cat\/ca\/#website","url":"https:\/\/www.teatrecondal.cat\/ca\/","name":"Teatre Condal","description":"","publisher":{"@id":"https:\/\/www.teatrecondal.cat\/ca\/#organization"},"potentialAction":[{"@type":"SearchAction","target":{"@type":"EntryPoint","urlTemplate":"https:\/\/www.teatrecondal.cat\/ca\/?s={search_term_string}"},"query-input":{"@type":"PropertyValueSpecification","valueRequired":true,"valueName":"search_term_string"}}],"inLanguage":"ca"},{"@type":"Organization","@id":"https:\/\/www.teatrecondal.cat\/ca\/#organization","name":"Teatre Condal","url":"https:\/\/www.teatrecondal.cat\/ca\/","logo":{"@type":"ImageObject","inLanguage":"ca","@id":"https:\/\/www.teatrecondal.cat\/ca\/#\/schema\/logo\/image\/","url":"https:\/\/www.teatrecondal.cat\/wp-content\/uploads\/sites\/3\/2017\/09\/teatre-condal-logo.svg","contentUrl":"https:\/\/www.teatrecondal.cat\/wp-content\/uploads\/sites\/3\/2017\/09\/teatre-condal-logo.svg","width":1,"height":1,"caption":"Teatre Condal"},"image":{"@id":"https:\/\/www.teatrecondal.cat\/ca\/#\/schema\/logo\/image\/"},"sameAs":["http:\/\/www.facebook.com\/TeatreCondal","https:\/\/x.com\/Teatre_Condal","http:\/\/instagram.com\/teatre_condal","http:\/\/www.youtube.com\/user\/TeatreCondal"]}]}},"translations":[{"id":5304,"locale":"ca"},{"id":5305,"locale":"es"}],"_links":{"self":[{"href":"https:\/\/www.teatrecondal.cat\/ca\/wp-json\/wp\/v2\/ex\/5304","targetHints":{"allow":["GET"]}}],"collection":[{"href":"https:\/\/www.teatrecondal.cat\/ca\/wp-json\/wp\/v2\/ex"}],"about":[{"href":"https:\/\/www.teatrecondal.cat\/ca\/wp-json\/wp\/v2\/types\/ex"}],"author":[{"embeddable":true,"href":"https:\/\/www.teatrecondal.cat\/ca\/wp-json\/wp\/v2\/users\/2"}],"replies":[{"embeddable":true,"href":"https:\/\/www.teatrecondal.cat\/ca\/wp-json\/wp\/v2\/comments?post=5304"}],"acf:term":[{"embeddable":true,"taxonomy":"season","href":"https:\/\/www.teatrecondal.cat\/ca\/wp-json\/wp\/v2\/season\/94"}],"wp:attachment":[{"href":"https:\/\/www.teatrecondal.cat\/ca\/wp-json\/wp\/v2\/media?parent=5304"}],"curies":[{"name":"wp","href":"https:\/\/api.w.org\/{rel}","templated":true}]}}