{"id":5302,"date":"2025-04-30T15:44:22","date_gmt":"2025-04-30T13:44:22","guid":{"rendered":"https:\/\/www.teatrecondal.cat\/ex\/tots-els-nens-creixen\/"},"modified":"2025-07-11T14:02:03","modified_gmt":"2025-07-11T12:02:03","slug":"tots-els-nens-creixen","status":"publish","type":"ex","link":"https:\/\/www.teatrecondal.cat\/ca\/ex\/tots-els-nens-creixen\/","title":{"rendered":"Tots els nens creixen"},"content":{"rendered":"","protected":false},"excerpt":{"rendered":"","protected":false},"author":2,"featured_media":0,"comment_status":"closed","ping_status":"closed","template":"","class_list":["post-5302","ex","type-ex","status-publish","hentry","season-2024-25"],"acf":{"txt_synopsis":"L\u2019estrena en concert de \u2018Tots els nens creixen\u2019, el nou musical catal\u00e0 que reviu la Barcelona del 92.<br \/><br \/>Som a l\u2019any 2022, el Pere \u00e9s un home de m\u00e9s quaranta anys, divorciat, que ha oblidat per complet que un bon dia va ser un nen. El dia en qu\u00e8 la seva filla Merc\u00e8 decideix escapar-se de casa, el Pere surt a buscar-la. Aquesta recerca el dur\u00e0 a confrontar-se amb l\u2019esdeveniment que el va marcar irremeiablement, trenta anys enrere. Un viatge en el temps que far\u00e0 que Pere revisqui la tarda de juliol de 1992 on va renunciar per sempre m\u00e9s a la seva infantesa. Una tarda que creia oblidada. El 25 de juliol de 1992: el dia de la inauguraci\u00f3 dels Jocs Ol\u00edmpics de Barcelona. El dia en qu\u00e8 va perdre la innoc\u00e8ncia. <br \/><br \/>L\u2019\u00fanica possibilitat que en Pere aconsegueixi trobar la seva filla ser\u00e0 en la confrontaci\u00f3 cara a cara amb el nen que va ser i, reconciliant-se amb aquest passat, aconseguir\u00e0 recuperar-ne l\u2019ess\u00e8ncia.","main_buy_link":"https:\/\/tickets.oneboxtds.com\/teatrecondal\/events\/44248?hl=ca-ES","main_buy_links":"[\"https:\/\/tickets.oneboxtds.com\/teatrecondal\/events\/44248?hl=ca-ES\"]","group_buy_link":"https:\/\/www.promentrada.com\/ca\/programacio\/c\/1648-tots-els-nens-creixen.html","show_language":"Espectacle en catal\u00e0","show_duration":"100","show_start_date":"20250714000000","show_end_date":"20250714000000","show_sort_date":"20250714000000","txt_custom_show_dates":"el 14 de juliol de 2025 ","show_disciplines":"1","show_ultimes_funcions":false,"hide_tarifes_especials":false,"show_properament":false,"txt_additional_info":"Recomanat a partir de 12 anys","txt_present":"","show_season":[94],"txt_season":"[\"2024\/25\"]","txt_cycle":"","txt_claim":"L\u2019estrena en concert de \u2018Tots els nens creixen\u2019, el nou musical catal\u00e0 que reviu la Barcelona del 92.","txt_cast_excerpt":"","txt_cast":"<p>M\u00fasica: <strong>Andreu Gall\u00e9n<\/strong> <br \/>Text: <strong>Mart\u00ed Gall\u00e9n<\/strong> <br \/>Lletres: <strong>David Pint\u00f3 Codinasaltas<\/strong><\/p>\r\n<p>Direcci\u00f3 art\u00edstica: <strong>Andreu Gall\u00e9n<br \/><\/strong>Posada en escena: <strong>Ariadna Peya<\/strong><br \/>Direcci\u00f3 d\u2019actors: <strong>Ivan Labanda<\/strong><br \/>Coach vocal: <strong>Albert Bolea<\/strong><br \/>Disseny de so: <strong>Jordi Ballb\u00e9<br \/><\/strong>Assessorament de vestuari: <strong>Marc Udina<\/strong><\/p>\r\n<p>Int\u00e8rprets<br \/><strong>Ivan Labanda<\/strong>&nbsp; - Pere 2022<br \/><strong>Jordi Vidal<\/strong> - Manolo 2022<br \/><strong>Merc\u00e8 Mart\u00ednez<\/strong> - Neus \/ Vidente Nieves<br \/><strong>Berta Rabascall<\/strong> - Merc\u00e8 1992 \/ 2022<br \/><strong>Llu\u00eds Rubio<\/strong> - Pere 1992<br \/><strong>Ivan Clemente<\/strong> - Manolo 1992<br \/>&nbsp;<br \/>M\u00fasics<br \/><strong>Andreu Gall\u00e9n<\/strong> - Direcci\u00f3 musical \/ Piano<br \/><strong>Eloi L\u00f3pez - <\/strong>Bateria&nbsp;<br \/><strong>Beatriz Fonseca - <\/strong>Guitarra<br \/><strong>Laia Ferrer<\/strong> - Viol\u00ed<br \/><strong>Guillermo Prats<\/strong> - Baix<\/p>\r\n<p>Producci\u00f3 executiva: <strong>Andreu Gall\u00e9n<\/strong><br \/>Cap de producci\u00f3 i comunicaci\u00f3: <strong>Anna Candelas<\/strong><\/p>\r\n<p>Ajudant de direcci\u00f3 musical: <strong>Andreu Perell\u00f3<\/strong><br \/>Ajudant de producci\u00f3:<strong> Joan Navarro<\/strong><br \/>Cap t\u00e8cnic del teatre: <strong>Jordi Ballb\u00e9<\/strong> <br \/>T\u00e8cnics del teatre: <strong>Aleix Arbon\u00e8s i V\u00edctor Bartolom\u00e9<\/strong> <\/p>\r\n<p>Marketing i comunicaci\u00f3 del teatre: <strong>Focus<br \/><\/strong>Mescla i masteritzaci\u00f3 disc: <strong>Ferran Conangla<\/strong><br \/>Gravaci\u00f3 bateries i viol\u00ed: <strong>La Fusteria Estudi (Toni Pag\u00e8s)<\/strong><br \/>Disseny imatge i disseny gr\u00e0fic: <strong>Zuhaitz Sanbuenaventura<br \/><\/strong>Fotografies: <strong>S\u00edlvia Poch<\/strong><br \/>V\u00eddeo: <strong>Ivan Labanda<\/strong><br \/>Premsa: <strong>La Tremenda<\/strong><\/p>\r\n<p>Agra\u00efments: <strong>E\u00f2lia Centre Superior d\u2019Art Dram\u00e0tic, La Brutal, David Selvas, Dagoll Dagom, Jan Forrellat, Luc\u00eda Torres, Diana Roig, Joan V\u00e1zquez, Anna Lagares i Anna Molins<\/strong><\/p>\r\n<p>\u00c9s una producci\u00f3 d'<strong>Andreu Gall\u00e9n <\/strong>amb la col\u00b7laboraci\u00f3 del <strong>Grec 2025 Festival de Barcelona<br \/><\/strong><\/p>","txt_reviews":"","hashtag":"TotsElsNensCreixen","have_promo":"","slogan":"","id_exhibicio":2264,"id_versio":1784,"id_local":3,"txt_seo_desc":"Tots els nens creixen, un musical al Teatre Condal","data_images":"[{\"localizer\":\"V4PORTADAWIDE\",\"url\":\"media\/ver\/port\/wide\/v4\/31708\/01_091_00058853\/portada_0_2880x1260_nenscreixen.jpg\",\"thumb_url\":\"\",\"title\":\"Tots els nens creixen - Teatre Condal\",\"description\":\"tots els nens creixen al teatre condal\",\"copyright\":\"\",\"order\":1},{\"localizer\":\"V4PORTADAWIDEMOBILE\",\"url\":\"media\/ver\/port\/wide\/mobile\/v4\/31708\/01_092_00058854\/portada_mobile_828x1800_nenscreixen.jpg\",\"thumb_url\":\"\",\"title\":\"Tots els nens creixen - Teatre Condal\",\"description\":\"tots els nens creixen al teatre condal\",\"copyright\":\"\",\"order\":2},{\"localizer\":\"V4PORTADA\",\"url\":\"media\/ver\/port\/v4\/31708\/01_090_00058855\/portada_1_760x760_nenscreixen.jpg\",\"thumb_url\":\"\",\"title\":\"Tots els nens creixen - Teatre Condal\",\"description\":\"tots els nens creixen al teatre condal\",\"copyright\":\"\",\"order\":3},{\"localizer\":\"V4CARTELL\",\"url\":\"media\/ver\/cartell\/v4\/31708\/01_089_00058856\/cartell_web_720x1100_nenscreixen.jpg\",\"thumb_url\":\"\",\"title\":\"Tots els nens creixen - Teatre Condal\",\"description\":\"tots els nens creixen al teatre condal\",\"copyright\":\"\",\"order\":4},{\"localizer\":\"V3SLIDE\",\"url\":\"media\/ftgalslide\/v3\/31708\/01_086_00058857\/TENC_promo_(19).jpg\",\"thumb_url\":\"media\/ftgalslide\/v3\/31708\/01_086_00058857\/TENC_promo_(19)_thumb.jpg\",\"title\":\"Tots els nens creixen - Teatre Condal\",\"description\":\"tots els nens creixen al teatre condal\",\"copyright\":\"https:\/\/youtu.be\/LE4RHqvF7aA\",\"order\":5},{\"localizer\":\"V3SLIDE\",\"url\":\"media\/ftgalslide\/v3\/31708\/01_086_00058858\/TENC_promo_(6).jpg\",\"thumb_url\":\"media\/ftgalslide\/v3\/31708\/01_086_00058858\/TENC_promo_(6)_thumb.jpg\",\"title\":\"Tots els nens creixen - Teatre Condal\",\"description\":\"tots els nens creixen al teatre condal\",\"copyright\":\"\",\"order\":6},{\"localizer\":\"V3SLIDE\",\"url\":\"media\/ftgalslide\/v3\/31708\/01_086_00058859\/TENC_promo_(23).jpg\",\"thumb_url\":\"media\/ftgalslide\/v3\/31708\/01_086_00058859\/TENC_promo_(23)_thumb.jpg\",\"title\":\"Tots els nens creixen - Teatre Condal\",\"description\":\"tots els nens creixen al teatre condal\",\"copyright\":\"\",\"order\":7}]","material__texto_intro":"","data_material":null,"data_gallery":"","data_discounts":"[]","contract_is_open":false,"in_tour":false},"yoast_head":"<!-- This site is optimized with the Yoast SEO plugin v27.5 - https:\/\/yoast.com\/product\/yoast-seo-wordpress\/ -->\n<title>Tots els nens creixen - Teatre Condal<\/title>\n<meta name=\"robots\" content=\"index, follow, max-snippet:-1, max-image-preview:large, max-video-preview:-1\" \/>\n<link rel=\"canonical\" href=\"https:\/\/www.teatrecondal.cat\/ca\/ex\/tots-els-nens-creixen\/\" \/>\n<script type=\"application\/ld+json\" class=\"yoast-schema-graph\">{\"@context\":\"https:\\\/\\\/schema.org\",\"@graph\":[{\"@type\":\"WebPage\",\"@id\":\"https:\\\/\\\/www.teatrecondal.cat\\\/ca\\\/ex\\\/tots-els-nens-creixen\\\/\",\"url\":\"https:\\\/\\\/www.teatrecondal.cat\\\/ca\\\/ex\\\/tots-els-nens-creixen\\\/\",\"name\":\"Tots els nens creixen - Teatre Condal\",\"isPartOf\":{\"@id\":\"https:\\\/\\\/www.teatrecondal.cat\\\/ca\\\/#website\"},\"datePublished\":\"2025-04-30T13:44:22+00:00\",\"dateModified\":\"2025-07-11T12:02:03+00:00\",\"breadcrumb\":{\"@id\":\"https:\\\/\\\/www.teatrecondal.cat\\\/ca\\\/ex\\\/tots-els-nens-creixen\\\/#breadcrumb\"},\"inLanguage\":\"ca\",\"potentialAction\":[{\"@type\":\"ReadAction\",\"target\":[\"https:\\\/\\\/www.teatrecondal.cat\\\/ca\\\/ex\\\/tots-els-nens-creixen\\\/\"]}]},{\"@type\":\"BreadcrumbList\",\"@id\":\"https:\\\/\\\/www.teatrecondal.cat\\\/ca\\\/ex\\\/tots-els-nens-creixen\\\/#breadcrumb\",\"itemListElement\":[{\"@type\":\"ListItem\",\"position\":1,\"name\":\"Inici\",\"item\":\"https:\\\/\\\/www.teatrecondal.cat\\\/ca\\\/\"},{\"@type\":\"ListItem\",\"position\":2,\"name\":\"Espectacles\",\"item\":\"https:\\\/\\\/www.teatrecondal.cat\\\/ca\\\/ex\\\/\"},{\"@type\":\"ListItem\",\"position\":3,\"name\":\"Tots els nens creixen\"}]},{\"@type\":\"WebSite\",\"@id\":\"https:\\\/\\\/www.teatrecondal.cat\\\/ca\\\/#website\",\"url\":\"https:\\\/\\\/www.teatrecondal.cat\\\/ca\\\/\",\"name\":\"Teatre Condal\",\"description\":\"\",\"publisher\":{\"@id\":\"https:\\\/\\\/www.teatrecondal.cat\\\/ca\\\/#organization\"},\"potentialAction\":[{\"@type\":\"SearchAction\",\"target\":{\"@type\":\"EntryPoint\",\"urlTemplate\":\"https:\\\/\\\/www.teatrecondal.cat\\\/ca\\\/?s={search_term_string}\"},\"query-input\":{\"@type\":\"PropertyValueSpecification\",\"valueRequired\":true,\"valueName\":\"search_term_string\"}}],\"inLanguage\":\"ca\"},{\"@type\":\"Organization\",\"@id\":\"https:\\\/\\\/www.teatrecondal.cat\\\/ca\\\/#organization\",\"name\":\"Teatre Condal\",\"url\":\"https:\\\/\\\/www.teatrecondal.cat\\\/ca\\\/\",\"logo\":{\"@type\":\"ImageObject\",\"inLanguage\":\"ca\",\"@id\":\"https:\\\/\\\/www.teatrecondal.cat\\\/ca\\\/#\\\/schema\\\/logo\\\/image\\\/\",\"url\":\"https:\\\/\\\/www.teatrecondal.cat\\\/wp-content\\\/uploads\\\/sites\\\/3\\\/2017\\\/09\\\/teatre-condal-logo.svg\",\"contentUrl\":\"https:\\\/\\\/www.teatrecondal.cat\\\/wp-content\\\/uploads\\\/sites\\\/3\\\/2017\\\/09\\\/teatre-condal-logo.svg\",\"width\":1,\"height\":1,\"caption\":\"Teatre Condal\"},\"image\":{\"@id\":\"https:\\\/\\\/www.teatrecondal.cat\\\/ca\\\/#\\\/schema\\\/logo\\\/image\\\/\"},\"sameAs\":[\"http:\\\/\\\/www.facebook.com\\\/TeatreCondal\",\"https:\\\/\\\/x.com\\\/Teatre_Condal\",\"http:\\\/\\\/instagram.com\\\/teatre_condal\",\"http:\\\/\\\/www.youtube.com\\\/user\\\/TeatreCondal\"]}]}<\/script>\n<!-- \/ Yoast SEO plugin. -->","yoast_head_json":{"title":"Tots els nens creixen - Teatre Condal","robots":{"index":"index","follow":"follow","max-snippet":"max-snippet:-1","max-image-preview":"max-image-preview:large","max-video-preview":"max-video-preview:-1"},"canonical":"https:\/\/www.teatrecondal.cat\/ca\/ex\/tots-els-nens-creixen\/","schema":{"@context":"https:\/\/schema.org","@graph":[{"@type":"WebPage","@id":"https:\/\/www.teatrecondal.cat\/ca\/ex\/tots-els-nens-creixen\/","url":"https:\/\/www.teatrecondal.cat\/ca\/ex\/tots-els-nens-creixen\/","name":"Tots els nens creixen - Teatre Condal","isPartOf":{"@id":"https:\/\/www.teatrecondal.cat\/ca\/#website"},"datePublished":"2025-04-30T13:44:22+00:00","dateModified":"2025-07-11T12:02:03+00:00","breadcrumb":{"@id":"https:\/\/www.teatrecondal.cat\/ca\/ex\/tots-els-nens-creixen\/#breadcrumb"},"inLanguage":"ca","potentialAction":[{"@type":"ReadAction","target":["https:\/\/www.teatrecondal.cat\/ca\/ex\/tots-els-nens-creixen\/"]}]},{"@type":"BreadcrumbList","@id":"https:\/\/www.teatrecondal.cat\/ca\/ex\/tots-els-nens-creixen\/#breadcrumb","itemListElement":[{"@type":"ListItem","position":1,"name":"Inici","item":"https:\/\/www.teatrecondal.cat\/ca\/"},{"@type":"ListItem","position":2,"name":"Espectacles","item":"https:\/\/www.teatrecondal.cat\/ca\/ex\/"},{"@type":"ListItem","position":3,"name":"Tots els nens creixen"}]},{"@type":"WebSite","@id":"https:\/\/www.teatrecondal.cat\/ca\/#website","url":"https:\/\/www.teatrecondal.cat\/ca\/","name":"Teatre Condal","description":"","publisher":{"@id":"https:\/\/www.teatrecondal.cat\/ca\/#organization"},"potentialAction":[{"@type":"SearchAction","target":{"@type":"EntryPoint","urlTemplate":"https:\/\/www.teatrecondal.cat\/ca\/?s={search_term_string}"},"query-input":{"@type":"PropertyValueSpecification","valueRequired":true,"valueName":"search_term_string"}}],"inLanguage":"ca"},{"@type":"Organization","@id":"https:\/\/www.teatrecondal.cat\/ca\/#organization","name":"Teatre Condal","url":"https:\/\/www.teatrecondal.cat\/ca\/","logo":{"@type":"ImageObject","inLanguage":"ca","@id":"https:\/\/www.teatrecondal.cat\/ca\/#\/schema\/logo\/image\/","url":"https:\/\/www.teatrecondal.cat\/wp-content\/uploads\/sites\/3\/2017\/09\/teatre-condal-logo.svg","contentUrl":"https:\/\/www.teatrecondal.cat\/wp-content\/uploads\/sites\/3\/2017\/09\/teatre-condal-logo.svg","width":1,"height":1,"caption":"Teatre Condal"},"image":{"@id":"https:\/\/www.teatrecondal.cat\/ca\/#\/schema\/logo\/image\/"},"sameAs":["http:\/\/www.facebook.com\/TeatreCondal","https:\/\/x.com\/Teatre_Condal","http:\/\/instagram.com\/teatre_condal","http:\/\/www.youtube.com\/user\/TeatreCondal"]}]}},"translations":[{"id":5302,"locale":"ca"},{"id":5303,"locale":"es"}],"_links":{"self":[{"href":"https:\/\/www.teatrecondal.cat\/ca\/wp-json\/wp\/v2\/ex\/5302","targetHints":{"allow":["GET"]}}],"collection":[{"href":"https:\/\/www.teatrecondal.cat\/ca\/wp-json\/wp\/v2\/ex"}],"about":[{"href":"https:\/\/www.teatrecondal.cat\/ca\/wp-json\/wp\/v2\/types\/ex"}],"author":[{"embeddable":true,"href":"https:\/\/www.teatrecondal.cat\/ca\/wp-json\/wp\/v2\/users\/2"}],"replies":[{"embeddable":true,"href":"https:\/\/www.teatrecondal.cat\/ca\/wp-json\/wp\/v2\/comments?post=5302"}],"acf:term":[{"embeddable":true,"taxonomy":"season","href":"https:\/\/www.teatrecondal.cat\/ca\/wp-json\/wp\/v2\/season\/94"}],"wp:attachment":[{"href":"https:\/\/www.teatrecondal.cat\/ca\/wp-json\/wp\/v2\/media?parent=5302"}],"curies":[{"name":"wp","href":"https:\/\/api.w.org\/{rel}","templated":true}]}}