{"id":5258,"date":"2025-02-24T16:00:36","date_gmt":"2025-02-24T15:00:36","guid":{"rendered":"https:\/\/www.teatrecondal.cat\/ex\/germans-de-sang\/"},"modified":"2026-03-09T10:52:25","modified_gmt":"2026-03-09T09:52:25","slug":"germans-de-sang-2025-26","status":"publish","type":"ex","link":"https:\/\/www.teatrecondal.cat\/ca\/ex\/germans-de-sang-2025-26\/","title":{"rendered":"Germans de Sang"},"content":{"rendered":"","protected":false},"excerpt":{"rendered":"","protected":false},"author":2,"featured_media":0,"comment_status":"closed","ping_status":"closed","template":"","class_list":["post-5258","ex","type-ex","status-publish","hentry","season-2025-26"],"acf":{"txt_synopsis":"<strong>No pot ser veritat. Sols \u00e9s una hist\u00f2ria...<\/strong><br \/><br \/><em>Germans de sang<\/em> narra la hist\u00f2ria de dos germans bessons, separats quan neixen. Creixen en dos mons oposats, sense saber mai la veritat. Malgrat els esfor\u00e7os de les respectives mares per impedir-ho, el dest\u00ed  fa que es coneguin, es facin amics i acabin enamorats de la mateixa noia. La trag\u00e8dia final ser\u00e0 inevitable.<br \/><br \/>Aquest llegendari musical, un dels tres que ha superat les 10.000 representacions al West End, ha estat un \u00e8xit de cr\u00edtica i p\u00fablic des de la seva estrena, l'any 1983. A Barcelona, es va estrenar en aquest mateix teatre, produ\u00eft per Focus, l'any 1994. Avui, segueix emocionant les platees de tot el m\u00f3n.","main_buy_link":"https:\/\/tickets.oneboxtds.com\/teatrecondal\/events\/42858?hl=ca-ES","main_buy_links":"[\"https:\/\/tickets.oneboxtds.com\/teatrecondal\/events\/42858?hl=ca-ES\"]","group_buy_link":"https:\/\/www.promentrada.com\/ca\/programacio\/c\/1569-germans-de-sang-grups.html","show_language":"Espectacle en catal\u00e0","show_duration":"160","show_start_date":"20251210000000","show_end_date":"20260308000000","show_sort_date":"20251210000000","txt_custom_show_dates":"","show_disciplines":"1","show_ultimes_funcions":false,"hide_tarifes_especials":false,"show_properament":false,"txt_additional_info":"<ul>\r\n<li>Recomanat a partir de <strong>12 anys<\/strong><\/li>\r\n<li><span lang=\"CA\" style=\"FONT-FAMILY: \"Calibri\",sans-serif; mso-fareast-font-family: Calibri; mso-ansi-language: CA\"><span lang=\"CA\" style=\"FONT-SIZE: 12pt; FONT-FAMILY: \"Calibri\",sans-serif; LINE-HEIGHT: 116%; mso-fareast-font-family: Calibri; mso-ansi-language: CA; mso-fareast-language: EN-US; mso-bidi-language: AR-SA\">Dintre del temps estimat, s\u2019inclou l\u2019entreacte.<\/span><\/span><\/li><\/ul>","txt_present":"","show_season":[96],"txt_season":"[\"2025\/26\"]","txt_cycle":"","txt_claim":"<p>No pot ser veritat. Sols \u00e9s una hist\u00f2ria...<\/p>","txt_cast_excerpt":"","txt_cast":"<p>T\u00edtol original: <strong>Blood brothers<br \/><\/strong>Llibret, m\u00fasica i lletres: <strong>Willy Russell<\/strong><br \/>Adaptaci\u00f3 al catal\u00e0: <strong>Albert Mas-Griera<br \/><\/strong>Arranjaments musicals:<strong> Andreu Gall\u00e9n<br \/><\/strong> <br \/>Direcci\u00f3: <strong>Daniel Angl\u00e8s<\/strong><br \/>Direcci\u00f3 coreogr\u00e0fica: <strong>Ariadna Peya<br \/><\/strong>Direcci\u00f3 musical:<strong> Andreu Gall\u00e9n<\/strong><br \/>Adjunta a la direcci\u00f3: <strong>\u00c0gata Casanovas<br \/><\/strong>Escenografia:<strong> Alessio Meloni<br \/><\/strong>Vestuari:<strong> Marc Udina <br \/><\/strong>Il\u00b7luminaci\u00f3<strong>: David Bofarull (AAI)<br \/><\/strong>So:<strong> Jordi Ballb\u00e9<br \/><\/strong>Caracteritzaci\u00f3:<strong> Nat\u00e0lia Albert<br \/><\/strong> <br \/>Int\u00e8rprets:<br \/><strong>Mariona Castillo<\/strong> - Sra. Johnstone<br \/><strong>Triquell<\/strong> - Narrador<br \/><strong>Xavi Navarro<\/strong> - Narrador alternant<br \/><strong>Albert Salazar<\/strong> - Mickey<br \/><strong>Roc Bernad\u00ed<\/strong> - Eddie<br \/><strong>Luc\u00eda Torres<\/strong> - Sra. Lyons <br \/><strong>Tai Fati<\/strong> - Linda <br \/><strong>Toni Vi\u00f1als<\/strong> - Sr. Lyons<br \/><strong>Cisco Cruz<\/strong> - Sammy<br \/><strong>Aleix Colomer<\/strong> - Elenc<br \/><strong>Elena Escorcia<\/strong> - Elenc<br \/><strong>Joan Mas<\/strong> - Elenc<br \/><strong>Carla Pizan<\/strong> - Elenc <br \/><strong>Guillem Ripoll<\/strong> - Elenc <br \/><strong>Pol Rosell\u00f3<\/strong> <strong>Weisz<\/strong> - Elenc <br \/><strong>J\u00falia Sanz<\/strong> - Elenc<br \/><strong>Ferran Soler<\/strong> - Elenc<br \/><strong>Meritxell Val\u00e8ncia<\/strong> - Elenc <br \/><strong>Aran V\u00e1zquez<\/strong> - Elenc<br \/><strong>Guillem Cabra<\/strong>- Swing<\/p>\r\n<p>Covers<br \/>Sra. Johnstone: <strong>Luc\u00eda Torres<\/strong>; Narrador\/Mickey: <strong>Joan Mas<\/strong>; Eddie: <strong>Pol Rosell\u00f3 Weisz<\/strong>; <br \/>Sra. Lyons: <strong>Meritxell Val\u00e8ncia<\/strong>; Linda: <strong>Carla Pizan<\/strong>; Sr. Lyons:<strong> Xavi Navarro<\/strong>; Sammy: <strong>Guillem Ripoll<br \/><\/strong><\/p>\r\n<p>M\u00fasics<br \/><strong>Andreu Gall\u00e9n <\/strong>- Direcci\u00f3 i teclats<br \/><strong>Toni Pag\u00e8s \/ Eloi L\u00f3pez<\/strong> - Bateria<br \/><strong>Vicent P\u00e9rez \/ Victor Colomer<\/strong> - Tromb\u00f3<br \/><strong>Dai Mar L\u00f3pez<\/strong> - Viol\u00ed<br \/><strong>Armando Erenas \/ Cristian Castellv\u00ed<\/strong> - Guitarra<br \/><strong>Blai Ma\u00f1er<\/strong> - Suplent de direcci\u00f3 i teclats<br \/><strong>Ernest Mart\u00ednez<\/strong> - Suplent de viol\u00ed <\/p>\r\n<p>Direcci\u00f3 de producci\u00f3: <strong>Maite Pijuan<br \/><\/strong>Producci\u00f3 executiva:<strong> Carmen \u00c1lvarez<br \/><\/strong>Producci\u00f3 executiva audicions:<strong> Raquel Do\u00f1oro<br \/><\/strong>Direcci\u00f3 t\u00e8cnica:<strong> Moi Cuenca<br \/><\/strong>Coordinaci\u00f3 t\u00e8cnica: <strong>Jordi Farr\u00e0s<\/strong><strong> <\/strong><\/p>\r\n<p>Producci\u00f3 musical: <strong>Roger Argem\u00ed i Uri Plana<br \/><\/strong>Assistent d\u2019il\u00b7luminaci\u00f3 i programador: <strong>Jordi Thom\u00e0s<br \/><\/strong>Assistent d'escenografia<strong>: Cesc Colomina <br \/><\/strong>Ajudant de vestuari:<strong> Carlota Ricart<br \/><\/strong>Assistent de direcci\u00f3 resident:<strong> Joan Mas<\/strong><strong><br \/><\/strong>Capitana de ball:<strong> J\u00falia Sanz<br \/><\/strong>Ajudantia de producci\u00f3: <strong>Sara L\u00f3pez<br \/><\/strong>Assistent de Direcci\u00f3 en pr\u00e0ctiques - E\u00f2lia:<strong> J\u00falia Cortina <br \/><\/strong>Ajudant de Direcci\u00f3 musical en pr\u00e0ctiques - ESMUC:<strong> Andreu Perell\u00f3  <br \/><\/strong>Coach vocal Albert Salazar:<strong> V\u00edctor Arbelo<br \/><\/strong>Coach vers Narradors:<strong> Pablo Macho<br \/><\/strong>Pianistes casting: <strong>Joan Espuny i Blai Ma\u00f1er<\/strong>  <strong><br \/><\/strong>Repetidora casting:<strong> Tatiana Monells<\/strong><br \/><br \/> <br \/>Cap t\u00e8cnic del teatre: <strong>Jordi Ballb\u00e9 <br \/><\/strong>T\u00e8cnics del teatre: <strong>Aleix Arbon\u00e8s i V\u00edctor Bartolom\u00e9<br \/><\/strong>Regidoria:<strong> Brian Ramos  <br \/><\/strong>Ajudant de regidoria:<strong> Elisenda Caball\u00e9 <br \/><\/strong>Sastreria:<strong> Cristina S\u00e1nchez i Nerea Melo <br \/><\/strong>Perruqueria i maquillatge:<strong> Elsa Domene<br \/><\/strong>T\u00e8cnics de maquin\u00e0ria: <strong>Samu Schlechter i Xavi Llombart<br \/><\/strong>Construcci\u00f3 de l\u2019escenografia:<strong> Taller d\u2019escenograf\u00eda Pascualin Estructures, Jorba-Mir\u00f3 Estudi-Taller d\u2019escenografia i Big Image<br \/><\/strong>Pintura d\u2019escenografia:<strong> Eva Moreno i Jordi Agust\u00ed <br \/><\/strong>Confecci\u00f3 de vestuari:<strong> Goretti Puente <\/strong><\/p>\r\n<p>Construcci\u00f3 de l\u2019escenografia: <strong>Pascualin Estructures (taller d\u2019escenografia), Taller Jorba i Eva Moreno \/ Jordi Agust\u00ed (pintura d\u2019escenografia) <br \/><\/strong>Confecci\u00f3 de vestuari: <strong>Goretti Puente<\/strong>  <\/p>\r\n<p>M\u00e0rqueting i comunicaci\u00f3: <strong>Focus<br \/><\/strong>Community m\u00e0nager IG:<strong> Carla Pizan<br \/><\/strong>Reportatge fotogr\u00e0fic: <strong>David Ruano<br \/><\/strong>Reportatge de v\u00eddeo:<strong> Mar Orfila<\/strong><br \/>Cartell: <strong>Steph Pyne<br \/><br \/><\/strong>Col\u00b7laboradors: <strong>Rowenta, Colors-Up, Montibello, Bock Damm, Slide & Swing <br \/><br \/><\/strong>Agra\u00efments: <strong>\u00c0ngels Gonyalons, Mag Lari, Aules \u00b7 Arts Esc\u00e8niques, La Cubana, Cristina Vall-Llosada i Casa Seat<br \/><\/strong><\/p>\r\n<p>Amb el suport de l'<strong>Ajuntament de Barcelona, ICEC Institut Catal\u00e0 de les Empreses Culturals, Generalitat de Catalunya, INAEM, Uni\u00f3 Europea (Fons Europeu Next Generation), Plan de Recuperaci\u00f3n, Transformaci\u00f3n y Resiliencia i Next Generation Catalunya<\/strong><\/p>\r\n<p>\u00c9s una producci\u00f3 de<strong> Focus<\/strong><\/p>","txt_reviews":"Jordi Bordes| El Punt Avui | \"L\u2019emoci\u00f3 atrapa fins al punt que el p\u00fablic avan\u00e7a l\u2019aplaudiment, com una necessitat impetuosa de connectar i d\u2019agrair la feina generosa a escena.\u201d \r\nMart\u00ed Figueras | N\u00favol | \u201cLes coreografies no s\u00f3n nom\u00e9s balls per acompanyar les can\u00e7ons, sin\u00f3 que serveixen per impulsar les accions i definir l\u2019emoci\u00f3\u201d  \r\nAndreu Sotorra |Recomana | \u201c\u00abGermans de sang\u00bb \u00e9s un dels musicals que t\u00e9 tots els ingredients perqu\u00e8 convoqui espectadors a manta sense fronteres d\u2019edat\u201d ","hashtag":"GermansdeSang","have_promo":"","slogan":"","id_exhibicio":2246,"id_versio":1766,"id_local":3,"txt_seo_desc":"Germans de Sang, un espectacle musical al Teatre Condal de Barcelona","data_images":"[{\"localizer\":\"V2EXHBSLIDE\",\"url\":\"media\/ftgalslide\/2026\/03\/b5b2d5de-620f-4484-b800-d4939c211343.jpg\",\"thumb_url\":\"media\/ftgalslide\/2026\/03\/b5b2d5de-620f-4484-b800-d4939c211343.jpg\",\"title\":\"Germans de Sang - Teatre condal\",\"description\":\"<p>germans&nbsp;de&nbsp;sang&nbsp;al&nbsp;teatre&nbsp;condal&nbsp;de&nbsp;barcelona<\/p>\",\"copyright\":\"https:\/\/www.youtube.com\/watch?v=xaoHRUlBbWA&list=PLAvbPxaP9JhyWiz8lVnxIh-yAdm8Pr9w7&index=8\",\"order\":1},{\"localizer\":\"V2EXHBSLIDE\",\"url\":\"media\/ftgalslide\/2026\/03\/693a1a6b-95be-4984-95a2-2cd0ddec420d.jpg\",\"thumb_url\":\"media\/ftgalslide\/2026\/03\/693a1a6b-95be-4984-95a2-2cd0ddec420d.jpg\",\"title\":\"Germans de Sang - Teatre condal\",\"description\":\"<p>germans&nbsp;de&nbsp;sang&nbsp;al&nbsp;teatre&nbsp;condal&nbsp;de&nbsp;barcelona<\/p>\",\"copyright\":\"https:\/\/www.youtube.com\/watch?v=xaoHRUlBbWA&list=PLAvbPxaP9JhyWiz8lVnxIh-yAdm8Pr9w7&index=8\",\"order\":2},{\"localizer\":\"V2EXHBSLIDE\",\"url\":\"media\/ftgalslide\/2026\/03\/58f6adfb-afc1-46ce-bcca-3ff38b60da32.jpg\",\"thumb_url\":\"media\/ftgalslide\/2026\/03\/58f6adfb-afc1-46ce-bcca-3ff38b60da32.jpg\",\"title\":\"Germans de Sang - Teatre condal\",\"description\":\"<p>germans&nbsp;de&nbsp;sang&nbsp;al&nbsp;teatre&nbsp;condal&nbsp;de&nbsp;barcelona<\/p>\",\"copyright\":\"https:\/\/www.youtube.com\/watch?v=xaoHRUlBbWA&list=PLAvbPxaP9JhyWiz8lVnxIh-yAdm8Pr9w7&index=8\",\"order\":3},{\"localizer\":\"V3CARTELL\",\"url\":\"media\/ver\/cartell\/v3\/3170A\/01_085_00058946\/Cartell_web_722x1030_GDS.jpg\",\"thumb_url\":\"media\/ver\/cartell\/v3\/3170A\/01_085_00058946\/Cartell_web_722x1030_GDS.jpg\",\"title\":\"Germans de sang - Teatre Condal\",\"description\":\"germans de sang en el teatre condal\",\"copyright\":\"\",\"order\":10},{\"localizer\":\"V3SLIDE\",\"url\":\"media\/ftgalslide\/v3\/2026\/03\/5d9cdd7b-c202-4733-bef0-16b2148868ca.jpg\",\"thumb_url\":\"media\/ftgalslide\/v3\/2026\/03\/5d9cdd7b-c202-4733-bef0-16b2148868ca.jpg\",\"title\":\"Germans de Sang - Teatre Condal \",\"description\":\"<p>germans&nbsp;de&nbsp;sang&nbsp;al&nbsp;teatre&nbsp;condal&nbsp;de&nbsp;barcelona<\/p>\",\"copyright\":\"https:\/\/www.youtube.com\/watch?v=xaoHRUlBbWA&list=PLAvbPxaP9JhyWiz8lVnxIh-yAdm8Pr9w7&index=8\",\"order\":1},{\"localizer\":\"V3SLIDE\",\"url\":\"media\/ftgalslide\/v3\/2026\/03\/87bd765c-c2c8-441b-b4fa-774c390ac0a6.jpg\",\"thumb_url\":\"media\/ftgalslide\/v3\/2026\/03\/87bd765c-c2c8-441b-b4fa-774c390ac0a6.jpg\",\"title\":\"Germans de Sang - Teatre Condal \",\"description\":\"<p>germans&nbsp;de&nbsp;sang&nbsp;al&nbsp;teatre&nbsp;condal&nbsp;de&nbsp;barcelona<\/p>\",\"copyright\":\"https:\/\/www.youtube.com\/watch?v=xaoHRUlBbWA&list=PLAvbPxaP9JhyWiz8lVnxIh-yAdm8Pr9w7&index=8\",\"order\":2},{\"localizer\":\"V3SLIDE\",\"url\":\"media\/ftgalslide\/v3\/2026\/03\/08e062e2-8546-4d2a-9f1c-186de214c528.jpg\",\"thumb_url\":\"media\/ftgalslide\/v3\/2026\/03\/08e062e2-8546-4d2a-9f1c-186de214c528.jpg\",\"title\":\"Germans de Sang - Teatre Condal \",\"description\":\"<p>germans&nbsp;de&nbsp;sang&nbsp;al&nbsp;teatre&nbsp;condal&nbsp;de&nbsp;barcelona<\/p>\",\"copyright\":\"https:\/\/www.youtube.com\/watch?v=xaoHRUlBbWA&list=PLAvbPxaP9JhyWiz8lVnxIh-yAdm8Pr9w7&index=8\",\"order\":3},{\"localizer\":\"V4CARTELL\",\"url\":\"media\/ver\/cartell\/v4\/3170A\/01_089_00058945\/Cartell_web_720x1100_GDS.jpg\",\"thumb_url\":\"media\/ver\/cartell\/v4\/3170A\/01_089_00058945\/Cartell_web_720x1100_GDS.jpg\",\"title\":\"Germans de sang - Teatre Condal\",\"description\":\"germans de sang en el teatre condal\",\"copyright\":\"\",\"order\":9},{\"localizer\":\"V4PORTADA\",\"url\":\"media\/ver\/port\/v4\/2026\/02\/b4d7dd2d-29b7-4747-89e2-a2ba2b16e4c7.png\",\"thumb_url\":\"media\/ver\/port\/v4\/2026\/02\/b4d7dd2d-29b7-4747-89e2-a2ba2b16e4c7.png\",\"title\":\"Germans de Sang - Teatre Condal\",\"description\":\"germans de sang en el teatre condal\",\"copyright\":\"\",\"order\":3},{\"localizer\":\"V4PORTADAWIDE\",\"url\":\"media\/ver\/port\/wide\/v4\/2026\/02\/2669b571-fe18-449f-868d-d58888b8dda7.png\",\"thumb_url\":\"media\/ver\/port\/wide\/v4\/2026\/02\/2669b571-fe18-449f-868d-d58888b8dda7.png\",\"title\":\"Germans de Sang - Teatre Condal\",\"description\":\"germans de sang en el teatre condal\",\"copyright\":\"\",\"order\":1},{\"localizer\":\"V4PORTADAWIDEMOBILE\",\"url\":\"media\/ver\/port\/wide\/mobile\/v4\/2026\/02\/66b454a2-8c7b-4ad8-ae7b-ca987760a4db.png\",\"thumb_url\":\"media\/ver\/port\/wide\/mobile\/v4\/2026\/02\/66b454a2-8c7b-4ad8-ae7b-ca987760a4db.png\",\"title\":\"Germans de Sang - Teatre Condal\",\"description\":\"germans de sang en el teatre condal\",\"copyright\":\"\",\"order\":2}]","material__texto_intro":"","data_material":null,"data_gallery":"","data_discounts":"[]","contract_is_open":false,"in_tour":false},"yoast_head":"<!-- This site is optimized with the Yoast SEO plugin v27.5 - https:\/\/yoast.com\/product\/yoast-seo-wordpress\/ -->\n<title>Germans de Sang - Teatre Condal<\/title>\n<meta name=\"robots\" content=\"index, follow, max-snippet:-1, max-image-preview:large, max-video-preview:-1\" \/>\n<link rel=\"canonical\" href=\"https:\/\/www.teatrecondal.cat\/ca\/ex\/germans-de-sang-2025-26\/\" \/>\n<script type=\"application\/ld+json\" class=\"yoast-schema-graph\">{\"@context\":\"https:\\\/\\\/schema.org\",\"@graph\":[{\"@type\":\"WebPage\",\"@id\":\"https:\\\/\\\/www.teatrecondal.cat\\\/ca\\\/ex\\\/germans-de-sang-2025-26\\\/\",\"url\":\"https:\\\/\\\/www.teatrecondal.cat\\\/ca\\\/ex\\\/germans-de-sang-2025-26\\\/\",\"name\":\"Germans de Sang - Teatre Condal\",\"isPartOf\":{\"@id\":\"https:\\\/\\\/www.teatrecondal.cat\\\/ca\\\/#website\"},\"datePublished\":\"2025-02-24T15:00:36+00:00\",\"dateModified\":\"2026-03-09T09:52:25+00:00\",\"breadcrumb\":{\"@id\":\"https:\\\/\\\/www.teatrecondal.cat\\\/ca\\\/ex\\\/germans-de-sang-2025-26\\\/#breadcrumb\"},\"inLanguage\":\"ca\",\"potentialAction\":[{\"@type\":\"ReadAction\",\"target\":[\"https:\\\/\\\/www.teatrecondal.cat\\\/ca\\\/ex\\\/germans-de-sang-2025-26\\\/\"]}]},{\"@type\":\"BreadcrumbList\",\"@id\":\"https:\\\/\\\/www.teatrecondal.cat\\\/ca\\\/ex\\\/germans-de-sang-2025-26\\\/#breadcrumb\",\"itemListElement\":[{\"@type\":\"ListItem\",\"position\":1,\"name\":\"Inici\",\"item\":\"https:\\\/\\\/www.teatrecondal.cat\\\/ca\\\/\"},{\"@type\":\"ListItem\",\"position\":2,\"name\":\"Espectacles\",\"item\":\"https:\\\/\\\/www.teatrecondal.cat\\\/ca\\\/ex\\\/\"},{\"@type\":\"ListItem\",\"position\":3,\"name\":\"Germans de Sang\"}]},{\"@type\":\"WebSite\",\"@id\":\"https:\\\/\\\/www.teatrecondal.cat\\\/ca\\\/#website\",\"url\":\"https:\\\/\\\/www.teatrecondal.cat\\\/ca\\\/\",\"name\":\"Teatre Condal\",\"description\":\"\",\"publisher\":{\"@id\":\"https:\\\/\\\/www.teatrecondal.cat\\\/ca\\\/#organization\"},\"potentialAction\":[{\"@type\":\"SearchAction\",\"target\":{\"@type\":\"EntryPoint\",\"urlTemplate\":\"https:\\\/\\\/www.teatrecondal.cat\\\/ca\\\/?s={search_term_string}\"},\"query-input\":{\"@type\":\"PropertyValueSpecification\",\"valueRequired\":true,\"valueName\":\"search_term_string\"}}],\"inLanguage\":\"ca\"},{\"@type\":\"Organization\",\"@id\":\"https:\\\/\\\/www.teatrecondal.cat\\\/ca\\\/#organization\",\"name\":\"Teatre Condal\",\"url\":\"https:\\\/\\\/www.teatrecondal.cat\\\/ca\\\/\",\"logo\":{\"@type\":\"ImageObject\",\"inLanguage\":\"ca\",\"@id\":\"https:\\\/\\\/www.teatrecondal.cat\\\/ca\\\/#\\\/schema\\\/logo\\\/image\\\/\",\"url\":\"https:\\\/\\\/www.teatrecondal.cat\\\/wp-content\\\/uploads\\\/sites\\\/3\\\/2017\\\/09\\\/teatre-condal-logo.svg\",\"contentUrl\":\"https:\\\/\\\/www.teatrecondal.cat\\\/wp-content\\\/uploads\\\/sites\\\/3\\\/2017\\\/09\\\/teatre-condal-logo.svg\",\"width\":1,\"height\":1,\"caption\":\"Teatre Condal\"},\"image\":{\"@id\":\"https:\\\/\\\/www.teatrecondal.cat\\\/ca\\\/#\\\/schema\\\/logo\\\/image\\\/\"},\"sameAs\":[\"http:\\\/\\\/www.facebook.com\\\/TeatreCondal\",\"https:\\\/\\\/x.com\\\/Teatre_Condal\",\"http:\\\/\\\/instagram.com\\\/teatre_condal\",\"http:\\\/\\\/www.youtube.com\\\/user\\\/TeatreCondal\"]}]}<\/script>\n<!-- \/ Yoast SEO plugin. -->","yoast_head_json":{"title":"Germans de Sang - Teatre Condal","robots":{"index":"index","follow":"follow","max-snippet":"max-snippet:-1","max-image-preview":"max-image-preview:large","max-video-preview":"max-video-preview:-1"},"canonical":"https:\/\/www.teatrecondal.cat\/ca\/ex\/germans-de-sang-2025-26\/","schema":{"@context":"https:\/\/schema.org","@graph":[{"@type":"WebPage","@id":"https:\/\/www.teatrecondal.cat\/ca\/ex\/germans-de-sang-2025-26\/","url":"https:\/\/www.teatrecondal.cat\/ca\/ex\/germans-de-sang-2025-26\/","name":"Germans de Sang - Teatre Condal","isPartOf":{"@id":"https:\/\/www.teatrecondal.cat\/ca\/#website"},"datePublished":"2025-02-24T15:00:36+00:00","dateModified":"2026-03-09T09:52:25+00:00","breadcrumb":{"@id":"https:\/\/www.teatrecondal.cat\/ca\/ex\/germans-de-sang-2025-26\/#breadcrumb"},"inLanguage":"ca","potentialAction":[{"@type":"ReadAction","target":["https:\/\/www.teatrecondal.cat\/ca\/ex\/germans-de-sang-2025-26\/"]}]},{"@type":"BreadcrumbList","@id":"https:\/\/www.teatrecondal.cat\/ca\/ex\/germans-de-sang-2025-26\/#breadcrumb","itemListElement":[{"@type":"ListItem","position":1,"name":"Inici","item":"https:\/\/www.teatrecondal.cat\/ca\/"},{"@type":"ListItem","position":2,"name":"Espectacles","item":"https:\/\/www.teatrecondal.cat\/ca\/ex\/"},{"@type":"ListItem","position":3,"name":"Germans de Sang"}]},{"@type":"WebSite","@id":"https:\/\/www.teatrecondal.cat\/ca\/#website","url":"https:\/\/www.teatrecondal.cat\/ca\/","name":"Teatre Condal","description":"","publisher":{"@id":"https:\/\/www.teatrecondal.cat\/ca\/#organization"},"potentialAction":[{"@type":"SearchAction","target":{"@type":"EntryPoint","urlTemplate":"https:\/\/www.teatrecondal.cat\/ca\/?s={search_term_string}"},"query-input":{"@type":"PropertyValueSpecification","valueRequired":true,"valueName":"search_term_string"}}],"inLanguage":"ca"},{"@type":"Organization","@id":"https:\/\/www.teatrecondal.cat\/ca\/#organization","name":"Teatre Condal","url":"https:\/\/www.teatrecondal.cat\/ca\/","logo":{"@type":"ImageObject","inLanguage":"ca","@id":"https:\/\/www.teatrecondal.cat\/ca\/#\/schema\/logo\/image\/","url":"https:\/\/www.teatrecondal.cat\/wp-content\/uploads\/sites\/3\/2017\/09\/teatre-condal-logo.svg","contentUrl":"https:\/\/www.teatrecondal.cat\/wp-content\/uploads\/sites\/3\/2017\/09\/teatre-condal-logo.svg","width":1,"height":1,"caption":"Teatre Condal"},"image":{"@id":"https:\/\/www.teatrecondal.cat\/ca\/#\/schema\/logo\/image\/"},"sameAs":["http:\/\/www.facebook.com\/TeatreCondal","https:\/\/x.com\/Teatre_Condal","http:\/\/instagram.com\/teatre_condal","http:\/\/www.youtube.com\/user\/TeatreCondal"]}]}},"translations":[{"id":5258,"locale":"ca"},{"id":5259,"locale":"es"}],"_links":{"self":[{"href":"https:\/\/www.teatrecondal.cat\/ca\/wp-json\/wp\/v2\/ex\/5258","targetHints":{"allow":["GET"]}}],"collection":[{"href":"https:\/\/www.teatrecondal.cat\/ca\/wp-json\/wp\/v2\/ex"}],"about":[{"href":"https:\/\/www.teatrecondal.cat\/ca\/wp-json\/wp\/v2\/types\/ex"}],"author":[{"embeddable":true,"href":"https:\/\/www.teatrecondal.cat\/ca\/wp-json\/wp\/v2\/users\/2"}],"replies":[{"embeddable":true,"href":"https:\/\/www.teatrecondal.cat\/ca\/wp-json\/wp\/v2\/comments?post=5258"}],"acf:term":[{"embeddable":true,"taxonomy":"season","href":"https:\/\/www.teatrecondal.cat\/ca\/wp-json\/wp\/v2\/season\/96"}],"wp:attachment":[{"href":"https:\/\/www.teatrecondal.cat\/ca\/wp-json\/wp\/v2\/media?parent=5258"}],"curies":[{"name":"wp","href":"https:\/\/api.w.org\/{rel}","templated":true}]}}