{"id":5205,"date":"2025-01-14T17:53:59","date_gmt":"2025-01-14T16:53:59","guid":{"rendered":"https:\/\/www.teatrecondal.cat\/ex\/la-extrana-pareja-2\/"},"modified":"2025-01-14T17:53:59","modified_gmt":"2025-01-14T16:53:59","slug":"la-extrana-pareja-2","status":"publish","type":"ex","link":"https:\/\/www.teatrecondal.cat\/ca\/ex\/la-extrana-pareja-2\/","title":{"rendered":"La extra\u00f1a pareja"},"content":{"rendered":"","protected":false},"excerpt":{"rendered":"","protected":false},"author":2,"featured_media":0,"comment_status":"closed","ping_status":"closed","template":"","class_list":["post-5205","ex","type-ex","status-publish","hentry","season-2014-15"],"acf":{"txt_synopsis":"<p align=\"justify\">F\u00e9lix \u00e9s un home de mitjana edat, meticul\u00f3s i obsessionat amb l\u2019ordre i la neteja, que \u00e9s expulsat de la llar familiar per la seva esposa. Davant aquesta situaci\u00f3 a F\u00e9lix no li queda altra opci\u00f3 que rec\u00f3rrer al seu amic Oscar, perqu\u00e8 li permeti compartir el seu apartament. El problema arriba quan F\u00e9lix descobreix que el car\u00e0cter de l\u2019Oscar \u00e9s diametralment oposat al seu, doncs es tracta d\u2019un tipus despreocupat i tronera. La conviv\u00e8ncia no ser\u00e0 senzilla en absolut. <\/p>\r\n<p align=\"justify\"><strong>Durada:<\/strong> 2 h i 20 minuts&nbsp;aprox. <\/p>","main_buy_link":"","main_buy_links":"","group_buy_link":"","show_language":"","show_duration":"","show_start_date":"20140912000000","show_end_date":"20150111000000","show_sort_date":"20140106000000","txt_custom_show_dates":"del 12 de setembre de 2014 a l'11 de gener de 2015 ","show_disciplines":"7","show_ultimes_funcions":false,"hide_tarifes_especials":false,"show_properament":false,"txt_additional_info":"","txt_present":"","show_season":[58],"txt_season":"[\"2014\/15\"]","txt_cycle":"","txt_claim":"","txt_cast_excerpt":"","txt_cast":"","txt_reviews":"","hashtag":"","have_promo":"","slogan":"","id_exhibicio":953,"id_versio":748,"id_local":3,"txt_seo_desc":"","data_images":"[{\"localizer\":\"V2SLIDE\",\"url\":\"media\/ftgalslide\/312BF\/01_076_00030738\/slide.jpg\",\"thumb_url\":\"media\/ftgalslide\/312BF\/01_076_00030738\/slide_thumb.jpg\",\"title\":\"La extra\u00f1a pareja\",\"description\":\"Assaig amb Joan Pera i Antonio Dechent\",\"copyright\":\"https:\/\/www.youtube.com\/watch?v=4T710WdDjOQ\",\"order\":1},{\"localizer\":\"V2CARTELL\",\"url\":\"media\/ver\/cartell\/312BF\/01_079_00030831\/list4.jpg\",\"thumb_url\":\"media\/ver\/cartell\/312BF\/01_079_00030831\/list4_thumb.jpg\",\"title\":\"La extra\u00f1a pareja\",\"description\":\"La extra\u00f1a pareja\",\"copyright\":\"https:\/\/d1wfclq6bigznq.cloudfront.net\/tkrfc\/default\/037pareja.jpg\",\"order\":12},{\"localizer\":\"V2SLIDE\",\"url\":\"media\/ftgalslide\/312C1\/01_076_00031128\/slide01.jpg\",\"thumb_url\":\"media\/ftgalslide\/312C1\/01_076_00031128\/slide01_thumb.jpg\",\"title\":\"La extra\u00f1a pareja\",\"description\":\"Joan Pera i Antonio Dechent\",\"copyright\":\"\",\"order\":14},{\"localizer\":\"V2SLIDE\",\"url\":\"media\/ftgalslide\/312C1\/01_076_00031129\/slide02.jpg\",\"thumb_url\":\"media\/ftgalslide\/312C1\/01_076_00031129\/slide02_thumb.jpg\",\"title\":\"La extra\u00f1a pareja\",\"description\":\"Joan Pera, Antonio Dechent, Enric Boixadera, Enric Llort, Rafa Cruz\",\"copyright\":\"\",\"order\":15},{\"localizer\":\"V2SLIDE\",\"url\":\"media\/ftgalslide\/312C1\/01_076_00031130\/slide03.jpg\",\"thumb_url\":\"media\/ftgalslide\/312C1\/01_076_00031130\/slide03_thumb.jpg\",\"title\":\"La extra\u00f1a pareja\",\"description\":\"Joan Pera i Antonio Dechent\",\"copyright\":\"\",\"order\":16},{\"localizer\":\"V2SLIDE\",\"url\":\"media\/ftgalslide\/312C1\/01_076_00031131\/slide04.jpg\",\"thumb_url\":\"media\/ftgalslide\/312C1\/01_076_00031131\/slide04_thumb.jpg\",\"title\":\"La extra\u00f1a pareja\",\"description\":\"Joan Pera i Antonio Dechent\",\"copyright\":\"\",\"order\":17},{\"localizer\":\"V2SLIDE\",\"url\":\"media\/ftgalslide\/312C1\/01_076_00031132\/slide05.jpg\",\"thumb_url\":\"media\/ftgalslide\/312C1\/01_076_00031132\/slide05_thumb.jpg\",\"title\":\"La extra\u00f1a pareja\",\"description\":\"Joan Pera i Antonio Dechent\",\"copyright\":\"\",\"order\":18},{\"localizer\":\"V2SLIDE\",\"url\":\"media\/ftgalslide\/312C1\/01_076_00031133\/slide06.jpg\",\"thumb_url\":\"media\/ftgalslide\/312C1\/01_076_00031133\/slide06_thumb.jpg\",\"title\":\"La extra\u00f1a pareja\",\"description\":\"Joan Pera i Antonio Dechent\",\"copyright\":\"\",\"order\":19},{\"localizer\":\"V2SLIDE\",\"url\":\"media\/ftgalslide\/312C1\/01_076_00031134\/slide07.jpg\",\"thumb_url\":\"media\/ftgalslide\/312C1\/01_076_00031134\/slide07_thumb.jpg\",\"title\":\"La extra\u00f1a pareja\",\"description\":\"Joan Pera, Antonio Dechent, Marta Domingo, Cristina Sol\u00e0\",\"copyright\":\"\",\"order\":20},{\"localizer\":\"V2SLIDE\",\"url\":\"media\/ftgalslide\/312C1\/01_076_00031135\/slide08.jpg\",\"thumb_url\":\"media\/ftgalslide\/312C1\/01_076_00031135\/slide08_thumb.jpg\",\"title\":\"La extra\u00f1a pareja\",\"description\":\"Joan Pera, Enric Boixadera, Enric Llort, Rafa Cruz, Marta Domingo, Cristina Sol\u00e0\",\"copyright\":\"\",\"order\":21},{\"localizer\":\"VERS_IMATGE_ESPECTACLE\",\"url\":\"media\/ftespect\/312C1\/01_020_00031136\/gal01.jpg\",\"thumb_url\":\"media\/ftespect\/312C1\/01_020_00031136\/gal01_thumb.jpg\",\"title\":\"La extra\u00f1a pareja\",\"description\":\"La extra\u00f1a pareja\",\"copyright\":\"\",\"order\":22},{\"localizer\":\"VERS_IMATGE_ESPECTACLE\",\"url\":\"media\/ftespect\/312C1\/01_020_00031137\/gal02.jpg\",\"thumb_url\":\"media\/ftespect\/312C1\/01_020_00031137\/gal02_thumb.jpg\",\"title\":\"La extra\u00f1a pareja\",\"description\":\"La extra\u00f1a pareja\",\"copyright\":\"\",\"order\":23},{\"localizer\":\"VERS_IMATGE_ESPECTACLE\",\"url\":\"media\/ftespect\/312C1\/01_020_00031138\/gal03.jpg\",\"thumb_url\":\"media\/ftespect\/312C1\/01_020_00031138\/gal03_thumb.jpg\",\"title\":\"La extra\u00f1a pareja\",\"description\":\"La extra\u00f1a pareja\",\"copyright\":\"\",\"order\":24},{\"localizer\":\"VERS_IMATGE_ESPECTACLE\",\"url\":\"media\/ftespect\/312C1\/01_020_00031139\/gal04.jpg\",\"thumb_url\":\"media\/ftespect\/312C1\/01_020_00031139\/gal04_thumb.jpg\",\"title\":\"La extra\u00f1a pareja\",\"description\":\"La extra\u00f1a pareja\",\"copyright\":\"\",\"order\":25},{\"localizer\":\"VERS_IMATGE_ESPECTACLE\",\"url\":\"media\/ftespect\/312C1\/01_020_00031140\/gal05.jpg\",\"thumb_url\":\"media\/ftespect\/312C1\/01_020_00031140\/gal05_thumb.jpg\",\"title\":\"La extra\u00f1a pareja\",\"description\":\"La extra\u00f1a pareja\",\"copyright\":\"\",\"order\":26},{\"localizer\":\"VERS_IMATGE_ESPECTACLE\",\"url\":\"media\/ftespect\/312C1\/01_020_00031141\/gal06.jpg\",\"thumb_url\":\"media\/ftespect\/312C1\/01_020_00031141\/gal06_thumb.jpg\",\"title\":\"La extra\u00f1a pareja\",\"description\":\"La extra\u00f1a pareja\",\"copyright\":\"\",\"order\":27},{\"localizer\":\"VERS_IMATGE_ESPECTACLE\",\"url\":\"media\/ftespect\/312C1\/01_020_00031142\/gal07.jpg\",\"thumb_url\":\"media\/ftespect\/312C1\/01_020_00031142\/gal07_thumb.jpg\",\"title\":\"La extra\u00f1a pareja\",\"description\":\"La extra\u00f1a pareja\",\"copyright\":\"\",\"order\":28},{\"localizer\":\"VERS_IMATGE_ESPECTACLE\",\"url\":\"media\/ftespect\/312C1\/01_020_00031143\/gal08.jpg\",\"thumb_url\":\"media\/ftespect\/312C1\/01_020_00031143\/gal08_thumb.jpg\",\"title\":\"La extra\u00f1a pareja\",\"description\":\"La extra\u00f1a pareja\",\"copyright\":\"\",\"order\":29},{\"localizer\":\"V2PORTADA\",\"url\":\"media\/ver\/port\/312C4\/01_078_00032100\/extranaweb2.jpg\",\"thumb_url\":\"media\/ver\/port\/312C4\/01_078_00032100\/extranaweb2_thumb.jpg\",\"title\":\"La extra\u00f1a pareja\",\"description\":\"La extra\u00f1a pareja\",\"copyright\":\"\",\"order\":35},{\"localizer\":\"V2CARTELLDISTRI\",\"url\":\"media\/cartell\/distrib\/3131F\/01_082_00033449\/listextrana.jpg\",\"thumb_url\":\"media\/cartell\/distrib\/3131F\/01_082_00033449\/listextrana_thumb.jpg\",\"title\":\"La extra\u00f1a pareja\",\"description\":\"La extra\u00f1a pareja\",\"copyright\":\"\",\"order\":36},{\"localizer\":\"V3CARTELL\",\"url\":\"media\/ver\/cartell\/v3\/316A8\/01_085_00058205\/cartell_Extrana_sin_logos.jpg\",\"thumb_url\":\"media\/ver\/cartell\/v3\/316A8\/01_085_00058205\/cartell_Extrana_sin_logos_thumb.jpg\",\"title\":\"Cartell LA EXTRA\u00d1A PAREJA\",\"description\":\"Cartell LA EXTRA\u00d1A PAREJA\",\"copyright\":\"\",\"order\":37}]","material__texto_intro":"","data_material":null,"data_gallery":"","data_discounts":"[{\"InfoAddicional\":\"<p><strong>Descomptes per a grups i escoles<br \/><\/strong><\/p>\",\"Url\":\"https:\/\/www.promentrada.com\/ca\/product\/{#CODI#}\",\"Codi\":\"0\",\"LogoUrl\":\"media\/fimage\/31389\/01_005_00038530\/logo_prome_nuevo_v_web.jpg\",\"TitolBoto\":\"Descomptes per a grups i escoles\",\"Type\":\"discount\"},{\"InfoAddicional\":\"<p><strong>Descomptes per a particulars<br \/><\/strong><\/p>\",\"Url\":\"vip.promentrada.com\/ca\/product\/{#CODI#}\",\"Codi\":\"0\",\"LogoUrl\":\"media\/fimage\/31389\/01_005_00038559\/logo_prome_vip_v_web.jpg\",\"TitolBoto\":\"Descomptes per a particulars\",\"Type\":\"discount\"},{\"InfoAddicional\":\"<p><strong>NOUS DESCOMPTES:<\/strong><\/p><p><strong>Dimarts, dia de l'espectador<\/strong>. Consultar preus<\/p><p><strong>Majors de 65 anys, 15% dte*<br \/>Menors de 30 anys, 30% dte*<br \/>Menors de 16 anys, 16\u20ac*<br \/>Menors de 12 anys, 12\u20ac*<\/strong><\/p><p><em>Els preus i descomptes no tenen les despeses de gesti\u00f3 incloses<br \/>*Descompte aplicable per a totes les funcions excepte alguns festius i excepte determinats espectacles de car\u00e0cter familiar, infantil i d'altres<\/em><br \/><\/p>\",\"Url\":\"[TEXT]\",\"Codi\":\"0\",\"LogoUrl\":\"\",\"TitolBoto\":\"\",\"Type\":\"discount\"}]","contract_is_open":false,"in_tour":false},"yoast_head":"<!-- This site is optimized with the Yoast SEO plugin v27.5 - https:\/\/yoast.com\/product\/yoast-seo-wordpress\/ -->\n<title>La extra\u00f1a pareja - Teatre Condal<\/title>\n<meta name=\"robots\" content=\"index, follow, max-snippet:-1, max-image-preview:large, max-video-preview:-1\" \/>\n<link rel=\"canonical\" href=\"https:\/\/www.teatrecondal.cat\/ca\/ex\/la-extrana-pareja-2\/\" \/>\n<script type=\"application\/ld+json\" class=\"yoast-schema-graph\">{\"@context\":\"https:\\\/\\\/schema.org\",\"@graph\":[{\"@type\":\"WebPage\",\"@id\":\"https:\\\/\\\/www.teatrecondal.cat\\\/ca\\\/ex\\\/la-extrana-pareja-2\\\/\",\"url\":\"https:\\\/\\\/www.teatrecondal.cat\\\/ca\\\/ex\\\/la-extrana-pareja-2\\\/\",\"name\":\"La extra\u00f1a pareja - Teatre Condal\",\"isPartOf\":{\"@id\":\"https:\\\/\\\/www.teatrecondal.cat\\\/ca\\\/#website\"},\"datePublished\":\"2025-01-14T16:53:59+00:00\",\"breadcrumb\":{\"@id\":\"https:\\\/\\\/www.teatrecondal.cat\\\/ca\\\/ex\\\/la-extrana-pareja-2\\\/#breadcrumb\"},\"inLanguage\":\"ca\",\"potentialAction\":[{\"@type\":\"ReadAction\",\"target\":[\"https:\\\/\\\/www.teatrecondal.cat\\\/ca\\\/ex\\\/la-extrana-pareja-2\\\/\"]}]},{\"@type\":\"BreadcrumbList\",\"@id\":\"https:\\\/\\\/www.teatrecondal.cat\\\/ca\\\/ex\\\/la-extrana-pareja-2\\\/#breadcrumb\",\"itemListElement\":[{\"@type\":\"ListItem\",\"position\":1,\"name\":\"Inici\",\"item\":\"https:\\\/\\\/www.teatrecondal.cat\\\/ca\\\/\"},{\"@type\":\"ListItem\",\"position\":2,\"name\":\"Espectacles\",\"item\":\"https:\\\/\\\/www.teatrecondal.cat\\\/ca\\\/ex\\\/\"},{\"@type\":\"ListItem\",\"position\":3,\"name\":\"La extra\u00f1a pareja\"}]},{\"@type\":\"WebSite\",\"@id\":\"https:\\\/\\\/www.teatrecondal.cat\\\/ca\\\/#website\",\"url\":\"https:\\\/\\\/www.teatrecondal.cat\\\/ca\\\/\",\"name\":\"Teatre Condal\",\"description\":\"\",\"publisher\":{\"@id\":\"https:\\\/\\\/www.teatrecondal.cat\\\/ca\\\/#organization\"},\"potentialAction\":[{\"@type\":\"SearchAction\",\"target\":{\"@type\":\"EntryPoint\",\"urlTemplate\":\"https:\\\/\\\/www.teatrecondal.cat\\\/ca\\\/?s={search_term_string}\"},\"query-input\":{\"@type\":\"PropertyValueSpecification\",\"valueRequired\":true,\"valueName\":\"search_term_string\"}}],\"inLanguage\":\"ca\"},{\"@type\":\"Organization\",\"@id\":\"https:\\\/\\\/www.teatrecondal.cat\\\/ca\\\/#organization\",\"name\":\"Teatre Condal\",\"url\":\"https:\\\/\\\/www.teatrecondal.cat\\\/ca\\\/\",\"logo\":{\"@type\":\"ImageObject\",\"inLanguage\":\"ca\",\"@id\":\"https:\\\/\\\/www.teatrecondal.cat\\\/ca\\\/#\\\/schema\\\/logo\\\/image\\\/\",\"url\":\"https:\\\/\\\/www.teatrecondal.cat\\\/wp-content\\\/uploads\\\/sites\\\/3\\\/2017\\\/09\\\/teatre-condal-logo.svg\",\"contentUrl\":\"https:\\\/\\\/www.teatrecondal.cat\\\/wp-content\\\/uploads\\\/sites\\\/3\\\/2017\\\/09\\\/teatre-condal-logo.svg\",\"width\":1,\"height\":1,\"caption\":\"Teatre Condal\"},\"image\":{\"@id\":\"https:\\\/\\\/www.teatrecondal.cat\\\/ca\\\/#\\\/schema\\\/logo\\\/image\\\/\"},\"sameAs\":[\"http:\\\/\\\/www.facebook.com\\\/TeatreCondal\",\"https:\\\/\\\/x.com\\\/Teatre_Condal\",\"http:\\\/\\\/instagram.com\\\/teatre_condal\",\"http:\\\/\\\/www.youtube.com\\\/user\\\/TeatreCondal\"]}]}<\/script>\n<!-- \/ Yoast SEO plugin. -->","yoast_head_json":{"title":"La extra\u00f1a pareja - Teatre Condal","robots":{"index":"index","follow":"follow","max-snippet":"max-snippet:-1","max-image-preview":"max-image-preview:large","max-video-preview":"max-video-preview:-1"},"canonical":"https:\/\/www.teatrecondal.cat\/ca\/ex\/la-extrana-pareja-2\/","schema":{"@context":"https:\/\/schema.org","@graph":[{"@type":"WebPage","@id":"https:\/\/www.teatrecondal.cat\/ca\/ex\/la-extrana-pareja-2\/","url":"https:\/\/www.teatrecondal.cat\/ca\/ex\/la-extrana-pareja-2\/","name":"La extra\u00f1a pareja - Teatre Condal","isPartOf":{"@id":"https:\/\/www.teatrecondal.cat\/ca\/#website"},"datePublished":"2025-01-14T16:53:59+00:00","breadcrumb":{"@id":"https:\/\/www.teatrecondal.cat\/ca\/ex\/la-extrana-pareja-2\/#breadcrumb"},"inLanguage":"ca","potentialAction":[{"@type":"ReadAction","target":["https:\/\/www.teatrecondal.cat\/ca\/ex\/la-extrana-pareja-2\/"]}]},{"@type":"BreadcrumbList","@id":"https:\/\/www.teatrecondal.cat\/ca\/ex\/la-extrana-pareja-2\/#breadcrumb","itemListElement":[{"@type":"ListItem","position":1,"name":"Inici","item":"https:\/\/www.teatrecondal.cat\/ca\/"},{"@type":"ListItem","position":2,"name":"Espectacles","item":"https:\/\/www.teatrecondal.cat\/ca\/ex\/"},{"@type":"ListItem","position":3,"name":"La extra\u00f1a pareja"}]},{"@type":"WebSite","@id":"https:\/\/www.teatrecondal.cat\/ca\/#website","url":"https:\/\/www.teatrecondal.cat\/ca\/","name":"Teatre Condal","description":"","publisher":{"@id":"https:\/\/www.teatrecondal.cat\/ca\/#organization"},"potentialAction":[{"@type":"SearchAction","target":{"@type":"EntryPoint","urlTemplate":"https:\/\/www.teatrecondal.cat\/ca\/?s={search_term_string}"},"query-input":{"@type":"PropertyValueSpecification","valueRequired":true,"valueName":"search_term_string"}}],"inLanguage":"ca"},{"@type":"Organization","@id":"https:\/\/www.teatrecondal.cat\/ca\/#organization","name":"Teatre Condal","url":"https:\/\/www.teatrecondal.cat\/ca\/","logo":{"@type":"ImageObject","inLanguage":"ca","@id":"https:\/\/www.teatrecondal.cat\/ca\/#\/schema\/logo\/image\/","url":"https:\/\/www.teatrecondal.cat\/wp-content\/uploads\/sites\/3\/2017\/09\/teatre-condal-logo.svg","contentUrl":"https:\/\/www.teatrecondal.cat\/wp-content\/uploads\/sites\/3\/2017\/09\/teatre-condal-logo.svg","width":1,"height":1,"caption":"Teatre Condal"},"image":{"@id":"https:\/\/www.teatrecondal.cat\/ca\/#\/schema\/logo\/image\/"},"sameAs":["http:\/\/www.facebook.com\/TeatreCondal","https:\/\/x.com\/Teatre_Condal","http:\/\/instagram.com\/teatre_condal","http:\/\/www.youtube.com\/user\/TeatreCondal"]}]}},"translations":[{"id":5205,"locale":"ca"},{"id":5206,"locale":"es"}],"_links":{"self":[{"href":"https:\/\/www.teatrecondal.cat\/ca\/wp-json\/wp\/v2\/ex\/5205","targetHints":{"allow":["GET"]}}],"collection":[{"href":"https:\/\/www.teatrecondal.cat\/ca\/wp-json\/wp\/v2\/ex"}],"about":[{"href":"https:\/\/www.teatrecondal.cat\/ca\/wp-json\/wp\/v2\/types\/ex"}],"author":[{"embeddable":true,"href":"https:\/\/www.teatrecondal.cat\/ca\/wp-json\/wp\/v2\/users\/2"}],"replies":[{"embeddable":true,"href":"https:\/\/www.teatrecondal.cat\/ca\/wp-json\/wp\/v2\/comments?post=5205"}],"acf:term":[{"embeddable":true,"taxonomy":"season","href":"https:\/\/www.teatrecondal.cat\/ca\/wp-json\/wp\/v2\/season\/58"}],"wp:attachment":[{"href":"https:\/\/www.teatrecondal.cat\/ca\/wp-json\/wp\/v2\/media?parent=5205"}],"curies":[{"name":"wp","href":"https:\/\/api.w.org\/{rel}","templated":true}]}}