{"id":5149,"date":"2024-09-05T17:22:52","date_gmt":"2024-09-05T15:22:52","guid":{"rendered":"https:\/\/www.teatrecondal.cat\/ex\/tuelf-points-el-musical-mas-eurovisivo-golden-edition-2025\/"},"modified":"2025-05-13T11:27:10","modified_gmt":"2025-05-13T09:27:10","slug":"tuelf-points-el-musical-mas-eurovisivo-golden-edition-2025","status":"publish","type":"ex","link":"https:\/\/www.teatrecondal.cat\/ca\/ex\/tuelf-points-el-musical-mas-eurovisivo-golden-edition-2025\/","title":{"rendered":"Tuelf Points, el musical m\u00e1s Eurovisivo (Golden Edition 2025)"},"content":{"rendered":"","protected":false},"excerpt":{"rendered":"","protected":false},"author":2,"featured_media":0,"comment_status":"closed","ping_status":"closed","template":"","class_list":["post-5149","ex","type-ex","status-publish","hentry","season-2024-25"],"acf":{"txt_synopsis":"<p><strong>Torna a Barcelona la for\u00e7a d'Eurovisi\u00f3 amb Tuelf Points Golden Edition 2025! <\/strong><\/p>\r\n<p>Prepara't per endinsar-te al musical m\u00e9s eurovisiu ara al Teatre Condal, amb les sorpreses de l\u2019edici\u00f3 d\u2019enguany! <\/p>\r\n<p>Una not\u00edcia inesperada irromp el panorama televisiu de la primavera europea: el Festival de la Can\u00e7\u00f3 d\u2019Eurovisi\u00f3 queda ajornat, sense data ni motiu. <\/p>\r\n<p>En algun lloc del continent, la EMS (Euro Music Society), organitzaci\u00f3 secreta encarregada de moure els fils del festival, convoca una junta extraordin\u00e0ria i urgent per encarar la situaci\u00f3. EuroNi, el seu l\u00edder, anuncia la defunci\u00f3 del \u201cMaestro\u201d, el compositor que ha creat totes les can\u00e7ons guanyadores del concurs fins el dia d\u2019avui. <\/p>\r\n<p>Un complex algoritme selecciona a l\u2019atzar un jove eurofan com el seu successor; que des d\u2019un laboratori de creaci\u00f3 musical d\u2019alta generaci\u00f3 (Tuelf Points), haur\u00e0 de trobar la nova f\u00f3rmula EuroWin per aix\u00ed crear la nova can\u00e7\u00f3 triomfadora. <\/p>\r\n<p><em>Tuelf Points<\/em> \u00e9s l\u2019\u00fanic concert teatralitzat del m\u00f3n (amb col\u00b7laboracions molt especials!) que, a trav\u00e9s d\u2019una hist\u00f2ria que uneix el m\u00f3n virtual i l\u2019hum\u00e0, repassa els grans \u00e8xits d\u2019Eurovisi\u00f3 de tots els temps. El p\u00fablic gaudir\u00e0 de les imatges originals de les actuacions i sentir\u00e0 les versions in\u00e8dites de <em>Europe\u2019s living a celebration, La La La, Dime, Euphoria, Vivo Cantando, Eres t\u00fa, Bailar Pegados, Nel Blu di Pinto di Bu, Save your Kisses for Me<\/em>\u2026 i moltes m\u00e9s! <\/p>","main_buy_link":"","main_buy_links":"","group_buy_link":"https:\/\/www.promentrada.com\/ca\/programacio\/c\/1344-tuelf-points--grups.html","show_language":"Espectacle en catal\u00e0 i castell\u00e0 ","show_duration":"95","show_start_date":"20250428000000","show_end_date":"20250512000000","show_sort_date":"20250428000000","txt_custom_show_dates":"del 28 d'abril al 12 de maig de 2025 ","show_disciplines":"8","show_ultimes_funcions":false,"hide_tarifes_especials":false,"show_properament":false,"txt_additional_info":"Recomanat a partir de 8 anys (per tots els p\u00fablics) ","txt_present":"","show_season":[94],"txt_season":"[\"2024\/25\"]","txt_cycle":"","txt_claim":"Torna a Barcelona la for\u00e7a d'Eurovisi\u00f3 amb Tuelf Points Golden Edition 2025! ","txt_cast_excerpt":"","txt_cast":"<p>Llibret: <strong>D\u00eddac Flores Rovira i Jordi Santasusagna <br \/><\/strong>M\u00fasica i lletres: <strong>Versions del Festival de la Can\u00e7\u00f3 d\u2019Eurovisi\u00f3 (1956-2024) <br \/><\/strong>Adaptaci\u00f3 i arranjaments musicals: <strong>D\u00eddac Flores Rovira <\/strong><\/p>\r\n<p>Direcci\u00f3 de l'espectacle i direcci\u00f3 musical: <strong>D\u00eddac Flores Rovira <br \/><\/strong>Codirecci\u00f3: <strong>Marc Flynn <br \/><\/strong>Coreografia: <strong>Karen Guti\u00e9rrez <br \/><\/strong>Escenografia:<strong> Carlos Campos, Arnau Alegre i Maria Palaz\u00f3n <br \/><\/strong>Vestuari: <strong>M\u00aa \u00c0ngels Rovira <br \/><\/strong>Il\u00b7luminaci\u00f3: <strong>Daniel Gener, Jon Kieb i N\u00e9stor Gonz\u00e1lez<\/strong> <br \/>Espai sonor: <strong>Cesc Mojica <br \/><\/strong>V\u00eddeo creaci\u00f3: <strong>Albert Farr\u00e9 <\/strong><\/p>\r\n<p>Int\u00e8rprets <br \/><strong>D\u00eddac Flores<\/strong> - Eurodi <br \/><strong>Xavi Duch<\/strong> - E1 <br \/><strong>Esther Pe\u00f1as<\/strong> - E2 <br \/><strong>Marc Pociello<\/strong> - E3 <br \/><strong>Laura Daza<\/strong> - E4 <\/p>\r\n<p>Direcci\u00f3 de producci\u00f3 i cap de producci\u00f3: <strong>D\u00eddac Flores Rovira<\/strong> <br \/>Producci\u00f3 executiva: <strong>Aina Tro <br \/><\/strong>Direcci\u00f3 t\u00e8cnica: <strong>Xavi G\u00f3mez (Ac\u00fastic Barna) <br \/><\/strong>Coordinaci\u00f3 t\u00e8cnica: <strong>Xavi G\u00f3mez (Ac\u00fastic Barna) <\/strong><\/p>\r\n<p>Cap t\u00e8cnic del teatre: <strong>Jordi Ballb\u00e9\u202f&nbsp; <br \/><\/strong>T\u00e8cnics del teatre: <strong>Aleix Arbon\u00e8s i V\u00edctor Bartolom\u00e9\u202f <\/strong><\/p>\r\n<p>M\u00e0rqueting i comunicaci\u00f3: <strong>Focus<\/strong> <\/p>\r\n<p>Col\u00b7laboradors especials: <strong>Nina, Toni Cruanyes, Soraya Arnelas, Miki N\u00fa\u00f1ez, Edurne, Daniel Diges, Ruth Lorenzo i Mat\u00edas Prats Jr <\/strong><\/p>\r\n<p>Agra\u00efments: <strong>Coco Com\u00edn, Nina Academia i La caixa dels trons <\/strong><\/p>\r\n<p>Distribuci\u00f3: <strong>Anna Garcia (Tria d\u2019espectacles) <\/strong><\/p>\r\n<p>\u00c9s una producci\u00f3 de <strong>Suerte En Mi Vida Producciones <\/strong><\/p>","txt_reviews":"Ferran Baile|Recomana|\u201cAl llarg d\u00b4una hora quaranta fren\u00e8tica, mitjan\u00e7ant una continu\u00eftat sense fi de meedleys, assistim a la revisi\u00f3 de prop de cent can\u00e7ons que d\u2019una manera o altre van fer hist\u00f2ria a Eurovisi\u00f3.\u201d\r\nNorman Mars\u00e0|En Platea|\u201cAgradar\u00e0 als eurofans i, alhora, divertir\u00e0 i far\u00e0 riure aquells que no s\u00e0piguen res del festival de la can\u00e7\u00f3.\u201d\r\n","hashtag":"TuelfPointsElMusicalM\u00e1sEurovisivo  ","have_promo":"","slogan":"","id_exhibicio":2203,"id_versio":1744,"id_local":3,"txt_seo_desc":"Tuelf Points en el teatre condal ","data_images":"[{\"localizer\":\"V4PORTADAWIDE\",\"url\":\"media\/ver\/port\/wide\/v4\/316A9\/01_091_00058311\/Portada-0-tuelf-points-condal.jpg\",\"thumb_url\":\"\",\"title\":\"Tuelf Points - Teatre Condal\",\"description\":\"tuelf points en el teatre condal\",\"copyright\":\"\",\"order\":1},{\"localizer\":\"V4PORTADAWIDEMOBILE\",\"url\":\"media\/ver\/port\/wide\/mobile\/v4\/316A9\/01_092_00058312\/Portada-mobile-tuelf-points-condal.jpg\",\"thumb_url\":\"\",\"title\":\"Tuelf Points - Teatre Condal\",\"description\":\"tuelf points en el teatre condal\",\"copyright\":\"\",\"order\":2},{\"localizer\":\"V4PORTADA\",\"url\":\"media\/ver\/port\/v4\/316A9\/01_090_00058313\/Portada-1-tuelf-points-condal.jpg\",\"thumb_url\":\"\",\"title\":\"Tuelf Points - Teatre Condal\",\"description\":\"tuelf points en el teatre condal\",\"copyright\":\"\",\"order\":3},{\"localizer\":\"V4CARTELL\",\"url\":\"media\/ver\/cartell\/v4\/316A9\/01_089_00058314\/Cartell-web-tuelf-points-condal.jpg\",\"thumb_url\":\"\",\"title\":\"Tuelf Points - Teatre Condal\",\"description\":\"tuelf points en el teatre condal\",\"copyright\":\"\",\"order\":4},{\"localizer\":\"V3SLIDE\",\"url\":\"media\/ftgalslide\/v3\/316AA\/01_086_00058491\/20230707235552_494A3784.JPG\",\"thumb_url\":\"media\/ftgalslide\/v3\/316AA\/01_086_00058491\/20230707235552_494A3784_thumb.jpg\",\"title\":\"Tuelf Points, el musical m\u00e1s Eurovisivo - Teatre Condal\",\"description\":\"tuel points el musical mas eurovisivo en el teatre condal\",\"copyright\":\"https:\/\/youtu.be\/4KU1CaT885k\",\"order\":5},{\"localizer\":\"V3SLIDE\",\"url\":\"media\/ftgalslide\/v3\/316AA\/01_086_00058492\/_DSC3582.jpg\",\"thumb_url\":\"media\/ftgalslide\/v3\/316AA\/01_086_00058492\/_DSC3582_thumb.jpg\",\"title\":\"Tuelf Points, el musical m\u00e1s Eurovisivo (Golden Edition 2025) - Teatre Condal\",\"description\":\"tuelf points el musical m\u00e1s Eurovisivo golden Edition 2025 en el teatre condal\",\"copyright\":\"\",\"order\":6},{\"localizer\":\"V3SLIDE\",\"url\":\"media\/ftgalslide\/v3\/316AA\/01_086_00058493\/20230708000300_494A3818.JPG\",\"thumb_url\":\"media\/ftgalslide\/v3\/316AA\/01_086_00058493\/20230708000300_494A3818_thumb.jpg\",\"title\":\"Tuelf Points, el musical m\u00e1s Eurovisivo (Golden Edition 2025) - Teatre Condal\",\"description\":\"tuelf points el musical m\u00e1s Eurovisivo golden Edition 2025 en el teatre condal\",\"copyright\":\"\",\"order\":7},{\"localizer\":\"V3SLIDE\",\"url\":\"media\/ftgalslide\/v3\/316AA\/01_086_00058494\/20230708003445_494A3985.JPG\",\"thumb_url\":\"media\/ftgalslide\/v3\/316AA\/01_086_00058494\/20230708003445_494A3985_thumb.jpg\",\"title\":\"Tuelf Points, el musical m\u00e1s Eurovisivo (Golden Edition 2025) - Teatre Condal\",\"description\":\"tuelf points el musical m\u00e1s Eurovisivo golden Edition 2025 en el teatre condal\",\"copyright\":\"\",\"order\":8}]","material__texto_intro":"","data_material":null,"data_gallery":"","data_discounts":"[]","contract_is_open":false,"in_tour":false},"yoast_head":"<!-- This site is optimized with the Yoast SEO plugin v27.5 - https:\/\/yoast.com\/product\/yoast-seo-wordpress\/ -->\n<title>Tuelf Points, el musical m\u00e1s Eurovisivo (Golden Edition 2025) - Teatre Condal<\/title>\n<meta name=\"robots\" content=\"index, follow, max-snippet:-1, max-image-preview:large, max-video-preview:-1\" \/>\n<link rel=\"canonical\" href=\"https:\/\/www.teatrecondal.cat\/ca\/ex\/tuelf-points-el-musical-mas-eurovisivo-golden-edition-2025\/\" \/>\n<script type=\"application\/ld+json\" class=\"yoast-schema-graph\">{\"@context\":\"https:\\\/\\\/schema.org\",\"@graph\":[{\"@type\":\"WebPage\",\"@id\":\"https:\\\/\\\/www.teatrecondal.cat\\\/ca\\\/ex\\\/tuelf-points-el-musical-mas-eurovisivo-golden-edition-2025\\\/\",\"url\":\"https:\\\/\\\/www.teatrecondal.cat\\\/ca\\\/ex\\\/tuelf-points-el-musical-mas-eurovisivo-golden-edition-2025\\\/\",\"name\":\"Tuelf Points, el musical m\u00e1s Eurovisivo (Golden Edition 2025) - Teatre Condal\",\"isPartOf\":{\"@id\":\"https:\\\/\\\/www.teatrecondal.cat\\\/ca\\\/#website\"},\"datePublished\":\"2024-09-05T15:22:52+00:00\",\"dateModified\":\"2025-05-13T09:27:10+00:00\",\"breadcrumb\":{\"@id\":\"https:\\\/\\\/www.teatrecondal.cat\\\/ca\\\/ex\\\/tuelf-points-el-musical-mas-eurovisivo-golden-edition-2025\\\/#breadcrumb\"},\"inLanguage\":\"ca\",\"potentialAction\":[{\"@type\":\"ReadAction\",\"target\":[\"https:\\\/\\\/www.teatrecondal.cat\\\/ca\\\/ex\\\/tuelf-points-el-musical-mas-eurovisivo-golden-edition-2025\\\/\"]}]},{\"@type\":\"BreadcrumbList\",\"@id\":\"https:\\\/\\\/www.teatrecondal.cat\\\/ca\\\/ex\\\/tuelf-points-el-musical-mas-eurovisivo-golden-edition-2025\\\/#breadcrumb\",\"itemListElement\":[{\"@type\":\"ListItem\",\"position\":1,\"name\":\"Inici\",\"item\":\"https:\\\/\\\/www.teatrecondal.cat\\\/ca\\\/\"},{\"@type\":\"ListItem\",\"position\":2,\"name\":\"Espectacles\",\"item\":\"https:\\\/\\\/www.teatrecondal.cat\\\/ca\\\/ex\\\/\"},{\"@type\":\"ListItem\",\"position\":3,\"name\":\"Tuelf Points, el musical m\u00e1s Eurovisivo (Golden Edition 2025)\"}]},{\"@type\":\"WebSite\",\"@id\":\"https:\\\/\\\/www.teatrecondal.cat\\\/ca\\\/#website\",\"url\":\"https:\\\/\\\/www.teatrecondal.cat\\\/ca\\\/\",\"name\":\"Teatre Condal\",\"description\":\"\",\"publisher\":{\"@id\":\"https:\\\/\\\/www.teatrecondal.cat\\\/ca\\\/#organization\"},\"potentialAction\":[{\"@type\":\"SearchAction\",\"target\":{\"@type\":\"EntryPoint\",\"urlTemplate\":\"https:\\\/\\\/www.teatrecondal.cat\\\/ca\\\/?s={search_term_string}\"},\"query-input\":{\"@type\":\"PropertyValueSpecification\",\"valueRequired\":true,\"valueName\":\"search_term_string\"}}],\"inLanguage\":\"ca\"},{\"@type\":\"Organization\",\"@id\":\"https:\\\/\\\/www.teatrecondal.cat\\\/ca\\\/#organization\",\"name\":\"Teatre Condal\",\"url\":\"https:\\\/\\\/www.teatrecondal.cat\\\/ca\\\/\",\"logo\":{\"@type\":\"ImageObject\",\"inLanguage\":\"ca\",\"@id\":\"https:\\\/\\\/www.teatrecondal.cat\\\/ca\\\/#\\\/schema\\\/logo\\\/image\\\/\",\"url\":\"https:\\\/\\\/www.teatrecondal.cat\\\/wp-content\\\/uploads\\\/sites\\\/3\\\/2017\\\/09\\\/teatre-condal-logo.svg\",\"contentUrl\":\"https:\\\/\\\/www.teatrecondal.cat\\\/wp-content\\\/uploads\\\/sites\\\/3\\\/2017\\\/09\\\/teatre-condal-logo.svg\",\"width\":1,\"height\":1,\"caption\":\"Teatre Condal\"},\"image\":{\"@id\":\"https:\\\/\\\/www.teatrecondal.cat\\\/ca\\\/#\\\/schema\\\/logo\\\/image\\\/\"},\"sameAs\":[\"http:\\\/\\\/www.facebook.com\\\/TeatreCondal\",\"https:\\\/\\\/x.com\\\/Teatre_Condal\",\"http:\\\/\\\/instagram.com\\\/teatre_condal\",\"http:\\\/\\\/www.youtube.com\\\/user\\\/TeatreCondal\"]}]}<\/script>\n<!-- \/ Yoast SEO plugin. -->","yoast_head_json":{"title":"Tuelf Points, el musical m\u00e1s Eurovisivo (Golden Edition 2025) - Teatre Condal","robots":{"index":"index","follow":"follow","max-snippet":"max-snippet:-1","max-image-preview":"max-image-preview:large","max-video-preview":"max-video-preview:-1"},"canonical":"https:\/\/www.teatrecondal.cat\/ca\/ex\/tuelf-points-el-musical-mas-eurovisivo-golden-edition-2025\/","schema":{"@context":"https:\/\/schema.org","@graph":[{"@type":"WebPage","@id":"https:\/\/www.teatrecondal.cat\/ca\/ex\/tuelf-points-el-musical-mas-eurovisivo-golden-edition-2025\/","url":"https:\/\/www.teatrecondal.cat\/ca\/ex\/tuelf-points-el-musical-mas-eurovisivo-golden-edition-2025\/","name":"Tuelf Points, el musical m\u00e1s Eurovisivo (Golden Edition 2025) - Teatre Condal","isPartOf":{"@id":"https:\/\/www.teatrecondal.cat\/ca\/#website"},"datePublished":"2024-09-05T15:22:52+00:00","dateModified":"2025-05-13T09:27:10+00:00","breadcrumb":{"@id":"https:\/\/www.teatrecondal.cat\/ca\/ex\/tuelf-points-el-musical-mas-eurovisivo-golden-edition-2025\/#breadcrumb"},"inLanguage":"ca","potentialAction":[{"@type":"ReadAction","target":["https:\/\/www.teatrecondal.cat\/ca\/ex\/tuelf-points-el-musical-mas-eurovisivo-golden-edition-2025\/"]}]},{"@type":"BreadcrumbList","@id":"https:\/\/www.teatrecondal.cat\/ca\/ex\/tuelf-points-el-musical-mas-eurovisivo-golden-edition-2025\/#breadcrumb","itemListElement":[{"@type":"ListItem","position":1,"name":"Inici","item":"https:\/\/www.teatrecondal.cat\/ca\/"},{"@type":"ListItem","position":2,"name":"Espectacles","item":"https:\/\/www.teatrecondal.cat\/ca\/ex\/"},{"@type":"ListItem","position":3,"name":"Tuelf Points, el musical m\u00e1s Eurovisivo (Golden Edition 2025)"}]},{"@type":"WebSite","@id":"https:\/\/www.teatrecondal.cat\/ca\/#website","url":"https:\/\/www.teatrecondal.cat\/ca\/","name":"Teatre Condal","description":"","publisher":{"@id":"https:\/\/www.teatrecondal.cat\/ca\/#organization"},"potentialAction":[{"@type":"SearchAction","target":{"@type":"EntryPoint","urlTemplate":"https:\/\/www.teatrecondal.cat\/ca\/?s={search_term_string}"},"query-input":{"@type":"PropertyValueSpecification","valueRequired":true,"valueName":"search_term_string"}}],"inLanguage":"ca"},{"@type":"Organization","@id":"https:\/\/www.teatrecondal.cat\/ca\/#organization","name":"Teatre Condal","url":"https:\/\/www.teatrecondal.cat\/ca\/","logo":{"@type":"ImageObject","inLanguage":"ca","@id":"https:\/\/www.teatrecondal.cat\/ca\/#\/schema\/logo\/image\/","url":"https:\/\/www.teatrecondal.cat\/wp-content\/uploads\/sites\/3\/2017\/09\/teatre-condal-logo.svg","contentUrl":"https:\/\/www.teatrecondal.cat\/wp-content\/uploads\/sites\/3\/2017\/09\/teatre-condal-logo.svg","width":1,"height":1,"caption":"Teatre Condal"},"image":{"@id":"https:\/\/www.teatrecondal.cat\/ca\/#\/schema\/logo\/image\/"},"sameAs":["http:\/\/www.facebook.com\/TeatreCondal","https:\/\/x.com\/Teatre_Condal","http:\/\/instagram.com\/teatre_condal","http:\/\/www.youtube.com\/user\/TeatreCondal"]}]}},"translations":[{"id":5149,"locale":"ca"},{"id":5150,"locale":"es"}],"_links":{"self":[{"href":"https:\/\/www.teatrecondal.cat\/ca\/wp-json\/wp\/v2\/ex\/5149","targetHints":{"allow":["GET"]}}],"collection":[{"href":"https:\/\/www.teatrecondal.cat\/ca\/wp-json\/wp\/v2\/ex"}],"about":[{"href":"https:\/\/www.teatrecondal.cat\/ca\/wp-json\/wp\/v2\/types\/ex"}],"author":[{"embeddable":true,"href":"https:\/\/www.teatrecondal.cat\/ca\/wp-json\/wp\/v2\/users\/2"}],"replies":[{"embeddable":true,"href":"https:\/\/www.teatrecondal.cat\/ca\/wp-json\/wp\/v2\/comments?post=5149"}],"acf:term":[{"embeddable":true,"taxonomy":"season","href":"https:\/\/www.teatrecondal.cat\/ca\/wp-json\/wp\/v2\/season\/94"}],"wp:attachment":[{"href":"https:\/\/www.teatrecondal.cat\/ca\/wp-json\/wp\/v2\/media?parent=5149"}],"curies":[{"name":"wp","href":"https:\/\/api.w.org\/{rel}","templated":true}]}}