{"id":5143,"date":"2024-09-05T17:17:55","date_gmt":"2024-09-05T15:17:55","guid":{"rendered":"https:\/\/www.teatrecondal.cat\/?post_type=ex&#038;p=5143"},"modified":"2025-01-22T11:32:02","modified_gmt":"2025-01-22T10:32:02","slug":"miguel-de-molina-al-desnudo","status":"publish","type":"ex","link":"https:\/\/www.teatrecondal.cat\/ca\/ex\/miguel-de-molina-al-desnudo\/","title":{"rendered":"Miguel de Molina al desnudo"},"content":{"rendered":"","protected":false},"excerpt":{"rendered":"","protected":false},"author":2,"featured_media":0,"comment_status":"closed","ping_status":"closed","template":"","class_list":["post-5143","ex","type-ex","status-publish","hentry","season-2024-25"],"acf":{"txt_synopsis":"<strong>La vida d\u2019un dels cantants m\u00e9s especials i populars compartida en primera persona.<\/strong>\r\n\r\nMiguel de Molina \u00e9s la millor encarnaci\u00f3 que ha donat Espanya de la suggerent barreja entre avantguarda i tradici\u00f3. Posava passi\u00f3 i amor sobre l'escenari, per\u00f2 va resultar molest per a molts perqu\u00e8 era un fenomen de masses, d'esquerres i obertament homosexual. Artista de ra\u00e7a, es va veure obligat a emigrar a Argentina.\r\n\r\nEn aquesta obra el personatge torna per explicar la seva veritat, des de la seva inf\u00e0ncia fins a les fugaces trobades amb Lorca i la tortura que va patir ja acabada la Guerra. No \u00e9s nom\u00e9s un homenatge a la seva figura o una biografia musical, \u00e9s la necessitat d'explicar a trav\u00e9s de la seva vida una cosa que afecta el nostre present i de situar la cobla al lloc que li correspon, com un art popular que va sorgir en temps de llibertat i va seduir grans com Rafael de Le\u00f3n, Manuel de Falla o el mateix Lorca.","main_buy_link":"https:\/\/tickets.oneboxtds.com\/teatrecondal\/events\/39292?hl=ca-ES","main_buy_links":"[\"https:\/\/tickets.oneboxtds.com\/teatrecondal\/events\/39292?hl=ca-ES\"]","group_buy_link":"https:\/\/www.promentrada.com\/ca\/programacio\/c\/1284-miguel-de-molina-al-desnudo--grups.html","show_language":"Espectacle en castell\u00e0 ","show_duration":"80","show_start_date":"20250120000000","show_end_date":"20250303000000","show_sort_date":"20250120000000","txt_custom_show_dates":"del 20 de gener al 3 de mar\u00e7 de 2025 ","show_disciplines":"11","show_ultimes_funcions":false,"hide_tarifes_especials":false,"show_properament":false,"txt_additional_info":"<ul>\r\n \t<li>Recomanat a partir de 14 anys<\/li>\r\n<\/ul>","txt_present":"","show_season":[94],"txt_season":"[\"2024\/25\"]","txt_cycle":"EnParal\u00b7lel","txt_claim":"Miguel de Molina \u00e9s la millor encarnaci\u00f3 que ha donat Espanya de la suggerent barreja entre avantguarda i tradici\u00f3.\r\n\r\n&nbsp;","txt_cast_excerpt":"","txt_cast":"Autoria: <strong>\u00c1ngel Ruiz <\/strong>\r\n\r\nDirecci\u00f3 esc\u00e8nica: <strong>F\u00e9lix Estaire\r\n<\/strong>Coreografia: <strong>Mona Mart\u00ednez\r\n<\/strong>Direcci\u00f3 musical: <strong>C\u00e9sar Belda\r\n<\/strong>Disseny d\u2019escenografia: <strong>L\u00faa Testa\r\n<\/strong>Disseny de vestuari: <strong>Guadalupe Valero\r\n<\/strong>Disseny d\u2019il\u00b7luminaci\u00f3: <strong>Juanjo Llorens<\/strong>\r\n\r\nInt\u00e8rpret: <strong>\u00c1ngel Ruiz\r\n<\/strong>M\u00fasic: <strong>Bru Ferri (Piano) <\/strong>\r\n\r\nDirecci\u00f3 de producci\u00f3: <strong>Miguel Cuerdo\r\n<\/strong>Producci\u00f3 executiva: <strong>Jair Souza \u2013 Ferreira \/ Elisa Fern\u00e1ndez <\/strong>\r\n\r\nAjudant de direcci\u00f3: <strong>Elisa Levi\r\n<\/strong>Cap t\u00e8cnic del teatre: <strong>Jordi Ballb\u00e9\r\n<\/strong>T\u00e8cnics del teatre: <strong>Aleix Arbon\u00e8s i V\u00edctor Bartolom\u00e9\u202f<\/strong>\r\n\r\nM\u00e0rqueting i comunicaci\u00f3: <strong>Focus\r\n<\/strong>Disseny gr\u00e0fic i fotografia: <strong>Javier Naval <\/strong>\r\n\r\nDistribuci\u00f3: <strong>Julio Municio <\/strong>\r\n\r\n\u00c9s una producci\u00f3 de <strong>LAZONA<\/strong>","txt_reviews":"Ra\u00fal Salgado|La Raz\u00f3n|\"Tota una lli\u00e7\u00f3 de vida, un mirall on veure'ns reflectits, un enaltiment de la llibertat.\" \r\nJonathan Fern\u00e1ndez|Yo voy al teatro|\"Poques vegades es pot gaudir d'una conjunci\u00f3 de talents d'aquesta envergadura, en qu\u00e8 una interpretaci\u00f3 electrizant, un text maj\u00fascul i una inspirad\u00edssima direcci\u00f3 d'escena aconsegueixen engrandir l'art del teatre.\" \r\nGustavo Scuderi|Foco Teatral |\"L\u2019artista aconsegueix una simbiosi amb Molina incre\u00efble. La seva manera de cantar, de parlar i ballar emocionen.\" \r\n","hashtag":"MiguelDeMolinaAlDesnudo ","have_promo":"","slogan":"","id_exhibicio":2184,"id_versio":1721,"id_local":3,"txt_seo_desc":"","data_images":"[{\"localizer\":\"V4PORTADAWIDE\",\"url\":\"media\/ver\/port\/wide\/v4\/316A8\/01_091_00058221\/Portada-0-miguel-de-molina-al-desnudo-condal.jpg\",\"thumb_url\":\"\",\"title\":\"Miguel de molina - Teatre Condal\",\"description\":\"miguel de molina en el teatre condal\",\"copyright\":\"\",\"order\":1},{\"localizer\":\"V4PORTADAWIDEMOBILE\",\"url\":\"media\/ver\/port\/wide\/mobile\/v4\/316A8\/01_092_00058222\/Portada-mobile-miguel-de-molina-al-desnudo-condal.jpg\",\"thumb_url\":\"\",\"title\":\"Miguel de molina - teatre Condal\",\"description\":\"miguel de molina en el teatre condal\",\"copyright\":\"\",\"order\":2},{\"localizer\":\"V4PORTADA\",\"url\":\"media\/ver\/port\/v4\/316A8\/01_090_00058223\/Portada-1-miguel-de-molina-al-desnudo-condal.jpg\",\"thumb_url\":\"\",\"title\":\"Miguel de molina - teatre Condal\",\"description\":\"miguel de molina en el teatre condal\",\"copyright\":\"\",\"order\":3},{\"localizer\":\"V4CARTELL\",\"url\":\"media\/ver\/cartell\/v4\/316A8\/01_089_00058224\/Cartell-web-miguel-de-molina-al-desnudo-condal.jpg\",\"thumb_url\":\"\",\"title\":\"Miguel de molina - Teatre Condal\",\"description\":\"miguel de molina en el teatre condal\",\"copyright\":\"\",\"order\":4},{\"localizer\":\"V3SLIDE\",\"url\":\"media\/ftgalslide\/v3\/316A8\/01_086_00058225\/miguel_molina_desnudo_escena_31.jpg\",\"thumb_url\":\"media\/ftgalslide\/v3\/316A8\/01_086_00058225\/miguel_molina_desnudo_escena_31_thumb.jpg\",\"title\":\"Miguel de molina - Teatre Condal\",\"description\":\"miguel de molina en el teatre condal\",\"copyright\":\"https:\/\/youtu.be\/LKdj0qh9uyE\",\"order\":5},{\"localizer\":\"V3SLIDE\",\"url\":\"media\/ftgalslide\/v3\/316A8\/01_086_00058226\/miguel_molina_desnudo_escena_12.jpg\",\"thumb_url\":\"media\/ftgalslide\/v3\/316A8\/01_086_00058226\/miguel_molina_desnudo_escena_12_thumb.jpg\",\"title\":\"Miguel de molina - Teatre Condal\",\"description\":\"miguel de molina en el teatre condal\",\"copyright\":\"\",\"order\":6},{\"localizer\":\"V3SLIDE\",\"url\":\"media\/ftgalslide\/v3\/316A8\/01_086_00058227\/miguel_molina_desnudo_escena_25_copia.jpg\",\"thumb_url\":\"media\/ftgalslide\/v3\/316A8\/01_086_00058227\/miguel_molina_desnudo_escena_25_copia_thumb.jpg\",\"title\":\"Miguel de molina - Teatre Condal\",\"description\":\"miguel de molina en el teatre condal\",\"copyright\":\"\",\"order\":7}]","material__texto_intro":"","data_material":null,"data_gallery":"","data_discounts":"[]","contract_is_open":false,"in_tour":false},"yoast_head":"<!-- This site is optimized with the Yoast SEO plugin v27.5 - https:\/\/yoast.com\/product\/yoast-seo-wordpress\/ -->\n<title>Miguel de Molina al desnudo - Teatre Condal<\/title>\n<meta name=\"robots\" content=\"index, follow, max-snippet:-1, max-image-preview:large, max-video-preview:-1\" \/>\n<link rel=\"canonical\" href=\"https:\/\/www.teatrecondal.cat\/ca\/ex\/miguel-de-molina-al-desnudo\/\" \/>\n<script type=\"application\/ld+json\" class=\"yoast-schema-graph\">{\"@context\":\"https:\\\/\\\/schema.org\",\"@graph\":[{\"@type\":\"WebPage\",\"@id\":\"https:\\\/\\\/www.teatrecondal.cat\\\/ca\\\/ex\\\/miguel-de-molina-al-desnudo\\\/\",\"url\":\"https:\\\/\\\/www.teatrecondal.cat\\\/ca\\\/ex\\\/miguel-de-molina-al-desnudo\\\/\",\"name\":\"Miguel de Molina al desnudo - Teatre Condal\",\"isPartOf\":{\"@id\":\"https:\\\/\\\/www.teatrecondal.cat\\\/ca\\\/#website\"},\"datePublished\":\"2024-09-05T15:17:55+00:00\",\"dateModified\":\"2025-01-22T10:32:02+00:00\",\"breadcrumb\":{\"@id\":\"https:\\\/\\\/www.teatrecondal.cat\\\/ca\\\/ex\\\/miguel-de-molina-al-desnudo\\\/#breadcrumb\"},\"inLanguage\":\"ca\",\"potentialAction\":[{\"@type\":\"ReadAction\",\"target\":[\"https:\\\/\\\/www.teatrecondal.cat\\\/ca\\\/ex\\\/miguel-de-molina-al-desnudo\\\/\"]}]},{\"@type\":\"BreadcrumbList\",\"@id\":\"https:\\\/\\\/www.teatrecondal.cat\\\/ca\\\/ex\\\/miguel-de-molina-al-desnudo\\\/#breadcrumb\",\"itemListElement\":[{\"@type\":\"ListItem\",\"position\":1,\"name\":\"Inici\",\"item\":\"https:\\\/\\\/www.teatrecondal.cat\\\/ca\\\/\"},{\"@type\":\"ListItem\",\"position\":2,\"name\":\"Espectacles\",\"item\":\"https:\\\/\\\/www.teatrecondal.cat\\\/ca\\\/ex\\\/\"},{\"@type\":\"ListItem\",\"position\":3,\"name\":\"Miguel de Molina al desnudo\"}]},{\"@type\":\"WebSite\",\"@id\":\"https:\\\/\\\/www.teatrecondal.cat\\\/ca\\\/#website\",\"url\":\"https:\\\/\\\/www.teatrecondal.cat\\\/ca\\\/\",\"name\":\"Teatre Condal\",\"description\":\"\",\"publisher\":{\"@id\":\"https:\\\/\\\/www.teatrecondal.cat\\\/ca\\\/#organization\"},\"potentialAction\":[{\"@type\":\"SearchAction\",\"target\":{\"@type\":\"EntryPoint\",\"urlTemplate\":\"https:\\\/\\\/www.teatrecondal.cat\\\/ca\\\/?s={search_term_string}\"},\"query-input\":{\"@type\":\"PropertyValueSpecification\",\"valueRequired\":true,\"valueName\":\"search_term_string\"}}],\"inLanguage\":\"ca\"},{\"@type\":\"Organization\",\"@id\":\"https:\\\/\\\/www.teatrecondal.cat\\\/ca\\\/#organization\",\"name\":\"Teatre Condal\",\"url\":\"https:\\\/\\\/www.teatrecondal.cat\\\/ca\\\/\",\"logo\":{\"@type\":\"ImageObject\",\"inLanguage\":\"ca\",\"@id\":\"https:\\\/\\\/www.teatrecondal.cat\\\/ca\\\/#\\\/schema\\\/logo\\\/image\\\/\",\"url\":\"https:\\\/\\\/www.teatrecondal.cat\\\/wp-content\\\/uploads\\\/sites\\\/3\\\/2017\\\/09\\\/teatre-condal-logo.svg\",\"contentUrl\":\"https:\\\/\\\/www.teatrecondal.cat\\\/wp-content\\\/uploads\\\/sites\\\/3\\\/2017\\\/09\\\/teatre-condal-logo.svg\",\"width\":1,\"height\":1,\"caption\":\"Teatre Condal\"},\"image\":{\"@id\":\"https:\\\/\\\/www.teatrecondal.cat\\\/ca\\\/#\\\/schema\\\/logo\\\/image\\\/\"},\"sameAs\":[\"http:\\\/\\\/www.facebook.com\\\/TeatreCondal\",\"https:\\\/\\\/x.com\\\/Teatre_Condal\",\"http:\\\/\\\/instagram.com\\\/teatre_condal\",\"http:\\\/\\\/www.youtube.com\\\/user\\\/TeatreCondal\"]}]}<\/script>\n<!-- \/ Yoast SEO plugin. -->","yoast_head_json":{"title":"Miguel de Molina al desnudo - Teatre Condal","robots":{"index":"index","follow":"follow","max-snippet":"max-snippet:-1","max-image-preview":"max-image-preview:large","max-video-preview":"max-video-preview:-1"},"canonical":"https:\/\/www.teatrecondal.cat\/ca\/ex\/miguel-de-molina-al-desnudo\/","schema":{"@context":"https:\/\/schema.org","@graph":[{"@type":"WebPage","@id":"https:\/\/www.teatrecondal.cat\/ca\/ex\/miguel-de-molina-al-desnudo\/","url":"https:\/\/www.teatrecondal.cat\/ca\/ex\/miguel-de-molina-al-desnudo\/","name":"Miguel de Molina al desnudo - Teatre Condal","isPartOf":{"@id":"https:\/\/www.teatrecondal.cat\/ca\/#website"},"datePublished":"2024-09-05T15:17:55+00:00","dateModified":"2025-01-22T10:32:02+00:00","breadcrumb":{"@id":"https:\/\/www.teatrecondal.cat\/ca\/ex\/miguel-de-molina-al-desnudo\/#breadcrumb"},"inLanguage":"ca","potentialAction":[{"@type":"ReadAction","target":["https:\/\/www.teatrecondal.cat\/ca\/ex\/miguel-de-molina-al-desnudo\/"]}]},{"@type":"BreadcrumbList","@id":"https:\/\/www.teatrecondal.cat\/ca\/ex\/miguel-de-molina-al-desnudo\/#breadcrumb","itemListElement":[{"@type":"ListItem","position":1,"name":"Inici","item":"https:\/\/www.teatrecondal.cat\/ca\/"},{"@type":"ListItem","position":2,"name":"Espectacles","item":"https:\/\/www.teatrecondal.cat\/ca\/ex\/"},{"@type":"ListItem","position":3,"name":"Miguel de Molina al desnudo"}]},{"@type":"WebSite","@id":"https:\/\/www.teatrecondal.cat\/ca\/#website","url":"https:\/\/www.teatrecondal.cat\/ca\/","name":"Teatre Condal","description":"","publisher":{"@id":"https:\/\/www.teatrecondal.cat\/ca\/#organization"},"potentialAction":[{"@type":"SearchAction","target":{"@type":"EntryPoint","urlTemplate":"https:\/\/www.teatrecondal.cat\/ca\/?s={search_term_string}"},"query-input":{"@type":"PropertyValueSpecification","valueRequired":true,"valueName":"search_term_string"}}],"inLanguage":"ca"},{"@type":"Organization","@id":"https:\/\/www.teatrecondal.cat\/ca\/#organization","name":"Teatre Condal","url":"https:\/\/www.teatrecondal.cat\/ca\/","logo":{"@type":"ImageObject","inLanguage":"ca","@id":"https:\/\/www.teatrecondal.cat\/ca\/#\/schema\/logo\/image\/","url":"https:\/\/www.teatrecondal.cat\/wp-content\/uploads\/sites\/3\/2017\/09\/teatre-condal-logo.svg","contentUrl":"https:\/\/www.teatrecondal.cat\/wp-content\/uploads\/sites\/3\/2017\/09\/teatre-condal-logo.svg","width":1,"height":1,"caption":"Teatre Condal"},"image":{"@id":"https:\/\/www.teatrecondal.cat\/ca\/#\/schema\/logo\/image\/"},"sameAs":["http:\/\/www.facebook.com\/TeatreCondal","https:\/\/x.com\/Teatre_Condal","http:\/\/instagram.com\/teatre_condal","http:\/\/www.youtube.com\/user\/TeatreCondal"]}]}},"translations":[{"id":5143,"locale":"ca"},{"id":5144,"locale":"es"}],"_links":{"self":[{"href":"https:\/\/www.teatrecondal.cat\/ca\/wp-json\/wp\/v2\/ex\/5143","targetHints":{"allow":["GET"]}}],"collection":[{"href":"https:\/\/www.teatrecondal.cat\/ca\/wp-json\/wp\/v2\/ex"}],"about":[{"href":"https:\/\/www.teatrecondal.cat\/ca\/wp-json\/wp\/v2\/types\/ex"}],"author":[{"embeddable":true,"href":"https:\/\/www.teatrecondal.cat\/ca\/wp-json\/wp\/v2\/users\/2"}],"replies":[{"embeddable":true,"href":"https:\/\/www.teatrecondal.cat\/ca\/wp-json\/wp\/v2\/comments?post=5143"}],"acf:term":[{"embeddable":true,"taxonomy":"season","href":"https:\/\/www.teatrecondal.cat\/ca\/wp-json\/wp\/v2\/season\/94"}],"wp:attachment":[{"href":"https:\/\/www.teatrecondal.cat\/ca\/wp-json\/wp\/v2\/media?parent=5143"}],"curies":[{"name":"wp","href":"https:\/\/api.w.org\/{rel}","templated":true}]}}