{"id":5137,"date":"2024-09-05T17:07:53","date_gmt":"2024-09-05T15:07:53","guid":{"rendered":"https:\/\/www.teatrecondal.cat\/ex\/daniel-angles-30-anys-lluny-de-broadway\/"},"modified":"2024-12-03T09:47:20","modified_gmt":"2024-12-03T08:47:20","slug":"daniel-angles-30-anys-lluny-de-broadway","status":"publish","type":"ex","link":"https:\/\/www.teatrecondal.cat\/ca\/ex\/daniel-angles-30-anys-lluny-de-broadway\/","title":{"rendered":"Daniel Angl\u00e8s. 30 anys lluny de Broadway"},"content":{"rendered":"","protected":false},"excerpt":{"rendered":"","protected":false},"author":2,"featured_media":0,"comment_status":"closed","ping_status":"closed","template":"","class_list":["post-5137","ex","type-ex","status-publish","hentry","season-2024-25"],"acf":{"txt_synopsis":"<p><strong>Un gran concert per celebrar l\u2019emotiu viatge d\u2019un apassionat dels musicals<\/strong> <\/p>\r\n<p>El 1994, amb 18 anys, debutava professionalment en aquest teatre que avui dirigeixo. Una d\u2019aquelles coses boniques po\u00e8tiques que t\u00e9 la vida. 30 anys despr\u00e9s, vull compartir amb vosaltres una nit de celebraci\u00f3. Un concert de gran format per deixar sortir al cantant que massa sovint s\u2019amaga darrere del director, a l\u2019int\u00e8rpret que s\u2019escapa dels focus, al t\u00edmid que hi ha darrere dels programes de m\u00e0. Mirarem enrere i revisarem el que ha passat i el que no ha passat durant aquestes tres d\u00e8cades. El viatge est\u00e0 sent com un bon musical: apassionant, emocionant i intens. <\/p>\r\n<p>Daniel Angl\u00e8s<\/p>","main_buy_link":"https:\/\/proticketing.com\/teatrecondal\/ca_ES\/entradas\/evento\/39508","main_buy_links":"[\"https:\/\/proticketing.com\/teatrecondal\/ca_ES\/entradas\/evento\/39508\"]","group_buy_link":"","show_language":"Espectacle en catal\u00e0 ","show_duration":"90","show_start_date":"20241210000000","show_end_date":"20241210000000","show_sort_date":"20241210000000","txt_custom_show_dates":"el 10 de desembre de 2024 ","show_disciplines":"8","show_ultimes_funcions":false,"hide_tarifes_especials":false,"show_properament":false,"txt_additional_info":"Recomanat per a tots els p\u00fablics ","txt_present":"","show_season":[94],"txt_season":"[\"2024\/25\"]","txt_cycle":"EnParal\u00b7lel","txt_claim":"Un gran concert per celebrar l\u2019emotiu viatge d\u2019un apassionat dels musicals ","txt_cast_excerpt":"","txt_cast":"<p>Creaci\u00f3 i direcci\u00f3: <strong>Daniel Angl\u00e8s<\/strong> <br \/>Direcci\u00f3 musical i arranjaments: <strong>Sergi Cuenca <br \/><\/strong>Coreografia: <strong>\u00d3scar Reyes <\/strong><\/p>\r\n<p>Amb: <strong>Daniel Angl\u00e8s <br \/><\/strong>Teclats: <strong>Sergi Cuenca<\/strong> <br \/>Viol\u00ed: <strong>Blanca Coll <br \/><\/strong>Baix i contrabaix: <strong>Cristina Membrive <br \/><\/strong>Guitarres: <strong>Toni Mena <br \/><\/strong>Bateria i percussi\u00f3: <strong>Llu\u00eds Ribalta <br \/><\/strong>Reeds: <strong>Joan Sala <br \/><\/strong>Veus: <strong>Neizan Mart\u00edn i Carla Miralda<\/strong><br \/>Ensemble: <strong>Iris Cabr\u00e9, Jan Catal\u00e0, Lluc Escribano i Laura Tany\u00e0 <\/strong><\/p>\r\n<p>Vestuari: <strong>Mariona Mas<\/strong> <br \/>Il\u00b7luminaci\u00f3: <strong>Xavi Costas <br \/><\/strong>So: <strong>Jordi Ballb\u00e9<\/strong> <br \/>Caracteritzaci\u00f3: <strong>Jennifer S\u00e1nchez <\/strong><\/p>\r\n<p>Producci\u00f3 executiva: <strong>Daria Nicolau<\/strong> <br \/>Cap t\u00e8cnic del teatre: <strong>Jordi Ballb\u00e9\u202f<\/strong>&nbsp; <br \/>T\u00e8cnics del teatre: <strong>Aleix Arbon\u00e8s i V\u00edctor Bartolom\u00e9\u202f<\/strong> <\/p>\r\n<p>M\u00e0rqueting i comunicaci\u00f3: <strong>Focus<\/strong> <br \/>Fotografia: <strong>David Ruano <br \/><\/strong>Disseny gr\u00e0fic: <strong>Zuhaitz San Buenavenura&nbsp; <\/strong><\/p>\r\n<p>Agra\u00efments: <strong>Grup Focus, Festival Temporada Alta, Teatre Kursaal, Aules \u00b7 Arts Esc\u00e8niques, V\u00edctor Arbelo i \u00c0gata Casanovas&nbsp; <\/strong><\/p>\r\n<p>\u00c9s una producci\u00f3 de <strong>El musical m\u00e9s petit <\/strong><\/p>","txt_reviews":"","hashtag":"DanielAngl\u00e8s30AnysLlunyDeBroadway ","have_promo":"","slogan":"","id_exhibicio":2206,"id_versio":1747,"id_local":3,"txt_seo_desc":"","data_images":"[{\"localizer\":\"V4PORTADAWIDE\",\"url\":\"media\/ver\/port\/wide\/v4\/316A9\/01_091_00058328\/Portada-0-DA-30-anys-broadway-condal.jpg\",\"thumb_url\":\"\",\"title\":\"Daniel Angl\u00e8s 30 any- Teatre Condal\",\"description\":\"daniel angles 30 anys en el teatre condal\",\"copyright\":\"\",\"order\":1},{\"localizer\":\"V4PORTADAWIDEMOBILE\",\"url\":\"media\/ver\/port\/wide\/mobile\/v4\/316A9\/01_092_00058329\/Portada-mobile-30-anys-broadway-condal.jpg\",\"thumb_url\":\"\",\"title\":\"Daniel Angl\u00e8s 30 any- Teatre Condal\",\"description\":\"daniel angles 30 anys en el teatre condal\",\"copyright\":\"\",\"order\":2},{\"localizer\":\"V4PORTADA\",\"url\":\"media\/ver\/port\/v4\/316A9\/01_090_00058330\/Portada-1-DA-30-anys-broadway-condal.jpg\",\"thumb_url\":\"\",\"title\":\"Daniel Angl\u00e8s 30 any- Teatre Condal\",\"description\":\"daniel angles 30 anys en el teatre condal\",\"copyright\":\"\",\"order\":3},{\"localizer\":\"V4CARTELL\",\"url\":\"media\/ver\/cartell\/v4\/316AA\/01_089_00058487\/Cartell-web-DA-30-anys-broadway-condal.jpg\",\"thumb_url\":\"\",\"title\":\"Daniel Angl\u00e8s. 30 anys lluny de Broadway - Teatre Condal\",\"description\":\"daniel angles 30 anys lluny de broadway en el teatre condal\",\"copyright\":\"\",\"order\":5}]","material__texto_intro":"","data_material":null,"data_gallery":"","data_discounts":"[]","contract_is_open":false,"in_tour":false},"yoast_head":"<!-- This site is optimized with the Yoast SEO plugin v27.5 - https:\/\/yoast.com\/product\/yoast-seo-wordpress\/ -->\n<title>Daniel Angl\u00e8s. 30 anys lluny de Broadway - Teatre Condal<\/title>\n<meta name=\"robots\" content=\"index, follow, max-snippet:-1, max-image-preview:large, max-video-preview:-1\" \/>\n<link rel=\"canonical\" href=\"https:\/\/www.teatrecondal.cat\/ca\/ex\/daniel-angles-30-anys-lluny-de-broadway\/\" \/>\n<script type=\"application\/ld+json\" class=\"yoast-schema-graph\">{\"@context\":\"https:\\\/\\\/schema.org\",\"@graph\":[{\"@type\":\"WebPage\",\"@id\":\"https:\\\/\\\/www.teatrecondal.cat\\\/ca\\\/ex\\\/daniel-angles-30-anys-lluny-de-broadway\\\/\",\"url\":\"https:\\\/\\\/www.teatrecondal.cat\\\/ca\\\/ex\\\/daniel-angles-30-anys-lluny-de-broadway\\\/\",\"name\":\"Daniel Angl\u00e8s. 30 anys lluny de Broadway - Teatre Condal\",\"isPartOf\":{\"@id\":\"https:\\\/\\\/www.teatrecondal.cat\\\/ca\\\/#website\"},\"datePublished\":\"2024-09-05T15:07:53+00:00\",\"dateModified\":\"2024-12-03T08:47:20+00:00\",\"breadcrumb\":{\"@id\":\"https:\\\/\\\/www.teatrecondal.cat\\\/ca\\\/ex\\\/daniel-angles-30-anys-lluny-de-broadway\\\/#breadcrumb\"},\"inLanguage\":\"ca\",\"potentialAction\":[{\"@type\":\"ReadAction\",\"target\":[\"https:\\\/\\\/www.teatrecondal.cat\\\/ca\\\/ex\\\/daniel-angles-30-anys-lluny-de-broadway\\\/\"]}]},{\"@type\":\"BreadcrumbList\",\"@id\":\"https:\\\/\\\/www.teatrecondal.cat\\\/ca\\\/ex\\\/daniel-angles-30-anys-lluny-de-broadway\\\/#breadcrumb\",\"itemListElement\":[{\"@type\":\"ListItem\",\"position\":1,\"name\":\"Inici\",\"item\":\"https:\\\/\\\/www.teatrecondal.cat\\\/ca\\\/\"},{\"@type\":\"ListItem\",\"position\":2,\"name\":\"Espectacles\",\"item\":\"https:\\\/\\\/www.teatrecondal.cat\\\/ca\\\/ex\\\/\"},{\"@type\":\"ListItem\",\"position\":3,\"name\":\"Daniel Angl\u00e8s. 30 anys lluny de Broadway\"}]},{\"@type\":\"WebSite\",\"@id\":\"https:\\\/\\\/www.teatrecondal.cat\\\/ca\\\/#website\",\"url\":\"https:\\\/\\\/www.teatrecondal.cat\\\/ca\\\/\",\"name\":\"Teatre Condal\",\"description\":\"\",\"publisher\":{\"@id\":\"https:\\\/\\\/www.teatrecondal.cat\\\/ca\\\/#organization\"},\"potentialAction\":[{\"@type\":\"SearchAction\",\"target\":{\"@type\":\"EntryPoint\",\"urlTemplate\":\"https:\\\/\\\/www.teatrecondal.cat\\\/ca\\\/?s={search_term_string}\"},\"query-input\":{\"@type\":\"PropertyValueSpecification\",\"valueRequired\":true,\"valueName\":\"search_term_string\"}}],\"inLanguage\":\"ca\"},{\"@type\":\"Organization\",\"@id\":\"https:\\\/\\\/www.teatrecondal.cat\\\/ca\\\/#organization\",\"name\":\"Teatre Condal\",\"url\":\"https:\\\/\\\/www.teatrecondal.cat\\\/ca\\\/\",\"logo\":{\"@type\":\"ImageObject\",\"inLanguage\":\"ca\",\"@id\":\"https:\\\/\\\/www.teatrecondal.cat\\\/ca\\\/#\\\/schema\\\/logo\\\/image\\\/\",\"url\":\"https:\\\/\\\/www.teatrecondal.cat\\\/wp-content\\\/uploads\\\/sites\\\/3\\\/2017\\\/09\\\/teatre-condal-logo.svg\",\"contentUrl\":\"https:\\\/\\\/www.teatrecondal.cat\\\/wp-content\\\/uploads\\\/sites\\\/3\\\/2017\\\/09\\\/teatre-condal-logo.svg\",\"width\":1,\"height\":1,\"caption\":\"Teatre Condal\"},\"image\":{\"@id\":\"https:\\\/\\\/www.teatrecondal.cat\\\/ca\\\/#\\\/schema\\\/logo\\\/image\\\/\"},\"sameAs\":[\"http:\\\/\\\/www.facebook.com\\\/TeatreCondal\",\"https:\\\/\\\/x.com\\\/Teatre_Condal\",\"http:\\\/\\\/instagram.com\\\/teatre_condal\",\"http:\\\/\\\/www.youtube.com\\\/user\\\/TeatreCondal\"]}]}<\/script>\n<!-- \/ Yoast SEO plugin. -->","yoast_head_json":{"title":"Daniel Angl\u00e8s. 30 anys lluny de Broadway - Teatre Condal","robots":{"index":"index","follow":"follow","max-snippet":"max-snippet:-1","max-image-preview":"max-image-preview:large","max-video-preview":"max-video-preview:-1"},"canonical":"https:\/\/www.teatrecondal.cat\/ca\/ex\/daniel-angles-30-anys-lluny-de-broadway\/","schema":{"@context":"https:\/\/schema.org","@graph":[{"@type":"WebPage","@id":"https:\/\/www.teatrecondal.cat\/ca\/ex\/daniel-angles-30-anys-lluny-de-broadway\/","url":"https:\/\/www.teatrecondal.cat\/ca\/ex\/daniel-angles-30-anys-lluny-de-broadway\/","name":"Daniel Angl\u00e8s. 30 anys lluny de Broadway - Teatre Condal","isPartOf":{"@id":"https:\/\/www.teatrecondal.cat\/ca\/#website"},"datePublished":"2024-09-05T15:07:53+00:00","dateModified":"2024-12-03T08:47:20+00:00","breadcrumb":{"@id":"https:\/\/www.teatrecondal.cat\/ca\/ex\/daniel-angles-30-anys-lluny-de-broadway\/#breadcrumb"},"inLanguage":"ca","potentialAction":[{"@type":"ReadAction","target":["https:\/\/www.teatrecondal.cat\/ca\/ex\/daniel-angles-30-anys-lluny-de-broadway\/"]}]},{"@type":"BreadcrumbList","@id":"https:\/\/www.teatrecondal.cat\/ca\/ex\/daniel-angles-30-anys-lluny-de-broadway\/#breadcrumb","itemListElement":[{"@type":"ListItem","position":1,"name":"Inici","item":"https:\/\/www.teatrecondal.cat\/ca\/"},{"@type":"ListItem","position":2,"name":"Espectacles","item":"https:\/\/www.teatrecondal.cat\/ca\/ex\/"},{"@type":"ListItem","position":3,"name":"Daniel Angl\u00e8s. 30 anys lluny de Broadway"}]},{"@type":"WebSite","@id":"https:\/\/www.teatrecondal.cat\/ca\/#website","url":"https:\/\/www.teatrecondal.cat\/ca\/","name":"Teatre Condal","description":"","publisher":{"@id":"https:\/\/www.teatrecondal.cat\/ca\/#organization"},"potentialAction":[{"@type":"SearchAction","target":{"@type":"EntryPoint","urlTemplate":"https:\/\/www.teatrecondal.cat\/ca\/?s={search_term_string}"},"query-input":{"@type":"PropertyValueSpecification","valueRequired":true,"valueName":"search_term_string"}}],"inLanguage":"ca"},{"@type":"Organization","@id":"https:\/\/www.teatrecondal.cat\/ca\/#organization","name":"Teatre Condal","url":"https:\/\/www.teatrecondal.cat\/ca\/","logo":{"@type":"ImageObject","inLanguage":"ca","@id":"https:\/\/www.teatrecondal.cat\/ca\/#\/schema\/logo\/image\/","url":"https:\/\/www.teatrecondal.cat\/wp-content\/uploads\/sites\/3\/2017\/09\/teatre-condal-logo.svg","contentUrl":"https:\/\/www.teatrecondal.cat\/wp-content\/uploads\/sites\/3\/2017\/09\/teatre-condal-logo.svg","width":1,"height":1,"caption":"Teatre Condal"},"image":{"@id":"https:\/\/www.teatrecondal.cat\/ca\/#\/schema\/logo\/image\/"},"sameAs":["http:\/\/www.facebook.com\/TeatreCondal","https:\/\/x.com\/Teatre_Condal","http:\/\/instagram.com\/teatre_condal","http:\/\/www.youtube.com\/user\/TeatreCondal"]}]}},"translations":[{"id":5137,"locale":"ca"},{"id":5138,"locale":"es"}],"_links":{"self":[{"href":"https:\/\/www.teatrecondal.cat\/ca\/wp-json\/wp\/v2\/ex\/5137","targetHints":{"allow":["GET"]}}],"collection":[{"href":"https:\/\/www.teatrecondal.cat\/ca\/wp-json\/wp\/v2\/ex"}],"about":[{"href":"https:\/\/www.teatrecondal.cat\/ca\/wp-json\/wp\/v2\/types\/ex"}],"author":[{"embeddable":true,"href":"https:\/\/www.teatrecondal.cat\/ca\/wp-json\/wp\/v2\/users\/2"}],"replies":[{"embeddable":true,"href":"https:\/\/www.teatrecondal.cat\/ca\/wp-json\/wp\/v2\/comments?post=5137"}],"acf:term":[{"embeddable":true,"taxonomy":"season","href":"https:\/\/www.teatrecondal.cat\/ca\/wp-json\/wp\/v2\/season\/94"}],"wp:attachment":[{"href":"https:\/\/www.teatrecondal.cat\/ca\/wp-json\/wp\/v2\/media?parent=5137"}],"curies":[{"name":"wp","href":"https:\/\/api.w.org\/{rel}","templated":true}]}}