{"id":5018,"date":"2024-04-11T16:09:16","date_gmt":"2024-04-11T14:09:16","guid":{"rendered":"https:\/\/www.teatrecondal.cat\/ex\/golfus-de-roma-2\/"},"modified":"2024-04-11T17:41:45","modified_gmt":"2024-04-11T15:41:45","slug":"golfus-de-roma-2","status":"publish","type":"ex","link":"https:\/\/www.teatrecondal.cat\/ca\/ex\/golfus-de-roma-2\/","title":{"rendered":"Golfus de Roma"},"content":{"rendered":"","protected":false},"excerpt":{"rendered":"","protected":false},"author":2,"featured_media":0,"comment_status":"closed","ping_status":"closed","template":"","class_list":["post-5018","ex","type-ex","status-publish","hentry","season-2022-23"],"acf":{"txt_synopsis":"<p>Golfus de Roma \u00e9s, sens dubte, la com\u00e8dia musical m\u00e9s divertida de tots el temps. Basada molt lliurement en les com\u00e8dies de Plauto, els seus autors creen el vehicle perfecte perqu\u00e8 totes les escenes m\u00e9s esbojarrades i les situacions m\u00e9s desbaratades es barregin amb grans can\u00e7ons i n\u00fameros musicals.<br \/>Guardonada amb sis Premis Tony, incloent-hi el de Millor Musical, aquesta com\u00e8dia d\u2019embolics \u00e9s un dels grans t\u00edtols del g\u00e8nere. L\u2019autor de la m\u00fasica d\u2019aquesta farsa esbojarrada \u00e9s l\u2019aclamat compositor Stephen Sondheim.<\/p>\r\n<p>Pseudolus, un esclau irreverent, intenta aconseguir la llibertat ajudant a Eros, el fill del seu amo, a guanyar-se l\u2019amor de Ph\u00edlia. Per\u00f2 hi ha un problema\u2026 o dos: Ph\u00edlia pertany a M. Lycus que l\u2019ha venuda al general Miles Gloriosus. I ning\u00fa est\u00e0 disposat a renunciar a ella.<\/p>","main_buy_link":"","main_buy_links":"","group_buy_link":"","show_language":"Espectacle en catal\u00e0","show_duration":"155","show_start_date":"20220923000000","show_end_date":"20230108000000","show_sort_date":"20220923000000","txt_custom_show_dates":"del 23 de setembre de 2022 al 8 de gener de 2023 ","show_disciplines":"1","show_ultimes_funcions":false,"hide_tarifes_especials":false,"show_properament":false,"txt_additional_info":"","txt_present":"","show_season":[41],"txt_season":"[\"2022\/23\"]","txt_cycle":"","txt_claim":"","txt_cast_excerpt":"","txt_cast":"<p>M\u00fasica i lletres: <strong>Stephen Sondheim<\/strong><br \/>Llibret: <strong>Burt Shevelove i Larry Gelbart<\/strong><br \/>Adaptaci\u00f3 al catal\u00e0:<strong> Daniel Angl\u00e8s i Marc G\u00f3mez<\/strong><br \/>Arranjaments musicals: <strong>Sergi Cuenca<\/strong><\/p>\r\n<p>Direcci\u00f3: <strong>Daniel Angl\u00e8s<br \/><\/strong>Codirecci\u00f3: <strong>Roger Juli\u00e0<\/strong><br \/>Coreografia: <strong>Oscar Reyes<\/strong><br \/>Direcci\u00f3 musical: <strong>Xavier Mestres<\/strong><br \/>Escenografia i Vestuari: <strong>Montse Amen\u00f3s<\/strong> <br \/>Il\u00b7luminaci\u00f3:<strong> Xavier Costas<\/strong><br \/>So: <strong>Jordi Ballb\u00e9<\/strong><br \/>Caracteritzaci\u00f3: <strong>N\u00faria Llunell<\/strong><\/p>\r\n<p>Elencus:<br \/><strong>Jordi Bosch<\/strong>&nbsp;&nbsp;Pseudolus<br \/><strong>Roger Juli\u00e0<\/strong>&nbsp;&nbsp;Senex (Teclats)<br \/><strong>Merc\u00e8 Mart\u00ednez<\/strong> &nbsp;Domina (Esquellot)<br \/><strong>Eloi G\u00f3mez<\/strong>&nbsp;&nbsp;Eros (Trompeta)<br \/><strong>Frank Capdet<\/strong>&nbsp;&nbsp;Hysterium (Lla\u00fct)<br \/><strong>Meritxell Dur\u00f3<\/strong>&nbsp;&nbsp;M. Lycus&nbsp; (Acordi\u00f3)<br \/><strong>Ana San Mart\u00edn<\/strong>&nbsp;&nbsp;Philia (Triangle)<br \/><strong>V\u00edctor Arbelo<\/strong>&nbsp;&nbsp;Miles Gloriosus (Percusi\u00f3)<br \/><strong>OriolO&nbsp;&nbsp;<\/strong>&nbsp;Erronius (Clarinet)<br \/><strong>Mireia Morera<\/strong> &nbsp;&nbsp;Proteica (Teclat)<br \/><strong>Sergi Espina<\/strong>&nbsp;&nbsp;&nbsp;Proteic (Caixa xinesa)<br \/><strong>Javi V\u00e9lez<\/strong> &nbsp;&nbsp;Proteic (Flexat\u00f2)<br \/><strong>Sonia Navarro<\/strong>&nbsp;&nbsp;Tintinabula (Cr\u00f2tals)<br \/><strong>Oriol Casas<\/strong>&nbsp;&nbsp;Panacea (Percussi\u00f3)<br \/><strong>Maria Perera<\/strong>&nbsp;&nbsp;Geminae(Viol\u00ed)<br \/><strong>Eduard Marcet<\/strong> &nbsp;&nbsp;Geminae (Viola)<br \/><strong>Andreu Mauri<\/strong>&nbsp;&nbsp;Vibrata (Clarinet, saxo)<br \/><strong>Curro \u00c1vila<\/strong> &nbsp;&nbsp;Gymnasia (Flauta)<br \/><strong>Jofre Baiget<\/strong>&nbsp;&nbsp;Trompus (Trompa)<br \/><strong>Mireia Pla \/ <\/strong><strong>Adriana Alsina &nbsp;<\/strong>Cellorium (Violoncel)<br \/><strong>Xavi S\u00e1nchez<\/strong> &nbsp;&nbsp;Bassus (Contrabaix)<br \/><strong>Albert Ni\u00f1erola<\/strong>&nbsp;&nbsp;Trompetex (Trompeta)<br \/><strong>Elena Troyano<\/strong>&nbsp;&nbsp;Truccatora (Pandereta)<br \/><strong>Xavier Mestres<\/strong> &nbsp;Maestrum (Director musical, piano)&nbsp;&nbsp;&nbsp;&nbsp;&nbsp;&nbsp;&nbsp;&nbsp;&nbsp;&nbsp;&nbsp;&nbsp;&nbsp;&nbsp;&nbsp;&nbsp; <br \/><strong>Ernest Fuster<\/strong>&nbsp;&nbsp;Swingus<br \/><strong>Gara Roda<\/strong>&nbsp;&nbsp;Swingex (Direcci\u00f3 resident) <\/p>\r\n<p>Direcci\u00f3 de producci\u00f3: <strong>Maite Pijuan<\/strong><br \/>Cap de producci\u00f3 i producci\u00f3 executiva: <strong>Marina Vilardell<br \/><\/strong>Producci\u00f3 executiva Barcelona: <strong>Raquel Do\u00f1oro<br \/><\/strong>Producci\u00f3 executiva Madrid: <strong>Mireia Farrarons<br \/><\/strong>Gerent de companyia: <strong>Javier Arroyo <br \/><\/strong>Ajudant de direcci\u00f3 i coreografia:<strong>&nbsp; Gara Roda<br \/><\/strong>Ajudant d\u2019escenografia i vestuari: <strong>Carlota Ricart<br \/><\/strong>Ajudant d\u2019il\u00b7luminaci\u00f3: <strong>Paula Costas<br \/><\/strong>Assessorament m\u00e0gia:<strong> Mag Lari<br \/><\/strong>Assessorament t\u00e8cnica vocal: <strong>Susanna Dom\u00e8nech <\/strong><\/p>\r\n<p>Director t\u00e8cnic: <strong>Moi Cuenca<\/strong><br \/>Oficina t\u00e8cnica: <strong>David Ruiz<\/strong><br \/>Regidoria: <strong>Quim Capdevila<\/strong><br \/>Sastreria: <strong>Marta Pell \/ To\u00f1i Chamorro, Rosario Macias<\/strong><br \/>Maquillatge i perruqueria:&nbsp; <strong>Patricia Mart\u00ednez<\/strong><br \/>Assistent vestuari i perruqueria: <strong>Elena Troyano<\/strong><\/p>\r\n<p>Operador de so:&nbsp; <strong>Jordi Ballb\u00e9<\/strong><br \/>Operador&nbsp;de llums: <strong>V\u00edctor C\u00e1rdenas<\/strong><br \/>T\u00e8cnic de maquin\u00e0ria:&nbsp;<strong> Samuel Schlechter<\/strong><br \/>T\u00e8cnic sense cables: <strong>V\u00edctor Bartolom\u00e9<\/strong><br \/>Assistent de maquin\u00e0ria: <strong>Alba Ferrer \/ Ana L\u00f3pez<br \/><\/strong>Canoner: <strong>David Blanch<\/strong><\/p>\r\n<p>Construcci\u00f3 escenografia: <strong>Arts Cenics, Jorba-Mir\u00f3 <br \/><\/strong>Construcci\u00f3 caixa de m\u00e0gia: <strong>Tallers d\u2019Escenografia Sant Cugat<\/strong> <br \/>Construcci\u00f3 bust: <strong>Grau Alc\u00e1zar Maquetas<\/strong> <br \/>Confecci\u00f3 vestuari: <strong>Goretti <br \/><\/strong>Confecci\u00f3 telons: <strong>Pilar Albaladejo (Pro Escena<\/strong>)&nbsp; <br \/>Disseny de vol: <strong>El Telar Riggins <br \/><\/strong>Programador de teclats: <strong>\u00c0ngel Valverde <br \/><\/strong>Pirot\u00e8cnica: <strong>Didac Atzet (Pantera Produzione)<\/strong><\/p>\r\n<p>M\u00e0rqueting i comunicaci\u00f3:<strong> Focus<\/strong><br \/>Disseny cartell: <strong>Steph Pyne<br \/><\/strong>Disseny gr\u00e0fic: <strong>Santi&Kco<\/strong><br \/>Fotografia: <strong>David Ruano<\/strong><br \/>Contingut Digital: <strong>Javi V\u00e9lez<\/strong><\/p>\r\n<p>Agra\u00efments: <strong>Pepino Pascual, Carles Alarc\u00f3n, David Arnau Barrufet, Miquel Gonz\u00e1lez, Joan Ignasi Ferrer, Bernat Hern\u00e1ndez, Tom Johnson, Quim Oll\u00e9, Francesc Puig, Jordi Serrrano, Cati Terrasa, Edurne Vila, Esther Vila, Judit Malet, Susanna Dom\u00e8nech i a tot l\u2019equip que va participar en la primera etapa de la producci\u00f3, l\u2019any 2022.<\/strong><\/p>\r\n<p>Una coproducci\u00f3 de <strong>Focus<\/strong> i <strong>Festival Internacional de Teatro Cl\u00e1sico de M\u00e9rida<\/strong><\/p>\r\n<p><strong>A FUNNY THING HAPPENED ON THE WAY TO THE FORUM<br \/>Originalment produ\u00efda a Broadway per Harold S. Prince<br \/>Presentat en acord amb Music Theatre International (Europe): <a href=\"http:\/\/www.mtishows.eu\/\">www.mtishows.eu<\/a><\/strong><\/p>","txt_reviews":"","hashtag":"GolfusdeRoma","have_promo":"","slogan":"","id_exhibicio":1988,"id_versio":1585,"id_local":3,"txt_seo_desc":"","data_images":"[{\"localizer\":\"V3CARTELL\",\"url\":\"media\/ver\/cartell\/v3\/3163D\/01_085_00055573\/Cartell-web2-sense-data-golfus-de-roma-teatre-condal.jpg\",\"thumb_url\":\"media\/ver\/cartell\/v3\/3163D\/01_085_00055573\/Cartell-web2-sense-data-golfus-de-roma-teatre-condal_thumb.jpg\",\"title\":\"Golfus de Roma - Teatre Condal\",\"description\":\"golfus de roma al teatre condal de barcelona\",\"copyright\":\"\",\"order\":1},{\"localizer\":\"V3PORTADA\",\"url\":\"media\/ver\/port\/v3\/3163D\/01_084_00055575\/1-golfus-de-roma-teatre-condal.jpg\",\"thumb_url\":\"media\/ver\/port\/v3\/3163D\/01_084_00055575\/1-golfus-de-roma-teatre-condal_thumb.jpg\",\"title\":\"Golfus de Roma - Teatre Condal\",\"description\":\"golfus de roma al teatre condal de barcelona\",\"copyright\":\"\",\"order\":2},{\"localizer\":\"V3PORTADAWIDE\",\"url\":\"media\/ver\/port\/v3wide\/3163D\/01_088_00055576\/0-golfus-de-roma-teatre-condal.jpg\",\"thumb_url\":\"media\/ver\/port\/v3wide\/3163D\/01_088_00055576\/0-golfus-de-roma-teatre-condal_thumb.jpg\",\"title\":\"Golfus de Roma - Teatre Condal\",\"description\":\"golfus de roma al teatre condal de barcelona\",\"copyright\":\"\",\"order\":3}]","material__texto_intro":"","data_material":null,"data_gallery":"","data_discounts":"[]","contract_is_open":false,"in_tour":false},"yoast_head":"<!-- This site is optimized with the Yoast SEO plugin v27.5 - https:\/\/yoast.com\/product\/yoast-seo-wordpress\/ -->\n<title>Golfus de Roma - Teatre Condal<\/title>\n<meta name=\"robots\" content=\"index, follow, max-snippet:-1, max-image-preview:large, max-video-preview:-1\" \/>\n<link rel=\"canonical\" href=\"https:\/\/www.teatrecondal.cat\/ca\/ex\/golfus-de-roma-2\/\" \/>\n<script type=\"application\/ld+json\" class=\"yoast-schema-graph\">{\"@context\":\"https:\\\/\\\/schema.org\",\"@graph\":[{\"@type\":\"WebPage\",\"@id\":\"https:\\\/\\\/www.teatrecondal.cat\\\/ca\\\/ex\\\/golfus-de-roma-2\\\/\",\"url\":\"https:\\\/\\\/www.teatrecondal.cat\\\/ca\\\/ex\\\/golfus-de-roma-2\\\/\",\"name\":\"Golfus de Roma - Teatre Condal\",\"isPartOf\":{\"@id\":\"https:\\\/\\\/www.teatrecondal.cat\\\/ca\\\/#website\"},\"datePublished\":\"2024-04-11T14:09:16+00:00\",\"dateModified\":\"2024-04-11T15:41:45+00:00\",\"breadcrumb\":{\"@id\":\"https:\\\/\\\/www.teatrecondal.cat\\\/ca\\\/ex\\\/golfus-de-roma-2\\\/#breadcrumb\"},\"inLanguage\":\"ca\",\"potentialAction\":[{\"@type\":\"ReadAction\",\"target\":[\"https:\\\/\\\/www.teatrecondal.cat\\\/ca\\\/ex\\\/golfus-de-roma-2\\\/\"]}]},{\"@type\":\"BreadcrumbList\",\"@id\":\"https:\\\/\\\/www.teatrecondal.cat\\\/ca\\\/ex\\\/golfus-de-roma-2\\\/#breadcrumb\",\"itemListElement\":[{\"@type\":\"ListItem\",\"position\":1,\"name\":\"Inici\",\"item\":\"https:\\\/\\\/www.teatrecondal.cat\\\/ca\\\/\"},{\"@type\":\"ListItem\",\"position\":2,\"name\":\"Espectacles\",\"item\":\"https:\\\/\\\/www.teatrecondal.cat\\\/ca\\\/ex\\\/\"},{\"@type\":\"ListItem\",\"position\":3,\"name\":\"Golfus de Roma\"}]},{\"@type\":\"WebSite\",\"@id\":\"https:\\\/\\\/www.teatrecondal.cat\\\/ca\\\/#website\",\"url\":\"https:\\\/\\\/www.teatrecondal.cat\\\/ca\\\/\",\"name\":\"Teatre Condal\",\"description\":\"\",\"publisher\":{\"@id\":\"https:\\\/\\\/www.teatrecondal.cat\\\/ca\\\/#organization\"},\"potentialAction\":[{\"@type\":\"SearchAction\",\"target\":{\"@type\":\"EntryPoint\",\"urlTemplate\":\"https:\\\/\\\/www.teatrecondal.cat\\\/ca\\\/?s={search_term_string}\"},\"query-input\":{\"@type\":\"PropertyValueSpecification\",\"valueRequired\":true,\"valueName\":\"search_term_string\"}}],\"inLanguage\":\"ca\"},{\"@type\":\"Organization\",\"@id\":\"https:\\\/\\\/www.teatrecondal.cat\\\/ca\\\/#organization\",\"name\":\"Teatre Condal\",\"url\":\"https:\\\/\\\/www.teatrecondal.cat\\\/ca\\\/\",\"logo\":{\"@type\":\"ImageObject\",\"inLanguage\":\"ca\",\"@id\":\"https:\\\/\\\/www.teatrecondal.cat\\\/ca\\\/#\\\/schema\\\/logo\\\/image\\\/\",\"url\":\"https:\\\/\\\/www.teatrecondal.cat\\\/wp-content\\\/uploads\\\/sites\\\/3\\\/2017\\\/09\\\/teatre-condal-logo.svg\",\"contentUrl\":\"https:\\\/\\\/www.teatrecondal.cat\\\/wp-content\\\/uploads\\\/sites\\\/3\\\/2017\\\/09\\\/teatre-condal-logo.svg\",\"width\":1,\"height\":1,\"caption\":\"Teatre Condal\"},\"image\":{\"@id\":\"https:\\\/\\\/www.teatrecondal.cat\\\/ca\\\/#\\\/schema\\\/logo\\\/image\\\/\"},\"sameAs\":[\"http:\\\/\\\/www.facebook.com\\\/TeatreCondal\",\"https:\\\/\\\/x.com\\\/Teatre_Condal\",\"http:\\\/\\\/instagram.com\\\/teatre_condal\",\"http:\\\/\\\/www.youtube.com\\\/user\\\/TeatreCondal\"]}]}<\/script>\n<!-- \/ Yoast SEO plugin. -->","yoast_head_json":{"title":"Golfus de Roma - Teatre Condal","robots":{"index":"index","follow":"follow","max-snippet":"max-snippet:-1","max-image-preview":"max-image-preview:large","max-video-preview":"max-video-preview:-1"},"canonical":"https:\/\/www.teatrecondal.cat\/ca\/ex\/golfus-de-roma-2\/","schema":{"@context":"https:\/\/schema.org","@graph":[{"@type":"WebPage","@id":"https:\/\/www.teatrecondal.cat\/ca\/ex\/golfus-de-roma-2\/","url":"https:\/\/www.teatrecondal.cat\/ca\/ex\/golfus-de-roma-2\/","name":"Golfus de Roma - Teatre Condal","isPartOf":{"@id":"https:\/\/www.teatrecondal.cat\/ca\/#website"},"datePublished":"2024-04-11T14:09:16+00:00","dateModified":"2024-04-11T15:41:45+00:00","breadcrumb":{"@id":"https:\/\/www.teatrecondal.cat\/ca\/ex\/golfus-de-roma-2\/#breadcrumb"},"inLanguage":"ca","potentialAction":[{"@type":"ReadAction","target":["https:\/\/www.teatrecondal.cat\/ca\/ex\/golfus-de-roma-2\/"]}]},{"@type":"BreadcrumbList","@id":"https:\/\/www.teatrecondal.cat\/ca\/ex\/golfus-de-roma-2\/#breadcrumb","itemListElement":[{"@type":"ListItem","position":1,"name":"Inici","item":"https:\/\/www.teatrecondal.cat\/ca\/"},{"@type":"ListItem","position":2,"name":"Espectacles","item":"https:\/\/www.teatrecondal.cat\/ca\/ex\/"},{"@type":"ListItem","position":3,"name":"Golfus de Roma"}]},{"@type":"WebSite","@id":"https:\/\/www.teatrecondal.cat\/ca\/#website","url":"https:\/\/www.teatrecondal.cat\/ca\/","name":"Teatre Condal","description":"","publisher":{"@id":"https:\/\/www.teatrecondal.cat\/ca\/#organization"},"potentialAction":[{"@type":"SearchAction","target":{"@type":"EntryPoint","urlTemplate":"https:\/\/www.teatrecondal.cat\/ca\/?s={search_term_string}"},"query-input":{"@type":"PropertyValueSpecification","valueRequired":true,"valueName":"search_term_string"}}],"inLanguage":"ca"},{"@type":"Organization","@id":"https:\/\/www.teatrecondal.cat\/ca\/#organization","name":"Teatre Condal","url":"https:\/\/www.teatrecondal.cat\/ca\/","logo":{"@type":"ImageObject","inLanguage":"ca","@id":"https:\/\/www.teatrecondal.cat\/ca\/#\/schema\/logo\/image\/","url":"https:\/\/www.teatrecondal.cat\/wp-content\/uploads\/sites\/3\/2017\/09\/teatre-condal-logo.svg","contentUrl":"https:\/\/www.teatrecondal.cat\/wp-content\/uploads\/sites\/3\/2017\/09\/teatre-condal-logo.svg","width":1,"height":1,"caption":"Teatre Condal"},"image":{"@id":"https:\/\/www.teatrecondal.cat\/ca\/#\/schema\/logo\/image\/"},"sameAs":["http:\/\/www.facebook.com\/TeatreCondal","https:\/\/x.com\/Teatre_Condal","http:\/\/instagram.com\/teatre_condal","http:\/\/www.youtube.com\/user\/TeatreCondal"]}]}},"translations":[{"id":5018,"locale":"ca"},{"id":5019,"locale":"es"}],"_links":{"self":[{"href":"https:\/\/www.teatrecondal.cat\/ca\/wp-json\/wp\/v2\/ex\/5018","targetHints":{"allow":["GET"]}}],"collection":[{"href":"https:\/\/www.teatrecondal.cat\/ca\/wp-json\/wp\/v2\/ex"}],"about":[{"href":"https:\/\/www.teatrecondal.cat\/ca\/wp-json\/wp\/v2\/types\/ex"}],"author":[{"embeddable":true,"href":"https:\/\/www.teatrecondal.cat\/ca\/wp-json\/wp\/v2\/users\/2"}],"replies":[{"embeddable":true,"href":"https:\/\/www.teatrecondal.cat\/ca\/wp-json\/wp\/v2\/comments?post=5018"}],"acf:term":[{"embeddable":true,"taxonomy":"season","href":"https:\/\/www.teatrecondal.cat\/ca\/wp-json\/wp\/v2\/season\/41"}],"wp:attachment":[{"href":"https:\/\/www.teatrecondal.cat\/ca\/wp-json\/wp\/v2\/media?parent=5018"}],"curies":[{"name":"wp","href":"https:\/\/api.w.org\/{rel}","templated":true}]}}