{"id":3825,"date":"2022-04-27T10:20:52","date_gmt":"2022-04-27T08:20:52","guid":{"rendered":"https:\/\/pre.teatrecondal.cat\/ex\/\/el-diablo-cojuelo\/"},"modified":"2022-04-27T10:20:52","modified_gmt":"2022-04-27T08:20:52","slug":"el-diablo-cojuelo","status":"publish","type":"ex","link":"https:\/\/www.teatrecondal.cat\/ca\/ex\/el-diablo-cojuelo\/","title":{"rendered":"El Diablo Cojuelo"},"content":{"rendered":"","protected":false},"excerpt":{"rendered":"","protected":false},"author":2,"featured_media":0,"comment_status":"closed","ping_status":"open","template":"","class_list":["post-3825","ex","type-ex","status-publish","hentry","season-2021-22"],"acf":{"txt_synopsis":"<p>Els pallassos de RHUM els encarreguen fer un cl\u00e0ssic i s\u2019ho prenen com una gran ocasi\u00f3. No volen que els seus nets es diguin \u201cEl meu avi va comen\u00e7ar pallasso i d\u2019all\u00e0 no va passar\u201d. Volen que es diguin: \u201cEl meu avui va comen\u00e7ar pallasso, per\u00f2 es va esfor\u00e7ar i va acabar fent cl\u00e0ssics, que s\u00f3n la cultura, la dignitat i el futur\u201d. Escullen \u2013perqu\u00e8 no hi havia un altre a la llibreria- El diablo cojuelo de Luis V\u00e9lez de Guevara, subtitulat&nbsp; Novela de la otra vida traducida a esta. Aix\u00ed \u00e9s com comen\u00e7a a enredar-se \u2013o, m\u00e9s aviat, a renyir- dues trames: la de la boja obra de V\u00e9lez \u2013tractada amb molt respecte i amb alguna llibertat- i la d\u2019una companyia sempre a punt de fracassar \u2013 a l\u2019estil pallasso- en el seu esfor\u00e7 per portar-la a escena. <\/p>\n<p>I aix\u00ed \u00e9s com personatges del segle XVII i pallassos del XXI aixequen teulades i viatgen per les terres i els aires d\u2019una Espanya esperp\u00e8ntica.&nbsp; <br \/><\/p>\n<p>&nbsp;<\/p>","main_buy_link":"https:\/\/proticketing.com\/teatrecondal\/ca_ES\/entradas\/evento\/24093","main_buy_links":"[\"https:\/\/proticketing.com\/teatrecondal\/ca_ES\/entradas\/evento\/24093\"]","group_buy_link":"","show_language":"Espectacle en catal\u00e0 i castell\u00e0","show_duration":"90","show_start_date":"20220719000000","show_end_date":"20220807000000","show_sort_date":"20220714000000","txt_custom_show_dates":"fins al 7 d'agost de 2022","show_disciplines":"","show_ultimes_funcions":false,"hide_tarifes_especials":false,"show_properament":false,"txt_additional_info":"<p><i class=\"fa fa-deaf fa-2x fa-fw\"><\/i>Funci\u00f3 accessible: 6 d'agost a les 20:00h <\/p>\n<p>La funci\u00f3 comptar\u00e0 amb:<br \/>\u00b7 Audiodescripci\u00f3<br \/>\u00b7 Subtitulat<br \/>\u00b7 So amplificat amb auriculars<br \/>\u00b7 Bucle magn\u00e8tic individual<\/p>","txt_present":"","show_season":[40],"txt_season":"[\"2021\/22\"]","txt_cycle":"","txt_claim":"","txt_cast_excerpt":"","txt_cast":"<p>A partir de l\u2019obra de <strong>Luis V\u00e9lez de Guevara<\/strong> <br \/>Dramat\u00fargia: <strong>Juan Mayorga<\/strong>&nbsp; <br \/>Direcci\u00f3: <strong>Ester Nadal<\/strong>&nbsp; <br \/>Direcci\u00f3 i composici\u00f3 musical: <strong>RHUM&CIA<\/strong> <\/p>\n<p>Repartiment: <strong>Joan Arqu\u00e9, Roger Juli\u00e0, Xavi Lozano, Jordi Mart\u00ednez, Mauro Paganini i Piero Steiner<\/strong><br \/>Escenografia:&nbsp;<strong>Laura Clos<\/strong>&nbsp;<br \/>Vestuari: <strong>Nidia Tusal<\/strong>&nbsp; <br \/>Disseny il\u00b7luminaci\u00f3: <strong>Sylvia Kuchinow<\/strong> <br \/>Disseny so: <strong>Marc Santa<\/strong> <\/p>\n<p>Direcci\u00f3 de producci\u00f3: <strong>Carles Manrique (Velvet Events) <br \/><\/strong>Direcci\u00f3 t\u00e8cnica: <strong>Xavier Xipell \u201cXipi\u201d i \u00c0ngel Puertas<\/strong><\/p>\n<p>Ajudant de direcci\u00f3: <strong>Carla Tovias<\/strong> <br \/>Ajudant d\u2019escenografia: <strong>Sergi Corbera<\/strong> <br \/>Ajudant de vestuari: <strong>Maria Solsona<\/strong> <br \/>Ajudant de producci\u00f3\/ Regidor: <strong>Lluc Armengol<\/strong> <br \/>T\u00e8cnic de il\u00b7luminaci\u00f3: <strong>Alfons Mas<\/strong> <\/p>\n<p>Fotografies: <strong>David Ruano<\/strong> <br \/>Disseny gr\u00e0fic:&nbsp;<strong>Maria Picass\u00f3&nbsp;<\/strong> <\/p>\n<p>Distribuci\u00f3: <strong>Elena Blanco (Magn\u00e8tica Management)<\/strong>&nbsp; <br \/>Agra\u00efments: <strong>Toni Zamora i Can Boter<\/strong> <br \/>\u00c9s una coproducci\u00f3 de <strong>Compa\u00f1\u00eda Nacional de Teatro Cl\u00e1sico i Velvet Events<\/strong>.<\/p>\n<p>Espectacle patrocinat per <strong>Loter\u00edas y Apuestas del Estado<\/strong><\/p>\n<p>Amb la col\u00b7laboraci\u00f3 de <strong>l\u2019Ajuntament de Tiana i Teatre Sagarra - Ajuntament de Santa Coloma de Gramenet.<br \/><\/strong><\/p>","txt_reviews":"","hashtag":"ElDiabloCojuelo","have_promo":"","slogan":"","id_exhibicio":1905,"id_versio":1523,"id_local":3,"txt_seo_desc":"La companyia de Rhum&Cia presenten el seu espectacle El Diablo Cojuelo, basat en l'obra de Luis V\u00e9lez de Guevara i dirigit per Ester Nadal. Es representar\u00e0 al Teatre Condal a partir del 19 de juliol emmarcat en la programaci\u00f3 del Festival Grec de Barcelona 2022.","data_images":"[{\"localizer\":\"V3CARTELL\",\"url\":\"media\/ver\/cartell\/v3\/315DC\/01_085_00053607\/cartel-web-el-diablo-cojuelo-teatre-condal.jpg\",\"thumb_url\":\"media\/ver\/cartell\/v3\/315DC\/01_085_00053607\/cartel-web-el-diablo-cojuelo-teatre-condal_thumb.jpg\",\"title\":\"El Diablo Cojuelo - Teatre Condal - Festival Grec de Barcelona 2022\",\"description\":\"el diablo cojuelo al teatre condal de barcelona\",\"copyright\":\"\",\"order\":1},{\"localizer\":\"V3SLIDE\",\"url\":\"media\/ftgalslide\/v3\/315DC\/01_086_00053609\/David_Ruano_T22_El_diablo_cojuelo_008.jpg\",\"thumb_url\":\"media\/ftgalslide\/v3\/315DC\/01_086_00053609\/David_Ruano_T22_El_diablo_cojuelo_008_thumb.jpg\",\"title\":\"El Diablo Cojuelo - Teatre Condal\",\"description\":\"el diablo cojuelo al teatre condal de barcelona\",\"copyright\":\"https:\/\/www.youtube.com\/watch?v=Ob1lrEVii28&t=1s\",\"order\":3},{\"localizer\":\"V3SLIDE\",\"url\":\"media\/ftgalslide\/v3\/315DC\/01_086_00053610\/T22_El_diablo_cojuelo_078.jpg\",\"thumb_url\":\"media\/ftgalslide\/v3\/315DC\/01_086_00053610\/T22_El_diablo_cojuelo_078_thumb.jpg\",\"title\":\"El Diablo Cojuelo - Teatre Condal\",\"description\":\"el diablo cojuelo al teatre condal de barcelona\",\"copyright\":\"\",\"order\":4},{\"localizer\":\"V3PORTADA\",\"url\":\"media\/ver\/port\/v3\/315E0\/01_084_00054407\/1-el-diablo-cojuelo-teatre-condal-ultimes-funcions.jpg\",\"thumb_url\":\"media\/ver\/port\/v3\/315E0\/01_084_00054407\/1-el-diablo-cojuelo-teatre-condal-ultimes-funcions_thumb.jpg\",\"title\":\"El Diablo Cojuelo - Teatre Condal\",\"description\":\"el diablo cojuelo al teatre condal de barcelona\",\"copyright\":\"\",\"order\":5},{\"localizer\":\"V3PORTADAWIDE\",\"url\":\"media\/ver\/port\/v3wide\/315E0\/01_088_00054409\/0-el-diablo-cojuelo-teatre-condal-ultimes-funcions.jpg\",\"thumb_url\":\"media\/ver\/port\/v3wide\/315E0\/01_088_00054409\/0-el-diablo-cojuelo-teatre-condal-ultimes-funcions_thumb.jpg\",\"title\":\"El Diablo Cojuelo - Teatre Condal\",\"description\":\"el diablo cojuelo al teatre condal de barcelona\",\"copyright\":\"\",\"order\":6}]","material__texto_intro":"","data_material":null,"data_gallery":"","data_discounts":"[]","contract_is_open":false,"in_tour":false},"yoast_head":"<!-- This site is optimized with the Yoast SEO plugin v27.4 - https:\/\/yoast.com\/product\/yoast-seo-wordpress\/ -->\n<title>El Diablo Cojuelo - Teatre Condal<\/title>\n<meta name=\"robots\" content=\"index, follow, max-snippet:-1, max-image-preview:large, max-video-preview:-1\" \/>\n<link rel=\"canonical\" href=\"https:\/\/www.teatrecondal.cat\/ca\/ex\/el-diablo-cojuelo\/\" \/>\n<script type=\"application\/ld+json\" class=\"yoast-schema-graph\">{\"@context\":\"https:\\\/\\\/schema.org\",\"@graph\":[{\"@type\":\"WebPage\",\"@id\":\"https:\\\/\\\/www.teatrecondal.cat\\\/ca\\\/ex\\\/el-diablo-cojuelo\\\/\",\"url\":\"https:\\\/\\\/www.teatrecondal.cat\\\/ca\\\/ex\\\/el-diablo-cojuelo\\\/\",\"name\":\"El Diablo Cojuelo - Teatre Condal\",\"isPartOf\":{\"@id\":\"https:\\\/\\\/www.teatrecondal.cat\\\/ca\\\/#website\"},\"datePublished\":\"2022-04-27T08:20:52+00:00\",\"breadcrumb\":{\"@id\":\"https:\\\/\\\/www.teatrecondal.cat\\\/ca\\\/ex\\\/el-diablo-cojuelo\\\/#breadcrumb\"},\"inLanguage\":\"ca\",\"potentialAction\":[{\"@type\":\"ReadAction\",\"target\":[\"https:\\\/\\\/www.teatrecondal.cat\\\/ca\\\/ex\\\/el-diablo-cojuelo\\\/\"]}]},{\"@type\":\"BreadcrumbList\",\"@id\":\"https:\\\/\\\/www.teatrecondal.cat\\\/ca\\\/ex\\\/el-diablo-cojuelo\\\/#breadcrumb\",\"itemListElement\":[{\"@type\":\"ListItem\",\"position\":1,\"name\":\"Inici\",\"item\":\"https:\\\/\\\/www.teatrecondal.cat\\\/ca\\\/\"},{\"@type\":\"ListItem\",\"position\":2,\"name\":\"Espectacles\",\"item\":\"https:\\\/\\\/www.teatrecondal.cat\\\/ca\\\/ex\\\/\"},{\"@type\":\"ListItem\",\"position\":3,\"name\":\"El Diablo Cojuelo\"}]},{\"@type\":\"WebSite\",\"@id\":\"https:\\\/\\\/www.teatrecondal.cat\\\/ca\\\/#website\",\"url\":\"https:\\\/\\\/www.teatrecondal.cat\\\/ca\\\/\",\"name\":\"Teatre Condal\",\"description\":\"\",\"publisher\":{\"@id\":\"https:\\\/\\\/www.teatrecondal.cat\\\/ca\\\/#organization\"},\"potentialAction\":[{\"@type\":\"SearchAction\",\"target\":{\"@type\":\"EntryPoint\",\"urlTemplate\":\"https:\\\/\\\/www.teatrecondal.cat\\\/ca\\\/?s={search_term_string}\"},\"query-input\":{\"@type\":\"PropertyValueSpecification\",\"valueRequired\":true,\"valueName\":\"search_term_string\"}}],\"inLanguage\":\"ca\"},{\"@type\":\"Organization\",\"@id\":\"https:\\\/\\\/www.teatrecondal.cat\\\/ca\\\/#organization\",\"name\":\"Teatre Condal\",\"url\":\"https:\\\/\\\/www.teatrecondal.cat\\\/ca\\\/\",\"logo\":{\"@type\":\"ImageObject\",\"inLanguage\":\"ca\",\"@id\":\"https:\\\/\\\/www.teatrecondal.cat\\\/ca\\\/#\\\/schema\\\/logo\\\/image\\\/\",\"url\":\"https:\\\/\\\/www.teatrecondal.cat\\\/wp-content\\\/uploads\\\/sites\\\/3\\\/2017\\\/09\\\/teatre-condal-logo.svg\",\"contentUrl\":\"https:\\\/\\\/www.teatrecondal.cat\\\/wp-content\\\/uploads\\\/sites\\\/3\\\/2017\\\/09\\\/teatre-condal-logo.svg\",\"width\":1,\"height\":1,\"caption\":\"Teatre Condal\"},\"image\":{\"@id\":\"https:\\\/\\\/www.teatrecondal.cat\\\/ca\\\/#\\\/schema\\\/logo\\\/image\\\/\"},\"sameAs\":[\"http:\\\/\\\/www.facebook.com\\\/TeatreCondal\",\"https:\\\/\\\/x.com\\\/Teatre_Condal\",\"http:\\\/\\\/instagram.com\\\/teatre_condal\",\"http:\\\/\\\/www.youtube.com\\\/user\\\/TeatreCondal\"]}]}<\/script>\n<!-- \/ Yoast SEO plugin. -->","yoast_head_json":{"title":"El Diablo Cojuelo - Teatre Condal","robots":{"index":"index","follow":"follow","max-snippet":"max-snippet:-1","max-image-preview":"max-image-preview:large","max-video-preview":"max-video-preview:-1"},"canonical":"https:\/\/www.teatrecondal.cat\/ca\/ex\/el-diablo-cojuelo\/","schema":{"@context":"https:\/\/schema.org","@graph":[{"@type":"WebPage","@id":"https:\/\/www.teatrecondal.cat\/ca\/ex\/el-diablo-cojuelo\/","url":"https:\/\/www.teatrecondal.cat\/ca\/ex\/el-diablo-cojuelo\/","name":"El Diablo Cojuelo - Teatre Condal","isPartOf":{"@id":"https:\/\/www.teatrecondal.cat\/ca\/#website"},"datePublished":"2022-04-27T08:20:52+00:00","breadcrumb":{"@id":"https:\/\/www.teatrecondal.cat\/ca\/ex\/el-diablo-cojuelo\/#breadcrumb"},"inLanguage":"ca","potentialAction":[{"@type":"ReadAction","target":["https:\/\/www.teatrecondal.cat\/ca\/ex\/el-diablo-cojuelo\/"]}]},{"@type":"BreadcrumbList","@id":"https:\/\/www.teatrecondal.cat\/ca\/ex\/el-diablo-cojuelo\/#breadcrumb","itemListElement":[{"@type":"ListItem","position":1,"name":"Inici","item":"https:\/\/www.teatrecondal.cat\/ca\/"},{"@type":"ListItem","position":2,"name":"Espectacles","item":"https:\/\/www.teatrecondal.cat\/ca\/ex\/"},{"@type":"ListItem","position":3,"name":"El Diablo Cojuelo"}]},{"@type":"WebSite","@id":"https:\/\/www.teatrecondal.cat\/ca\/#website","url":"https:\/\/www.teatrecondal.cat\/ca\/","name":"Teatre Condal","description":"","publisher":{"@id":"https:\/\/www.teatrecondal.cat\/ca\/#organization"},"potentialAction":[{"@type":"SearchAction","target":{"@type":"EntryPoint","urlTemplate":"https:\/\/www.teatrecondal.cat\/ca\/?s={search_term_string}"},"query-input":{"@type":"PropertyValueSpecification","valueRequired":true,"valueName":"search_term_string"}}],"inLanguage":"ca"},{"@type":"Organization","@id":"https:\/\/www.teatrecondal.cat\/ca\/#organization","name":"Teatre Condal","url":"https:\/\/www.teatrecondal.cat\/ca\/","logo":{"@type":"ImageObject","inLanguage":"ca","@id":"https:\/\/www.teatrecondal.cat\/ca\/#\/schema\/logo\/image\/","url":"https:\/\/www.teatrecondal.cat\/wp-content\/uploads\/sites\/3\/2017\/09\/teatre-condal-logo.svg","contentUrl":"https:\/\/www.teatrecondal.cat\/wp-content\/uploads\/sites\/3\/2017\/09\/teatre-condal-logo.svg","width":1,"height":1,"caption":"Teatre Condal"},"image":{"@id":"https:\/\/www.teatrecondal.cat\/ca\/#\/schema\/logo\/image\/"},"sameAs":["http:\/\/www.facebook.com\/TeatreCondal","https:\/\/x.com\/Teatre_Condal","http:\/\/instagram.com\/teatre_condal","http:\/\/www.youtube.com\/user\/TeatreCondal"]}]}},"translations":[{"id":3825,"locale":"ca"},{"id":4243,"locale":"es"}],"_links":{"self":[{"href":"https:\/\/www.teatrecondal.cat\/ca\/wp-json\/wp\/v2\/ex\/3825","targetHints":{"allow":["GET"]}}],"collection":[{"href":"https:\/\/www.teatrecondal.cat\/ca\/wp-json\/wp\/v2\/ex"}],"about":[{"href":"https:\/\/www.teatrecondal.cat\/ca\/wp-json\/wp\/v2\/types\/ex"}],"author":[{"embeddable":true,"href":"https:\/\/www.teatrecondal.cat\/ca\/wp-json\/wp\/v2\/users\/2"}],"replies":[{"embeddable":true,"href":"https:\/\/www.teatrecondal.cat\/ca\/wp-json\/wp\/v2\/comments?post=3825"}],"acf:term":[{"embeddable":true,"taxonomy":"season","href":"https:\/\/www.teatrecondal.cat\/ca\/wp-json\/wp\/v2\/season\/40"}],"wp:attachment":[{"href":"https:\/\/www.teatrecondal.cat\/ca\/wp-json\/wp\/v2\/media?parent=3825"}],"curies":[{"name":"wp","href":"https:\/\/api.w.org\/{rel}","templated":true}]}}