{"id":3812,"date":"2021-12-07T14:48:36","date_gmt":"2021-12-07T13:48:36","guid":{"rendered":"https:\/\/pre.teatrecondal.cat\/ex\/\/master-xof\/"},"modified":"2025-10-06T16:57:09","modified_gmt":"2025-10-06T14:57:09","slug":"master-xof","status":"publish","type":"ex","link":"https:\/\/www.teatrecondal.cat\/ca\/ex\/master-xof\/","title":{"rendered":"Master Xof"},"content":{"rendered":"","protected":false},"excerpt":{"rendered":"","protected":false},"author":2,"featured_media":0,"comment_status":"closed","ping_status":"open","template":"","class_list":["post-3812","ex","type-ex","status-publish","hentry","season-2021-22"],"acf":{"txt_synopsis":"Amb el restaurant ple a vessar, JOAN PERA, amo i cap de cuina de La Perdiueta Eixerida, acaba de saber que la seva fam\u00edlia vol tancar i vendre el restaurant amb l\u2019excusa d\u2019una jubilaci\u00f3 que mai no ha volgut. Emprenyat i decebut es tanca a la cuina i decideix, sense ajuda de ning\u00fa, preparar un particular i divertit men\u00fa degustaci\u00f3 per demostrar que encara est\u00e0 en forma. <br \/>Darrere els fogons, amb simpatia, entre rialles i complicitats, el nostre MASTER XOF preparar\u00e0 per a tots nosaltres un men\u00fa d\u2019aquells que agraden a tothom... Per\u00f2 aquesta nit, i per sorpresa, hi haur\u00e0 dos misteriosos comensals que el trauran de polleguera. S\u2019haur\u00e0 de retirar o&nbsp; continuar\u00e0 sent el cuiner de les rialles de tota la vida?<br \/>","main_buy_link":"","main_buy_links":"","group_buy_link":"","show_language":"Espectacle en catal\u00e0","show_duration":"100","show_start_date":"20211225000000","show_end_date":"20220213000000","show_sort_date":"20211203000000","txt_custom_show_dates":"del 25 de desembre de 2021 al 13 de febrer de 2022","show_disciplines":"7","show_ultimes_funcions":false,"hide_tarifes_especials":false,"show_properament":false,"txt_additional_info":"","txt_present":"","show_season":[40],"txt_season":"[\"2021\/22\"]","txt_cycle":"","txt_claim":"Amb el restaurant ple a vessar, JOAN PERA, amo i cap de cuina de La Perdiueta Eixerida, acaba de saber que la seva fam\u00edlia vol tancar i vendre el restaurant amb l\u2019excusa d\u2019una jubilaci\u00f3 que mai no ha volgut.","txt_cast_excerpt":"","txt_cast":"<p>Autor: <strong>Joan Pera <\/strong><\/p>\n<p>Direcci\u00f3: <strong>Enric Llort<br \/><\/strong>Assessor c\u00f2mic: <strong>David Olivares<\/strong><\/p>\n<p>Repartiment:<br \/><strong>Joan Pera<\/strong><br \/>&nbsp;<br \/>Espai Esc\u00e8nic: <strong>Sebasti\u00e0 Brosa<br \/><\/strong>Vestuari i caracteritzaci\u00f3: <strong>N\u00faria Llunell<br \/><\/strong>Il\u00b7luminaci\u00f3: <strong>Ra\u00fal Mart\u00ednez<\/strong><br \/>Espai Sonor: <strong>Jordi Ballb\u00e9<\/strong><br \/>Ajudant de direcci\u00f3 i regidor: <strong>Blai Pera<\/strong><\/p>\n<p>Direcci\u00f3 de producci\u00f3: <strong>Maite Pijuan<\/strong><br \/>Producci\u00f3 executiva: <strong>Marina Vilardell<\/strong><br \/>Direcci\u00f3 d\u2019oficina t\u00e8cnica: <strong>Moi Cuenca<\/strong><br \/>Oficina t\u00e8cnica: <strong>David Ruiz<\/strong><\/p>\n<p>Elements espai esc\u00e8nic: <strong>Jorba-Mir\u00f3 S.c.p<\/strong><br \/>Atrezzo: <strong>Instal\u00b7lacions Matamala, Lloren\u00e7 Mas, Taller d\u2019Escenografia Castells<br \/><\/strong>Cap t\u00e8cnic del Teatre i operador de so: <strong>Jordi Ballb\u00e9<br \/><\/strong>T\u00e8cnics del teatre:&nbsp; <strong>V\u00edctor C\u00e1rdenas i V\u00edctor Bartolom\u00e9<\/strong><\/p>\n<p><br \/>Premsa: <strong>Albert L\u00f3pez i Judit Hern\u00e1ndez<\/strong><br \/>M\u00e0rqueting i comunicaci\u00f3: <strong>Publispec<\/strong><br \/>Disseny gr\u00e0fic: <strong>Santi&Kco<\/strong><br \/>Reportatge Fotogr\u00e0fic: <strong>David Ruano<\/strong><\/p>\n<p>Agra\u00efments: <strong>Montse Colomer<\/strong><\/p>\n<p><br \/>Col\u00b7laboradors: <strong>Smeg + Estrella Damm<\/strong><\/p>\n<p><strong><br \/><\/strong>\u00c9s una producci\u00f3 de <strong>Focus<\/strong><br \/><\/p>","txt_reviews":"","hashtag":"MasterXof","have_promo":"","slogan":"","id_exhibicio":1877,"id_versio":1500,"id_local":3,"txt_seo_desc":"Joan Pera protagonitza l'espectacle Master Xof al Teatre Condal de Barcelona","data_images":"[{\"localizer\":\"V3EXHBCARTELL\",\"url\":\"media\/ver\/cartell\/v3\/315DA\/01_085_00053201\/cartell-web-joan-pera-master-xof-teatre-condal.jpg\",\"thumb_url\":\"media\/ver\/cartell\/v3\/315DA\/01_085_00053201\/cartell-web-joan-pera-master-xof-teatre-condal_thumb.jpg\",\"title\":\"Master Xof - Teatre Condal\",\"description\":\"master xof al teatre condal de barcelona\",\"copyright\":\"\",\"order\":1},{\"localizer\":\"V3CARTELL\",\"url\":\"media\/ver\/cartell\/v3\/31580\/01_085_00052450\/cartell-web-joan-pera-master-xof-teatre-condal.jpg\",\"thumb_url\":\"media\/ver\/cartell\/v3\/31580\/01_085_00052450\/cartell-web-joan-pera-master-xof-teatre-condal_thumb.jpg\",\"title\":\"master xof - teatre condal\",\"description\":\"master xof al teatre condal de barcelona\",\"copyright\":\"\",\"order\":3},{\"localizer\":\"V3SLIDEDISTRI\",\"url\":\"media\/ftgalslide\/v3\/31580\/01_086_00052499\/I21_Pera_068_v5.jpg\",\"thumb_url\":\"media\/ftgalslide\/v3\/31580\/01_086_00052499\/I21_Pera_068_v5_thumb.jpg\",\"title\":\"Master Xof - Teatre Condal\",\"description\":\"master xof al teatre condal de barcelona\",\"copyright\":\"\",\"order\":5},{\"localizer\":\"V3PORTADAWIDE\",\"url\":\"media\/ver\/port\/v3wide\/315D9\/01_088_00052939\/PORTADA-0-.jpg\",\"thumb_url\":\"media\/ver\/port\/v3wide\/315D9\/01_088_00052939\/PORTADA-0-_thumb.jpg\",\"title\":\"master xof - teatre condal\",\"description\":\"master xoff al teatre condal de barcelona\",\"copyright\":\"\",\"order\":6},{\"localizer\":\"V2CARTELL\",\"url\":\"media\/ver\/cartell\/315D9\/01_079_00052956\/cartell-web-joan-pera-master-xof-teatre-condal.jpg\",\"thumb_url\":\"media\/ver\/cartell\/315D9\/01_079_00052956\/cartell-web-joan-pera-master-xof-teatre-condal_thumb.jpg\",\"title\":\"Master Xof - Teatre Condal\",\"description\":\"master xof al teatre condal de barcelona\",\"copyright\":\"\",\"order\":8},{\"localizer\":\"V3SLIDE\",\"url\":\"media\/ftgalslide\/v3\/315DA\/01_086_00053079\/I21_Master_Xof_046.jpg\",\"thumb_url\":\"media\/ftgalslide\/v3\/315DA\/01_086_00053079\/I21_Master_Xof_046_thumb.jpg\",\"title\":\"Master Xof - Teatre Condal\",\"description\":\"master xof al teatre condal de barcelona\",\"copyright\":\"\",\"order\":9},{\"localizer\":\"V3SLIDE\",\"url\":\"media\/ftgalslide\/v3\/315DA\/01_086_00053080\/I21_Master_Xof_041.jpg\",\"thumb_url\":\"media\/ftgalslide\/v3\/315DA\/01_086_00053080\/I21_Master_Xof_041_thumb.jpg\",\"title\":\"Master Xof - Teatre Condal\",\"description\":\"master xof al teatre condal de barcelona\",\"copyright\":\"\",\"order\":10},{\"localizer\":\"V3EXHBCARTELL\",\"url\":\"media\/ver\/cartell\/v3\/315DA\/01_085_00053153\/cartell-web-master-xof-teatre-goya.jpg\",\"thumb_url\":\"media\/ver\/cartell\/v3\/315DA\/01_085_00053153\/cartell-web-master-xof-teatre-goya_thumb.jpg\",\"title\":\"Master Xof - Teatre Goya\",\"description\":\"master xof al teatre goya de barcelona\",\"copyright\":\"\",\"order\":12},{\"localizer\":\"V3PORTADA\",\"url\":\"media\/ver\/port\/v3\/315DC\/01_084_00053597\/1-master-xof-teatre-goya-ultimes-funcions.jpg\",\"thumb_url\":\"media\/ver\/port\/v3\/315DC\/01_084_00053597\/1-master-xof-teatre-goya-ultimes-funcions_thumb.jpg\",\"title\":\"Master Xof - Teatre Goya\",\"description\":\"masterxof al teatre goya\",\"copyright\":\"\",\"order\":13}]","material__texto_intro":"","data_material":null,"data_gallery":"","data_discounts":"[]","contract_is_open":true,"in_tour":false},"yoast_head":"<!-- This site is optimized with the Yoast SEO plugin v27.4 - https:\/\/yoast.com\/product\/yoast-seo-wordpress\/ -->\n<title>Master Xof - Teatre Condal<\/title>\n<meta name=\"robots\" content=\"index, follow, max-snippet:-1, max-image-preview:large, max-video-preview:-1\" \/>\n<link rel=\"canonical\" href=\"https:\/\/www.teatrecondal.cat\/ca\/ex\/master-xof\/\" \/>\n<script type=\"application\/ld+json\" class=\"yoast-schema-graph\">{\"@context\":\"https:\\\/\\\/schema.org\",\"@graph\":[{\"@type\":\"WebPage\",\"@id\":\"https:\\\/\\\/www.teatrecondal.cat\\\/ca\\\/ex\\\/master-xof\\\/\",\"url\":\"https:\\\/\\\/www.teatrecondal.cat\\\/ca\\\/ex\\\/master-xof\\\/\",\"name\":\"Master Xof - Teatre Condal\",\"isPartOf\":{\"@id\":\"https:\\\/\\\/www.teatrecondal.cat\\\/ca\\\/#website\"},\"datePublished\":\"2021-12-07T13:48:36+00:00\",\"dateModified\":\"2025-10-06T14:57:09+00:00\",\"breadcrumb\":{\"@id\":\"https:\\\/\\\/www.teatrecondal.cat\\\/ca\\\/ex\\\/master-xof\\\/#breadcrumb\"},\"inLanguage\":\"ca\",\"potentialAction\":[{\"@type\":\"ReadAction\",\"target\":[\"https:\\\/\\\/www.teatrecondal.cat\\\/ca\\\/ex\\\/master-xof\\\/\"]}]},{\"@type\":\"BreadcrumbList\",\"@id\":\"https:\\\/\\\/www.teatrecondal.cat\\\/ca\\\/ex\\\/master-xof\\\/#breadcrumb\",\"itemListElement\":[{\"@type\":\"ListItem\",\"position\":1,\"name\":\"Inici\",\"item\":\"https:\\\/\\\/www.teatrecondal.cat\\\/ca\\\/\"},{\"@type\":\"ListItem\",\"position\":2,\"name\":\"Espectacles\",\"item\":\"https:\\\/\\\/www.teatrecondal.cat\\\/ca\\\/ex\\\/\"},{\"@type\":\"ListItem\",\"position\":3,\"name\":\"Master Xof\"}]},{\"@type\":\"WebSite\",\"@id\":\"https:\\\/\\\/www.teatrecondal.cat\\\/ca\\\/#website\",\"url\":\"https:\\\/\\\/www.teatrecondal.cat\\\/ca\\\/\",\"name\":\"Teatre Condal\",\"description\":\"\",\"publisher\":{\"@id\":\"https:\\\/\\\/www.teatrecondal.cat\\\/ca\\\/#organization\"},\"potentialAction\":[{\"@type\":\"SearchAction\",\"target\":{\"@type\":\"EntryPoint\",\"urlTemplate\":\"https:\\\/\\\/www.teatrecondal.cat\\\/ca\\\/?s={search_term_string}\"},\"query-input\":{\"@type\":\"PropertyValueSpecification\",\"valueRequired\":true,\"valueName\":\"search_term_string\"}}],\"inLanguage\":\"ca\"},{\"@type\":\"Organization\",\"@id\":\"https:\\\/\\\/www.teatrecondal.cat\\\/ca\\\/#organization\",\"name\":\"Teatre Condal\",\"url\":\"https:\\\/\\\/www.teatrecondal.cat\\\/ca\\\/\",\"logo\":{\"@type\":\"ImageObject\",\"inLanguage\":\"ca\",\"@id\":\"https:\\\/\\\/www.teatrecondal.cat\\\/ca\\\/#\\\/schema\\\/logo\\\/image\\\/\",\"url\":\"https:\\\/\\\/www.teatrecondal.cat\\\/wp-content\\\/uploads\\\/sites\\\/3\\\/2017\\\/09\\\/teatre-condal-logo.svg\",\"contentUrl\":\"https:\\\/\\\/www.teatrecondal.cat\\\/wp-content\\\/uploads\\\/sites\\\/3\\\/2017\\\/09\\\/teatre-condal-logo.svg\",\"width\":1,\"height\":1,\"caption\":\"Teatre Condal\"},\"image\":{\"@id\":\"https:\\\/\\\/www.teatrecondal.cat\\\/ca\\\/#\\\/schema\\\/logo\\\/image\\\/\"},\"sameAs\":[\"http:\\\/\\\/www.facebook.com\\\/TeatreCondal\",\"https:\\\/\\\/x.com\\\/Teatre_Condal\",\"http:\\\/\\\/instagram.com\\\/teatre_condal\",\"http:\\\/\\\/www.youtube.com\\\/user\\\/TeatreCondal\"]}]}<\/script>\n<!-- \/ Yoast SEO plugin. -->","yoast_head_json":{"title":"Master Xof - Teatre Condal","robots":{"index":"index","follow":"follow","max-snippet":"max-snippet:-1","max-image-preview":"max-image-preview:large","max-video-preview":"max-video-preview:-1"},"canonical":"https:\/\/www.teatrecondal.cat\/ca\/ex\/master-xof\/","schema":{"@context":"https:\/\/schema.org","@graph":[{"@type":"WebPage","@id":"https:\/\/www.teatrecondal.cat\/ca\/ex\/master-xof\/","url":"https:\/\/www.teatrecondal.cat\/ca\/ex\/master-xof\/","name":"Master Xof - Teatre Condal","isPartOf":{"@id":"https:\/\/www.teatrecondal.cat\/ca\/#website"},"datePublished":"2021-12-07T13:48:36+00:00","dateModified":"2025-10-06T14:57:09+00:00","breadcrumb":{"@id":"https:\/\/www.teatrecondal.cat\/ca\/ex\/master-xof\/#breadcrumb"},"inLanguage":"ca","potentialAction":[{"@type":"ReadAction","target":["https:\/\/www.teatrecondal.cat\/ca\/ex\/master-xof\/"]}]},{"@type":"BreadcrumbList","@id":"https:\/\/www.teatrecondal.cat\/ca\/ex\/master-xof\/#breadcrumb","itemListElement":[{"@type":"ListItem","position":1,"name":"Inici","item":"https:\/\/www.teatrecondal.cat\/ca\/"},{"@type":"ListItem","position":2,"name":"Espectacles","item":"https:\/\/www.teatrecondal.cat\/ca\/ex\/"},{"@type":"ListItem","position":3,"name":"Master Xof"}]},{"@type":"WebSite","@id":"https:\/\/www.teatrecondal.cat\/ca\/#website","url":"https:\/\/www.teatrecondal.cat\/ca\/","name":"Teatre Condal","description":"","publisher":{"@id":"https:\/\/www.teatrecondal.cat\/ca\/#organization"},"potentialAction":[{"@type":"SearchAction","target":{"@type":"EntryPoint","urlTemplate":"https:\/\/www.teatrecondal.cat\/ca\/?s={search_term_string}"},"query-input":{"@type":"PropertyValueSpecification","valueRequired":true,"valueName":"search_term_string"}}],"inLanguage":"ca"},{"@type":"Organization","@id":"https:\/\/www.teatrecondal.cat\/ca\/#organization","name":"Teatre Condal","url":"https:\/\/www.teatrecondal.cat\/ca\/","logo":{"@type":"ImageObject","inLanguage":"ca","@id":"https:\/\/www.teatrecondal.cat\/ca\/#\/schema\/logo\/image\/","url":"https:\/\/www.teatrecondal.cat\/wp-content\/uploads\/sites\/3\/2017\/09\/teatre-condal-logo.svg","contentUrl":"https:\/\/www.teatrecondal.cat\/wp-content\/uploads\/sites\/3\/2017\/09\/teatre-condal-logo.svg","width":1,"height":1,"caption":"Teatre Condal"},"image":{"@id":"https:\/\/www.teatrecondal.cat\/ca\/#\/schema\/logo\/image\/"},"sameAs":["http:\/\/www.facebook.com\/TeatreCondal","https:\/\/x.com\/Teatre_Condal","http:\/\/instagram.com\/teatre_condal","http:\/\/www.youtube.com\/user\/TeatreCondal"]}]}},"translations":[{"id":3812,"locale":"ca"},{"id":4230,"locale":"es"}],"_links":{"self":[{"href":"https:\/\/www.teatrecondal.cat\/ca\/wp-json\/wp\/v2\/ex\/3812","targetHints":{"allow":["GET"]}}],"collection":[{"href":"https:\/\/www.teatrecondal.cat\/ca\/wp-json\/wp\/v2\/ex"}],"about":[{"href":"https:\/\/www.teatrecondal.cat\/ca\/wp-json\/wp\/v2\/types\/ex"}],"author":[{"embeddable":true,"href":"https:\/\/www.teatrecondal.cat\/ca\/wp-json\/wp\/v2\/users\/2"}],"replies":[{"embeddable":true,"href":"https:\/\/www.teatrecondal.cat\/ca\/wp-json\/wp\/v2\/comments?post=3812"}],"acf:term":[{"embeddable":true,"taxonomy":"season","href":"https:\/\/www.teatrecondal.cat\/ca\/wp-json\/wp\/v2\/season\/40"}],"wp:attachment":[{"href":"https:\/\/www.teatrecondal.cat\/ca\/wp-json\/wp\/v2\/media?parent=3812"}],"curies":[{"name":"wp","href":"https:\/\/api.w.org\/{rel}","templated":true}]}}