{"id":3776,"date":"2020-01-14T10:05:39","date_gmt":"2020-01-14T09:05:39","guid":{"rendered":"https:\/\/pre.teatrecondal.cat\/ex\/\/desconcerto-2\/"},"modified":"2020-01-14T10:05:39","modified_gmt":"2020-01-14T09:05:39","slug":"desconcerto-2","status":"publish","type":"ex","link":"https:\/\/www.teatrecondal.cat\/ca\/ex\/desconcerto-2\/","title":{"rendered":"DESCONCERTO"},"content":{"rendered":"","protected":false},"excerpt":{"rendered":"","protected":false},"author":2,"featured_media":0,"comment_status":"closed","ping_status":"open","template":"","class_list":["post-3776","ex","type-ex","status-publish","hentry","season-2019-20"],"acf":{"txt_synopsis":"<p>Amb el bagatge de l\u2019experi\u00e8ncia i amb la \u201csolv\u00e8ncia contrastada\u201d de l\u2019espectacle Concerto a Tempo d\u2019Umore, a DESCONCERTO es fa un pas m\u00e9s enll\u00e0 en la dificultat, amb m\u00e9s moviment i acci\u00f3 esc\u00e8nica i seguint la l\u00ednia d\u2019apropar i endinsar al gran p\u00fablic en la m\u00fasica cl\u00e0ssica a trav\u00e9s d\u2019una experi\u00e8ncia \u00fanica, h\u00edbrida, fruit de l\u2019encreuament impossible del ritme i l\u2019expressivitat del teatre gestual, la delicadesa dels autors cl\u00e0ssics i la dificultat de la seva interpretaci\u00f3, amb virtuosisme, imaginaci\u00f3 i riures. <\/p>\n<p>Aix\u00f2 \u00e9s el que ens proposen Jordi Purt\u00ed i l\u2019Orquestra de Cambra de l\u2019Empord\u00e0. Tot comen\u00e7a quan s\u2019obre el tel\u00f3 i els m\u00fasics son atrapats per sorpresa, en l\u2019espera del Director d\u2019orquestra.Un a un van fent la seva presentaci\u00f3, fent una versi\u00f3 d\u2019un cl\u00e0ssic de Mozart, amb caracter\u00edstiques musicals de diferents pa\u00efsos i continents. Un cop arriba el Director s\u2019inicia la lluita entre el seu repertori i el de l\u2019orquestra. Amb aix\u00f2 es van alternant les dues propostes:repertori de partitura original i repertori a partir de l\u2019original amb variacions i improvisacions.<\/p>\n<p>Hi ha una hist\u00f2ria d\u2019amor i desamor, una lluita de virtuosisme, les quatre estacions de Vivaldi abreviades, una persecuci\u00f3 musical i gestual, la platea que assaja, la venjan\u00e7a del Director a trav\u00e9s d\u2019un comandament... M\u00fasica i humor gestual.<br \/>&nbsp;<br \/>Un concert teatral dirigit, pensat i adequat per a tots els p\u00fablics,&nbsp; en un espectacle recomanable tant als amants de la m\u00fasica com als que creuen que desconeixen els cl\u00e0ssics i pels que els descobriran. Una invitaci\u00f3 a deixar-se seduir per 13 musics-actors que interpreten un repertori musical imprescindible.<\/p>","main_buy_link":"https:\/\/grupfocus.4tickets.es\/TeatreCondal\/public\/janto\/?Nivel=Evento&idEvento=CON63&Idioma=CA","main_buy_links":"","group_buy_link":"","show_language":"Espectacle en catal\u00e0","show_duration":"75","show_start_date":"20200417000000","show_end_date":"20200510000000","show_sort_date":"20200608000000","txt_custom_show_dates":"fins al 10 de maig de 2020","show_disciplines":"","show_ultimes_funcions":false,"hide_tarifes_especials":false,"show_properament":false,"txt_additional_info":"","txt_present":"","show_season":[63],"txt_season":"[\"2019\/20\"]","txt_cycle":"","txt_claim":"","txt_cast_excerpt":"","txt_cast":"<p>Autor i director art\u00edstic:<strong> Jordi Purt\u00ed<\/strong><br \/>Orquestra:<br \/>Director: <strong>Jordi Purt\u00ed<br \/><\/strong>Primer concertino: <strong>Naeon Kim<\/strong><br \/>Viol\u00ed 1\u00ba: <strong>Nacho Lezcano<\/strong>, <strong>Natalia Klymyshyn<\/strong>, <strong>Cec\u00edlia Burguera<\/strong><br \/>Cap de violins 2\u00ba: <strong>David Sanmart\u00ed<\/strong><br \/>Viol\u00ed 2\u00ba: <strong>Tamara Ca\u00f1o<\/strong>, <strong>Sergi Ru\u00edz<\/strong><br \/>Cap de violoncels: <strong>Queralt Garcia<\/strong><br \/>Violoncel: <strong>Carles Coll Bard\u00e9s<\/strong><br \/>Cap de violes: <strong>Tigran Yeritsyan<\/strong><br \/>Viola: <strong>M\u00f3nica Cruzata<\/strong><br \/>Principal contrabaixos: <strong>Dmitry Yaroslavtsev<\/strong><\/p>\n<p>Arranjaments musicals: <strong>Carles Coll Costa<\/strong>, <strong>Santi Escura<\/strong>, <strong>Naeon Kim<\/strong>, <strong>David Sanmart\u00ed<\/strong><br \/>Disseny d\u2019il\u00b7luminaci\u00f3: <strong>Jordi Purt\u00ed<\/strong>, <strong>\u00c0ngel Puertas<\/strong><\/p>\n<p>C\u00e0p t\u00e8cnic del teatre: <strong>Jordi Ballb\u00e9<\/strong><\/p>\n<p>Premsa: <strong>L\u00eddia Gim\u00e9nez<\/strong> i <strong>Albert L\u00f3pez<\/strong><br \/>M\u00e0rqueting i comunicaci\u00f3: <strong>Publiespec <\/strong><br \/>Disseny gr\u00e0fic:<strong> Santi&kco<br \/><br \/><\/strong>Producci\u00f3: <strong>Jordi Purt\u00ed <\/strong>i <strong>Orquestra de Cambra de l'Empord\u00e0<\/strong><\/p>","txt_reviews":"","hashtag":"desconcerto","have_promo":"","slogan":"","id_exhibicio":1729,"id_versio":1219,"id_local":3,"txt_seo_desc":"'Desconcerto' arriba al Teatre Condal de Barcelona. Autoria i direcci\u00f3 de Jordi Purt\u00ed, compta amb l'Orquestra de Cambra de l'Empord\u00e0.","data_images":"[{\"localizer\":\"V2CARTELL\",\"url\":\"media\/ver\/cartell\/313EA\/01_079_00041211\/405x579_concderto01.jpg\",\"thumb_url\":\"media\/ver\/cartell\/313EA\/01_079_00041211\/405x579_concderto01_thumb.jpg\",\"title\":\"DESCONCERTO\",\"description\":\"DESCONCERTO\",\"copyright\":\"\",\"order\":2},{\"localizer\":\"V2SLIDE\",\"url\":\"media\/ftgalslide\/313EA\/01_076_00041213\/desconcerto_vertical.jpg\",\"thumb_url\":\"media\/ftgalslide\/313EA\/01_076_00041213\/desconcerto_vertical_thumb.jpg\",\"title\":\"DESCONCERTO\",\"description\":\"Teatre Condal\",\"copyright\":\"\",\"order\":4},{\"localizer\":\"V2SLIDE\",\"url\":\"media\/ftgalslide\/313EA\/01_076_00041214\/ASSAIGOCE_0025.jpg\",\"thumb_url\":\"media\/ftgalslide\/313EA\/01_076_00041214\/ASSAIGOCE_0025_thumb.jpg\",\"title\":\"DESCONCERTO\",\"description\":\"Teatre Condal\",\"copyright\":\"\",\"order\":4},{\"localizer\":\"V2SLIDE\",\"url\":\"media\/ftgalslide\/313EA\/01_076_00041215\/ASSAIGOCE_0192.jpg\",\"thumb_url\":\"media\/ftgalslide\/313EA\/01_076_00041215\/ASSAIGOCE_0192_thumb.jpg\",\"title\":\"DESCONCERTO\",\"description\":\"Teatre Condal\",\"copyright\":\"\",\"order\":5},{\"localizer\":\"V2SLIDE\",\"url\":\"media\/ftgalslide\/313EA\/01_076_00041216\/ASSAIGOCE_0252.jpg\",\"thumb_url\":\"media\/ftgalslide\/313EA\/01_076_00041216\/ASSAIGOCE_0252_thumb.jpg\",\"title\":\"DESCONCERTO\",\"description\":\"Teatre Condal\",\"copyright\":\"\",\"order\":6},{\"localizer\":\"V2SLIDE\",\"url\":\"media\/ftgalslide\/313EA\/01_076_00041217\/ASSAIGOCE_0337.jpg\",\"thumb_url\":\"media\/ftgalslide\/313EA\/01_076_00041217\/ASSAIGOCE_0337_thumb.jpg\",\"title\":\"DESCONCERTO\",\"description\":\"Teatre Condal\",\"copyright\":\"\",\"order\":7},{\"localizer\":\"V2SLIDE\",\"url\":\"media\/ftgalslide\/313EA\/01_076_00041218\/ASSAIGOCE_0443.jpg\",\"thumb_url\":\"media\/ftgalslide\/313EA\/01_076_00041218\/ASSAIGOCE_0443_thumb.jpg\",\"title\":\"DESCONCERTO\",\"description\":\"Teatre Condal\",\"copyright\":\"\",\"order\":8},{\"localizer\":\"V2SLIDE\",\"url\":\"media\/ftgalslide\/313EA\/01_076_00041219\/ASSAIGOCE_0536_2.jpg\",\"thumb_url\":\"media\/ftgalslide\/313EA\/01_076_00041219\/ASSAIGOCE_0536_2_thumb.jpg\",\"title\":\"DESCONCERTO\",\"description\":\"Teatre Condal\",\"copyright\":\"\",\"order\":9},{\"localizer\":\"V2SLIDE\",\"url\":\"media\/ftgalslide\/313EA\/01_076_00041220\/ASSAIGOCE_0542.jpg\",\"thumb_url\":\"media\/ftgalslide\/313EA\/01_076_00041220\/ASSAIGOCE_0542_thumb.jpg\",\"title\":\"DESCONCERTO\",\"description\":\"Teatre Condal\",\"copyright\":\"\",\"order\":10},{\"localizer\":\"V2SLIDE\",\"url\":\"media\/ftgalslide\/313EA\/01_076_00041221\/ASSAIGOCE_0678.jpg\",\"thumb_url\":\"media\/ftgalslide\/313EA\/01_076_00041221\/ASSAIGOCE_0678_thumb.jpg\",\"title\":\"DESCONCERTO\",\"description\":\"Teatre Condal\",\"copyright\":\"\",\"order\":11},{\"localizer\":\"VERS_IMATGE_ESPECTACLE\",\"url\":\"media\/ftespect\/313EA\/01_020_00041222\/ASSAIGOCE_0025.jpg\",\"thumb_url\":\"media\/ftespect\/313EA\/01_020_00041222\/ASSAIGOCE_0025_thumb.jpg\",\"title\":\"DESCONCERTO\",\"description\":\"DESCONCERTO\",\"copyright\":\"\",\"order\":12},{\"localizer\":\"VERS_IMATGE_ESPECTACLE\",\"url\":\"media\/ftespect\/313EA\/01_020_00041223\/ASSAIGOCE_0192.jpg\",\"thumb_url\":\"media\/ftespect\/313EA\/01_020_00041223\/ASSAIGOCE_0192_thumb.jpg\",\"title\":\"DESCONCERTO\",\"description\":\"DESCONCERTO\",\"copyright\":\"\",\"order\":13},{\"localizer\":\"VERS_IMATGE_ESPECTACLE\",\"url\":\"media\/ftespect\/313EA\/01_020_00041224\/ASSAIGOCE_0252.jpg\",\"thumb_url\":\"media\/ftespect\/313EA\/01_020_00041224\/ASSAIGOCE_0252_thumb.jpg\",\"title\":\"DESCONCERTO\",\"description\":\"DESCONCERTO\",\"copyright\":\"\",\"order\":14},{\"localizer\":\"VERS_IMATGE_ESPECTACLE\",\"url\":\"media\/ftespect\/313EA\/01_020_00041225\/ASSAIGOCE_0337.jpg\",\"thumb_url\":\"media\/ftespect\/313EA\/01_020_00041225\/ASSAIGOCE_0337_thumb.jpg\",\"title\":\"DESCONCERTO\",\"description\":\"DESCONCERTO\",\"copyright\":\"\",\"order\":15},{\"localizer\":\"VERS_IMATGE_ESPECTACLE\",\"url\":\"media\/ftespect\/313EA\/01_020_00041226\/ASSAIGOCE_0443.jpg\",\"thumb_url\":\"media\/ftespect\/313EA\/01_020_00041226\/ASSAIGOCE_0443_thumb.jpg\",\"title\":\"DESCONCERTO\",\"description\":\"DESCONCERTO\",\"copyright\":\"\",\"order\":16},{\"localizer\":\"VERS_IMATGE_ESPECTACLE\",\"url\":\"media\/ftespect\/313EA\/01_020_00041227\/ASSAIGOCE_05362.jpg\",\"thumb_url\":\"media\/ftespect\/313EA\/01_020_00041227\/ASSAIGOCE_05362_thumb.jpg\",\"title\":\"DESCONCERTO\",\"description\":\"DESCONCERTO\",\"copyright\":\"\",\"order\":17},{\"localizer\":\"VERS_IMATGE_ESPECTACLE\",\"url\":\"media\/ftespect\/313EA\/01_020_00041228\/ASSAIGOCE_0542.jpg\",\"thumb_url\":\"media\/ftespect\/313EA\/01_020_00041228\/ASSAIGOCE_0542_thumb.jpg\",\"title\":\"DESCONCERTO\",\"description\":\"DESCONCERTO\",\"copyright\":\"\",\"order\":18},{\"localizer\":\"VERS_IMATGE_ESPECTACLE\",\"url\":\"media\/ftespect\/313EA\/01_020_00041229\/ASSAIGOCE_0546.jpg\",\"thumb_url\":\"media\/ftespect\/313EA\/01_020_00041229\/ASSAIGOCE_0546_thumb.jpg\",\"title\":\"DESCONCERTO\",\"description\":\"DESCONCERTO\",\"copyright\":\"\",\"order\":19},{\"localizer\":\"VERS_IMATGE_ESPECTACLE\",\"url\":\"media\/ftespect\/313EA\/01_020_00041230\/ASSAIGOCE_0631.jpg\",\"thumb_url\":\"media\/ftespect\/313EA\/01_020_00041230\/ASSAIGOCE_0631_thumb.jpg\",\"title\":\"DESCONCERTO\",\"description\":\"DESCONCERTO\",\"copyright\":\"\",\"order\":20},{\"localizer\":\"VERS_IMATGE_ESPECTACLE\",\"url\":\"media\/ftespect\/313EA\/01_020_00041231\/ASSAIGOCE_0678.jpg\",\"thumb_url\":\"media\/ftespect\/313EA\/01_020_00041231\/ASSAIGOCE_0678_thumb.jpg\",\"title\":\"DESCONCERTO\",\"description\":\"DESCONCERTO\",\"copyright\":\"\",\"order\":21},{\"localizer\":\"VERS_IMATGE_ESPECTACLE\",\"url\":\"media\/ftespect\/313EA\/01_020_00041232\/desconcertohoritzontal.jpg\",\"thumb_url\":\"media\/ftespect\/313EA\/01_020_00041232\/desconcertohoritzontal_thumb.jpg\",\"title\":\"DESCONCERTO\",\"description\":\"DESCONCERTO\",\"copyright\":\"\",\"order\":22},{\"localizer\":\"VERS_IMATGE_ESPECTACLE\",\"url\":\"media\/ftespect\/313EA\/01_020_00041233\/desconcertovertical.jpg\",\"thumb_url\":\"media\/ftespect\/313EA\/01_020_00041233\/desconcertovertical_thumb.jpg\",\"title\":\"DESCONCERTO\",\"description\":\"DESCONCERTO\",\"copyright\":\"\",\"order\":23},{\"localizer\":\"V2PORTADA\",\"url\":\"media\/ver\/port\/313EE\/01_078_00042722\/581x327_desconcerto01_v4.jpg\",\"thumb_url\":\"media\/ver\/port\/313EE\/01_078_00042722\/581x327_desconcerto01_v4_thumb.jpg\",\"title\":\"DESCONCERTO\",\"description\":\"DESCONCERTO\",\"copyright\":\"\",\"order\":25},{\"localizer\":\"V3SLIDE\",\"url\":\"media\/ftgalslide\/v3\/31512\/01_086_00050358\/Desconcerto.jpg\",\"thumb_url\":\"media\/ftgalslide\/v3\/31512\/01_086_00050358\/Desconcerto_thumb.jpg\",\"title\":\"Desconcerto - Teatre Condal\",\"description\":\"desconcerto al teatre condal de barcelona \",\"copyright\":\"https:\/\/youtu.be\/0M0IfjSIdMs\",\"order\":35},{\"localizer\":\"V3SLIDE\",\"url\":\"media\/ftgalslide\/v3\/31512\/01_086_00050345\/_PIC1845.jpg\",\"thumb_url\":\"media\/ftgalslide\/v3\/31512\/01_086_00050345\/_PIC1845_thumb.jpg\",\"title\":\"Desconcerto - Teatre Condal\",\"description\":\"desconcerto al teatre condal de barcelona\",\"copyright\":\"\",\"order\":36},{\"localizer\":\"V3SLIDE\",\"url\":\"media\/ftgalslide\/v3\/31512\/01_086_00050346\/_PIC1797.jpg\",\"thumb_url\":\"media\/ftgalslide\/v3\/31512\/01_086_00050346\/_PIC1797_thumb.jpg\",\"title\":\"Desconcerto - Teatre Condal\",\"description\":\"desconcerto al teatre condal de barcelona\",\"copyright\":\"\",\"order\":37},{\"localizer\":\"V3SLIDE\",\"url\":\"media\/ftgalslide\/v3\/31512\/01_086_00050347\/_PIC1911.jpg\",\"thumb_url\":\"media\/ftgalslide\/v3\/31512\/01_086_00050347\/_PIC1911_thumb.jpg\",\"title\":\"Desconcerto -Teatre Condal\",\"description\":\"desconcerto al teatre condal de barcelona\",\"copyright\":\"\",\"order\":38},{\"localizer\":\"V3SLIDE\",\"url\":\"media\/ftgalslide\/v3\/31512\/01_086_00050348\/_PIC1985.jpg\",\"thumb_url\":\"media\/ftgalslide\/v3\/31512\/01_086_00050348\/_PIC1985_thumb.jpg\",\"title\":\"Desconcerto - Teatre Condal\",\"description\":\"desconcerto al teatre condal de barcelona\",\"copyright\":\"\",\"order\":39},{\"localizer\":\"V3SLIDE\",\"url\":\"media\/ftgalslide\/v3\/31512\/01_086_00050349\/_PIC2253.jpg\",\"thumb_url\":\"media\/ftgalslide\/v3\/31512\/01_086_00050349\/_PIC2253_thumb.jpg\",\"title\":\"Desconcerto - Teatre Condal\",\"description\":\"desconcerto al teatre condal de barcelona\",\"copyright\":\"\",\"order\":40},{\"localizer\":\"V3SLIDE\",\"url\":\"media\/ftgalslide\/v3\/31512\/01_086_00050350\/ASSAIGOCE_0337.jpg\",\"thumb_url\":\"media\/ftgalslide\/v3\/31512\/01_086_00050350\/ASSAIGOCE_0337_thumb.jpg\",\"title\":\"Desconcerto - Teatre Condal\",\"description\":\"desconcerto al teatre condal de barcelona\",\"copyright\":\"\",\"order\":41},{\"localizer\":\"V3SLIDE\",\"url\":\"media\/ftgalslide\/v3\/31512\/01_086_00050351\/P1370712.jpg\",\"thumb_url\":\"media\/ftgalslide\/v3\/31512\/01_086_00050351\/P1370712_thumb.jpg\",\"title\":\"Desconcerto - Teatre Condal\",\"description\":\"desconcerto al teatre condal de barcelona\",\"copyright\":\"\",\"order\":42},{\"localizer\":\"V3CARTELL\",\"url\":\"media\/ver\/cartell\/v3\/31512\/01_085_00050363\/cartell-web-desconcerto-teatre-condal-barcelona.jpg\",\"thumb_url\":\"media\/ver\/cartell\/v3\/31512\/01_085_00050363\/cartell-web-desconcerto-teatre-condal-barcelona_thumb.jpg\",\"title\":\"Desconcerto - Teatre Condal\",\"description\":\"Desconcerto al teatre condal de barcelona amb la orquestra cambra del emporda\",\"copyright\":\"\",\"order\":43},{\"localizer\":\"V3PORTADAWIDE\",\"url\":\"media\/ver\/port\/v3wide\/31512\/01_088_00050364\/0-desconcerto-teatre-condal-barcelona.jpg\",\"thumb_url\":\"media\/ver\/port\/v3wide\/31512\/01_088_00050364\/0-desconcerto-teatre-condal-barcelona_thumb.jpg\",\"title\":\"Desconcerto - Teatre Condal\",\"description\":\"Desconcerto al teatre condal de barcelona amb la orquestra cambra del emporda\",\"copyright\":\"\",\"order\":44},{\"localizer\":\"V3PORTADA\",\"url\":\"media\/ver\/port\/v3\/31514\/01_084_00050487\/1-desconcerto-teatre-condal-barcelona.jpg\",\"thumb_url\":\"media\/ver\/port\/v3\/31514\/01_084_00050487\/1-desconcerto-teatre-condal-barcelona_thumb.jpg\",\"title\":\"Desconcerto - Teatre Condal\",\"description\":\"Desconcerto al teatre condal de barcelona\",\"copyright\":\"\",\"order\":48}]","material__texto_intro":"","data_material":null,"data_gallery":"","data_discounts":"[{\"InfoAddicional\":\"<p><strong>Descomptes per a grups i escoles<br \/><\/strong><\/p>\",\"Url\":\"https:\/\/www.promentrada.com\/ca\/product\/{#CODI#}\",\"Codi\":\"https:\/\/www.promentrada.com\/ca\/product\/3730\/?zone=1&category=8\",\"LogoUrl\":\"media\/fimage\/31389\/01_005_00038530\/logo_prome_nuevo_v_web.jpg\",\"TitolBoto\":\"Descomptes per a grups i escoles\",\"Type\":\"discount\"},{\"InfoAddicional\":\"<p><strong>Descomptes per a particulars<br \/><\/strong><\/p>\",\"Url\":\"vip.promentrada.com\/ca\/product\/{#CODI#}\",\"Codi\":\"https:\/\/vip.promentrada.com\/ca\/product\/3730\/?zone=1&category=8\",\"LogoUrl\":\"media\/fimage\/31389\/01_005_00038559\/logo_prome_vip_v_web.jpg\",\"TitolBoto\":\"Descomptes per a particulars\",\"Type\":\"discount\"}]","contract_is_open":false,"in_tour":false},"yoast_head":"<!-- This site is optimized with the Yoast SEO plugin v27.5 - https:\/\/yoast.com\/product\/yoast-seo-wordpress\/ -->\n<title>DESCONCERTO - Teatre Condal<\/title>\n<meta name=\"robots\" content=\"index, follow, max-snippet:-1, max-image-preview:large, max-video-preview:-1\" \/>\n<link rel=\"canonical\" href=\"https:\/\/www.teatrecondal.cat\/ca\/ex\/desconcerto-2\/\" \/>\n<script type=\"application\/ld+json\" class=\"yoast-schema-graph\">{\"@context\":\"https:\\\/\\\/schema.org\",\"@graph\":[{\"@type\":\"WebPage\",\"@id\":\"https:\\\/\\\/www.teatrecondal.cat\\\/ca\\\/ex\\\/desconcerto-2\\\/\",\"url\":\"https:\\\/\\\/www.teatrecondal.cat\\\/ca\\\/ex\\\/desconcerto-2\\\/\",\"name\":\"DESCONCERTO - Teatre Condal\",\"isPartOf\":{\"@id\":\"https:\\\/\\\/www.teatrecondal.cat\\\/ca\\\/#website\"},\"datePublished\":\"2020-01-14T09:05:39+00:00\",\"breadcrumb\":{\"@id\":\"https:\\\/\\\/www.teatrecondal.cat\\\/ca\\\/ex\\\/desconcerto-2\\\/#breadcrumb\"},\"inLanguage\":\"ca\",\"potentialAction\":[{\"@type\":\"ReadAction\",\"target\":[\"https:\\\/\\\/www.teatrecondal.cat\\\/ca\\\/ex\\\/desconcerto-2\\\/\"]}]},{\"@type\":\"BreadcrumbList\",\"@id\":\"https:\\\/\\\/www.teatrecondal.cat\\\/ca\\\/ex\\\/desconcerto-2\\\/#breadcrumb\",\"itemListElement\":[{\"@type\":\"ListItem\",\"position\":1,\"name\":\"Inici\",\"item\":\"https:\\\/\\\/www.teatrecondal.cat\\\/ca\\\/\"},{\"@type\":\"ListItem\",\"position\":2,\"name\":\"Espectacles\",\"item\":\"https:\\\/\\\/www.teatrecondal.cat\\\/ca\\\/ex\\\/\"},{\"@type\":\"ListItem\",\"position\":3,\"name\":\"DESCONCERTO\"}]},{\"@type\":\"WebSite\",\"@id\":\"https:\\\/\\\/www.teatrecondal.cat\\\/ca\\\/#website\",\"url\":\"https:\\\/\\\/www.teatrecondal.cat\\\/ca\\\/\",\"name\":\"Teatre Condal\",\"description\":\"\",\"publisher\":{\"@id\":\"https:\\\/\\\/www.teatrecondal.cat\\\/ca\\\/#organization\"},\"potentialAction\":[{\"@type\":\"SearchAction\",\"target\":{\"@type\":\"EntryPoint\",\"urlTemplate\":\"https:\\\/\\\/www.teatrecondal.cat\\\/ca\\\/?s={search_term_string}\"},\"query-input\":{\"@type\":\"PropertyValueSpecification\",\"valueRequired\":true,\"valueName\":\"search_term_string\"}}],\"inLanguage\":\"ca\"},{\"@type\":\"Organization\",\"@id\":\"https:\\\/\\\/www.teatrecondal.cat\\\/ca\\\/#organization\",\"name\":\"Teatre Condal\",\"url\":\"https:\\\/\\\/www.teatrecondal.cat\\\/ca\\\/\",\"logo\":{\"@type\":\"ImageObject\",\"inLanguage\":\"ca\",\"@id\":\"https:\\\/\\\/www.teatrecondal.cat\\\/ca\\\/#\\\/schema\\\/logo\\\/image\\\/\",\"url\":\"https:\\\/\\\/www.teatrecondal.cat\\\/wp-content\\\/uploads\\\/sites\\\/3\\\/2017\\\/09\\\/teatre-condal-logo.svg\",\"contentUrl\":\"https:\\\/\\\/www.teatrecondal.cat\\\/wp-content\\\/uploads\\\/sites\\\/3\\\/2017\\\/09\\\/teatre-condal-logo.svg\",\"width\":1,\"height\":1,\"caption\":\"Teatre Condal\"},\"image\":{\"@id\":\"https:\\\/\\\/www.teatrecondal.cat\\\/ca\\\/#\\\/schema\\\/logo\\\/image\\\/\"},\"sameAs\":[\"http:\\\/\\\/www.facebook.com\\\/TeatreCondal\",\"https:\\\/\\\/x.com\\\/Teatre_Condal\",\"http:\\\/\\\/instagram.com\\\/teatre_condal\",\"http:\\\/\\\/www.youtube.com\\\/user\\\/TeatreCondal\"]}]}<\/script>\n<!-- \/ Yoast SEO plugin. -->","yoast_head_json":{"title":"DESCONCERTO - Teatre Condal","robots":{"index":"index","follow":"follow","max-snippet":"max-snippet:-1","max-image-preview":"max-image-preview:large","max-video-preview":"max-video-preview:-1"},"canonical":"https:\/\/www.teatrecondal.cat\/ca\/ex\/desconcerto-2\/","schema":{"@context":"https:\/\/schema.org","@graph":[{"@type":"WebPage","@id":"https:\/\/www.teatrecondal.cat\/ca\/ex\/desconcerto-2\/","url":"https:\/\/www.teatrecondal.cat\/ca\/ex\/desconcerto-2\/","name":"DESCONCERTO - Teatre Condal","isPartOf":{"@id":"https:\/\/www.teatrecondal.cat\/ca\/#website"},"datePublished":"2020-01-14T09:05:39+00:00","breadcrumb":{"@id":"https:\/\/www.teatrecondal.cat\/ca\/ex\/desconcerto-2\/#breadcrumb"},"inLanguage":"ca","potentialAction":[{"@type":"ReadAction","target":["https:\/\/www.teatrecondal.cat\/ca\/ex\/desconcerto-2\/"]}]},{"@type":"BreadcrumbList","@id":"https:\/\/www.teatrecondal.cat\/ca\/ex\/desconcerto-2\/#breadcrumb","itemListElement":[{"@type":"ListItem","position":1,"name":"Inici","item":"https:\/\/www.teatrecondal.cat\/ca\/"},{"@type":"ListItem","position":2,"name":"Espectacles","item":"https:\/\/www.teatrecondal.cat\/ca\/ex\/"},{"@type":"ListItem","position":3,"name":"DESCONCERTO"}]},{"@type":"WebSite","@id":"https:\/\/www.teatrecondal.cat\/ca\/#website","url":"https:\/\/www.teatrecondal.cat\/ca\/","name":"Teatre Condal","description":"","publisher":{"@id":"https:\/\/www.teatrecondal.cat\/ca\/#organization"},"potentialAction":[{"@type":"SearchAction","target":{"@type":"EntryPoint","urlTemplate":"https:\/\/www.teatrecondal.cat\/ca\/?s={search_term_string}"},"query-input":{"@type":"PropertyValueSpecification","valueRequired":true,"valueName":"search_term_string"}}],"inLanguage":"ca"},{"@type":"Organization","@id":"https:\/\/www.teatrecondal.cat\/ca\/#organization","name":"Teatre Condal","url":"https:\/\/www.teatrecondal.cat\/ca\/","logo":{"@type":"ImageObject","inLanguage":"ca","@id":"https:\/\/www.teatrecondal.cat\/ca\/#\/schema\/logo\/image\/","url":"https:\/\/www.teatrecondal.cat\/wp-content\/uploads\/sites\/3\/2017\/09\/teatre-condal-logo.svg","contentUrl":"https:\/\/www.teatrecondal.cat\/wp-content\/uploads\/sites\/3\/2017\/09\/teatre-condal-logo.svg","width":1,"height":1,"caption":"Teatre Condal"},"image":{"@id":"https:\/\/www.teatrecondal.cat\/ca\/#\/schema\/logo\/image\/"},"sameAs":["http:\/\/www.facebook.com\/TeatreCondal","https:\/\/x.com\/Teatre_Condal","http:\/\/instagram.com\/teatre_condal","http:\/\/www.youtube.com\/user\/TeatreCondal"]}]}},"translations":[{"id":3776,"locale":"ca"},{"id":4194,"locale":"es"}],"_links":{"self":[{"href":"https:\/\/www.teatrecondal.cat\/ca\/wp-json\/wp\/v2\/ex\/3776","targetHints":{"allow":["GET"]}}],"collection":[{"href":"https:\/\/www.teatrecondal.cat\/ca\/wp-json\/wp\/v2\/ex"}],"about":[{"href":"https:\/\/www.teatrecondal.cat\/ca\/wp-json\/wp\/v2\/types\/ex"}],"author":[{"embeddable":true,"href":"https:\/\/www.teatrecondal.cat\/ca\/wp-json\/wp\/v2\/users\/2"}],"replies":[{"embeddable":true,"href":"https:\/\/www.teatrecondal.cat\/ca\/wp-json\/wp\/v2\/comments?post=3776"}],"acf:term":[{"embeddable":true,"taxonomy":"season","href":"https:\/\/www.teatrecondal.cat\/ca\/wp-json\/wp\/v2\/season\/63"}],"wp:attachment":[{"href":"https:\/\/www.teatrecondal.cat\/ca\/wp-json\/wp\/v2\/media?parent=3776"}],"curies":[{"name":"wp","href":"https:\/\/api.w.org\/{rel}","templated":true}]}}