{"id":3769,"date":"2019-06-19T08:03:30","date_gmt":"2019-06-19T06:03:30","guid":{"rendered":"https:\/\/pre.teatrecondal.cat\/ex\/\/el-pare-de-la-nuvia\/"},"modified":"2019-06-19T08:03:30","modified_gmt":"2019-06-19T06:03:30","slug":"el-pare-de-la-nuvia","status":"publish","type":"ex","link":"https:\/\/www.teatrecondal.cat\/ca\/ex\/el-pare-de-la-nuvia\/","title":{"rendered":"El pare de la n\u00favia"},"content":{"rendered":"","protected":false},"excerpt":{"rendered":"","protected":false},"author":2,"featured_media":0,"comment_status":"closed","ping_status":"open","template":"","class_list":["post-3769","ex","type-ex","status-publish","hentry","season-2019-20"],"acf":{"txt_synopsis":"<p>En Francesc Ramon Pujols-Pinyol, mestre galeter i art\u00edfex de la marca global de les Galetes Pujols-Pinyol, est\u00e0 d'enhorabona. La Meritxell, la seva \u00fanica filla, est\u00e0 a punt de casar-se amb el Bernat, un noi com cal i que \u00e9s la nineta dels ulls d'en Francesc Ramon. El gendre ideal. <\/p>\n<p>Endut per l'emoci\u00f3, el Francesc Ramon ha organitzat el \u201cbodorrio\u201d del segle. Ha convidat a amics, coneguts i desconeguts, contractat a la millor companyia de circ per a la canalla, l\u2019orquestra simf\u00f2nica m\u00e9s important de casa nostra per amenitzar la vetllada i l\u2019empresa de pirot\u00e8cnia m\u00e9s reconeguda del pa\u00eds per a la traca final.<\/p>\n<p>Per\u00f2 tot agafa un gir inesperat quan, el dia abans del casament, en Francesc Ramon descobreix amb espant que la mare del seu futur gendre va ser una antiga amant seva i que va parir al Bernat, el seu futur gendre, nou mesos despr\u00e9s de la seva \u00faltima infidelitat\u2026 El pitjor malson del Francesc Ramon \u00e9s a punt de fer-se realitat: i si resulta que els nuvis s\u00f3n tamb\u00e9 germans?<\/p>","main_buy_link":"","main_buy_links":"","group_buy_link":"","show_language":"Espectacle en catal\u00e0","show_duration":"135","show_start_date":"20191012000000","show_end_date":"20200418000000","show_sort_date":"20191012000000","txt_custom_show_dates":"del 12 d'octubre de 2019 al 18 d'abril de 2020","show_disciplines":"","show_ultimes_funcions":false,"hide_tarifes_especials":false,"show_properament":false,"txt_additional_info":"","txt_present":"","show_season":[63],"txt_season":"[\"2019\/20\"]","txt_cycle":"","txt_claim":"En Francesc-Ramon Pujols-Pinyol, mestre galater, est\u00e0 d'enhorabona. La Meritxell, la seva \u00fanica filla, \u00e9s a punt de casar-se amb el Bernat, un noi com cal.&nbsp;Per\u00f2... i si els nuvis resulta que tamb\u00e9 s\u00f3n germans?","txt_cast_excerpt":"","txt_cast":"<p>De: <strong>Joel Joan <\/strong>i<strong> H\u00e8ctor Claramunt<\/strong> <br \/>Direcci\u00f3: <strong>Joel Joan<\/strong><br \/>Int\u00e8rprets: <strong>Joan Pera, David Olivares, Maife Gil, Anna Carre\u00f1o, Oriol Casals,&nbsp;Josep Sobrevals\/Ricard Farr\u00e9&nbsp;<\/strong>i&nbsp;<strong>Sergi Vall\u00e8s<br \/><\/strong><br \/>Escenografia: <strong>Marc Salicr\u00fa <\/strong>amb la col\u00b7laboraci\u00f3 de<strong> Merc\u00e8 Luccetti<\/strong><br \/>Vestuari: <strong>Ariadna Juli\u00e0<\/strong><br \/>Il\u00b7luminaci\u00f3: <strong>Ignasi Camprodon<br \/><\/strong>M\u00fasica:<strong> Xavier Capellas<br \/><\/strong>Disseny de so:<strong> Jordi Ballb\u00e9<br \/><\/strong>Caracteritzaci\u00f3:<strong> Imma Capell<\/strong> <br \/>Ajudant de direcci\u00f3: <strong>Marcel Sol\u00e9<br \/><\/strong>Ajudant d\u2019escenografia: <strong>Paula Gonz\u00e1lez<\/strong><\/p>\n<p>Direcci\u00f3 de producci\u00f3: <strong>Maite Pijuan<\/strong><br \/>Cap de producci\u00f3: <strong>Marina Vilardell<\/strong><br \/>Producci\u00f3 executiva: <strong>Raquel Do\u00f1oro<\/strong><br \/>Director oficina t\u00e8cnica: <strong>Moi Cuenca<\/strong><br \/>Oficina t\u00e8cnica: <strong>David Ruiz<\/strong><\/p>\n<p>Regidoria: <strong>Blai Pera<\/strong><br \/>Sastreria: <strong>To\u00f1i Chamorro<\/strong><\/p>\n<p>Cap t\u00e8cnic del teatre i operador de so: <strong>Jordi Ballb\u00e9<\/strong><br \/>Operador de Llums: <strong>V\u00edctor C\u00e1rdenas<\/strong><br \/>Microfonista: <strong>V\u00edctor Bartolom\u00e9<\/strong><br \/>Pr\u00e0ctiques de vestuari: <strong>Sara L\u00f3pez<\/strong> (IDEP)<\/p>\n<p>Construcci\u00f3 d'escenografia: <strong>Pascualin Estructures<\/strong><br \/>Atrezzo:&nbsp;<strong> Estudi-Taller d\u2019escenografia Jorba-Mir\u00f3<\/strong>, <strong>Roger Pablo<\/strong>,<strong> Chopinart<\/strong>,<strong> Pedrotoolart<\/strong>, <strong>Xavi Valls <\/strong>(n9u tr3s), <strong>David Ruano<br \/><\/strong>Confecci\u00f3 ciclorama:<strong> Marc Mart\u00ed <\/strong><br \/>Creaci\u00f3 i confecci\u00f3 Vestits Nuvis: <strong>Jordi Dalmau<\/strong><\/p>\n<p>Premsa: <strong>Lidia Gimenez<\/strong> i <strong>Albert L\u00f3pez<\/strong> <br \/>M\u00e0rqueting i comunicaci\u00f3: <strong>Publispec<br \/><\/strong>Reportatge Fotogr\u00e0fic: <strong>David Ruano<br \/><\/strong>Disseny gr\u00e0fic. <strong>Santi&Kco<\/strong><\/p>\n<p>Una producci\u00f3 de <strong>Focus<\/strong> i <strong>Verteatro<\/strong><\/p>\n<p>Agra\u00efments: <strong>Blai Pera<\/strong>, <strong>Laia Alberch<\/strong><br \/>Col\u00b7laboradors: <strong>Montibello<\/strong>, <strong>Jorge de la garza<\/strong>, <strong>Amantis<\/strong><\/p>","txt_reviews":"Jos\u00e9 Carlos Sorribes|El Peri\u00f3dico|\u201cPera torna a demostrar que \u00e9s capa\u00e7 de provocar el riure de l\u2019espectador fins i tot quan badalla.\u201d\nSanti Fondevila|Time Out|\u201cAtenci\u00f3 amb el duo amb Pep Sa\u00eds que augura una nova i estranya parella.\u201d","hashtag":"elparedelan\u00favia","have_promo":"","slogan":"","id_exhibicio":1665,"id_versio":1370,"id_local":3,"txt_seo_desc":"El Pare de la N\u00favia de Joel Joan i H\u00e8ctor Claramunt amb Joan Pera al Teatre Condal de Barcelona","data_images":"[{\"localizer\":\"V3SLIDE\",\"url\":\"media\/ftgalslide\/v3\/3151C\/01_086_00050938\/t_pare_003_f_134.JPG\",\"thumb_url\":\"media\/ftgalslide\/v3\/3151C\/01_086_00050938\/t_pare_003_f_134_thumb.jpg\",\"title\":\"El Pare de la N\u00favia - Teatre Condal\",\"description\":\"el pare de la nuvia al teatre condal de barcelona\",\"copyright\":\"https:\/\/youtu.be\/IF3IawvsGeg\",\"order\":1},{\"localizer\":\"V3SLIDEDISTRI\",\"url\":\"media\/ftgalslide\/v3\/31517\/01_086_00050561\/t_pare_035_v1.JPG\",\"thumb_url\":\"media\/ftgalslide\/v3\/31517\/01_086_00050561\/t_pare_035_v1_thumb.jpg\",\"title\":\"El Pare de la N\u00favia - Teatre Condal\",\"description\":\"l pare de la nuvia al teatre condal de barcelona\",\"copyright\":\"\",\"order\":1},{\"localizer\":\"V3CARTELLDISTRI\",\"url\":\"media\/ver\/cartell\/v3\/314B2\/01_085_00048306\/nou-cartell-gira-el-pare-de-la-nuvia-focus-distribucio.jpg\",\"thumb_url\":\"media\/ver\/cartell\/v3\/314B2\/01_085_00048306\/nou-cartell-gira-el-pare-de-la-nuvia-focus-distribucio_thumb.jpg\",\"title\":\"El pare de la n\u00favia\",\"description\":\"el pare de la n\u00favia focus distribuci\u00f3\",\"copyright\":\"\",\"order\":3},{\"localizer\":\"V2CARTELLDISTRI\",\"url\":\"media\/cartell\/distrib\/314B2\/01_082_00048455\/cartell-gira-el-pare-de-la-nuvia.jpg\",\"thumb_url\":\"media\/cartell\/distrib\/314B2\/01_082_00048455\/cartell-gira-el-pare-de-la-nuvia_thumb.jpg\",\"title\":\"El pare de la n\u00favia\",\"description\":\"El pare de la n\u00favia\",\"copyright\":\"\",\"order\":8},{\"localizer\":\"V2SLIDE\",\"url\":\"media\/ftgalslide\/314B2\/01_076_00048457\/el-pare-de-la-nuvia-focus-distribucio-2.jpg\",\"thumb_url\":\"media\/ftgalslide\/314B2\/01_076_00048457\/el-pare-de-la-nuvia-focus-distribucio-2_thumb.jpg\",\"title\":\"El pare de la n\u00favia\",\"description\":\"El pare de la n\u00favia\",\"copyright\":\"\",\"order\":10},{\"localizer\":\"V3SLIDE\",\"url\":\"media\/ftgalslide\/v3\/314B6\/01_086_00049600\/t_pare_011_f_071.jpg\",\"thumb_url\":\"media\/ftgalslide\/v3\/314B6\/01_086_00049600\/t_pare_011_f_071_thumb.jpg\",\"title\":\"El Pare de la N\u00favia - Teatre Condal\",\"description\":\"el pare de la nuvia al teatre condal de barcelona\",\"copyright\":\"\",\"order\":16},{\"localizer\":\"V3SLIDE\",\"url\":\"media\/ftgalslide\/v3\/314B6\/01_086_00049601\/t_pare_035_f_042.jpg\",\"thumb_url\":\"media\/ftgalslide\/v3\/314B6\/01_086_00049601\/t_pare_035_f_042_thumb.jpg\",\"title\":\"El Pare de la N\u00favia - Teatre Condal\",\"description\":\"el pare de la nuvia al teatre condal de barcelona\",\"copyright\":\"\",\"order\":17},{\"localizer\":\"V3SLIDE\",\"url\":\"media\/ftgalslide\/v3\/314B6\/01_086_00049602\/t_pare_039_f_064.jpg\",\"thumb_url\":\"media\/ftgalslide\/v3\/314B6\/01_086_00049602\/t_pare_039_f_064_thumb.jpg\",\"title\":\"El Pare de la N\u00favia - Teatre Condal\",\"description\":\"el pare de la nuvia al teatre condal de barcelona\",\"copyright\":\"\",\"order\":18},{\"localizer\":\"V3SLIDE\",\"url\":\"media\/ftgalslide\/v3\/314B6\/01_086_00049603\/t_pare_049_f_098.jpg\",\"thumb_url\":\"media\/ftgalslide\/v3\/314B6\/01_086_00049603\/t_pare_049_f_098_thumb.jpg\",\"title\":\"El Pare de la N\u00favia - Teatre Condal\",\"description\":\"el pare de la nuvia al teatre condal de barcelona\",\"copyright\":\"\",\"order\":19},{\"localizer\":\"V3SLIDE\",\"url\":\"media\/ftgalslide\/v3\/314B6\/01_086_00049604\/t_pare_062_f_143.jpg\",\"thumb_url\":\"media\/ftgalslide\/v3\/314B6\/01_086_00049604\/t_pare_062_f_143_thumb.jpg\",\"title\":\"El Pare de la N\u00favia - Teatre Condal\",\"description\":\"el pare de la nuvia al teatre condal de barcelona\",\"copyright\":\"\",\"order\":20},{\"localizer\":\"V3SLIDE\",\"url\":\"media\/ftgalslide\/v3\/314B6\/01_086_00049605\/t_pare_133_f_117.jpg\",\"thumb_url\":\"media\/ftgalslide\/v3\/314B6\/01_086_00049605\/t_pare_133_f_117_thumb.jpg\",\"title\":\"El Pare de la N\u00favia - Teatre Condal\",\"description\":\"el pare de la nuvia al teatre condal de barcelona\",\"copyright\":\"\",\"order\":21},{\"localizer\":\"V3SLIDEDISTRI\",\"url\":\"media\/ftgalslide\/v3\/31517\/01_086_00050550\/t_pare_003_f_134.JPG\",\"thumb_url\":\"media\/ftgalslide\/v3\/31517\/01_086_00050550\/t_pare_003_f_134_thumb.jpg\",\"title\":\"El Pare de la N\u00favia - Teatre Condal\",\"description\":\"el pare de la nuvia del teatre condal de barcelona a focus distribucio\",\"copyright\":\"\",\"order\":35},{\"localizer\":\"V3SLIDEDISTRI\",\"url\":\"media\/ftgalslide\/v3\/31517\/01_086_00050551\/t_pare_011_f_071.JPG\",\"thumb_url\":\"media\/ftgalslide\/v3\/31517\/01_086_00050551\/t_pare_011_f_071_thumb.jpg\",\"title\":\"El Pare de la N\u00favia - Teatre Condal\",\"description\":\"el pare de la nuvia del teatre condal de barcelona a focus distribucio\",\"copyright\":\"\",\"order\":36},{\"localizer\":\"V3SLIDEDISTRI\",\"url\":\"media\/ftgalslide\/v3\/31517\/01_086_00050552\/t_pare_035_f_042.JPG\",\"thumb_url\":\"media\/ftgalslide\/v3\/31517\/01_086_00050552\/t_pare_035_f_042_thumb.jpg\",\"title\":\"El Pare de la N\u00favia - Teatre Condal\",\"description\":\"el pare de la nuvia del teatre condal de barcelona a focus distribucio\",\"copyright\":\"\",\"order\":37},{\"localizer\":\"V3SLIDEDISTRI\",\"url\":\"media\/ftgalslide\/v3\/31517\/01_086_00050553\/t_pare_049_f_098.JPG\",\"thumb_url\":\"media\/ftgalslide\/v3\/31517\/01_086_00050553\/t_pare_049_f_098_thumb.jpg\",\"title\":\"El Pare de la N\u00favia - Teatre Condal\",\"description\":\"el pare de la nuvia del teatre condal de barcelona a focus distribucio\",\"copyright\":\"\",\"order\":38},{\"localizer\":\"V3SLIDEDISTRI\",\"url\":\"media\/ftgalslide\/v3\/31517\/01_086_00050554\/t_pare_145_f_006.JPG\",\"thumb_url\":\"media\/ftgalslide\/v3\/31517\/01_086_00050554\/t_pare_145_f_006_thumb.jpg\",\"title\":\"El Pare de la N\u00favia - Teatre Condal\",\"description\":\"el pare de la nuvia del teatre condal de barcelona a focus distribucio\",\"copyright\":\"\",\"order\":39},{\"localizer\":\"V3PORTADAWIDE\",\"url\":\"media\/ver\/port\/v3wide\/31575\/01_088_00051008\/0-el-pare-de-la-nuvia-teatre-condal-ultimes-funcions.jpg\",\"thumb_url\":\"media\/ver\/port\/v3wide\/31575\/01_088_00051008\/0-el-pare-de-la-nuvia-teatre-condal-ultimes-funcions_thumb.jpg\",\"title\":\"El Pare de la N\u00favia - Teatre Condal\",\"description\":\"el pare de la nuvia al teatre condal de barcelona\",\"copyright\":\"\",\"order\":57},{\"localizer\":\"V3PORTADA\",\"url\":\"media\/ver\/port\/v3\/31575\/01_084_00051009\/1-el-pare-de-la-nuvia-_teatre-condal-barcelona-ultimes-funcions.jpg\",\"thumb_url\":\"media\/ver\/port\/v3\/31575\/01_084_00051009\/1-el-pare-de-la-nuvia-_teatre-condal-barcelona-ultimes-funcions_thumb.jpg\",\"title\":\"El Pare de la N\u00favia - Teatre Condal\",\"description\":\"el pare de la nuvia al teatre condal de barcelona\",\"copyright\":\"\",\"order\":58},{\"localizer\":\"V3CARTELL\",\"url\":\"media\/ver\/cartell\/v3\/31575\/01_085_00051010\/cartell-web-el-pare-de-la-nuvia-teatre-condal-ultimes-funcions.jpg\",\"thumb_url\":\"media\/ver\/cartell\/v3\/31575\/01_085_00051010\/cartell-web-el-pare-de-la-nuvia-teatre-condal-ultimes-funcions_thumb.jpg\",\"title\":\"El Pare de la N\u00favia - Teatre Condal\",\"description\":\"el pare de la nuvia al teatre condal de barcelona\",\"copyright\":\"\",\"order\":59},{\"localizer\":\"V2CARTELL\",\"url\":\"media\/ver\/cartell\/31575\/01_079_00051011\/cartell-web-el-pare-de-la-nuvia-teatre-condal-ultimes-funcions.jpg\",\"thumb_url\":\"media\/ver\/cartell\/31575\/01_079_00051011\/cartell-web-el-pare-de-la-nuvia-teatre-condal-ultimes-funcions_thumb.jpg\",\"title\":\"El Pare de la N\u00favia - Teatre Condal\",\"description\":\"el pare de la nuvia al teatre condal de barcelona\",\"copyright\":\"\",\"order\":60}]","material__texto_intro":"","data_material":null,"data_gallery":"","data_discounts":"[{\"InfoAddicional\":\"<p><strong>PACK BODA<\/p><\/strong><p>20% de descompte per la compra de 4 entrades en les funcions seleccionades amb descompte<\/p>\",\"Url\":\"https:\/\/www.4tickets.es\/TeatreCondal\/public\/janto\/?Nivel=Evento&idEvento=CON111&Idioma=CA\",\"Codi\":\"0\",\"LogoUrl\":\"\",\"TitolBoto\":\"COMPRAR\",\"Type\":\"discount\"},{\"InfoAddicional\":\"<p><strong>Descomptes per a particulars<br \/><\/strong><\/p>\",\"Url\":\"vip.promentrada.com\/ca\/product\/{#CODI#}\",\"Codi\":\"https:\/\/vip.promentrada.com\/ca\/product\/3270\",\"LogoUrl\":\"media\/fimage\/31389\/01_005_00038559\/logo_prome_vip_v_web.jpg\",\"TitolBoto\":\"Descomptes per a particulars\",\"Type\":\"discount\"},{\"InfoAddicional\":\"<p><strong>Descomptes per a grups i escoles<br \/><\/strong><\/p>\",\"Url\":\"https:\/\/www.promentrada.com\/ca\/product\/{#CODI#}\",\"Codi\":\"https:\/\/www.promentrada.com\/ca\/product\/3270\",\"LogoUrl\":\"media\/fimage\/31389\/01_005_00038530\/logo_prome_nuevo_v_web.jpg\",\"TitolBoto\":\"Descomptes per a grups i escoles\",\"Type\":\"discount\"}]","contract_is_open":false,"in_tour":false},"yoast_head":"<!-- This site is optimized with the Yoast SEO plugin v27.5 - https:\/\/yoast.com\/product\/yoast-seo-wordpress\/ -->\n<title>El pare de la n\u00favia - Teatre Condal<\/title>\n<meta name=\"robots\" content=\"index, follow, max-snippet:-1, max-image-preview:large, max-video-preview:-1\" \/>\n<link rel=\"canonical\" href=\"https:\/\/www.teatrecondal.cat\/ca\/ex\/el-pare-de-la-nuvia\/\" \/>\n<script type=\"application\/ld+json\" class=\"yoast-schema-graph\">{\"@context\":\"https:\\\/\\\/schema.org\",\"@graph\":[{\"@type\":\"WebPage\",\"@id\":\"https:\\\/\\\/www.teatrecondal.cat\\\/ca\\\/ex\\\/el-pare-de-la-nuvia\\\/\",\"url\":\"https:\\\/\\\/www.teatrecondal.cat\\\/ca\\\/ex\\\/el-pare-de-la-nuvia\\\/\",\"name\":\"El pare de la n\u00favia - Teatre Condal\",\"isPartOf\":{\"@id\":\"https:\\\/\\\/www.teatrecondal.cat\\\/ca\\\/#website\"},\"datePublished\":\"2019-06-19T06:03:30+00:00\",\"breadcrumb\":{\"@id\":\"https:\\\/\\\/www.teatrecondal.cat\\\/ca\\\/ex\\\/el-pare-de-la-nuvia\\\/#breadcrumb\"},\"inLanguage\":\"ca\",\"potentialAction\":[{\"@type\":\"ReadAction\",\"target\":[\"https:\\\/\\\/www.teatrecondal.cat\\\/ca\\\/ex\\\/el-pare-de-la-nuvia\\\/\"]}]},{\"@type\":\"BreadcrumbList\",\"@id\":\"https:\\\/\\\/www.teatrecondal.cat\\\/ca\\\/ex\\\/el-pare-de-la-nuvia\\\/#breadcrumb\",\"itemListElement\":[{\"@type\":\"ListItem\",\"position\":1,\"name\":\"Inici\",\"item\":\"https:\\\/\\\/www.teatrecondal.cat\\\/ca\\\/\"},{\"@type\":\"ListItem\",\"position\":2,\"name\":\"Espectacles\",\"item\":\"https:\\\/\\\/www.teatrecondal.cat\\\/ca\\\/ex\\\/\"},{\"@type\":\"ListItem\",\"position\":3,\"name\":\"El pare de la n\u00favia\"}]},{\"@type\":\"WebSite\",\"@id\":\"https:\\\/\\\/www.teatrecondal.cat\\\/ca\\\/#website\",\"url\":\"https:\\\/\\\/www.teatrecondal.cat\\\/ca\\\/\",\"name\":\"Teatre Condal\",\"description\":\"\",\"publisher\":{\"@id\":\"https:\\\/\\\/www.teatrecondal.cat\\\/ca\\\/#organization\"},\"potentialAction\":[{\"@type\":\"SearchAction\",\"target\":{\"@type\":\"EntryPoint\",\"urlTemplate\":\"https:\\\/\\\/www.teatrecondal.cat\\\/ca\\\/?s={search_term_string}\"},\"query-input\":{\"@type\":\"PropertyValueSpecification\",\"valueRequired\":true,\"valueName\":\"search_term_string\"}}],\"inLanguage\":\"ca\"},{\"@type\":\"Organization\",\"@id\":\"https:\\\/\\\/www.teatrecondal.cat\\\/ca\\\/#organization\",\"name\":\"Teatre Condal\",\"url\":\"https:\\\/\\\/www.teatrecondal.cat\\\/ca\\\/\",\"logo\":{\"@type\":\"ImageObject\",\"inLanguage\":\"ca\",\"@id\":\"https:\\\/\\\/www.teatrecondal.cat\\\/ca\\\/#\\\/schema\\\/logo\\\/image\\\/\",\"url\":\"https:\\\/\\\/www.teatrecondal.cat\\\/wp-content\\\/uploads\\\/sites\\\/3\\\/2017\\\/09\\\/teatre-condal-logo.svg\",\"contentUrl\":\"https:\\\/\\\/www.teatrecondal.cat\\\/wp-content\\\/uploads\\\/sites\\\/3\\\/2017\\\/09\\\/teatre-condal-logo.svg\",\"width\":1,\"height\":1,\"caption\":\"Teatre Condal\"},\"image\":{\"@id\":\"https:\\\/\\\/www.teatrecondal.cat\\\/ca\\\/#\\\/schema\\\/logo\\\/image\\\/\"},\"sameAs\":[\"http:\\\/\\\/www.facebook.com\\\/TeatreCondal\",\"https:\\\/\\\/x.com\\\/Teatre_Condal\",\"http:\\\/\\\/instagram.com\\\/teatre_condal\",\"http:\\\/\\\/www.youtube.com\\\/user\\\/TeatreCondal\"]}]}<\/script>\n<!-- \/ Yoast SEO plugin. -->","yoast_head_json":{"title":"El pare de la n\u00favia - Teatre Condal","robots":{"index":"index","follow":"follow","max-snippet":"max-snippet:-1","max-image-preview":"max-image-preview:large","max-video-preview":"max-video-preview:-1"},"canonical":"https:\/\/www.teatrecondal.cat\/ca\/ex\/el-pare-de-la-nuvia\/","schema":{"@context":"https:\/\/schema.org","@graph":[{"@type":"WebPage","@id":"https:\/\/www.teatrecondal.cat\/ca\/ex\/el-pare-de-la-nuvia\/","url":"https:\/\/www.teatrecondal.cat\/ca\/ex\/el-pare-de-la-nuvia\/","name":"El pare de la n\u00favia - Teatre Condal","isPartOf":{"@id":"https:\/\/www.teatrecondal.cat\/ca\/#website"},"datePublished":"2019-06-19T06:03:30+00:00","breadcrumb":{"@id":"https:\/\/www.teatrecondal.cat\/ca\/ex\/el-pare-de-la-nuvia\/#breadcrumb"},"inLanguage":"ca","potentialAction":[{"@type":"ReadAction","target":["https:\/\/www.teatrecondal.cat\/ca\/ex\/el-pare-de-la-nuvia\/"]}]},{"@type":"BreadcrumbList","@id":"https:\/\/www.teatrecondal.cat\/ca\/ex\/el-pare-de-la-nuvia\/#breadcrumb","itemListElement":[{"@type":"ListItem","position":1,"name":"Inici","item":"https:\/\/www.teatrecondal.cat\/ca\/"},{"@type":"ListItem","position":2,"name":"Espectacles","item":"https:\/\/www.teatrecondal.cat\/ca\/ex\/"},{"@type":"ListItem","position":3,"name":"El pare de la n\u00favia"}]},{"@type":"WebSite","@id":"https:\/\/www.teatrecondal.cat\/ca\/#website","url":"https:\/\/www.teatrecondal.cat\/ca\/","name":"Teatre Condal","description":"","publisher":{"@id":"https:\/\/www.teatrecondal.cat\/ca\/#organization"},"potentialAction":[{"@type":"SearchAction","target":{"@type":"EntryPoint","urlTemplate":"https:\/\/www.teatrecondal.cat\/ca\/?s={search_term_string}"},"query-input":{"@type":"PropertyValueSpecification","valueRequired":true,"valueName":"search_term_string"}}],"inLanguage":"ca"},{"@type":"Organization","@id":"https:\/\/www.teatrecondal.cat\/ca\/#organization","name":"Teatre Condal","url":"https:\/\/www.teatrecondal.cat\/ca\/","logo":{"@type":"ImageObject","inLanguage":"ca","@id":"https:\/\/www.teatrecondal.cat\/ca\/#\/schema\/logo\/image\/","url":"https:\/\/www.teatrecondal.cat\/wp-content\/uploads\/sites\/3\/2017\/09\/teatre-condal-logo.svg","contentUrl":"https:\/\/www.teatrecondal.cat\/wp-content\/uploads\/sites\/3\/2017\/09\/teatre-condal-logo.svg","width":1,"height":1,"caption":"Teatre Condal"},"image":{"@id":"https:\/\/www.teatrecondal.cat\/ca\/#\/schema\/logo\/image\/"},"sameAs":["http:\/\/www.facebook.com\/TeatreCondal","https:\/\/x.com\/Teatre_Condal","http:\/\/instagram.com\/teatre_condal","http:\/\/www.youtube.com\/user\/TeatreCondal"]}]}},"translations":[{"id":3769,"locale":"ca"},{"id":4187,"locale":"es"}],"_links":{"self":[{"href":"https:\/\/www.teatrecondal.cat\/ca\/wp-json\/wp\/v2\/ex\/3769","targetHints":{"allow":["GET"]}}],"collection":[{"href":"https:\/\/www.teatrecondal.cat\/ca\/wp-json\/wp\/v2\/ex"}],"about":[{"href":"https:\/\/www.teatrecondal.cat\/ca\/wp-json\/wp\/v2\/types\/ex"}],"author":[{"embeddable":true,"href":"https:\/\/www.teatrecondal.cat\/ca\/wp-json\/wp\/v2\/users\/2"}],"replies":[{"embeddable":true,"href":"https:\/\/www.teatrecondal.cat\/ca\/wp-json\/wp\/v2\/comments?post=3769"}],"acf:term":[{"embeddable":true,"taxonomy":"season","href":"https:\/\/www.teatrecondal.cat\/ca\/wp-json\/wp\/v2\/season\/63"}],"wp:attachment":[{"href":"https:\/\/www.teatrecondal.cat\/ca\/wp-json\/wp\/v2\/media?parent=3769"}],"curies":[{"name":"wp","href":"https:\/\/api.w.org\/{rel}","templated":true}]}}