{"id":3768,"date":"2019-06-03T11:34:40","date_gmt":"2019-06-03T09:34:40","guid":{"rendered":"https:\/\/pre.teatrecondal.cat\/ex\/\/lunnis-de-leyenda-superstars-en-vivo\/"},"modified":"2019-06-03T11:34:40","modified_gmt":"2019-06-03T09:34:40","slug":"lunnis-de-leyenda-superstars-en-vivo","status":"publish","type":"ex","link":"https:\/\/www.teatrecondal.cat\/ca\/ex\/lunnis-de-leyenda-superstars-en-vivo\/","title":{"rendered":"Lunnis de Leyenda Superstars \u00a1en vivo!"},"content":{"rendered":"","protected":false},"excerpt":{"rendered":"","protected":false},"author":2,"featured_media":0,"comment_status":"closed","ping_status":"open","template":"","class_list":["post-3768","ex","type-ex","status-publish","hentry","season-2019-20"],"acf":{"txt_synopsis":"<p>Els&nbsp;Lunnis ja s\u00f3n superestrelles<\/p>\n<p>I ho s\u00f3n perqu\u00e8 aprenen cada dia de les grans superestrelles de la hist\u00f2ria H\u00e9rcules, Mar\u00eda Moliner, el Olentzero, Don Quijote, Sant Jordi o la Dama d'Arinteiro que els inspiren amb les seves llegendes i proesa.<br \/>Aix\u00ed que, els <strong>Lunnis<\/strong> cantaran a les estrelles i aix\u00ed encendre la constel\u00b7laci\u00f3 dels <strong>Lunnis<\/strong>! Una constel\u00b7laci\u00f3 que donar\u00e0 t\u00edtol a la gira musical: <strong><em>Lunnis de Leyenda Superstars \u00a1en vivo!<br \/><\/em><\/strong>Volen fer-ho molt b\u00e9 i decideixen amb <strong>Lucrecia<\/strong> fer un concert previ, convidant a un p\u00fablic selecte, per a decidir quin repertori, l'ordre de les can\u00e7ons, les coreografies, el vestuari, etc. A partir d'aqu\u00ed succeiran moltes coses de les coses habituals en el xou-business, des d'enfadar-se per tenir m\u00e9s o menys protagonisme, les pors, les fallades t\u00e8cniques, la inseguretat...<br \/>Tots aquests problemes se solucionaran, com en el programa de televisi\u00f3, gr\u00e0cies a les llegendes i a la col\u00b7laboraci\u00f3 del p\u00fablic i aix\u00ed assistirem a l'inici del concert <strong>Superstars<\/strong>, amb un meddley a partir de les millors can\u00e7ons i una ambientaci\u00f3 espectacular. Ser\u00e0 l'inici de la gira.<\/p>\n<p><a class=\"button small external\" href=\"https:\/\/www.lunnisdeleyenda.com\" target=\"_blank\">Consulta la web de l'espectacle!<\/a><\/p>","main_buy_link":"","main_buy_links":"","group_buy_link":"","show_language":"Espectacle en castell\u00e0","show_duration":"80","show_start_date":"20190920000000","show_end_date":"20190929000000","show_sort_date":"20190920000000","txt_custom_show_dates":"del 20 al 29 de setembre de 2019","show_disciplines":"","show_ultimes_funcions":false,"hide_tarifes_especials":false,"show_properament":false,"txt_additional_info":"<p><i class=\"fa fa-info fa-2x fa-fw\"><\/i>Descans incl\u00f2s.<\/p>","txt_present":"","show_season":[63],"txt_season":"[\"2019\/20\"]","txt_cycle":"","txt_claim":"Els Lunnis cantaran a les estrelles i aix\u00ed encendre la constel\u00b7laci\u00f3 dels Lunnis! Una constel\u00b7laci\u00f3 que donar\u00e0 t\u00edtol a la gira musical: <em>Lunnis de Leyenda Superstars \u00a1en vivo!<\/em>","txt_cast_excerpt":"","txt_cast":"<p>Direcci\u00f3 Art\u00edstica: <strong>Josep Maria Lari<br \/><\/strong>Guionistes: <strong>Margarita Melgar; Josep Maria Lari<\/strong><br \/>Protagonistes: <strong>Lupita; Lubl\u00fa; Lucho; Lulila; Lucrecia; Chispas; Coneja; Conejo<\/strong><br \/>Actors: <strong>Mari\u00e0 Llop; Ferran Rull; Enric Boada; Patricia Vaca; Carla Ricart<\/strong><br \/>Covers: <strong>Marc Giraldes; Claudia Nogu\u00e9s; J\u00falia del Villar Garc\u00eda<\/strong><br \/>Veus en off: <strong>Ingrid Domingo (LUCHO); Roca Pou (LUPITA); Joan Bentall\u00e9 (LUBL\u00da); Lores Marc\u00f3 (LULILA); Faby\u00e1n Salvador (PRESENTADOR)<br \/><\/strong>Manipuladors en v\u00eddeo: <strong>David Llamas (CONEJO); Lores Marc\u00f3 (CONEJA)<\/strong><br \/>T\u00e8cnics en rodatge: <strong>Dani P\u00e9rez <\/strong>(C\u00e0mera)<strong>, Rai Segura <\/strong>(T\u00e8cnic de so&nbsp;i microfonia)<strong>, David Ruiz <\/strong>(T\u00e8cnic de llums)<br \/>Coreografia: <strong>Roger Molist<br \/><\/strong>Road manager: <strong>Borja Nieto<br \/><\/strong>Disseny d'il\u00b7luminaci\u00f3: <strong>Oriol Rufach<br \/><\/strong>Efectes Sonors:<strong> BCNTRACKS<\/strong><br \/>Enginyers&nbsp;de so: <strong>Marcel Botella<\/strong><br \/>Grafisme: <strong>The Video Design Company<\/strong><br \/>Disseny de vestuari Chispas: <strong>Olga Fibla<\/strong><br \/>Escenografia: <strong>J.J. Serra<\/strong><br \/>Corporis i complements: <strong>Puppets Marionetas<\/strong><br \/>M\u00e0rqueting&nbsp;i comunicaci\u00f3: <strong>Publispec<\/strong><br \/>Disseny gr\u00e0fic: <strong>santi & Kco<\/strong><\/p>\n<p>Direcci\u00f3 Focus Entertainment: <strong>Faby\u00e1n Salvador<\/strong><br \/>Direcci\u00f3 Executiva Focus: <strong>Pere Roca<\/strong><br \/>Equip de Producci\u00f3 Focus: <strong>Peggy Galan<\/strong>&nbsp;i <strong>Irene Peraire<br \/><\/strong>Agra\u00efments:<strong> Punto Blanco, Munich<br \/><\/strong>Gira&nbsp;i contractaci\u00f3: <strong>JET Entertainment<\/strong><\/p>\n<p><strong>LUNNIS DE LEYENDA SUPERSTARS en vivo<\/strong> \u00e9s una producci\u00f3 de <strong>FOCUS Entertainment<\/strong> & <strong>JET Entertainment<\/strong> sota llic\u00e8ncia de <strong>CRTVE SME 2018<\/strong><\/p>","txt_reviews":"","hashtag":"LunnisdeLeyenda","have_promo":"","slogan":"","id_exhibicio":1677,"id_versio":1337,"id_local":3,"txt_seo_desc":"","data_images":"[{\"localizer\":\"V3CARTELLDISTRI\",\"url\":\"media\/ver\/cartell\/v3\/314B2\/01_085_00048352\/cartel-lunnis-de-leyenda-superstars-en-vivo.jpg\",\"thumb_url\":\"media\/ver\/cartell\/v3\/314B2\/01_085_00048352\/cartel-lunnis-de-leyenda-superstars-en-vivo_thumb.jpg\",\"title\":\"Lunnis de Leyenda Superstars en vivo\",\"description\":\"Lunnis de Leyenda Superstars en vivo\",\"copyright\":\"\",\"order\":1},{\"localizer\":\"V2SLIDE\",\"url\":\"media\/ftgalslide\/31453\/01_076_00046560\/lunnis-de-leyenda-en-vivo-superstars-focus-1.jpg\",\"thumb_url\":\"media\/ftgalslide\/31453\/01_076_00046560\/lunnis-de-leyenda-en-vivo-superstars-focus-1_thumb.jpg\",\"title\":\"Lunnis en vivo. Superstars \",\"description\":\"Lunnis en vivo. Superstars focus\",\"copyright\":\"\",\"order\":2},{\"localizer\":\"V3SLIDEDISTRI\",\"url\":\"media\/ftgalslide\/v3\/314B2\/01_086_00048218\/lunnis-de-leyenda-superstars-en-vivo-teatre-condal-barcelona.jpg\",\"thumb_url\":\"media\/ftgalslide\/v3\/314B2\/01_086_00048218\/lunnis-de-leyenda-superstars-en-vivo-teatre-condal-barcelona_thumb.jpg\",\"title\":\"Lunnis de Leyenda Superstars en vivo\",\"description\":\"Lunnis de Leyenda Superstars en vivo\",\"copyright\":\"https:\/\/www.youtube.com\/watch?v=m8e1wFI4_LQ\",\"order\":7},{\"localizer\":\"V3SLIDE\",\"url\":\"media\/ftgalslide\/v3\/314B2\/01_086_00048219\/los-lunnis-de-leyenda-superstar-en-vivo.jpg\",\"thumb_url\":\"media\/ftgalslide\/v3\/314B2\/01_086_00048219\/los-lunnis-de-leyenda-superstar-en-vivo_thumb.jpg\",\"title\":\"Lunnis de Leyenda Superstars en vivo\",\"description\":\"Lunnis de Leyenda Superstars en vivo\",\"copyright\":\"https:\/\/youtu.be\/j4v6KdEyHz0\",\"order\":8},{\"localizer\":\"V2CARTELLDISTRI\",\"url\":\"media\/cartell\/distrib\/314B2\/01_082_00048351\/lunnis-de-leyenda-superstars-en-vivojp.jpg\",\"thumb_url\":\"media\/cartell\/distrib\/314B2\/01_082_00048351\/lunnis-de-leyenda-superstars-en-vivojp_thumb.jpg\",\"title\":\"Lunnis de Leyenda Superstars en vivo\",\"description\":\"Lunnis de Leyenda Superstars en vivo\",\"copyright\":\"\",\"order\":9},{\"localizer\":\"V3SLIDEDISTRI\",\"url\":\"media\/ftgalslide\/v3\/314B2\/01_086_00048353\/1-lunnis-de-leyenda-superstars-en-vivo.jpg\",\"thumb_url\":\"media\/ftgalslide\/v3\/314B2\/01_086_00048353\/1-lunnis-de-leyenda-superstars-en-vivo_thumb.jpg\",\"title\":\"Lunnis de Leyenda Superstars en vivo\",\"description\":\"Lunnis de Leyenda Superstars en vivo\",\"copyright\":\"\",\"order\":11},{\"localizer\":\"V3SLIDEDISTRI\",\"url\":\"media\/ftgalslide\/v3\/314B2\/01_086_00048365\/los-lunnis-de-leyenda-superstar-en-vivo.jpg\",\"thumb_url\":\"media\/ftgalslide\/v3\/314B2\/01_086_00048365\/los-lunnis-de-leyenda-superstar-en-vivo_thumb.jpg\",\"title\":\"Lunnis de Leyenda Superstars \u00a1en vivo!\",\"description\":\"Lunnis de Leyenda Superstars \u00a1en vivo!\",\"copyright\":\"https:\/\/youtu.be\/m8e1wFI4_LQ\",\"order\":12},{\"localizer\":\"V3CARTELL\",\"url\":\"media\/ver\/cartell\/v3\/314B3\/01_085_00048799\/cartellweb-los-lunnis-teatre-condal-barcelona.jpg\",\"thumb_url\":\"media\/ver\/cartell\/v3\/314B3\/01_085_00048799\/cartellweb-los-lunnis-teatre-condal-barcelona_thumb.jpg\",\"title\":\"Lunnis de leyenda Superstars en vivo - Teatre Condal\",\"description\":\"lunnis de leyenda superstars en vivo teatre condal barcelona\",\"copyright\":\"\",\"order\":16},{\"localizer\":\"V2CARTELL\",\"url\":\"media\/ver\/cartell\/314B3\/01_079_00048915\/cartellweb-los-lunnis-teatre-condal-barcelona.jpg\",\"thumb_url\":\"media\/ver\/cartell\/314B3\/01_079_00048915\/cartellweb-los-lunnis-teatre-condal-barcelona_thumb.jpg\",\"title\":\"Lunnis de Leyenda\",\"description\":\"Lunnis de Leyenda Grup Focus Teatre Condal\",\"copyright\":\"\",\"order\":17},{\"localizer\":\"V3PORTADAWIDE\",\"url\":\"media\/ver\/port\/v3wide\/314B5\/01_088_00049194\/0-lunnis-de-leyenda-superstars-onyric-teatre-condal-barcelona-pack-familia.jpg\",\"thumb_url\":\"media\/ver\/port\/v3wide\/314B5\/01_088_00049194\/0-lunnis-de-leyenda-superstars-onyric-teatre-condal-barcelona-pack-familia_thumb.jpg\",\"title\":\"Lunnis de leyenda Superstars \u00a1en vivo! - Teatre Condal\",\"description\":\"lunnis de leyenda superstars en vivo teatre condal\",\"copyright\":\"\",\"order\":20},{\"localizer\":\"V3PORTADA\",\"url\":\"media\/ver\/port\/v3\/314B5\/01_084_00049195\/1-lunnis-de-leyenda-superstars-onyric-teatre-condal-barcelona-pack-familia.jpg\",\"thumb_url\":\"media\/ver\/port\/v3\/314B5\/01_084_00049195\/1-lunnis-de-leyenda-superstars-onyric-teatre-condal-barcelona-pack-familia_thumb.jpg\",\"title\":\"Lunnis de leyenda Superstars \u00a1en vivo! - Teatre Condal\",\"description\":\"lunnis de leyenda superstars en vivo teatre condal barcelona\",\"copyright\":\"\",\"order\":21}]","material__texto_intro":"","data_material":null,"data_gallery":"","data_discounts":"[{\"InfoAddicional\":\"<p><strong>Descomptes per a grups i escoles<br \/><\/strong><\/p>\",\"Url\":\"https:\/\/www.promentrada.com\/ca\/product\/{#CODI#}\",\"Codi\":\"CON110\",\"LogoUrl\":\"media\/fimage\/31389\/01_005_00038530\/logo_prome_nuevo_v_web.jpg\",\"TitolBoto\":\"Descomptes per a grups i escoles\",\"Type\":\"discount\"},{\"InfoAddicional\":\"<p><strong>Descomptes per a particulars<br \/><\/strong><\/p>\",\"Url\":\"vip.promentrada.com\/ca\/product\/{#CODI#}\",\"Codi\":\"CON110\",\"LogoUrl\":\"media\/fimage\/31389\/01_005_00038559\/logo_prome_vip_v_web.jpg\",\"TitolBoto\":\"Descomptes per a particulars\",\"Type\":\"discount\"}]","contract_is_open":false,"in_tour":false},"yoast_head":"<!-- This site is optimized with the Yoast SEO plugin v27.5 - https:\/\/yoast.com\/product\/yoast-seo-wordpress\/ -->\n<title>Lunnis de Leyenda Superstars \u00a1en vivo! - Teatre Condal<\/title>\n<meta name=\"robots\" content=\"index, follow, max-snippet:-1, max-image-preview:large, max-video-preview:-1\" \/>\n<link rel=\"canonical\" href=\"https:\/\/www.teatrecondal.cat\/ca\/ex\/lunnis-de-leyenda-superstars-en-vivo\/\" \/>\n<script type=\"application\/ld+json\" class=\"yoast-schema-graph\">{\"@context\":\"https:\\\/\\\/schema.org\",\"@graph\":[{\"@type\":\"WebPage\",\"@id\":\"https:\\\/\\\/www.teatrecondal.cat\\\/ca\\\/ex\\\/lunnis-de-leyenda-superstars-en-vivo\\\/\",\"url\":\"https:\\\/\\\/www.teatrecondal.cat\\\/ca\\\/ex\\\/lunnis-de-leyenda-superstars-en-vivo\\\/\",\"name\":\"Lunnis de Leyenda Superstars \u00a1en vivo! - Teatre Condal\",\"isPartOf\":{\"@id\":\"https:\\\/\\\/www.teatrecondal.cat\\\/ca\\\/#website\"},\"datePublished\":\"2019-06-03T09:34:40+00:00\",\"breadcrumb\":{\"@id\":\"https:\\\/\\\/www.teatrecondal.cat\\\/ca\\\/ex\\\/lunnis-de-leyenda-superstars-en-vivo\\\/#breadcrumb\"},\"inLanguage\":\"ca\",\"potentialAction\":[{\"@type\":\"ReadAction\",\"target\":[\"https:\\\/\\\/www.teatrecondal.cat\\\/ca\\\/ex\\\/lunnis-de-leyenda-superstars-en-vivo\\\/\"]}]},{\"@type\":\"BreadcrumbList\",\"@id\":\"https:\\\/\\\/www.teatrecondal.cat\\\/ca\\\/ex\\\/lunnis-de-leyenda-superstars-en-vivo\\\/#breadcrumb\",\"itemListElement\":[{\"@type\":\"ListItem\",\"position\":1,\"name\":\"Inici\",\"item\":\"https:\\\/\\\/www.teatrecondal.cat\\\/ca\\\/\"},{\"@type\":\"ListItem\",\"position\":2,\"name\":\"Espectacles\",\"item\":\"https:\\\/\\\/www.teatrecondal.cat\\\/ca\\\/ex\\\/\"},{\"@type\":\"ListItem\",\"position\":3,\"name\":\"Lunnis de Leyenda Superstars \u00a1en vivo!\"}]},{\"@type\":\"WebSite\",\"@id\":\"https:\\\/\\\/www.teatrecondal.cat\\\/ca\\\/#website\",\"url\":\"https:\\\/\\\/www.teatrecondal.cat\\\/ca\\\/\",\"name\":\"Teatre Condal\",\"description\":\"\",\"publisher\":{\"@id\":\"https:\\\/\\\/www.teatrecondal.cat\\\/ca\\\/#organization\"},\"potentialAction\":[{\"@type\":\"SearchAction\",\"target\":{\"@type\":\"EntryPoint\",\"urlTemplate\":\"https:\\\/\\\/www.teatrecondal.cat\\\/ca\\\/?s={search_term_string}\"},\"query-input\":{\"@type\":\"PropertyValueSpecification\",\"valueRequired\":true,\"valueName\":\"search_term_string\"}}],\"inLanguage\":\"ca\"},{\"@type\":\"Organization\",\"@id\":\"https:\\\/\\\/www.teatrecondal.cat\\\/ca\\\/#organization\",\"name\":\"Teatre Condal\",\"url\":\"https:\\\/\\\/www.teatrecondal.cat\\\/ca\\\/\",\"logo\":{\"@type\":\"ImageObject\",\"inLanguage\":\"ca\",\"@id\":\"https:\\\/\\\/www.teatrecondal.cat\\\/ca\\\/#\\\/schema\\\/logo\\\/image\\\/\",\"url\":\"https:\\\/\\\/www.teatrecondal.cat\\\/wp-content\\\/uploads\\\/sites\\\/3\\\/2017\\\/09\\\/teatre-condal-logo.svg\",\"contentUrl\":\"https:\\\/\\\/www.teatrecondal.cat\\\/wp-content\\\/uploads\\\/sites\\\/3\\\/2017\\\/09\\\/teatre-condal-logo.svg\",\"width\":1,\"height\":1,\"caption\":\"Teatre Condal\"},\"image\":{\"@id\":\"https:\\\/\\\/www.teatrecondal.cat\\\/ca\\\/#\\\/schema\\\/logo\\\/image\\\/\"},\"sameAs\":[\"http:\\\/\\\/www.facebook.com\\\/TeatreCondal\",\"https:\\\/\\\/x.com\\\/Teatre_Condal\",\"http:\\\/\\\/instagram.com\\\/teatre_condal\",\"http:\\\/\\\/www.youtube.com\\\/user\\\/TeatreCondal\"]}]}<\/script>\n<!-- \/ Yoast SEO plugin. -->","yoast_head_json":{"title":"Lunnis de Leyenda Superstars \u00a1en vivo! - Teatre Condal","robots":{"index":"index","follow":"follow","max-snippet":"max-snippet:-1","max-image-preview":"max-image-preview:large","max-video-preview":"max-video-preview:-1"},"canonical":"https:\/\/www.teatrecondal.cat\/ca\/ex\/lunnis-de-leyenda-superstars-en-vivo\/","schema":{"@context":"https:\/\/schema.org","@graph":[{"@type":"WebPage","@id":"https:\/\/www.teatrecondal.cat\/ca\/ex\/lunnis-de-leyenda-superstars-en-vivo\/","url":"https:\/\/www.teatrecondal.cat\/ca\/ex\/lunnis-de-leyenda-superstars-en-vivo\/","name":"Lunnis de Leyenda Superstars \u00a1en vivo! - Teatre Condal","isPartOf":{"@id":"https:\/\/www.teatrecondal.cat\/ca\/#website"},"datePublished":"2019-06-03T09:34:40+00:00","breadcrumb":{"@id":"https:\/\/www.teatrecondal.cat\/ca\/ex\/lunnis-de-leyenda-superstars-en-vivo\/#breadcrumb"},"inLanguage":"ca","potentialAction":[{"@type":"ReadAction","target":["https:\/\/www.teatrecondal.cat\/ca\/ex\/lunnis-de-leyenda-superstars-en-vivo\/"]}]},{"@type":"BreadcrumbList","@id":"https:\/\/www.teatrecondal.cat\/ca\/ex\/lunnis-de-leyenda-superstars-en-vivo\/#breadcrumb","itemListElement":[{"@type":"ListItem","position":1,"name":"Inici","item":"https:\/\/www.teatrecondal.cat\/ca\/"},{"@type":"ListItem","position":2,"name":"Espectacles","item":"https:\/\/www.teatrecondal.cat\/ca\/ex\/"},{"@type":"ListItem","position":3,"name":"Lunnis de Leyenda Superstars \u00a1en vivo!"}]},{"@type":"WebSite","@id":"https:\/\/www.teatrecondal.cat\/ca\/#website","url":"https:\/\/www.teatrecondal.cat\/ca\/","name":"Teatre Condal","description":"","publisher":{"@id":"https:\/\/www.teatrecondal.cat\/ca\/#organization"},"potentialAction":[{"@type":"SearchAction","target":{"@type":"EntryPoint","urlTemplate":"https:\/\/www.teatrecondal.cat\/ca\/?s={search_term_string}"},"query-input":{"@type":"PropertyValueSpecification","valueRequired":true,"valueName":"search_term_string"}}],"inLanguage":"ca"},{"@type":"Organization","@id":"https:\/\/www.teatrecondal.cat\/ca\/#organization","name":"Teatre Condal","url":"https:\/\/www.teatrecondal.cat\/ca\/","logo":{"@type":"ImageObject","inLanguage":"ca","@id":"https:\/\/www.teatrecondal.cat\/ca\/#\/schema\/logo\/image\/","url":"https:\/\/www.teatrecondal.cat\/wp-content\/uploads\/sites\/3\/2017\/09\/teatre-condal-logo.svg","contentUrl":"https:\/\/www.teatrecondal.cat\/wp-content\/uploads\/sites\/3\/2017\/09\/teatre-condal-logo.svg","width":1,"height":1,"caption":"Teatre Condal"},"image":{"@id":"https:\/\/www.teatrecondal.cat\/ca\/#\/schema\/logo\/image\/"},"sameAs":["http:\/\/www.facebook.com\/TeatreCondal","https:\/\/x.com\/Teatre_Condal","http:\/\/instagram.com\/teatre_condal","http:\/\/www.youtube.com\/user\/TeatreCondal"]}]}},"translations":[{"id":3768,"locale":"ca"},{"id":4186,"locale":"es"}],"_links":{"self":[{"href":"https:\/\/www.teatrecondal.cat\/ca\/wp-json\/wp\/v2\/ex\/3768","targetHints":{"allow":["GET"]}}],"collection":[{"href":"https:\/\/www.teatrecondal.cat\/ca\/wp-json\/wp\/v2\/ex"}],"about":[{"href":"https:\/\/www.teatrecondal.cat\/ca\/wp-json\/wp\/v2\/types\/ex"}],"author":[{"embeddable":true,"href":"https:\/\/www.teatrecondal.cat\/ca\/wp-json\/wp\/v2\/users\/2"}],"replies":[{"embeddable":true,"href":"https:\/\/www.teatrecondal.cat\/ca\/wp-json\/wp\/v2\/comments?post=3768"}],"acf:term":[{"embeddable":true,"taxonomy":"season","href":"https:\/\/www.teatrecondal.cat\/ca\/wp-json\/wp\/v2\/season\/63"}],"wp:attachment":[{"href":"https:\/\/www.teatrecondal.cat\/ca\/wp-json\/wp\/v2\/media?parent=3768"}],"curies":[{"name":"wp","href":"https:\/\/api.w.org\/{rel}","templated":true}]}}