{"id":3735,"date":"2018-07-06T08:10:16","date_gmt":"2018-07-06T06:10:16","guid":{"rendered":"https:\/\/pre.teatrecondal.cat\/ex\/\/paquito-forever\/"},"modified":"2018-07-06T08:10:16","modified_gmt":"2018-07-06T06:10:16","slug":"paquito-forever","status":"publish","type":"ex","link":"https:\/\/www.teatrecondal.cat\/ca\/ex\/paquito-forever\/","title":{"rendered":"Paquito Forever"},"content":{"rendered":"","protected":false},"excerpt":{"rendered":"","protected":false},"author":2,"featured_media":0,"comment_status":"closed","ping_status":"open","template":"","class_list":["post-3735","ex","type-ex","status-publish","hentry","season-2018-19"],"acf":{"txt_synopsis":"<p><strong>Torna Paquito Forever, el musical de petit format d\u2019\u00e8xit de la temporada passada a Barcelona!<\/strong> <\/p>\n<p>Recordem el paral\u00b7lel del anys 50 a trav\u00e9s de la vida de <strong>Paco Alonso<\/strong>, bailaor, cantaor, actor i transformista que va protagonitzar una brillant carrera internacional a Nova York que va acabar a Barcelona, al musical Flor de Nit. <strong>Joan V\u00e1zquez<\/strong> (millor interpretaci\u00f3 masculina als Premios de Teatro Musical 2018 per aquest personatge) es posa a la seva pell i te\u2019l presenta al Club ONYRIC&nbsp;amb aquest cabaret fresc i desenfadat que no et deixar\u00e0 indiferent. <\/p>\n<p>&nbsp;<\/p>","main_buy_link":"","main_buy_links":"","group_buy_link":"","show_language":"Espectacle en catal\u00e0 i castell\u00e0","show_duration":"80","show_start_date":"20180925000000","show_end_date":"20181113000000","show_sort_date":"20180925000000","txt_custom_show_dates":"del 25 de setembre al 13 de novembre de 2018","show_disciplines":"","show_ultimes_funcions":false,"hide_tarifes_especials":false,"show_properament":false,"txt_additional_info":"<p><i class=\"fa fa-trophy fa-2x fa-fw\"><\/i><strong>Joan V\u00e1zquez, millor interpretaci\u00f3 masculina als Premios de Teatro Musical 2018 per Paquito Forever<\/strong><\/p>","txt_present":"","show_season":[62],"txt_season":"[\"2018\/19\"]","txt_cycle":"","txt_claim":"","txt_cast_excerpt":"","txt_cast":"<p>Un musical de <strong>Gerard Alonso<\/strong> i<strong> Fran Arr\u00e1ez<\/strong> <br \/>M\u00fasica <strong>Gerard Alonso<\/strong> <br \/>Lletres <strong>Fran Arr\u00e1ez, Roser Batalla, Frank Capdet<\/strong> i <strong>Joan V\u00e1zquez<\/strong> <br \/>Llibret <strong>Fran Arr\u00e1ez<\/strong> <br \/>Dramat\u00fargia <strong>Fran Arr\u00e1ez <\/strong>i<strong> Frank Capdet<\/strong> <\/p>\n<p>Amb<strong> Joan V\u00e1zquez<\/strong> <br \/>Piano <strong>Gerard Alonso \/ Haize Lizarazu<\/strong> <br \/><br \/>Direcci\u00f3 <strong>Victor \u00c1lvaro<\/strong> <br \/>Direcci\u00f3 musical <strong>Gerard Alonso<\/strong> <br \/>Coreografia <strong>Bealia Guerra<\/strong> <br \/>Fotografia <strong>Xavi G\u00f3mez Roig<\/strong> <br \/>Coach vocal <strong>Helen Rowson<\/strong> <br \/>Vestuari original <strong>Paco Alonso<\/strong> <\/p>\n<p>Premsa <strong>Anna Casasayas<\/strong> i <strong>Clara M. Clavell<\/strong> <br \/>Marqu\u00e8ting i comunicaci\u00f3 <strong>Publispec<\/strong> <br \/><br \/>Agra\u00efments<strong> Albert Moraleda, Teresa Pont, Dagoll Dagom (Joan Llu\u00eds Bozzo, Anna Rosa Cisquella, Miquel Periel), Pep Cruz, Albert Guinovart, Miquel Garc\u00eda i Ana Mar\u00eda, Gabriela Lucena<\/strong> i <strong>Fundaci\u00f3 AISGE<\/strong>.<\/p>","txt_reviews":"Santi Fondevila|Time Out Barcelona|\"La funci\u00f3 est\u00e0 excel\u00b7lentment servida per un Joan V\u00e1zquez tan efica\u00e7 en la veu com en la interpretaci\u00f3.\"\nFernando Solla|En Platea|\"Victor Alvaro ha dirigit un espectacle de factura aparentment senzilla per\u00f2 que arriba directament al cor.\"\nCarles Armengol|Teatre Barcelona|\"V\u00e1zquez fa una composici\u00f3 extraordin\u00e0ria (...). Un espectacle delicat, interpretat amb sensibilitat i respecte.\"\nChristian Machio|Recomana.cat|\"V\u00e1zquez sap portar el pols de l\u2019espectacle sense desapar\u00e8ixer de l\u2019escenari i col\u00b7loca la com\u00e8dia on toca sense perdre la vessant po\u00e8tica quan \u00e9s necessari.\"","hashtag":"PaquitoForever","have_promo":"","slogan":"","id_exhibicio":1555,"id_versio":1304,"id_local":3,"txt_seo_desc":"Al Club ONYRIC del Teatre Condal recordem el paral\u00b7lel del anys 50 a trav\u00e9s de la vida de Paco Alonso, bailaor, cantaor, actor i transformista que va protagonitzar una brillant carrera internacional a Nova York que va acabar a Barcelona.","data_images":"[{\"localizer\":\"V3CARTELL\",\"url\":\"media\/ver\/cartell\/v3\/3144F\/01_085_00045292\/cartellwebpaquitoforeverteatrecondalonyricbarcelona.jpg\",\"thumb_url\":\"media\/ver\/cartell\/v3\/3144F\/01_085_00045292\/cartellwebpaquitoforeverteatrecondalonyricbarcelona_thumb.jpg\",\"title\":\"Paquito Forever\",\"description\":\"ONYRIC - Teatre Condal\",\"copyright\":\"\",\"order\":2},{\"localizer\":\"V3SLIDE\",\"url\":\"media\/ftgalslide\/v3\/3144F\/01_086_00045293\/paquitoforeverteatrecondalbarcelona.jpg\",\"thumb_url\":\"media\/ftgalslide\/v3\/3144F\/01_086_00045293\/paquitoforeverteatrecondalbarcelona_thumb.jpg\",\"title\":\"Paquito Forever\",\"description\":\"ONYRIC Teatre Condal\",\"copyright\":\"\",\"order\":3},{\"localizer\":\"V3SLIDE\",\"url\":\"media\/ftgalslide\/v3\/3144F\/01_086_00045294\/paquitoforeverteatrecondalbarcelona2.jpg\",\"thumb_url\":\"media\/ftgalslide\/v3\/3144F\/01_086_00045294\/paquitoforeverteatrecondalbarcelona2_thumb.jpg\",\"title\":\"Paquito Forever\",\"description\":\"ONYRIC Teatre Condal\",\"copyright\":\"\",\"order\":4},{\"localizer\":\"V3SLIDE\",\"url\":\"media\/ftgalslide\/v3\/3144F\/01_086_00045295\/paquitoforeverteatrecondalbarcelona3.jpg\",\"thumb_url\":\"media\/ftgalslide\/v3\/3144F\/01_086_00045295\/paquitoforeverteatrecondalbarcelona3_thumb.jpg\",\"title\":\"Paquito Forever\",\"description\":\"ONYRIC Teatre Condal\",\"copyright\":\"\",\"order\":5},{\"localizer\":\"V3SLIDE\",\"url\":\"media\/ftgalslide\/v3\/3144F\/01_086_00045296\/paquitoforeverteatrecondalbarcelona4.jpg\",\"thumb_url\":\"media\/ftgalslide\/v3\/3144F\/01_086_00045296\/paquitoforeverteatrecondalbarcelona4_thumb.jpg\",\"title\":\"Paquito Forever\",\"description\":\"ONYRIC Teatre Condal\",\"copyright\":\"\",\"order\":6},{\"localizer\":\"V3PORTADA\",\"url\":\"media\/ver\/port\/v3\/31453\/01_084_00046491\/1-paquito-forever-teatre-condal-onyric-barcelona-ultima-funcio.jpg\",\"thumb_url\":\"media\/ver\/port\/v3\/31453\/01_084_00046491\/1-paquito-forever-teatre-condal-onyric-barcelona-ultima-funcio_thumb.jpg\",\"title\":\"Paquito Forever\",\"description\":\"paquito forever onyric teatre condal barcelona\",\"copyright\":\"\",\"order\":9}]","material__texto_intro":"","data_material":null,"data_gallery":"","data_discounts":"[{\"InfoAddicional\":\"<p><strong>Descomptes per a particulars<br \/><\/strong><\/p>\",\"Url\":\"http:\/\/vip.promentrada.com\",\"Codi\":\"CON76\",\"LogoUrl\":\"media\/fimage\/31389\/01_005_00038559\/logo_prome_vip_v_web.jpg\",\"TitolBoto\":\"Descomptes per a particulars\",\"Type\":\"discount\"},{\"InfoAddicional\":\"<p><strong>Descomptes per a grups i escoles<br \/><\/strong><\/p>\",\"Url\":\"https:\/\/www.promentrada.com\/ca\/catalog\/\",\"Codi\":\"CON76\",\"LogoUrl\":\"media\/fimage\/31389\/01_005_00038530\/logo_prome_nuevo_v_web.jpg\",\"TitolBoto\":\"Descomptes per a grups i escoles\",\"Type\":\"discount\"}]","contract_is_open":false,"in_tour":false},"yoast_head":"<!-- This site is optimized with the Yoast SEO plugin v27.5 - https:\/\/yoast.com\/product\/yoast-seo-wordpress\/ -->\n<title>Paquito Forever - Teatre Condal<\/title>\n<meta name=\"robots\" content=\"index, follow, max-snippet:-1, max-image-preview:large, max-video-preview:-1\" \/>\n<link rel=\"canonical\" href=\"https:\/\/www.teatrecondal.cat\/ca\/ex\/paquito-forever\/\" \/>\n<script type=\"application\/ld+json\" class=\"yoast-schema-graph\">{\"@context\":\"https:\\\/\\\/schema.org\",\"@graph\":[{\"@type\":\"WebPage\",\"@id\":\"https:\\\/\\\/www.teatrecondal.cat\\\/ca\\\/ex\\\/paquito-forever\\\/\",\"url\":\"https:\\\/\\\/www.teatrecondal.cat\\\/ca\\\/ex\\\/paquito-forever\\\/\",\"name\":\"Paquito Forever - Teatre Condal\",\"isPartOf\":{\"@id\":\"https:\\\/\\\/www.teatrecondal.cat\\\/ca\\\/#website\"},\"datePublished\":\"2018-07-06T06:10:16+00:00\",\"breadcrumb\":{\"@id\":\"https:\\\/\\\/www.teatrecondal.cat\\\/ca\\\/ex\\\/paquito-forever\\\/#breadcrumb\"},\"inLanguage\":\"ca\",\"potentialAction\":[{\"@type\":\"ReadAction\",\"target\":[\"https:\\\/\\\/www.teatrecondal.cat\\\/ca\\\/ex\\\/paquito-forever\\\/\"]}]},{\"@type\":\"BreadcrumbList\",\"@id\":\"https:\\\/\\\/www.teatrecondal.cat\\\/ca\\\/ex\\\/paquito-forever\\\/#breadcrumb\",\"itemListElement\":[{\"@type\":\"ListItem\",\"position\":1,\"name\":\"Inici\",\"item\":\"https:\\\/\\\/www.teatrecondal.cat\\\/ca\\\/\"},{\"@type\":\"ListItem\",\"position\":2,\"name\":\"Espectacles\",\"item\":\"https:\\\/\\\/www.teatrecondal.cat\\\/ca\\\/ex\\\/\"},{\"@type\":\"ListItem\",\"position\":3,\"name\":\"Paquito Forever\"}]},{\"@type\":\"WebSite\",\"@id\":\"https:\\\/\\\/www.teatrecondal.cat\\\/ca\\\/#website\",\"url\":\"https:\\\/\\\/www.teatrecondal.cat\\\/ca\\\/\",\"name\":\"Teatre Condal\",\"description\":\"\",\"publisher\":{\"@id\":\"https:\\\/\\\/www.teatrecondal.cat\\\/ca\\\/#organization\"},\"potentialAction\":[{\"@type\":\"SearchAction\",\"target\":{\"@type\":\"EntryPoint\",\"urlTemplate\":\"https:\\\/\\\/www.teatrecondal.cat\\\/ca\\\/?s={search_term_string}\"},\"query-input\":{\"@type\":\"PropertyValueSpecification\",\"valueRequired\":true,\"valueName\":\"search_term_string\"}}],\"inLanguage\":\"ca\"},{\"@type\":\"Organization\",\"@id\":\"https:\\\/\\\/www.teatrecondal.cat\\\/ca\\\/#organization\",\"name\":\"Teatre Condal\",\"url\":\"https:\\\/\\\/www.teatrecondal.cat\\\/ca\\\/\",\"logo\":{\"@type\":\"ImageObject\",\"inLanguage\":\"ca\",\"@id\":\"https:\\\/\\\/www.teatrecondal.cat\\\/ca\\\/#\\\/schema\\\/logo\\\/image\\\/\",\"url\":\"https:\\\/\\\/www.teatrecondal.cat\\\/wp-content\\\/uploads\\\/sites\\\/3\\\/2017\\\/09\\\/teatre-condal-logo.svg\",\"contentUrl\":\"https:\\\/\\\/www.teatrecondal.cat\\\/wp-content\\\/uploads\\\/sites\\\/3\\\/2017\\\/09\\\/teatre-condal-logo.svg\",\"width\":1,\"height\":1,\"caption\":\"Teatre Condal\"},\"image\":{\"@id\":\"https:\\\/\\\/www.teatrecondal.cat\\\/ca\\\/#\\\/schema\\\/logo\\\/image\\\/\"},\"sameAs\":[\"http:\\\/\\\/www.facebook.com\\\/TeatreCondal\",\"https:\\\/\\\/x.com\\\/Teatre_Condal\",\"http:\\\/\\\/instagram.com\\\/teatre_condal\",\"http:\\\/\\\/www.youtube.com\\\/user\\\/TeatreCondal\"]}]}<\/script>\n<!-- \/ Yoast SEO plugin. -->","yoast_head_json":{"title":"Paquito Forever - Teatre Condal","robots":{"index":"index","follow":"follow","max-snippet":"max-snippet:-1","max-image-preview":"max-image-preview:large","max-video-preview":"max-video-preview:-1"},"canonical":"https:\/\/www.teatrecondal.cat\/ca\/ex\/paquito-forever\/","schema":{"@context":"https:\/\/schema.org","@graph":[{"@type":"WebPage","@id":"https:\/\/www.teatrecondal.cat\/ca\/ex\/paquito-forever\/","url":"https:\/\/www.teatrecondal.cat\/ca\/ex\/paquito-forever\/","name":"Paquito Forever - Teatre Condal","isPartOf":{"@id":"https:\/\/www.teatrecondal.cat\/ca\/#website"},"datePublished":"2018-07-06T06:10:16+00:00","breadcrumb":{"@id":"https:\/\/www.teatrecondal.cat\/ca\/ex\/paquito-forever\/#breadcrumb"},"inLanguage":"ca","potentialAction":[{"@type":"ReadAction","target":["https:\/\/www.teatrecondal.cat\/ca\/ex\/paquito-forever\/"]}]},{"@type":"BreadcrumbList","@id":"https:\/\/www.teatrecondal.cat\/ca\/ex\/paquito-forever\/#breadcrumb","itemListElement":[{"@type":"ListItem","position":1,"name":"Inici","item":"https:\/\/www.teatrecondal.cat\/ca\/"},{"@type":"ListItem","position":2,"name":"Espectacles","item":"https:\/\/www.teatrecondal.cat\/ca\/ex\/"},{"@type":"ListItem","position":3,"name":"Paquito Forever"}]},{"@type":"WebSite","@id":"https:\/\/www.teatrecondal.cat\/ca\/#website","url":"https:\/\/www.teatrecondal.cat\/ca\/","name":"Teatre Condal","description":"","publisher":{"@id":"https:\/\/www.teatrecondal.cat\/ca\/#organization"},"potentialAction":[{"@type":"SearchAction","target":{"@type":"EntryPoint","urlTemplate":"https:\/\/www.teatrecondal.cat\/ca\/?s={search_term_string}"},"query-input":{"@type":"PropertyValueSpecification","valueRequired":true,"valueName":"search_term_string"}}],"inLanguage":"ca"},{"@type":"Organization","@id":"https:\/\/www.teatrecondal.cat\/ca\/#organization","name":"Teatre Condal","url":"https:\/\/www.teatrecondal.cat\/ca\/","logo":{"@type":"ImageObject","inLanguage":"ca","@id":"https:\/\/www.teatrecondal.cat\/ca\/#\/schema\/logo\/image\/","url":"https:\/\/www.teatrecondal.cat\/wp-content\/uploads\/sites\/3\/2017\/09\/teatre-condal-logo.svg","contentUrl":"https:\/\/www.teatrecondal.cat\/wp-content\/uploads\/sites\/3\/2017\/09\/teatre-condal-logo.svg","width":1,"height":1,"caption":"Teatre Condal"},"image":{"@id":"https:\/\/www.teatrecondal.cat\/ca\/#\/schema\/logo\/image\/"},"sameAs":["http:\/\/www.facebook.com\/TeatreCondal","https:\/\/x.com\/Teatre_Condal","http:\/\/instagram.com\/teatre_condal","http:\/\/www.youtube.com\/user\/TeatreCondal"]}]}},"translations":[{"id":3735,"locale":"ca"},{"id":4136,"locale":"es"}],"_links":{"self":[{"href":"https:\/\/www.teatrecondal.cat\/ca\/wp-json\/wp\/v2\/ex\/3735","targetHints":{"allow":["GET"]}}],"collection":[{"href":"https:\/\/www.teatrecondal.cat\/ca\/wp-json\/wp\/v2\/ex"}],"about":[{"href":"https:\/\/www.teatrecondal.cat\/ca\/wp-json\/wp\/v2\/types\/ex"}],"author":[{"embeddable":true,"href":"https:\/\/www.teatrecondal.cat\/ca\/wp-json\/wp\/v2\/users\/2"}],"replies":[{"embeddable":true,"href":"https:\/\/www.teatrecondal.cat\/ca\/wp-json\/wp\/v2\/comments?post=3735"}],"acf:term":[{"embeddable":true,"taxonomy":"season","href":"https:\/\/www.teatrecondal.cat\/ca\/wp-json\/wp\/v2\/season\/62"}],"wp:attachment":[{"href":"https:\/\/www.teatrecondal.cat\/ca\/wp-json\/wp\/v2\/media?parent=3735"}],"curies":[{"name":"wp","href":"https:\/\/api.w.org\/{rel}","templated":true}]}}