{"id":3640,"date":"2017-09-19T08:23:03","date_gmt":"2017-09-19T06:23:03","guid":{"rendered":"https:\/\/pre.teatrecondal.cat\/ex\/\/fresh-comedy-se-ha-escribido-un-crimen-lo-sabemos-esta-mal-escribido\/"},"modified":"2017-09-19T08:23:03","modified_gmt":"2017-09-19T06:23:03","slug":"fresh-comedy-se-ha-escribido-un-crimen-lo-sabemos-esta-mal-escribido","status":"publish","type":"ex","link":"https:\/\/www.teatrecondal.cat\/ca\/ex\/fresh-comedy-se-ha-escribido-un-crimen-lo-sabemos-esta-mal-escribido\/","title":{"rendered":"Fresh Comedy &#8211; Se ha escribido un crimen (Lo sabemos, est\u00e1 mal escribido)"},"content":{"rendered":"","protected":false},"excerpt":{"rendered":"","protected":false},"author":2,"featured_media":0,"comment_status":"closed","ping_status":"open","template":"","class_list":["post-3640","ex","type-ex","status-publish","hentry","season-2014-15"],"acf":{"txt_synopsis":"<p align=\"justify\"><strong>Un home \u00e9s assassinat dins d\u2019un teatre davant la pres\u00e8ncia del p\u00fablic, que es converteix en sospit\u00f3s i testimoni<\/strong>. La policia entra en escena per resoldre el crim. Dit aix\u00ed sembla molt senzill, per\u00f2 la matusseria del tinent Mart\u00edn i els seus homes, aniran complicant una hist\u00f2ria aparentment senzilla convertint la investigaci\u00f3 d\u2019un crim en una delirant com\u00e8dia.<br \/><br \/><strong>Se ha escribido un crimen. (Lo sabemos est\u00e1 mal escribido)<\/strong> est\u00e0 interpretada pels humoristes,&nbsp;Juanma Lara, \u00c1lvaro Carrero, Mar\u00eda Jos\u00e9 Parra i Salvador Reina. Aquest \u00faltim&nbsp;\u00e9s conegut&nbsp;gr\u00e0cies al seu&nbsp;paper&nbsp;a l'existosa s\u00e8rie de televisi\u00f3, <strong>All\u00ed Abajo<\/strong>.<br \/><br \/><strong>Durada<\/strong>: 1 hora i 45 minuts<\/p>","main_buy_link":"#","main_buy_links":"","group_buy_link":"","show_language":"","show_duration":"","show_start_date":"20150702000000","show_end_date":"20150712000000","show_sort_date":"20141216000000","txt_custom_show_dates":"del 2 al 12 de juliol de 2015","show_disciplines":"","show_ultimes_funcions":false,"hide_tarifes_especials":false,"show_properament":false,"txt_additional_info":"","txt_present":"","show_season":[58],"txt_season":"[\"2014\/15\"]","txt_cycle":"fresh","txt_claim":"","txt_cast_excerpt":"","txt_cast":"<p><strong>INT\u00c8RPRETS:<\/strong> Juanma Lara, Salvador Reina, \u00c1lvaro Carrero i Mar\u00eda Jos\u00e9 Parra<\/p>\n<p><strong>PRODUCCI\u00d3:<\/strong> Fresh Comedy<\/p>","txt_reviews":"","hashtag":"","have_promo":"","slogan":"","id_exhibicio":1179,"id_versio":961,"id_local":3,"txt_seo_desc":"","data_images":"[{\"localizer\":\"V2CARTELL\",\"url\":\"media\/ver\/cartell\/31321\/01_079_00033857\/crimen_V01.jpg\",\"thumb_url\":\"media\/ver\/cartell\/31321\/01_079_00033857\/crimen_V01_thumb.jpg\",\"title\":\"Se ha escribido un crimen\",\"description\":\"Se ha escribido un crimen\",\"copyright\":\"https:\/\/d1wfclq6bigznq.cloudfront.net\/tkrfc\/default\/083escribido.jpg\",\"order\":4},{\"localizer\":\"V2PORTADA\",\"url\":\"media\/ver\/port\/31321\/01_078_00033863\/portokok.jpg\",\"thumb_url\":\"media\/ver\/port\/31321\/01_078_00033863\/portokok_thumb.jpg\",\"title\":\"Se ha escribido un crimen\",\"description\":\"Se ha escribido un crimen\",\"copyright\":\"\",\"order\":5},{\"localizer\":\"V2SLIDE\",\"url\":\"media\/ftgalslide\/31323\/01_076_00034309\/Slideweb2.jpg\",\"thumb_url\":\"media\/ftgalslide\/31323\/01_076_00034309\/Slideweb2_thumb.jpg\",\"title\":\"Se ha escribido un cr\u00edmen\",\"description\":\" \",\"copyright\":\"https:\/\/www.youtube.com\/watch?v=PobhXGgtQMc\",\"order\":5},{\"localizer\":\"V2SLIDE\",\"url\":\"media\/ftgalslide\/31322\/01_076_00034216\/Slideweb1.jpg\",\"thumb_url\":\"media\/ftgalslide\/31322\/01_076_00034216\/Slideweb1_thumb.jpg\",\"title\":\"Se ha escribido un crimen\",\"description\":\" \",\"copyright\":\"\",\"order\":6},{\"localizer\":\"V2SLIDE\",\"url\":\"media\/ftgalslide\/31322\/01_076_00034217\/Slideweb.jpg\",\"thumb_url\":\"media\/ftgalslide\/31322\/01_076_00034217\/Slideweb_thumb.jpg\",\"title\":\"Se ha escribido un crimen\",\"description\":\" \",\"copyright\":\"\",\"order\":7},{\"localizer\":\"V2SLIDE\",\"url\":\"media\/ftgalslide\/31322\/01_076_00034218\/Slideweb2.jpg\",\"thumb_url\":\"media\/ftgalslide\/31322\/01_076_00034218\/Slideweb2_thumb.jpg\",\"title\":\"Se ha escribido un crimen\",\"description\":\" \",\"copyright\":\"\",\"order\":8},{\"localizer\":\"VERS_IMATGE_ESPECTACLE\",\"url\":\"media\/ftespect\/31322\/01_020_00034219\/Galeriaweb1.jpg\",\"thumb_url\":\"media\/ftespect\/31322\/01_020_00034219\/Galeriaweb1_thumb.jpg\",\"title\":\"Se ha escribido un crimen. Lo sabemos est\u00e1 mal escribido\",\"description\":\" \",\"copyright\":\"\",\"order\":9},{\"localizer\":\"VERS_IMATGE_ESPECTACLE\",\"url\":\"media\/ftespect\/31322\/01_020_00034220\/Galeriaweb2.jpg\",\"thumb_url\":\"media\/ftespect\/31322\/01_020_00034220\/Galeriaweb2_thumb.jpg\",\"title\":\"Se ha escribido un crimen. Lo sabemos est\u00e1 mal escribido\",\"description\":\" \",\"copyright\":\"\",\"order\":10},{\"localizer\":\"VERS_IMATGE_ESPECTACLE\",\"url\":\"media\/ftespect\/31322\/01_020_00034221\/Galeriaweb3.jpg\",\"thumb_url\":\"media\/ftespect\/31322\/01_020_00034221\/Galeriaweb3_thumb.jpg\",\"title\":\"Se ha escribido un crimen. Lo sabemos est\u00e1 mal escribido\",\"description\":\" \",\"copyright\":\"\",\"order\":11},{\"localizer\":\"VERS_IMATGE_ESPECTACLE\",\"url\":\"media\/ftespect\/31322\/01_020_00034222\/Galeriaweb4.jpg\",\"thumb_url\":\"media\/ftespect\/31322\/01_020_00034222\/Galeriaweb4_thumb.jpg\",\"title\":\"Se ha escribido un crimen. Lo sabemos est\u00e1 mal escribido\",\"description\":\" \",\"copyright\":\"\",\"order\":12}]","material__texto_intro":"","data_material":null,"data_gallery":"","data_discounts":"[{\"InfoAddicional\":\"<p><strong>Tarifa especial:<\/strong> Targeta Rosa, Targeta Discapacitat, Club TR3SC i Carnet Jove.*<\/p><p><em>*Descomptes Targeta Rosa i Targeta Discapacitat nom\u00e9s aplicables comprant a taquilla <\/em><\/p><p><strong>Descomptes per a grups i escoles<br \/><\/strong><\/p>\",\"Url\":\"http:\/\/www.promentrada.com\",\"Codi\":\"0\",\"LogoUrl\":\"media\/fimage\/31389\/01_005_00038530\/logo_prome_nuevo_v_web.jpg\"},{\"InfoAddicional\":\"<p><strong>Descomptes per a particulars<br \/><\/strong><\/p>\",\"Url\":\"http:\/\/vip.promentrada.com\",\"Codi\":\"0\",\"LogoUrl\":\"media\/fimage\/31389\/01_005_00038559\/logo_prome_vip_v_web.jpg\"}]","contract_is_open":false,"in_tour":false},"yoast_head":"<!-- This site is optimized with the Yoast SEO plugin v27.5 - https:\/\/yoast.com\/product\/yoast-seo-wordpress\/ -->\n<title>Fresh Comedy - Se ha escribido un crimen (Lo sabemos, est\u00e1 mal escribido) - Teatre Condal<\/title>\n<meta name=\"robots\" content=\"index, follow, max-snippet:-1, max-image-preview:large, max-video-preview:-1\" \/>\n<link rel=\"canonical\" href=\"https:\/\/www.teatrecondal.cat\/ca\/ex\/fresh-comedy-se-ha-escribido-un-crimen-lo-sabemos-esta-mal-escribido\/\" \/>\n<script type=\"application\/ld+json\" class=\"yoast-schema-graph\">{\"@context\":\"https:\\\/\\\/schema.org\",\"@graph\":[{\"@type\":\"WebPage\",\"@id\":\"https:\\\/\\\/www.teatrecondal.cat\\\/ca\\\/ex\\\/fresh-comedy-se-ha-escribido-un-crimen-lo-sabemos-esta-mal-escribido\\\/\",\"url\":\"https:\\\/\\\/www.teatrecondal.cat\\\/ca\\\/ex\\\/fresh-comedy-se-ha-escribido-un-crimen-lo-sabemos-esta-mal-escribido\\\/\",\"name\":\"Fresh Comedy - Se ha escribido un crimen (Lo sabemos, est\u00e1 mal escribido) - Teatre Condal\",\"isPartOf\":{\"@id\":\"https:\\\/\\\/www.teatrecondal.cat\\\/ca\\\/#website\"},\"datePublished\":\"2017-09-19T06:23:03+00:00\",\"breadcrumb\":{\"@id\":\"https:\\\/\\\/www.teatrecondal.cat\\\/ca\\\/ex\\\/fresh-comedy-se-ha-escribido-un-crimen-lo-sabemos-esta-mal-escribido\\\/#breadcrumb\"},\"inLanguage\":\"ca\",\"potentialAction\":[{\"@type\":\"ReadAction\",\"target\":[\"https:\\\/\\\/www.teatrecondal.cat\\\/ca\\\/ex\\\/fresh-comedy-se-ha-escribido-un-crimen-lo-sabemos-esta-mal-escribido\\\/\"]}]},{\"@type\":\"BreadcrumbList\",\"@id\":\"https:\\\/\\\/www.teatrecondal.cat\\\/ca\\\/ex\\\/fresh-comedy-se-ha-escribido-un-crimen-lo-sabemos-esta-mal-escribido\\\/#breadcrumb\",\"itemListElement\":[{\"@type\":\"ListItem\",\"position\":1,\"name\":\"Inici\",\"item\":\"https:\\\/\\\/www.teatrecondal.cat\\\/ca\\\/\"},{\"@type\":\"ListItem\",\"position\":2,\"name\":\"Espectacles\",\"item\":\"https:\\\/\\\/www.teatrecondal.cat\\\/ca\\\/ex\\\/\"},{\"@type\":\"ListItem\",\"position\":3,\"name\":\"Fresh Comedy &#8211; Se ha escribido un crimen (Lo sabemos, est\u00e1 mal escribido)\"}]},{\"@type\":\"WebSite\",\"@id\":\"https:\\\/\\\/www.teatrecondal.cat\\\/ca\\\/#website\",\"url\":\"https:\\\/\\\/www.teatrecondal.cat\\\/ca\\\/\",\"name\":\"Teatre Condal\",\"description\":\"\",\"publisher\":{\"@id\":\"https:\\\/\\\/www.teatrecondal.cat\\\/ca\\\/#organization\"},\"potentialAction\":[{\"@type\":\"SearchAction\",\"target\":{\"@type\":\"EntryPoint\",\"urlTemplate\":\"https:\\\/\\\/www.teatrecondal.cat\\\/ca\\\/?s={search_term_string}\"},\"query-input\":{\"@type\":\"PropertyValueSpecification\",\"valueRequired\":true,\"valueName\":\"search_term_string\"}}],\"inLanguage\":\"ca\"},{\"@type\":\"Organization\",\"@id\":\"https:\\\/\\\/www.teatrecondal.cat\\\/ca\\\/#organization\",\"name\":\"Teatre Condal\",\"url\":\"https:\\\/\\\/www.teatrecondal.cat\\\/ca\\\/\",\"logo\":{\"@type\":\"ImageObject\",\"inLanguage\":\"ca\",\"@id\":\"https:\\\/\\\/www.teatrecondal.cat\\\/ca\\\/#\\\/schema\\\/logo\\\/image\\\/\",\"url\":\"https:\\\/\\\/www.teatrecondal.cat\\\/wp-content\\\/uploads\\\/sites\\\/3\\\/2017\\\/09\\\/teatre-condal-logo.svg\",\"contentUrl\":\"https:\\\/\\\/www.teatrecondal.cat\\\/wp-content\\\/uploads\\\/sites\\\/3\\\/2017\\\/09\\\/teatre-condal-logo.svg\",\"width\":1,\"height\":1,\"caption\":\"Teatre Condal\"},\"image\":{\"@id\":\"https:\\\/\\\/www.teatrecondal.cat\\\/ca\\\/#\\\/schema\\\/logo\\\/image\\\/\"},\"sameAs\":[\"http:\\\/\\\/www.facebook.com\\\/TeatreCondal\",\"https:\\\/\\\/x.com\\\/Teatre_Condal\",\"http:\\\/\\\/instagram.com\\\/teatre_condal\",\"http:\\\/\\\/www.youtube.com\\\/user\\\/TeatreCondal\"]}]}<\/script>\n<!-- \/ Yoast SEO plugin. -->","yoast_head_json":{"title":"Fresh Comedy - Se ha escribido un crimen (Lo sabemos, est\u00e1 mal escribido) - Teatre Condal","robots":{"index":"index","follow":"follow","max-snippet":"max-snippet:-1","max-image-preview":"max-image-preview:large","max-video-preview":"max-video-preview:-1"},"canonical":"https:\/\/www.teatrecondal.cat\/ca\/ex\/fresh-comedy-se-ha-escribido-un-crimen-lo-sabemos-esta-mal-escribido\/","schema":{"@context":"https:\/\/schema.org","@graph":[{"@type":"WebPage","@id":"https:\/\/www.teatrecondal.cat\/ca\/ex\/fresh-comedy-se-ha-escribido-un-crimen-lo-sabemos-esta-mal-escribido\/","url":"https:\/\/www.teatrecondal.cat\/ca\/ex\/fresh-comedy-se-ha-escribido-un-crimen-lo-sabemos-esta-mal-escribido\/","name":"Fresh Comedy - Se ha escribido un crimen (Lo sabemos, est\u00e1 mal escribido) - Teatre Condal","isPartOf":{"@id":"https:\/\/www.teatrecondal.cat\/ca\/#website"},"datePublished":"2017-09-19T06:23:03+00:00","breadcrumb":{"@id":"https:\/\/www.teatrecondal.cat\/ca\/ex\/fresh-comedy-se-ha-escribido-un-crimen-lo-sabemos-esta-mal-escribido\/#breadcrumb"},"inLanguage":"ca","potentialAction":[{"@type":"ReadAction","target":["https:\/\/www.teatrecondal.cat\/ca\/ex\/fresh-comedy-se-ha-escribido-un-crimen-lo-sabemos-esta-mal-escribido\/"]}]},{"@type":"BreadcrumbList","@id":"https:\/\/www.teatrecondal.cat\/ca\/ex\/fresh-comedy-se-ha-escribido-un-crimen-lo-sabemos-esta-mal-escribido\/#breadcrumb","itemListElement":[{"@type":"ListItem","position":1,"name":"Inici","item":"https:\/\/www.teatrecondal.cat\/ca\/"},{"@type":"ListItem","position":2,"name":"Espectacles","item":"https:\/\/www.teatrecondal.cat\/ca\/ex\/"},{"@type":"ListItem","position":3,"name":"Fresh Comedy &#8211; Se ha escribido un crimen (Lo sabemos, est\u00e1 mal escribido)"}]},{"@type":"WebSite","@id":"https:\/\/www.teatrecondal.cat\/ca\/#website","url":"https:\/\/www.teatrecondal.cat\/ca\/","name":"Teatre Condal","description":"","publisher":{"@id":"https:\/\/www.teatrecondal.cat\/ca\/#organization"},"potentialAction":[{"@type":"SearchAction","target":{"@type":"EntryPoint","urlTemplate":"https:\/\/www.teatrecondal.cat\/ca\/?s={search_term_string}"},"query-input":{"@type":"PropertyValueSpecification","valueRequired":true,"valueName":"search_term_string"}}],"inLanguage":"ca"},{"@type":"Organization","@id":"https:\/\/www.teatrecondal.cat\/ca\/#organization","name":"Teatre Condal","url":"https:\/\/www.teatrecondal.cat\/ca\/","logo":{"@type":"ImageObject","inLanguage":"ca","@id":"https:\/\/www.teatrecondal.cat\/ca\/#\/schema\/logo\/image\/","url":"https:\/\/www.teatrecondal.cat\/wp-content\/uploads\/sites\/3\/2017\/09\/teatre-condal-logo.svg","contentUrl":"https:\/\/www.teatrecondal.cat\/wp-content\/uploads\/sites\/3\/2017\/09\/teatre-condal-logo.svg","width":1,"height":1,"caption":"Teatre Condal"},"image":{"@id":"https:\/\/www.teatrecondal.cat\/ca\/#\/schema\/logo\/image\/"},"sameAs":["http:\/\/www.facebook.com\/TeatreCondal","https:\/\/x.com\/Teatre_Condal","http:\/\/instagram.com\/teatre_condal","http:\/\/www.youtube.com\/user\/TeatreCondal"]}]}},"translations":[{"id":3640,"locale":"ca"},{"id":4042,"locale":"es"}],"_links":{"self":[{"href":"https:\/\/www.teatrecondal.cat\/ca\/wp-json\/wp\/v2\/ex\/3640","targetHints":{"allow":["GET"]}}],"collection":[{"href":"https:\/\/www.teatrecondal.cat\/ca\/wp-json\/wp\/v2\/ex"}],"about":[{"href":"https:\/\/www.teatrecondal.cat\/ca\/wp-json\/wp\/v2\/types\/ex"}],"author":[{"embeddable":true,"href":"https:\/\/www.teatrecondal.cat\/ca\/wp-json\/wp\/v2\/users\/2"}],"replies":[{"embeddable":true,"href":"https:\/\/www.teatrecondal.cat\/ca\/wp-json\/wp\/v2\/comments?post=3640"}],"acf:term":[{"embeddable":true,"taxonomy":"season","href":"https:\/\/www.teatrecondal.cat\/ca\/wp-json\/wp\/v2\/season\/58"}],"wp:attachment":[{"href":"https:\/\/www.teatrecondal.cat\/ca\/wp-json\/wp\/v2\/media?parent=3640"}],"curies":[{"name":"wp","href":"https:\/\/api.w.org\/{rel}","templated":true}]}}