{"id":3546,"date":"2017-09-19T08:21:40","date_gmt":"2017-09-19T06:21:40","guid":{"rendered":"https:\/\/pre.teatrecondal.cat\/ex\/\/don-juan-tenorio\/"},"modified":"2017-09-19T08:21:40","modified_gmt":"2017-09-19T06:21:40","slug":"don-juan-tenorio","status":"publish","type":"ex","link":"https:\/\/www.teatrecondal.cat\/ca\/ex\/don-juan-tenorio\/","title":{"rendered":"Don Juan Tenorio"},"content":{"rendered":"","protected":false},"excerpt":{"rendered":"","protected":false},"author":2,"featured_media":0,"comment_status":"closed","ping_status":"open","template":"","class_list":["post-3546","ex","type-ex","status-publish","hentry","season-2012-13"],"acf":{"txt_synopsis":"<p align=\"justify\">Dos mestres de la com\u00e8dia catalana com s\u00f3n els c\u00e8lebres Joan Pera i Lloll Bertran conjuguen la seva excel\u00b7l\u00e8ncia art\u00edstica a l\u2019escenari aquesta vegada interpretant els m\u00edtics personatges de Do\u00f1a In\u00e9s i Don Juan, del drama rom\u00e0ntic Don Juan Tenorio, de Jos\u00e9 Zorrilla.<\/p>\n<p align=\"justify\">Aquesta brillant pe\u00e7a, representada en m\u00faltiples ocasions a l\u2019escena catalana, \u00e9s recordada sobretot per la inoblidable interpretaci\u00f3 per part de Joan Capri i Mary Santpere al Teatre Romea de Barcelona a mitjans dels anys 70. Seguint aquesta estela d\u2019humor, el binomi art\u00edstic conformat pel Joan i la Lloll pretenen conferir frescor i actualitat a l\u2019espectacle aix\u00ed com donar vida a una de les escenes d\u2019amor m\u00e9s impactants del teatre: l\u2019amor entre Do\u00f1a In\u00e9s i Don Juan.&nbsp; <\/p>\n<p align=\"justify\"><strong>Durada: 1h 30 min (sense entreacte)<\/strong><\/p>\n<p>&nbsp;<\/p>","main_buy_link":"","main_buy_links":"","group_buy_link":"","show_language":"","show_duration":"","show_start_date":"20130514000000","show_end_date":"20130727000000","show_sort_date":"20130326000000","txt_custom_show_dates":"del 14 de maig al 27 de juliol de 2013","show_disciplines":"","show_ultimes_funcions":false,"hide_tarifes_especials":false,"show_properament":false,"txt_additional_info":"","txt_present":"","show_season":[56],"txt_season":"[\"2012\/13\"]","txt_cycle":"","txt_claim":"","txt_cast_excerpt":"","txt_cast":"","txt_reviews":"","hashtag":"","have_promo":"","slogan":"","id_exhibicio":855,"id_versio":665,"id_local":3,"txt_seo_desc":"","data_images":"[{\"localizer\":\"V2CARTELL\",\"url\":\"media\/ver\/cartell\/31258\/01_079_00024902\/list2.jpg\",\"thumb_url\":\"media\/ver\/cartell\/31258\/01_079_00024902\/list2_thumb.jpg\",\"title\":\"Don Juan Tenorio\",\"description\":\"Don Juan Tenorio\",\"copyright\":\"\",\"order\":4},{\"localizer\":\"V2SLIDE\",\"url\":\"media\/ftgalslide\/31259\/01_076_00025090\/slide01.jpg\",\"thumb_url\":\"media\/ftgalslide\/31259\/01_076_00025090\/slide01_thumb.jpg\",\"title\":\"Don Juan Tenorio\",\"description\":\"Joan Pera i Lloll Bertran\",\"copyright\":\"http:\/\/www.youtube.com\/watch?v=8Dj6uj_TtKg\",\"order\":6},{\"localizer\":\"V2SLIDE\",\"url\":\"media\/ftgalslide\/31259\/01_076_00025091\/slide01.jpg\",\"thumb_url\":\"media\/ftgalslide\/31259\/01_076_00025091\/slide01_thumb.jpg\",\"title\":\"Don Juan Tenorio\",\"description\":\"Joan Pera i Lloll Bertran\",\"copyright\":\"\",\"order\":7},{\"localizer\":\"V2SLIDE\",\"url\":\"media\/ftgalslide\/31259\/01_076_00025092\/slide02.jpg\",\"thumb_url\":\"media\/ftgalslide\/31259\/01_076_00025092\/slide02_thumb.jpg\",\"title\":\"Don Juan Tenorio\",\"description\":\"Joan Pera i Lloll Bertran\",\"copyright\":\"\",\"order\":8},{\"localizer\":\"V2SLIDE\",\"url\":\"media\/ftgalslide\/31259\/01_076_00025093\/slide03.jpg\",\"thumb_url\":\"media\/ftgalslide\/31259\/01_076_00025093\/slide03_thumb.jpg\",\"title\":\"Don Juan Tenorio\",\"description\":\"Joan Pera i Lloll Bertran\",\"copyright\":\"\",\"order\":9},{\"localizer\":\"V2SLIDE\",\"url\":\"media\/ftgalslide\/31259\/01_076_00025094\/slide04.jpg\",\"thumb_url\":\"media\/ftgalslide\/31259\/01_076_00025094\/slide04_thumb.jpg\",\"title\":\"Don Juan Tenorio\",\"description\":\"Joan Pera i Lloll Bertran\",\"copyright\":\"\",\"order\":10},{\"localizer\":\"VERS_IMATGE_ESPECTACLE\",\"url\":\"media\/ftespect\/31259\/01_020_00025110\/gal01.jpg\",\"thumb_url\":\"media\/ftespect\/31259\/01_020_00025110\/gal01_thumb.jpg\",\"title\":\"Don Juan Tenorio\",\"description\":\"Don Juan Tenorio\",\"copyright\":\"\",\"order\":11},{\"localizer\":\"VERS_IMATGE_ESPECTACLE\",\"url\":\"media\/ftespect\/31259\/01_020_00025111\/gal02.jpg\",\"thumb_url\":\"media\/ftespect\/31259\/01_020_00025111\/gal02_thumb.jpg\",\"title\":\"Don Juan Tenorio\",\"description\":\"Don Juan Tenorio\",\"copyright\":\"\",\"order\":12},{\"localizer\":\"VERS_IMATGE_ESPECTACLE\",\"url\":\"media\/ftespect\/31259\/01_020_00025112\/gal03.jpg\",\"thumb_url\":\"media\/ftespect\/31259\/01_020_00025112\/gal03_thumb.jpg\",\"title\":\"Don Juan Tenorio\",\"description\":\"Don Juan Tenorio\",\"copyright\":\"\",\"order\":13},{\"localizer\":\"VERS_IMATGE_ESPECTACLE\",\"url\":\"media\/ftespect\/31259\/01_020_00025113\/gal04.jpg\",\"thumb_url\":\"media\/ftespect\/31259\/01_020_00025113\/gal04_thumb.jpg\",\"title\":\"Don Juan Tenorio\",\"description\":\"Don Juan Tenorio\",\"copyright\":\"\",\"order\":14},{\"localizer\":\"VERS_IMATGE_ESPECTACLE\",\"url\":\"media\/ftespect\/31259\/01_020_00025114\/gal05.jpg\",\"thumb_url\":\"media\/ftespect\/31259\/01_020_00025114\/gal05_thumb.jpg\",\"title\":\"Don Juan Tenorio\",\"description\":\"Don Juan Tenorio\",\"copyright\":\"\",\"order\":15},{\"localizer\":\"V2PORTADA\",\"url\":\"media\/ver\/port\/3125B\/01_078_00025824\/tenorioweb2.jpg\",\"thumb_url\":\"media\/ver\/port\/3125B\/01_078_00025824\/tenorioweb2_thumb.jpg\",\"title\":\"Don Juan Tenorio\",\"description\":\"Don Juan Tenorio\",\"copyright\":\"\",\"order\":17},{\"localizer\":\"V2CARTELLDISTRI\",\"url\":\"media\/cartell\/distrib\/312BA\/01_082_00028207\/tenoriodistri.jpg\",\"thumb_url\":\"media\/cartell\/distrib\/312BA\/01_082_00028207\/tenoriodistri_thumb.jpg\",\"title\":\"Don Juan Tenorio\",\"description\":\"Don Juan Tenorio\",\"copyright\":\"\",\"order\":18}]","material__texto_intro":"","data_material":null,"data_gallery":"","data_discounts":"[{\"InfoAddicional\":\"<p><strong>Descomptes per a grups i escoles<br \/><\/strong><\/p>\",\"Url\":\"https:\/\/www.promentrada.com\/ca\/product\/{#CODI#}\",\"Codi\":\"0\",\"LogoUrl\":\"media\/fimage\/31389\/01_005_00038530\/logo_prome_nuevo_v_web.jpg\",\"TitolBoto\":\"Descomptes per a grups i escoles\",\"Type\":\"discount\"},{\"InfoAddicional\":\"<p><strong>Descomptes per a particulars<br \/><\/strong><\/p>\",\"Url\":\"vip.promentrada.com\/ca\/product\/{#CODI#}\",\"Codi\":\"0\",\"LogoUrl\":\"media\/fimage\/31389\/01_005_00038559\/logo_prome_vip_v_web.jpg\",\"TitolBoto\":\"Descomptes per a particulars\",\"Type\":\"discount\"}]","contract_is_open":false,"in_tour":false},"yoast_head":"<!-- This site is optimized with the Yoast SEO plugin v27.5 - https:\/\/yoast.com\/product\/yoast-seo-wordpress\/ -->\n<title>Don Juan Tenorio - Teatre Condal<\/title>\n<meta name=\"robots\" content=\"index, follow, max-snippet:-1, max-image-preview:large, max-video-preview:-1\" \/>\n<link rel=\"canonical\" href=\"https:\/\/www.teatrecondal.cat\/ca\/ex\/don-juan-tenorio\/\" \/>\n<script type=\"application\/ld+json\" class=\"yoast-schema-graph\">{\"@context\":\"https:\\\/\\\/schema.org\",\"@graph\":[{\"@type\":\"WebPage\",\"@id\":\"https:\\\/\\\/www.teatrecondal.cat\\\/ca\\\/ex\\\/don-juan-tenorio\\\/\",\"url\":\"https:\\\/\\\/www.teatrecondal.cat\\\/ca\\\/ex\\\/don-juan-tenorio\\\/\",\"name\":\"Don Juan Tenorio - Teatre Condal\",\"isPartOf\":{\"@id\":\"https:\\\/\\\/www.teatrecondal.cat\\\/ca\\\/#website\"},\"datePublished\":\"2017-09-19T06:21:40+00:00\",\"breadcrumb\":{\"@id\":\"https:\\\/\\\/www.teatrecondal.cat\\\/ca\\\/ex\\\/don-juan-tenorio\\\/#breadcrumb\"},\"inLanguage\":\"ca\",\"potentialAction\":[{\"@type\":\"ReadAction\",\"target\":[\"https:\\\/\\\/www.teatrecondal.cat\\\/ca\\\/ex\\\/don-juan-tenorio\\\/\"]}]},{\"@type\":\"BreadcrumbList\",\"@id\":\"https:\\\/\\\/www.teatrecondal.cat\\\/ca\\\/ex\\\/don-juan-tenorio\\\/#breadcrumb\",\"itemListElement\":[{\"@type\":\"ListItem\",\"position\":1,\"name\":\"Inici\",\"item\":\"https:\\\/\\\/www.teatrecondal.cat\\\/ca\\\/\"},{\"@type\":\"ListItem\",\"position\":2,\"name\":\"Espectacles\",\"item\":\"https:\\\/\\\/www.teatrecondal.cat\\\/ca\\\/ex\\\/\"},{\"@type\":\"ListItem\",\"position\":3,\"name\":\"Don Juan Tenorio\"}]},{\"@type\":\"WebSite\",\"@id\":\"https:\\\/\\\/www.teatrecondal.cat\\\/ca\\\/#website\",\"url\":\"https:\\\/\\\/www.teatrecondal.cat\\\/ca\\\/\",\"name\":\"Teatre Condal\",\"description\":\"\",\"publisher\":{\"@id\":\"https:\\\/\\\/www.teatrecondal.cat\\\/ca\\\/#organization\"},\"potentialAction\":[{\"@type\":\"SearchAction\",\"target\":{\"@type\":\"EntryPoint\",\"urlTemplate\":\"https:\\\/\\\/www.teatrecondal.cat\\\/ca\\\/?s={search_term_string}\"},\"query-input\":{\"@type\":\"PropertyValueSpecification\",\"valueRequired\":true,\"valueName\":\"search_term_string\"}}],\"inLanguage\":\"ca\"},{\"@type\":\"Organization\",\"@id\":\"https:\\\/\\\/www.teatrecondal.cat\\\/ca\\\/#organization\",\"name\":\"Teatre Condal\",\"url\":\"https:\\\/\\\/www.teatrecondal.cat\\\/ca\\\/\",\"logo\":{\"@type\":\"ImageObject\",\"inLanguage\":\"ca\",\"@id\":\"https:\\\/\\\/www.teatrecondal.cat\\\/ca\\\/#\\\/schema\\\/logo\\\/image\\\/\",\"url\":\"https:\\\/\\\/www.teatrecondal.cat\\\/wp-content\\\/uploads\\\/sites\\\/3\\\/2017\\\/09\\\/teatre-condal-logo.svg\",\"contentUrl\":\"https:\\\/\\\/www.teatrecondal.cat\\\/wp-content\\\/uploads\\\/sites\\\/3\\\/2017\\\/09\\\/teatre-condal-logo.svg\",\"width\":1,\"height\":1,\"caption\":\"Teatre Condal\"},\"image\":{\"@id\":\"https:\\\/\\\/www.teatrecondal.cat\\\/ca\\\/#\\\/schema\\\/logo\\\/image\\\/\"},\"sameAs\":[\"http:\\\/\\\/www.facebook.com\\\/TeatreCondal\",\"https:\\\/\\\/x.com\\\/Teatre_Condal\",\"http:\\\/\\\/instagram.com\\\/teatre_condal\",\"http:\\\/\\\/www.youtube.com\\\/user\\\/TeatreCondal\"]}]}<\/script>\n<!-- \/ Yoast SEO plugin. -->","yoast_head_json":{"title":"Don Juan Tenorio - Teatre Condal","robots":{"index":"index","follow":"follow","max-snippet":"max-snippet:-1","max-image-preview":"max-image-preview:large","max-video-preview":"max-video-preview:-1"},"canonical":"https:\/\/www.teatrecondal.cat\/ca\/ex\/don-juan-tenorio\/","schema":{"@context":"https:\/\/schema.org","@graph":[{"@type":"WebPage","@id":"https:\/\/www.teatrecondal.cat\/ca\/ex\/don-juan-tenorio\/","url":"https:\/\/www.teatrecondal.cat\/ca\/ex\/don-juan-tenorio\/","name":"Don Juan Tenorio - Teatre Condal","isPartOf":{"@id":"https:\/\/www.teatrecondal.cat\/ca\/#website"},"datePublished":"2017-09-19T06:21:40+00:00","breadcrumb":{"@id":"https:\/\/www.teatrecondal.cat\/ca\/ex\/don-juan-tenorio\/#breadcrumb"},"inLanguage":"ca","potentialAction":[{"@type":"ReadAction","target":["https:\/\/www.teatrecondal.cat\/ca\/ex\/don-juan-tenorio\/"]}]},{"@type":"BreadcrumbList","@id":"https:\/\/www.teatrecondal.cat\/ca\/ex\/don-juan-tenorio\/#breadcrumb","itemListElement":[{"@type":"ListItem","position":1,"name":"Inici","item":"https:\/\/www.teatrecondal.cat\/ca\/"},{"@type":"ListItem","position":2,"name":"Espectacles","item":"https:\/\/www.teatrecondal.cat\/ca\/ex\/"},{"@type":"ListItem","position":3,"name":"Don Juan Tenorio"}]},{"@type":"WebSite","@id":"https:\/\/www.teatrecondal.cat\/ca\/#website","url":"https:\/\/www.teatrecondal.cat\/ca\/","name":"Teatre Condal","description":"","publisher":{"@id":"https:\/\/www.teatrecondal.cat\/ca\/#organization"},"potentialAction":[{"@type":"SearchAction","target":{"@type":"EntryPoint","urlTemplate":"https:\/\/www.teatrecondal.cat\/ca\/?s={search_term_string}"},"query-input":{"@type":"PropertyValueSpecification","valueRequired":true,"valueName":"search_term_string"}}],"inLanguage":"ca"},{"@type":"Organization","@id":"https:\/\/www.teatrecondal.cat\/ca\/#organization","name":"Teatre Condal","url":"https:\/\/www.teatrecondal.cat\/ca\/","logo":{"@type":"ImageObject","inLanguage":"ca","@id":"https:\/\/www.teatrecondal.cat\/ca\/#\/schema\/logo\/image\/","url":"https:\/\/www.teatrecondal.cat\/wp-content\/uploads\/sites\/3\/2017\/09\/teatre-condal-logo.svg","contentUrl":"https:\/\/www.teatrecondal.cat\/wp-content\/uploads\/sites\/3\/2017\/09\/teatre-condal-logo.svg","width":1,"height":1,"caption":"Teatre Condal"},"image":{"@id":"https:\/\/www.teatrecondal.cat\/ca\/#\/schema\/logo\/image\/"},"sameAs":["http:\/\/www.facebook.com\/TeatreCondal","https:\/\/x.com\/Teatre_Condal","http:\/\/instagram.com\/teatre_condal","http:\/\/www.youtube.com\/user\/TeatreCondal"]}]}},"translations":[{"id":3546,"locale":"ca"},{"id":3948,"locale":"es"}],"_links":{"self":[{"href":"https:\/\/www.teatrecondal.cat\/ca\/wp-json\/wp\/v2\/ex\/3546","targetHints":{"allow":["GET"]}}],"collection":[{"href":"https:\/\/www.teatrecondal.cat\/ca\/wp-json\/wp\/v2\/ex"}],"about":[{"href":"https:\/\/www.teatrecondal.cat\/ca\/wp-json\/wp\/v2\/types\/ex"}],"author":[{"embeddable":true,"href":"https:\/\/www.teatrecondal.cat\/ca\/wp-json\/wp\/v2\/users\/2"}],"replies":[{"embeddable":true,"href":"https:\/\/www.teatrecondal.cat\/ca\/wp-json\/wp\/v2\/comments?post=3546"}],"acf:term":[{"embeddable":true,"taxonomy":"season","href":"https:\/\/www.teatrecondal.cat\/ca\/wp-json\/wp\/v2\/season\/56"}],"wp:attachment":[{"href":"https:\/\/www.teatrecondal.cat\/ca\/wp-json\/wp\/v2\/media?parent=3546"}],"curies":[{"name":"wp","href":"https:\/\/api.w.org\/{rel}","templated":true}]}}