{"id":3517,"date":"2017-09-19T08:21:15","date_gmt":"2017-09-19T06:21:15","guid":{"rendered":"https:\/\/pre.teatrecondal.cat\/ex\/\/antologia-de-la-sarsuela-una-nit-a-leden\/"},"modified":"2017-09-19T08:21:15","modified_gmt":"2017-09-19T06:21:15","slug":"antologia-de-la-sarsuela-una-nit-a-leden","status":"publish","type":"ex","link":"https:\/\/www.teatrecondal.cat\/ca\/ex\/antologia-de-la-sarsuela-una-nit-a-leden\/","title":{"rendered":"Antologia de la Sarsuela, Una nit a l&#8217;Ed\u00e8n"},"content":{"rendered":"","protected":false},"excerpt":{"rendered":"","protected":false},"author":2,"featured_media":0,"comment_status":"closed","ping_status":"open","template":"","class_list":["post-3517","ex","type-ex","status-publish","hentry","season-2010-11"],"acf":{"txt_synopsis":"<p align=\"justify\">Els amants de la sarsuela&nbsp;tenen l\u2019oportunitat de gaudir de les representacions de <em>Antologia de la Sarsuela, Una nit a l\u2019Ed\u00e8n<\/em> que posa en escena la Companyia +Sarsuela, fent un rep\u00e0s a les peces m\u00e9s emblem\u00e0tiques i representatives d\u2019aquest g\u00e8nere, com <em>El Bateo<\/em>, <em>El Barberillo de Lavapi\u00e9s<\/em>, <em>Luisa Fernanda<\/em>, <em>La Gran V\u00eda<\/em>, <em>Do\u00f1a Francisquita<\/em>, <em>Marina<\/em>, <em>La canci\u00f3n del olvido<\/em>, <em>La tabernera del puerto<\/em>, <em>Can\u00e7\u00f3 d\u2019amor i de guerra<\/em>, etc... interpretades per tres solistes, cor i una orquestra de 20 m\u00fasics en directe. L\u2019espectacle compta amb la participaci\u00f3 estel\u00b7lar de Lloll Bertran que actuar\u00e0 com a mestra de cerim\u00f2nies.<\/p>","main_buy_link":"#","main_buy_links":"","group_buy_link":"","show_language":"","show_duration":"","show_start_date":"20110701000000","show_end_date":"20110717000000","show_sort_date":"20110701000000","txt_custom_show_dates":"de l'1 al 17 de juliol de 2011","show_disciplines":"","show_ultimes_funcions":false,"hide_tarifes_especials":false,"show_properament":false,"txt_additional_info":"","txt_present":"","show_season":[54],"txt_season":"[\"2010\/11\"]","txt_cycle":"","txt_claim":"","txt_cast_excerpt":"","txt_cast":"","txt_reviews":"","hashtag":"","have_promo":"","slogan":"","id_exhibicio":695,"id_versio":539,"id_local":3,"txt_seo_desc":"","data_images":"[{\"localizer\":\"VERS_PORTADA_ESPECTACLE\",\"url\":\"media\/obraport\/31192\/01_014_00015328\/list.jpg\",\"thumb_url\":\"\",\"title\":\"Can\u00e7\u00f3 d'amor i de guerra\",\"description\":\"Can\u00e7\u00f3 d'amor i de guerra\",\"copyright\":\"\",\"order\":1},{\"localizer\":\"VERS_PORTADA_TEATRE\",\"url\":\"media\/obraporttea\/31192\/01_017_00015381\/portada2.jpg\",\"thumb_url\":\"\",\"title\":\"Antologia de la sarsuela\",\"description\":\"Antologia de la sarsuela\",\"copyright\":\"\",\"order\":2},{\"localizer\":\"VERS_IMATGE_ESPECTACLE\",\"url\":\"media\/ftespect\/31193\/01_020_00015568\/gal02.jpg\",\"thumb_url\":\"media\/ftespect\/31193\/01_020_00015568\/gal02_thumb.jpg\",\"title\":\"Antologia de la Sarsuela, Una nit a l'Ed\u00e8n\",\"description\":\"Antologia de la Sarsuela, Una nit a l'Ed\u00e8n\",\"copyright\":\"Copyright Ginebra Pe\u00f1a\",\"order\":4},{\"localizer\":\"VERS_IMATGE_ESPECTACLE\",\"url\":\"media\/ftespect\/31193\/01_020_00015569\/gal03.jpg\",\"thumb_url\":\"media\/ftespect\/31193\/01_020_00015569\/gal03_thumb.jpg\",\"title\":\"Antologia de la Sarsuela, Una nit a l'Ed\u00e8n\",\"description\":\"Antologia de la Sarsuela, Una nit a l'Ed\u00e8n\",\"copyright\":\"Copyright Ginebra Pe\u00f1a\",\"order\":5},{\"localizer\":\"VERS_IMATGE_ESPECTACLE\",\"url\":\"media\/ftespect\/31193\/01_020_00015570\/gal04.jpg\",\"thumb_url\":\"media\/ftespect\/31193\/01_020_00015570\/gal04_thumb.jpg\",\"title\":\"Antologia de la Sarsuela, Una nit a l'Ed\u00e8n\",\"description\":\"Antologia de la Sarsuela, Una nit a l'Ed\u00e8n\",\"copyright\":\"Copyright Ginebra Pe\u00f1a\",\"order\":6},{\"localizer\":\"VERS_IMATGE_ESPECTACLE\",\"url\":\"media\/ftespect\/31193\/01_020_00015571\/gal05.jpg\",\"thumb_url\":\"media\/ftespect\/31193\/01_020_00015571\/gal05_thumb.jpg\",\"title\":\"Antologia de la Sarsuela, Una nit a l'Ed\u00e8n\",\"description\":\"Antologia de la Sarsuela, Una nit a l'Ed\u00e8n\",\"copyright\":\"Copyright Ginebra Pe\u00f1a\",\"order\":7},{\"localizer\":\"VERS_IMATGE_ESPECTACLE\",\"url\":\"media\/ftespect\/31193\/01_020_00015572\/gal06.jpg\",\"thumb_url\":\"media\/ftespect\/31193\/01_020_00015572\/gal06_thumb.jpg\",\"title\":\"Antologia de la Sarsuela, Una nit a l'Ed\u00e8n\",\"description\":\"Antologia de la Sarsuela, Una nit a l'Ed\u00e8n\",\"copyright\":\"Copyright Ginebra Pe\u00f1a\",\"order\":8},{\"localizer\":\"V2SLIDE\",\"url\":\"media\/ftgalslide\/312B9\/01_076_00027783\/_MG_0601_b.jpg\",\"thumb_url\":\"media\/ftgalslide\/312B9\/01_076_00027783\/_MG_0601_b_thumb.jpg\",\"title\":\"Antologia de la Sarsuela, Una nit a l'Ed\u00e8n\",\"description\":\" \",\"copyright\":\"\",\"order\":9},{\"localizer\":\"V2SLIDE\",\"url\":\"media\/ftgalslide\/312B9\/01_076_00027784\/_MG_0634_c.jpg\",\"thumb_url\":\"media\/ftgalslide\/312B9\/01_076_00027784\/_MG_0634_c_thumb.jpg\",\"title\":\"Antologia de la Sarsuela, Una nit a l'Ed\u00e8n\",\"description\":\" \",\"copyright\":\"\",\"order\":10},{\"localizer\":\"V2SLIDE\",\"url\":\"media\/ftgalslide\/312B9\/01_076_00027785\/_MG_0749_b.jpg\",\"thumb_url\":\"media\/ftgalslide\/312B9\/01_076_00027785\/_MG_0749_b_thumb.jpg\",\"title\":\"Antologia de la Sarsuela, Una nit a l'Ed\u00e8n\",\"description\":\" \",\"copyright\":\"\",\"order\":11},{\"localizer\":\"V2SLIDE\",\"url\":\"media\/ftgalslide\/312B9\/01_076_00027786\/_MG_0751_b.jpg\",\"thumb_url\":\"media\/ftgalslide\/312B9\/01_076_00027786\/_MG_0751_b_thumb.jpg\",\"title\":\"Antologia de la Sarsuela, Una nit a l'Ed\u00e8n\",\"description\":\" \",\"copyright\":\"\",\"order\":12},{\"localizer\":\"V2SLIDE\",\"url\":\"media\/ftgalslide\/312B9\/01_076_00027787\/_MG_0834.jpg\",\"thumb_url\":\"media\/ftgalslide\/312B9\/01_076_00027787\/_MG_0834_thumb.jpg\",\"title\":\"Antologia de la Sarsuela, Una nit a l'Ed\u00e8n\",\"description\":\" \",\"copyright\":\"\",\"order\":13},{\"localizer\":\"V2SLIDE\",\"url\":\"media\/ftgalslide\/312B9\/01_076_00027788\/anto02.jpg\",\"thumb_url\":\"media\/ftgalslide\/312B9\/01_076_00027788\/anto02_thumb.jpg\",\"title\":\"Antologia de la Sarsuela, Una nit a l'Ed\u00e8n\",\"description\":\" \",\"copyright\":\"\",\"order\":14},{\"localizer\":\"V2SLIDE\",\"url\":\"media\/ftgalslide\/312B9\/01_076_00027789\/anto01.jpg\",\"thumb_url\":\"media\/ftgalslide\/312B9\/01_076_00027789\/anto01_thumb.jpg\",\"title\":\"Antologia de la Sarsuela, Una nit a l'Ed\u00e8n\",\"description\":\" \",\"copyright\":\"\",\"order\":15},{\"localizer\":\"V2SLIDE\",\"url\":\"media\/ftgalslide\/312B9\/01_076_00027790\/anto03.jpg\",\"thumb_url\":\"media\/ftgalslide\/312B9\/01_076_00027790\/anto03_thumb.jpg\",\"title\":\"Antologia de la Sarsuela, Una nit a l'Ed\u00e8n\",\"description\":\" \",\"copyright\":\"\",\"order\":16}]","material__texto_intro":"","data_material":null,"data_gallery":"","data_discounts":"[{\"InfoAddicional\":\"<p><strong>Tarifa especial:<\/strong> Majors de 65 anys, menors de 14 anys, Club Tr3sC i Carnet Jove.<\/p><p><strong>Descomptes per a grups i escoles<br \/><\/strong>Tel. 93 309 70 04<br \/><\/p>\",\"Url\":\"http:\/\/www.promentrada.com\",\"Codi\":\"0\",\"LogoUrl\":\"\"},{\"InfoAddicional\":\"<p><strong>Descomptes per a particulars<br \/><\/strong>Tel. 93 309 70 04<br \/><\/p>\",\"Url\":\"http:\/\/vip.promentrada.com\",\"Codi\":\"0\",\"LogoUrl\":\"media\/fimage\/31389\/01_005_00038531\/logo_prome_vip_v_web.jpg\"}]","contract_is_open":false,"in_tour":false},"yoast_head":"<!-- This site is optimized with the Yoast SEO plugin v27.5 - https:\/\/yoast.com\/product\/yoast-seo-wordpress\/ -->\n<title>Antologia de la Sarsuela, Una nit a l&#039;Ed\u00e8n - Teatre Condal<\/title>\n<meta name=\"robots\" content=\"index, follow, max-snippet:-1, max-image-preview:large, max-video-preview:-1\" \/>\n<link rel=\"canonical\" href=\"https:\/\/www.teatrecondal.cat\/ca\/ex\/antologia-de-la-sarsuela-una-nit-a-leden\/\" \/>\n<script type=\"application\/ld+json\" class=\"yoast-schema-graph\">{\"@context\":\"https:\\\/\\\/schema.org\",\"@graph\":[{\"@type\":\"WebPage\",\"@id\":\"https:\\\/\\\/www.teatrecondal.cat\\\/ca\\\/ex\\\/antologia-de-la-sarsuela-una-nit-a-leden\\\/\",\"url\":\"https:\\\/\\\/www.teatrecondal.cat\\\/ca\\\/ex\\\/antologia-de-la-sarsuela-una-nit-a-leden\\\/\",\"name\":\"Antologia de la Sarsuela, Una nit a l'Ed\u00e8n - Teatre Condal\",\"isPartOf\":{\"@id\":\"https:\\\/\\\/www.teatrecondal.cat\\\/ca\\\/#website\"},\"datePublished\":\"2017-09-19T06:21:15+00:00\",\"breadcrumb\":{\"@id\":\"https:\\\/\\\/www.teatrecondal.cat\\\/ca\\\/ex\\\/antologia-de-la-sarsuela-una-nit-a-leden\\\/#breadcrumb\"},\"inLanguage\":\"ca\",\"potentialAction\":[{\"@type\":\"ReadAction\",\"target\":[\"https:\\\/\\\/www.teatrecondal.cat\\\/ca\\\/ex\\\/antologia-de-la-sarsuela-una-nit-a-leden\\\/\"]}]},{\"@type\":\"BreadcrumbList\",\"@id\":\"https:\\\/\\\/www.teatrecondal.cat\\\/ca\\\/ex\\\/antologia-de-la-sarsuela-una-nit-a-leden\\\/#breadcrumb\",\"itemListElement\":[{\"@type\":\"ListItem\",\"position\":1,\"name\":\"Inici\",\"item\":\"https:\\\/\\\/www.teatrecondal.cat\\\/ca\\\/\"},{\"@type\":\"ListItem\",\"position\":2,\"name\":\"Espectacles\",\"item\":\"https:\\\/\\\/www.teatrecondal.cat\\\/ca\\\/ex\\\/\"},{\"@type\":\"ListItem\",\"position\":3,\"name\":\"Antologia de la Sarsuela, Una nit a l&#8217;Ed\u00e8n\"}]},{\"@type\":\"WebSite\",\"@id\":\"https:\\\/\\\/www.teatrecondal.cat\\\/ca\\\/#website\",\"url\":\"https:\\\/\\\/www.teatrecondal.cat\\\/ca\\\/\",\"name\":\"Teatre Condal\",\"description\":\"\",\"publisher\":{\"@id\":\"https:\\\/\\\/www.teatrecondal.cat\\\/ca\\\/#organization\"},\"potentialAction\":[{\"@type\":\"SearchAction\",\"target\":{\"@type\":\"EntryPoint\",\"urlTemplate\":\"https:\\\/\\\/www.teatrecondal.cat\\\/ca\\\/?s={search_term_string}\"},\"query-input\":{\"@type\":\"PropertyValueSpecification\",\"valueRequired\":true,\"valueName\":\"search_term_string\"}}],\"inLanguage\":\"ca\"},{\"@type\":\"Organization\",\"@id\":\"https:\\\/\\\/www.teatrecondal.cat\\\/ca\\\/#organization\",\"name\":\"Teatre Condal\",\"url\":\"https:\\\/\\\/www.teatrecondal.cat\\\/ca\\\/\",\"logo\":{\"@type\":\"ImageObject\",\"inLanguage\":\"ca\",\"@id\":\"https:\\\/\\\/www.teatrecondal.cat\\\/ca\\\/#\\\/schema\\\/logo\\\/image\\\/\",\"url\":\"https:\\\/\\\/www.teatrecondal.cat\\\/wp-content\\\/uploads\\\/sites\\\/3\\\/2017\\\/09\\\/teatre-condal-logo.svg\",\"contentUrl\":\"https:\\\/\\\/www.teatrecondal.cat\\\/wp-content\\\/uploads\\\/sites\\\/3\\\/2017\\\/09\\\/teatre-condal-logo.svg\",\"width\":1,\"height\":1,\"caption\":\"Teatre Condal\"},\"image\":{\"@id\":\"https:\\\/\\\/www.teatrecondal.cat\\\/ca\\\/#\\\/schema\\\/logo\\\/image\\\/\"},\"sameAs\":[\"http:\\\/\\\/www.facebook.com\\\/TeatreCondal\",\"https:\\\/\\\/x.com\\\/Teatre_Condal\",\"http:\\\/\\\/instagram.com\\\/teatre_condal\",\"http:\\\/\\\/www.youtube.com\\\/user\\\/TeatreCondal\"]}]}<\/script>\n<!-- \/ Yoast SEO plugin. -->","yoast_head_json":{"title":"Antologia de la Sarsuela, Una nit a l'Ed\u00e8n - Teatre Condal","robots":{"index":"index","follow":"follow","max-snippet":"max-snippet:-1","max-image-preview":"max-image-preview:large","max-video-preview":"max-video-preview:-1"},"canonical":"https:\/\/www.teatrecondal.cat\/ca\/ex\/antologia-de-la-sarsuela-una-nit-a-leden\/","schema":{"@context":"https:\/\/schema.org","@graph":[{"@type":"WebPage","@id":"https:\/\/www.teatrecondal.cat\/ca\/ex\/antologia-de-la-sarsuela-una-nit-a-leden\/","url":"https:\/\/www.teatrecondal.cat\/ca\/ex\/antologia-de-la-sarsuela-una-nit-a-leden\/","name":"Antologia de la Sarsuela, Una nit a l'Ed\u00e8n - Teatre Condal","isPartOf":{"@id":"https:\/\/www.teatrecondal.cat\/ca\/#website"},"datePublished":"2017-09-19T06:21:15+00:00","breadcrumb":{"@id":"https:\/\/www.teatrecondal.cat\/ca\/ex\/antologia-de-la-sarsuela-una-nit-a-leden\/#breadcrumb"},"inLanguage":"ca","potentialAction":[{"@type":"ReadAction","target":["https:\/\/www.teatrecondal.cat\/ca\/ex\/antologia-de-la-sarsuela-una-nit-a-leden\/"]}]},{"@type":"BreadcrumbList","@id":"https:\/\/www.teatrecondal.cat\/ca\/ex\/antologia-de-la-sarsuela-una-nit-a-leden\/#breadcrumb","itemListElement":[{"@type":"ListItem","position":1,"name":"Inici","item":"https:\/\/www.teatrecondal.cat\/ca\/"},{"@type":"ListItem","position":2,"name":"Espectacles","item":"https:\/\/www.teatrecondal.cat\/ca\/ex\/"},{"@type":"ListItem","position":3,"name":"Antologia de la Sarsuela, Una nit a l&#8217;Ed\u00e8n"}]},{"@type":"WebSite","@id":"https:\/\/www.teatrecondal.cat\/ca\/#website","url":"https:\/\/www.teatrecondal.cat\/ca\/","name":"Teatre Condal","description":"","publisher":{"@id":"https:\/\/www.teatrecondal.cat\/ca\/#organization"},"potentialAction":[{"@type":"SearchAction","target":{"@type":"EntryPoint","urlTemplate":"https:\/\/www.teatrecondal.cat\/ca\/?s={search_term_string}"},"query-input":{"@type":"PropertyValueSpecification","valueRequired":true,"valueName":"search_term_string"}}],"inLanguage":"ca"},{"@type":"Organization","@id":"https:\/\/www.teatrecondal.cat\/ca\/#organization","name":"Teatre Condal","url":"https:\/\/www.teatrecondal.cat\/ca\/","logo":{"@type":"ImageObject","inLanguage":"ca","@id":"https:\/\/www.teatrecondal.cat\/ca\/#\/schema\/logo\/image\/","url":"https:\/\/www.teatrecondal.cat\/wp-content\/uploads\/sites\/3\/2017\/09\/teatre-condal-logo.svg","contentUrl":"https:\/\/www.teatrecondal.cat\/wp-content\/uploads\/sites\/3\/2017\/09\/teatre-condal-logo.svg","width":1,"height":1,"caption":"Teatre Condal"},"image":{"@id":"https:\/\/www.teatrecondal.cat\/ca\/#\/schema\/logo\/image\/"},"sameAs":["http:\/\/www.facebook.com\/TeatreCondal","https:\/\/x.com\/Teatre_Condal","http:\/\/instagram.com\/teatre_condal","http:\/\/www.youtube.com\/user\/TeatreCondal"]}]}},"translations":[{"id":3517,"locale":"ca"},{"id":3919,"locale":"es"}],"_links":{"self":[{"href":"https:\/\/www.teatrecondal.cat\/ca\/wp-json\/wp\/v2\/ex\/3517","targetHints":{"allow":["GET"]}}],"collection":[{"href":"https:\/\/www.teatrecondal.cat\/ca\/wp-json\/wp\/v2\/ex"}],"about":[{"href":"https:\/\/www.teatrecondal.cat\/ca\/wp-json\/wp\/v2\/types\/ex"}],"author":[{"embeddable":true,"href":"https:\/\/www.teatrecondal.cat\/ca\/wp-json\/wp\/v2\/users\/2"}],"replies":[{"embeddable":true,"href":"https:\/\/www.teatrecondal.cat\/ca\/wp-json\/wp\/v2\/comments?post=3517"}],"acf:term":[{"embeddable":true,"taxonomy":"season","href":"https:\/\/www.teatrecondal.cat\/ca\/wp-json\/wp\/v2\/season\/54"}],"wp:attachment":[{"href":"https:\/\/www.teatrecondal.cat\/ca\/wp-json\/wp\/v2\/media?parent=3517"}],"curies":[{"name":"wp","href":"https:\/\/api.w.org\/{rel}","templated":true}]}}