{"id":3485,"date":"2017-09-19T08:20:49","date_gmt":"2017-09-19T06:20:49","guid":{"rendered":"https:\/\/pre.teatrecondal.cat\/ex\/\/misterios-assassinat-a-manhattan\/"},"modified":"2017-09-19T08:20:49","modified_gmt":"2017-09-19T06:20:49","slug":"misterios-assassinat-a-manhattan","status":"publish","type":"ex","link":"https:\/\/www.teatrecondal.cat\/ca\/ex\/misterios-assassinat-a-manhattan\/","title":{"rendered":"Misteri\u00f3s assassinat a Manhattan"},"content":{"rendered":"","protected":false},"excerpt":{"rendered":"","protected":false},"author":2,"featured_media":0,"comment_status":"closed","ping_status":"open","template":"","class_list":["post-3485","ex","type-ex","status-publish","hentry","season-2005-06"],"acf":{"txt_synopsis":"<p align=\"justify\">En un lux\u00f3s edifici del West Side de Nova York hi viu una curiosa comunitat de ve\u00efns. En un dels pisos hi resideix un matrimoni ben avingut per\u00f2 amb visions de la vida una mica divergents. Ell \u00e9s Toni (Pep Ferrer) un editor amb rampells neur\u00f2tics, i ella \u00e9s Carol (Montse Guallar) una antiga executiva publicit\u00e0ria que va deixar la seva feina per cuidar el fill de la parella i que es desfoga amb la cuina, la seva gran passi\u00f3. Tots dos pertanyen al cercle literari de la ciutat i tenen amistats com el Mark (\u00c0lex Casanoves) un respectat actor, escriptor i director, i Marga (Maria Lanau) una prestigiosa escriptora. El matrimoni t\u00e9 una fant\u00e0stica relaci\u00f3 amb una parella gran del seu mateix edifici, Lidia i Paul. La vida de tots ells canvia quan misteriosament la Lidia apareix morta. Carol comen\u00e7a a sospitar que el Paul \u00e9s l'assass\u00ed de la seva dona. El Toni es mostra molt esc\u00e8ptic amb les sospites, per\u00f2 acabar\u00e0 entrant en un cercle vici\u00f3s d'investigacions i mitges paraules d'imprevisibles conseq\u00fc\u00e8ncies.<\/p>","main_buy_link":"#","main_buy_links":"","group_buy_link":"","show_language":"","show_duration":"","show_start_date":"20060213000000","show_end_date":"20060326000000","show_sort_date":"20060213000000","txt_custom_show_dates":"del 13 de febrer al 26 de mar\u00e7 de 2006","show_disciplines":"","show_ultimes_funcions":false,"hide_tarifes_especials":false,"show_properament":false,"txt_additional_info":"","txt_present":"","show_season":[49],"txt_season":"[\"2005\/06\"]","txt_cycle":"","txt_claim":"","txt_cast_excerpt":"","txt_cast":"","txt_reviews":"","hashtag":"","have_promo":"","slogan":"","id_exhibicio":244,"id_versio":244,"id_local":3,"txt_seo_desc":"","data_images":"[{\"localizer\":\"WAVERPORTADA\",\"url\":\"media\/archivos\/HIDDEN_128_244_IMATGE_CARTELL_G_sinopsis_gran.jpg\",\"thumb_url\":\"media\/archivos\/HIDDEN_128_244_IMATGE_CARTELL_P_sinopsis_petit.jpg\",\"title\":\"Portada\",\"description\":\"\",\"copyright\":\"\",\"order\":1},{\"localizer\":\"WAVERIMGESPEC\",\"url\":\"media\/archivos\/HIDDEN_149_702_IMATGE_G_imatge_gran_1.jpg\",\"thumb_url\":\"media\/archivos\/HIDDEN_149_702_IMATGE_P_imatge_petita_1.jpg\",\"title\":\"Foto: David Ruano\",\"description\":\"\",\"copyright\":\"\",\"order\":1},{\"localizer\":\"WAVERIMGESPEC\",\"url\":\"media\/archivos\/HIDDEN_149_703_IMATGE_G_imatge_gran_2.jpg\",\"thumb_url\":\"media\/archivos\/HIDDEN_149_703_IMATGE_P_imatge_petita_2.jpg\",\"title\":\"Foto: David Ruano\",\"description\":\"\",\"copyright\":\"\",\"order\":2},{\"localizer\":\"WAVERIMGESPEC\",\"url\":\"media\/archivos\/HIDDEN_149_704_IMATGE_G_imatge_gran_3.jpg\",\"thumb_url\":\"media\/archivos\/HIDDEN_149_704_IMATGE_P_imatge_petita_3.jpg\",\"title\":\"Foto: David Ruano\",\"description\":\"\",\"copyright\":\"\",\"order\":3},{\"localizer\":\"WAVERIMGESPEC\",\"url\":\"media\/archivos\/HIDDEN_149_705_IMATGE_G_imatge_gran_4.jpg\",\"thumb_url\":\"media\/archivos\/HIDDEN_149_705_IMATGE_P_imatge_petita_4.jpg\",\"title\":\"Foto: David Ruano\",\"description\":\"\",\"copyright\":\"\",\"order\":4},{\"localizer\":\"WAVERIMGESPEC\",\"url\":\"media\/archivos\/HIDDEN_149_706_IMATGE_G_imatge_gran_5.jpg\",\"thumb_url\":\"media\/archivos\/HIDDEN_149_706_IMATGE_P_imatge_petita_5.jpg\",\"title\":\"Foto: David Ruano\",\"description\":\"\",\"copyright\":\"\",\"order\":5},{\"localizer\":\"WAVERIMGESPEC\",\"url\":\"media\/archivos\/HIDDEN_149_707_IMATGE_G_imatge_gran_6.jpg\",\"thumb_url\":\"media\/archivos\/HIDDEN_149_707_IMATGE_P_imatge_petita_6.jpg\",\"title\":\"Foto: David Ruano\",\"description\":\"\",\"copyright\":\"\",\"order\":6},{\"localizer\":\"WAVERIMGESPEC\",\"url\":\"media\/archivos\/HIDDEN_149_708_IMATGE_G_imatge_gran_7.jpg\",\"thumb_url\":\"media\/archivos\/HIDDEN_149_708_IMATGE_P_imatge_petita_7.jpg\",\"title\":\"Foto: David Ruano\",\"description\":\"\",\"copyright\":\"\",\"order\":7},{\"localizer\":\"WAVERIMGESPEC\",\"url\":\"media\/archivos\/HIDDEN_149_709_IMATGE_G_imatge_gran_8.jpg\",\"thumb_url\":\"media\/archivos\/HIDDEN_149_709_IMATGE_P_imatge_petita_8.jpg\",\"title\":\"Foto: David Ruano\",\"description\":\"\",\"copyright\":\"\",\"order\":8}]","material__texto_intro":"","data_material":null,"data_gallery":"","data_discounts":"[]","contract_is_open":false,"in_tour":false},"yoast_head":"<!-- This site is optimized with the Yoast SEO plugin v27.5 - https:\/\/yoast.com\/product\/yoast-seo-wordpress\/ -->\n<title>Misteri\u00f3s assassinat a Manhattan - Teatre Condal<\/title>\n<meta name=\"robots\" content=\"index, follow, max-snippet:-1, max-image-preview:large, max-video-preview:-1\" \/>\n<link rel=\"canonical\" href=\"https:\/\/www.teatrecondal.cat\/ca\/ex\/misterios-assassinat-a-manhattan\/\" \/>\n<script type=\"application\/ld+json\" class=\"yoast-schema-graph\">{\"@context\":\"https:\\\/\\\/schema.org\",\"@graph\":[{\"@type\":\"WebPage\",\"@id\":\"https:\\\/\\\/www.teatrecondal.cat\\\/ca\\\/ex\\\/misterios-assassinat-a-manhattan\\\/\",\"url\":\"https:\\\/\\\/www.teatrecondal.cat\\\/ca\\\/ex\\\/misterios-assassinat-a-manhattan\\\/\",\"name\":\"Misteri\u00f3s assassinat a Manhattan - Teatre Condal\",\"isPartOf\":{\"@id\":\"https:\\\/\\\/www.teatrecondal.cat\\\/ca\\\/#website\"},\"datePublished\":\"2017-09-19T06:20:49+00:00\",\"breadcrumb\":{\"@id\":\"https:\\\/\\\/www.teatrecondal.cat\\\/ca\\\/ex\\\/misterios-assassinat-a-manhattan\\\/#breadcrumb\"},\"inLanguage\":\"ca\",\"potentialAction\":[{\"@type\":\"ReadAction\",\"target\":[\"https:\\\/\\\/www.teatrecondal.cat\\\/ca\\\/ex\\\/misterios-assassinat-a-manhattan\\\/\"]}]},{\"@type\":\"BreadcrumbList\",\"@id\":\"https:\\\/\\\/www.teatrecondal.cat\\\/ca\\\/ex\\\/misterios-assassinat-a-manhattan\\\/#breadcrumb\",\"itemListElement\":[{\"@type\":\"ListItem\",\"position\":1,\"name\":\"Inici\",\"item\":\"https:\\\/\\\/www.teatrecondal.cat\\\/ca\\\/\"},{\"@type\":\"ListItem\",\"position\":2,\"name\":\"Espectacles\",\"item\":\"https:\\\/\\\/www.teatrecondal.cat\\\/ca\\\/ex\\\/\"},{\"@type\":\"ListItem\",\"position\":3,\"name\":\"Misteri\u00f3s assassinat a Manhattan\"}]},{\"@type\":\"WebSite\",\"@id\":\"https:\\\/\\\/www.teatrecondal.cat\\\/ca\\\/#website\",\"url\":\"https:\\\/\\\/www.teatrecondal.cat\\\/ca\\\/\",\"name\":\"Teatre Condal\",\"description\":\"\",\"publisher\":{\"@id\":\"https:\\\/\\\/www.teatrecondal.cat\\\/ca\\\/#organization\"},\"potentialAction\":[{\"@type\":\"SearchAction\",\"target\":{\"@type\":\"EntryPoint\",\"urlTemplate\":\"https:\\\/\\\/www.teatrecondal.cat\\\/ca\\\/?s={search_term_string}\"},\"query-input\":{\"@type\":\"PropertyValueSpecification\",\"valueRequired\":true,\"valueName\":\"search_term_string\"}}],\"inLanguage\":\"ca\"},{\"@type\":\"Organization\",\"@id\":\"https:\\\/\\\/www.teatrecondal.cat\\\/ca\\\/#organization\",\"name\":\"Teatre Condal\",\"url\":\"https:\\\/\\\/www.teatrecondal.cat\\\/ca\\\/\",\"logo\":{\"@type\":\"ImageObject\",\"inLanguage\":\"ca\",\"@id\":\"https:\\\/\\\/www.teatrecondal.cat\\\/ca\\\/#\\\/schema\\\/logo\\\/image\\\/\",\"url\":\"https:\\\/\\\/www.teatrecondal.cat\\\/wp-content\\\/uploads\\\/sites\\\/3\\\/2017\\\/09\\\/teatre-condal-logo.svg\",\"contentUrl\":\"https:\\\/\\\/www.teatrecondal.cat\\\/wp-content\\\/uploads\\\/sites\\\/3\\\/2017\\\/09\\\/teatre-condal-logo.svg\",\"width\":1,\"height\":1,\"caption\":\"Teatre Condal\"},\"image\":{\"@id\":\"https:\\\/\\\/www.teatrecondal.cat\\\/ca\\\/#\\\/schema\\\/logo\\\/image\\\/\"},\"sameAs\":[\"http:\\\/\\\/www.facebook.com\\\/TeatreCondal\",\"https:\\\/\\\/x.com\\\/Teatre_Condal\",\"http:\\\/\\\/instagram.com\\\/teatre_condal\",\"http:\\\/\\\/www.youtube.com\\\/user\\\/TeatreCondal\"]}]}<\/script>\n<!-- \/ Yoast SEO plugin. -->","yoast_head_json":{"title":"Misteri\u00f3s assassinat a Manhattan - Teatre Condal","robots":{"index":"index","follow":"follow","max-snippet":"max-snippet:-1","max-image-preview":"max-image-preview:large","max-video-preview":"max-video-preview:-1"},"canonical":"https:\/\/www.teatrecondal.cat\/ca\/ex\/misterios-assassinat-a-manhattan\/","schema":{"@context":"https:\/\/schema.org","@graph":[{"@type":"WebPage","@id":"https:\/\/www.teatrecondal.cat\/ca\/ex\/misterios-assassinat-a-manhattan\/","url":"https:\/\/www.teatrecondal.cat\/ca\/ex\/misterios-assassinat-a-manhattan\/","name":"Misteri\u00f3s assassinat a Manhattan - Teatre Condal","isPartOf":{"@id":"https:\/\/www.teatrecondal.cat\/ca\/#website"},"datePublished":"2017-09-19T06:20:49+00:00","breadcrumb":{"@id":"https:\/\/www.teatrecondal.cat\/ca\/ex\/misterios-assassinat-a-manhattan\/#breadcrumb"},"inLanguage":"ca","potentialAction":[{"@type":"ReadAction","target":["https:\/\/www.teatrecondal.cat\/ca\/ex\/misterios-assassinat-a-manhattan\/"]}]},{"@type":"BreadcrumbList","@id":"https:\/\/www.teatrecondal.cat\/ca\/ex\/misterios-assassinat-a-manhattan\/#breadcrumb","itemListElement":[{"@type":"ListItem","position":1,"name":"Inici","item":"https:\/\/www.teatrecondal.cat\/ca\/"},{"@type":"ListItem","position":2,"name":"Espectacles","item":"https:\/\/www.teatrecondal.cat\/ca\/ex\/"},{"@type":"ListItem","position":3,"name":"Misteri\u00f3s assassinat a Manhattan"}]},{"@type":"WebSite","@id":"https:\/\/www.teatrecondal.cat\/ca\/#website","url":"https:\/\/www.teatrecondal.cat\/ca\/","name":"Teatre Condal","description":"","publisher":{"@id":"https:\/\/www.teatrecondal.cat\/ca\/#organization"},"potentialAction":[{"@type":"SearchAction","target":{"@type":"EntryPoint","urlTemplate":"https:\/\/www.teatrecondal.cat\/ca\/?s={search_term_string}"},"query-input":{"@type":"PropertyValueSpecification","valueRequired":true,"valueName":"search_term_string"}}],"inLanguage":"ca"},{"@type":"Organization","@id":"https:\/\/www.teatrecondal.cat\/ca\/#organization","name":"Teatre Condal","url":"https:\/\/www.teatrecondal.cat\/ca\/","logo":{"@type":"ImageObject","inLanguage":"ca","@id":"https:\/\/www.teatrecondal.cat\/ca\/#\/schema\/logo\/image\/","url":"https:\/\/www.teatrecondal.cat\/wp-content\/uploads\/sites\/3\/2017\/09\/teatre-condal-logo.svg","contentUrl":"https:\/\/www.teatrecondal.cat\/wp-content\/uploads\/sites\/3\/2017\/09\/teatre-condal-logo.svg","width":1,"height":1,"caption":"Teatre Condal"},"image":{"@id":"https:\/\/www.teatrecondal.cat\/ca\/#\/schema\/logo\/image\/"},"sameAs":["http:\/\/www.facebook.com\/TeatreCondal","https:\/\/x.com\/Teatre_Condal","http:\/\/instagram.com\/teatre_condal","http:\/\/www.youtube.com\/user\/TeatreCondal"]}]}},"translations":[{"id":3485,"locale":"ca"},{"id":3887,"locale":"es"}],"_links":{"self":[{"href":"https:\/\/www.teatrecondal.cat\/ca\/wp-json\/wp\/v2\/ex\/3485","targetHints":{"allow":["GET"]}}],"collection":[{"href":"https:\/\/www.teatrecondal.cat\/ca\/wp-json\/wp\/v2\/ex"}],"about":[{"href":"https:\/\/www.teatrecondal.cat\/ca\/wp-json\/wp\/v2\/types\/ex"}],"author":[{"embeddable":true,"href":"https:\/\/www.teatrecondal.cat\/ca\/wp-json\/wp\/v2\/users\/2"}],"replies":[{"embeddable":true,"href":"https:\/\/www.teatrecondal.cat\/ca\/wp-json\/wp\/v2\/comments?post=3485"}],"acf:term":[{"embeddable":true,"taxonomy":"season","href":"https:\/\/www.teatrecondal.cat\/ca\/wp-json\/wp\/v2\/season\/49"}],"wp:attachment":[{"href":"https:\/\/www.teatrecondal.cat\/ca\/wp-json\/wp\/v2\/media?parent=3485"}],"curies":[{"name":"wp","href":"https:\/\/api.w.org\/{rel}","templated":true}]}}